{"id":14613,"date":"2026-01-26T12:14:41","date_gmt":"2026-01-26T12:14:41","guid":{"rendered":"https:\/\/ficam.cat\/sobre-nosaltres\/"},"modified":"2026-04-14T15:12:31","modified_gmt":"2026-04-14T15:12:31","slug":"sobre-nosaltres","status":"publish","type":"page","link":"https:\/\/ficam.cat\/ca\/sobre-nosaltres\/","title":{"rendered":"Sobre nosaltres"},"content":{"rendered":"\t\t<div data-elementor-type=\"wp-page\" data-elementor-id=\"14613\" class=\"elementor elementor-14613 elementor-12888\" data-elementor-post-type=\"page\">\n\t\t\t\t<div class=\"elementor-element elementor-element-58b2c4b e-con-full e-flex e-con e-parent\" data-id=\"58b2c4b\" data-element_type=\"container\" data-e-type=\"container\" data-settings=\"{&quot;background_background&quot;:&quot;classic&quot;}\">\n\t\t\t\t<div class=\"elementor-element elementor-element-6798a2f elementor-invisible elementor-widget elementor-widget-heading\" data-id=\"6798a2f\" data-element_type=\"widget\" data-e-type=\"widget\" data-settings=\"{&quot;_animation&quot;:&quot;fadeInUp&quot;}\" data-widget_type=\"heading.default\">\n\t\t\t\t\t<h1 class=\"elementor-heading-title elementor-size-default\">D\u2019un palau del segle XVIII, a un espai obert a l\u2019art, a la natura, a les tradicions, a Girona, al m\u00f3n i a tu. On fugir-hi per gaudir de totes aquelles petites coses que t\u2019omplen, que fan de la teva vida, una vida plena. <\/h1>\t\t\t\t<\/div>\n\t\t\t\t<\/div>\n\t\t<div class=\"elementor-element elementor-element-2ceffe2 e-con-full e-flex e-con e-parent\" data-id=\"2ceffe2\" data-element_type=\"container\" data-e-type=\"container\" data-settings=\"{&quot;background_background&quot;:&quot;classic&quot;}\">\n\t\t<div class=\"elementor-element elementor-element-1a94648 e-con-full e-flex e-con e-child\" data-id=\"1a94648\" data-element_type=\"container\" data-e-type=\"container\">\n\t\t\t\t<div class=\"elementor-element elementor-element-0117ab4 elementor-widget elementor-widget-image\" data-id=\"0117ab4\" data-element_type=\"widget\" data-e-type=\"widget\" data-widget_type=\"image.default\">\n\t\t\t\t\t\t\t\t\t\t\t\t\t\t\t<img fetchpriority=\"high\" decoding=\"async\" width=\"1920\" height=\"2560\" src=\"https:\/\/ficam.cat\/wp-content\/uploads\/2026\/02\/detalle_3-scaled-1.jpg\" class=\"attachment-full size-full wp-image-14601\" alt=\"\" srcset=\"https:\/\/ficam.cat\/wp-content\/uploads\/2026\/02\/detalle_3-scaled-1.jpg 1920w, https:\/\/ficam.cat\/wp-content\/uploads\/2026\/02\/detalle_3-scaled-1-225x300.jpg 225w, https:\/\/ficam.cat\/wp-content\/uploads\/2026\/02\/detalle_3-scaled-1-768x1024.jpg 768w, https:\/\/ficam.cat\/wp-content\/uploads\/2026\/02\/detalle_3-scaled-1-1152x1536.jpg 1152w, https:\/\/ficam.cat\/wp-content\/uploads\/2026\/02\/detalle_3-scaled-1-1536x2048.jpg 1536w\" sizes=\"(max-width: 1920px) 100vw, 1920px\" \/>\t\t\t\t\t\t\t\t\t\t\t\t\t\t\t<\/div>\n\t\t\t\t<\/div>\n\t\t<div class=\"elementor-element elementor-element-9eeaf66 e-con-full e-flex e-con e-child\" data-id=\"9eeaf66\" data-element_type=\"container\" data-e-type=\"container\">\n\t\t\t\t<div class=\"elementor-element elementor-element-b5c7804 elementor-widget elementor-widget-image\" data-id=\"b5c7804\" data-element_type=\"widget\" data-e-type=\"widget\" data-widget_type=\"image.default\">\n\t\t\t\t\t\t\t\t\t\t\t\t\t\t\t<img decoding=\"async\" width=\"768\" height=\"1024\" src=\"https:\/\/ficam.cat\/wp-content\/uploads\/2026\/02\/detalle-768x1024-1.jpg\" class=\"attachment-full size-full wp-image-14602\" alt=\"\" srcset=\"https:\/\/ficam.cat\/wp-content\/uploads\/2026\/02\/detalle-768x1024-1.jpg 768w, https:\/\/ficam.cat\/wp-content\/uploads\/2026\/02\/detalle-768x1024-1-225x300.jpg 225w\" sizes=\"(max-width: 768px) 100vw, 768px\" \/>\t\t\t\t\t\t\t\t\t\t\t\t\t\t\t<\/div>\n\t\t<div class=\"elementor-element elementor-element-0ca8fc0 e-con-full e-flex e-con e-child\" data-id=\"0ca8fc0\" data-element_type=\"container\" data-e-type=\"container\">\n\t\t\t\t<div class=\"elementor-element elementor-element-b5a6a8b elementor-widget elementor-widget-text-editor\" data-id=\"b5a6a8b\" data-element_type=\"widget\" data-e-type=\"widget\" data-settings=\"{&quot;_animation&quot;:&quot;none&quot;}\" data-widget_type=\"text-editor.default\">\n\t\t\t\t\t\t\t\t\t<p>Situat al bell mig del Barri Vell de Girona, Palau Fugit \u00e9s un antic palau barroc del segle XVIII que antigament s\u2019anomenava Casa Heras de Puig. El 2022 va ser totalment renovat i, per primera vegada, va obrir les portes a tothom: a gent de fora, a gent d\u2019aqu\u00ed, i evidentment, a tu. <\/p>\t\t\t\t\t\t\t\t<\/div>\n\t\t\t\t<\/div>\n\t\t\t\t<\/div>\n\t\t\t\t<\/div>\n\t\t<div class=\"elementor-element elementor-element-91ac9f3 e-con-full e-flex e-con e-parent\" data-id=\"91ac9f3\" data-element_type=\"container\" data-e-type=\"container\" data-settings=\"{&quot;background_background&quot;:&quot;classic&quot;}\">\n\t\t\t\t<div class=\"elementor-element elementor-element-af662b6 elementor-invisible elementor-widget elementor-widget-heading\" data-id=\"af662b6\" data-element_type=\"widget\" data-e-type=\"widget\" data-settings=\"{&quot;_animation&quot;:&quot;fadeInUp&quot;}\" data-widget_type=\"heading.default\">\n\t\t\t\t\t<h2 class=\"elementor-heading-title elementor-size-default\">Els arquitectes, artistes i artesans del Palau\n<\/h2>\t\t\t\t<\/div>\n\t\t\t\t<\/div>\n\t\t<div class=\"elementor-element elementor-element-4bb4d9c e-con-full elementor-hidden-tablet elementor-hidden-mobile e-flex e-con e-parent\" data-id=\"4bb4d9c\" data-element_type=\"container\" data-e-type=\"container\" data-settings=\"{&quot;background_background&quot;:&quot;classic&quot;,&quot;animation&quot;:&quot;none&quot;}\">\n\t\t<div class=\"elementor-element elementor-element-a283d43 e-flex e-con-boxed elementor-invisible e-con e-child\" data-id=\"a283d43\" data-element_type=\"container\" data-e-type=\"container\" data-settings=\"{&quot;animation&quot;:&quot;fadeInUp&quot;}\">\n\t\t\t\t\t<div class=\"e-con-inner\">\n\t\t<div class=\"elementor-element elementor-element-3fbc023 e-con-full e-flex e-con e-child\" data-id=\"3fbc023\" data-element_type=\"container\" data-e-type=\"container\" data-settings=\"{&quot;background_background&quot;:&quot;classic&quot;}\">\n\t\t\t\t<\/div>\n\t\t<div class=\"elementor-element elementor-element-9316361 e-con-full e-flex e-con e-child\" data-id=\"9316361\" data-element_type=\"container\" data-e-type=\"container\">\n\t\t\t\t<div class=\"elementor-element elementor-element-f7dbff4 elementor-widget elementor-widget-heading\" data-id=\"f7dbff4\" data-element_type=\"widget\" data-e-type=\"widget\" data-settings=\"{&quot;_animation&quot;:&quot;none&quot;}\" data-widget_type=\"heading.default\">\n\t\t\t\t\t<h3 class=\"elementor-heading-title elementor-size-default\">Frederic Amat, artista conceptual<\/h3>\t\t\t\t<\/div>\n\t\t\t\t<div class=\"elementor-element elementor-element-6ec2d63 elementor-widget elementor-widget-text-editor\" data-id=\"6ec2d63\" data-element_type=\"widget\" data-e-type=\"widget\" data-settings=\"{&quot;_animation&quot;:&quot;none&quot;}\" data-widget_type=\"text-editor.default\">\n\t\t\t\t\t\t\t\t\tFont de Garotes\t\t\t\t\t\t\t\t<\/div>\n\t\t\t\t<div class=\"elementor-element elementor-element-43413b5 elementor-widget elementor-widget-text-editor\" data-id=\"43413b5\" data-element_type=\"widget\" data-e-type=\"widget\" data-settings=\"{&quot;_animation&quot;:&quot;none&quot;}\" data-widget_type=\"text-editor.default\">\n\t\t\t\t\t\t\t\t\tEl reconegut artista catal\u00e0 \u00e9s l\u2019art\u00edfex de la Font de Garotes del Pati del palau. Aquesta escultura de gaireb\u00e9 tres metres d\u2019al\u00e7ada i esculpida amb set peces de cer\u00e0mica va ser fruit d\u2019una intu\u00efci\u00f3 profunda de l\u2019artista en veure per primera vegada el Pati. La cer\u00e0mica ha estat esmaltada i treballada als Tallers de la Fundaci\u00f3 Lloren\u00e7 Artigas de Gallifa i el resultat final \u00e9s la joia del palau: la Font de Garotes.   \t\t\t\t\t\t\t\t<\/div>\n\t\t\t\t<\/div>\n\t\t\t\t\t<\/div>\n\t\t\t\t<\/div>\n\t\t<div class=\"elementor-element elementor-element-1d1c027 e-flex e-con-boxed elementor-invisible e-con e-child\" data-id=\"1d1c027\" data-element_type=\"container\" data-e-type=\"container\" data-settings=\"{&quot;animation&quot;:&quot;fadeInUp&quot;}\">\n\t\t\t\t\t<div class=\"e-con-inner\">\n\t\t<div class=\"elementor-element elementor-element-88904ed e-con-full e-flex e-con e-child\" data-id=\"88904ed\" data-element_type=\"container\" data-e-type=\"container\" data-settings=\"{&quot;background_background&quot;:&quot;classic&quot;,&quot;animation&quot;:&quot;none&quot;}\">\n\t\t\t\t<\/div>\n\t\t<div class=\"elementor-element elementor-element-cd890c5 e-con-full e-flex e-con e-child\" data-id=\"cd890c5\" data-element_type=\"container\" data-e-type=\"container\">\n\t\t\t\t<div class=\"elementor-element elementor-element-ddf2a78 elementor-widget elementor-widget-heading\" data-id=\"ddf2a78\" data-element_type=\"widget\" data-e-type=\"widget\" data-settings=\"{&quot;_animation&quot;:&quot;none&quot;}\" data-widget_type=\"heading.default\">\n\t\t\t\t\t<h3 class=\"elementor-heading-title elementor-size-default\">Dani Isern, Isern Associats<\/h3>\t\t\t\t<\/div>\n\t\t\t\t<div class=\"elementor-element elementor-element-c1e8391 elementor-widget elementor-widget-text-editor\" data-id=\"c1e8391\" data-element_type=\"widget\" data-e-type=\"widget\" data-settings=\"{&quot;_animation&quot;:&quot;none&quot;}\" data-widget_type=\"text-editor.default\">\n\t\t\t\t\t\t\t\t\tReforma arquitect\u00f2nica\t\t\t\t\t\t\t\t<\/div>\n\t\t\t\t<div class=\"elementor-element elementor-element-2cf0b26 elementor-widget elementor-widget-text-editor\" data-id=\"2cf0b26\" data-element_type=\"widget\" data-e-type=\"widget\" data-settings=\"{&quot;_animation&quot;:&quot;none&quot;}\" data-widget_type=\"text-editor.default\">\n\t\t\t\t\t\t\t\t\tAquest independent i distingit estudi d\u2019arquitectura i disseny, ha estat l\u2019encarregat de reformar l\u2019antic palau barroc i convertir-lo en l\u2019actual Palau Fugit. El repte era mantenir l\u2019\u00e0nima original de l\u2019edifici, establint un di\u00e0leg entre hist\u00f2ria i modernitat, ciutat i calma, verd i pedra, i espais p\u00fablics i privats. L\u2019obra resultant\u2026 l\u2019has de viure en primera persona.  \t\t\t\t\t\t\t\t<\/div>\n\t\t\t\t<\/div>\n\t\t\t\t\t<\/div>\n\t\t\t\t<\/div>\n\t\t<div class=\"elementor-element elementor-element-5bc014f e-flex e-con-boxed elementor-invisible e-con e-child\" data-id=\"5bc014f\" data-element_type=\"container\" data-e-type=\"container\" data-settings=\"{&quot;animation&quot;:&quot;fadeInUp&quot;}\">\n\t\t\t\t\t<div class=\"e-con-inner\">\n\t\t<div class=\"elementor-element elementor-element-0cbd5f4 e-con-full e-flex e-con e-child\" data-id=\"0cbd5f4\" data-element_type=\"container\" data-e-type=\"container\" data-settings=\"{&quot;background_background&quot;:&quot;classic&quot;,&quot;animation&quot;:&quot;none&quot;}\">\n\t\t\t\t<\/div>\n\t\t<div class=\"elementor-element elementor-element-cfd61a2 e-con-full e-flex e-con e-child\" data-id=\"cfd61a2\" data-element_type=\"container\" data-e-type=\"container\">\n\t\t\t\t<div class=\"elementor-element elementor-element-7664b3a elementor-widget elementor-widget-heading\" data-id=\"7664b3a\" data-element_type=\"widget\" data-e-type=\"widget\" data-settings=\"{&quot;_animation&quot;:&quot;none&quot;}\" data-widget_type=\"heading.default\">\n\t\t\t\t\t<h3 class=\"elementor-heading-title elementor-size-default\">Oliver Franz Schmidt, Natali Canas del Pozo y Lucas Echeveste Lacy, El Equipo Creativo<\/h3>\t\t\t\t<\/div>\n\t\t\t\t<div class=\"elementor-element elementor-element-5a0a644 elementor-widget elementor-widget-text-editor\" data-id=\"5a0a644\" data-element_type=\"widget\" data-e-type=\"widget\" data-settings=\"{&quot;_animation&quot;:&quot;none&quot;}\" data-widget_type=\"text-editor.default\">\n\t\t\t\t\t\t\t\t\tDisseny interior\n\t\t\t\t\t\t\t\t<\/div>\n\t\t\t\t<div class=\"elementor-element elementor-element-bc97aba elementor-widget elementor-widget-text-editor\" data-id=\"bc97aba\" data-element_type=\"widget\" data-e-type=\"widget\" data-settings=\"{&quot;_animation&quot;:&quot;none&quot;}\" data-widget_type=\"text-editor.default\">\n\t\t\t\t\t\t\t\t\t<p>El Equipo Creativo \u00e9s un estudi d\u2019interiorisme especialitzat en el sector hoteler i guardonat en nombroses ocasions. Jugant amb elements de l\u2019arquitectura original i altres de contemporanis, han dissenyat els diferents espais del palau aconseguint crear un interior elegant i acollidor, per\u00f2 al mateix temps fresc i desimbolt.  <\/p>\t\t\t\t\t\t\t\t<\/div>\n\t\t\t\t<\/div>\n\t\t\t\t\t<\/div>\n\t\t\t\t<\/div>\n\t\t\t\t<\/div>\n\t\t<div class=\"elementor-element elementor-element-5b4d552 e-con-full elementor-hidden-desktop e-flex e-con e-parent\" data-id=\"5b4d552\" data-element_type=\"container\" data-e-type=\"container\" data-settings=\"{&quot;background_background&quot;:&quot;classic&quot;,&quot;animation&quot;:&quot;none&quot;}\">\n\t\t<div class=\"elementor-element elementor-element-bccb7a8 e-flex e-con-boxed elementor-invisible e-con e-child\" data-id=\"bccb7a8\" data-element_type=\"container\" data-e-type=\"container\" data-settings=\"{&quot;animation&quot;:&quot;fadeInUp&quot;}\">\n\t\t\t\t\t<div class=\"e-con-inner\">\n\t\t<div class=\"elementor-element elementor-element-16131f9 e-con-full e-flex e-con e-child\" data-id=\"16131f9\" data-element_type=\"container\" data-e-type=\"container\" data-settings=\"{&quot;background_background&quot;:&quot;classic&quot;}\">\n\t\t\t\t<\/div>\n\t\t<div class=\"elementor-element elementor-element-96d9238 e-con-full e-flex e-con e-child\" data-id=\"96d9238\" data-element_type=\"container\" data-e-type=\"container\">\n\t\t\t\t<div class=\"elementor-element elementor-element-10ac68d elementor-widget elementor-widget-heading\" data-id=\"10ac68d\" data-element_type=\"widget\" data-e-type=\"widget\" data-settings=\"{&quot;_animation&quot;:&quot;none&quot;}\" data-widget_type=\"heading.default\">\n\t\t\t\t\t<h3 class=\"elementor-heading-title elementor-size-default\">Frederic Amat, artista conceptual<\/h3>\t\t\t\t<\/div>\n\t\t\t\t<div class=\"elementor-element elementor-element-4827fe2 elementor-widget elementor-widget-text-editor\" data-id=\"4827fe2\" data-element_type=\"widget\" data-e-type=\"widget\" data-settings=\"{&quot;_animation&quot;:&quot;none&quot;}\" data-widget_type=\"text-editor.default\">\n\t\t\t\t\t\t\t\t\tFont de Garotes\t\t\t\t\t\t\t\t<\/div>\n\t\t\t\t<div class=\"elementor-element elementor-element-8475286 elementor-widget elementor-widget-text-editor\" data-id=\"8475286\" data-element_type=\"widget\" data-e-type=\"widget\" data-settings=\"{&quot;_animation&quot;:&quot;none&quot;}\" data-widget_type=\"text-editor.default\">\n\t\t\t\t\t\t\t\t\tEl reconegut artista catal\u00e0 \u00e9s l\u2019art\u00edfex de la Font de Garotes del Pati del palau. Aquesta escultura de gaireb\u00e9 tres metres d\u2019al\u00e7ada i esculpida amb set peces de cer\u00e0mica va ser fruit d\u2019una intu\u00efci\u00f3 profunda de l\u2019artista en veure per primera vegada el Pati. La cer\u00e0mica ha estat esmaltada i treballada als Tallers de la Fundaci\u00f3 Lloren\u00e7 Artigas de Gallifa i el resultat final \u00e9s la joia del palau: la Font de Garotes.   \t\t\t\t\t\t\t\t<\/div>\n\t\t\t\t<\/div>\n\t\t\t\t\t<\/div>\n\t\t\t\t<\/div>\n\t\t<div class=\"elementor-element elementor-element-1e77024 e-flex e-con-boxed elementor-invisible e-con e-child\" data-id=\"1e77024\" data-element_type=\"container\" data-e-type=\"container\" data-settings=\"{&quot;animation&quot;:&quot;fadeInUp&quot;}\">\n\t\t\t\t\t<div class=\"e-con-inner\">\n\t\t<div class=\"elementor-element elementor-element-4c40459 e-con-full e-flex e-con e-child\" data-id=\"4c40459\" data-element_type=\"container\" data-e-type=\"container\" data-settings=\"{&quot;background_background&quot;:&quot;classic&quot;,&quot;animation&quot;:&quot;none&quot;}\">\n\t\t\t\t<\/div>\n\t\t<div class=\"elementor-element elementor-element-6b2eab8 e-con-full e-flex e-con e-child\" data-id=\"6b2eab8\" data-element_type=\"container\" data-e-type=\"container\">\n\t\t\t\t<div class=\"elementor-element elementor-element-63d2db8 elementor-widget elementor-widget-heading\" data-id=\"63d2db8\" data-element_type=\"widget\" data-e-type=\"widget\" data-settings=\"{&quot;_animation&quot;:&quot;none&quot;}\" data-widget_type=\"heading.default\">\n\t\t\t\t\t<h3 class=\"elementor-heading-title elementor-size-default\">Dani Isern, Isern Associats<\/h3>\t\t\t\t<\/div>\n\t\t\t\t<div class=\"elementor-element elementor-element-d13f8dc elementor-widget elementor-widget-text-editor\" data-id=\"d13f8dc\" data-element_type=\"widget\" data-e-type=\"widget\" data-settings=\"{&quot;_animation&quot;:&quot;none&quot;}\" data-widget_type=\"text-editor.default\">\n\t\t\t\t\t\t\t\t\tReforma arquitect\u00f2nica\t\t\t\t\t\t\t\t<\/div>\n\t\t\t\t<div class=\"elementor-element elementor-element-b8c0f29 elementor-widget elementor-widget-text-editor\" data-id=\"b8c0f29\" data-element_type=\"widget\" data-e-type=\"widget\" data-settings=\"{&quot;_animation&quot;:&quot;none&quot;}\" data-widget_type=\"text-editor.default\">\n\t\t\t\t\t\t\t\t\tAquest independent i distingit estudi d\u2019arquitectura i disseny, ha estat l\u2019encarregat de reformar l\u2019antic palau barroc i convertir-lo en l\u2019actual Palau Fugit. El repte era mantenir l\u2019\u00e0nima original de l\u2019edifici, establint un di\u00e0leg entre hist\u00f2ria i modernitat, ciutat i calma, verd i pedra, i espais p\u00fablics i privats. L\u2019obra resultant\u2026 l\u2019has de viure en primera persona.  \t\t\t\t\t\t\t\t<\/div>\n\t\t\t\t<\/div>\n\t\t\t\t\t<\/div>\n\t\t\t\t<\/div>\n\t\t\t\t<\/div>\n\t\t<div class=\"elementor-element elementor-element-d2798e1 e-con-full elementor-hidden-desktop e-flex e-con e-parent\" data-id=\"d2798e1\" data-element_type=\"container\" data-e-type=\"container\" data-settings=\"{&quot;background_background&quot;:&quot;classic&quot;,&quot;animation&quot;:&quot;none&quot;}\">\n\t\t<div class=\"elementor-element elementor-element-93b3400 e-flex e-con-boxed elementor-invisible e-con e-child\" data-id=\"93b3400\" data-element_type=\"container\" data-e-type=\"container\" data-settings=\"{&quot;animation&quot;:&quot;fadeInUp&quot;}\">\n\t\t\t\t\t<div class=\"e-con-inner\">\n\t\t<div class=\"elementor-element elementor-element-78d49be e-con-full e-flex e-con e-child\" data-id=\"78d49be\" data-element_type=\"container\" data-e-type=\"container\" data-settings=\"{&quot;background_background&quot;:&quot;classic&quot;,&quot;animation&quot;:&quot;none&quot;}\">\n\t\t\t\t<\/div>\n\t\t<div class=\"elementor-element elementor-element-9b7c3c6 e-con-full e-flex e-con e-child\" data-id=\"9b7c3c6\" data-element_type=\"container\" data-e-type=\"container\">\n\t\t\t\t<div class=\"elementor-element elementor-element-e30c308 elementor-widget elementor-widget-heading\" data-id=\"e30c308\" data-element_type=\"widget\" data-e-type=\"widget\" data-settings=\"{&quot;_animation&quot;:&quot;none&quot;}\" data-widget_type=\"heading.default\">\n\t\t\t\t\t<h3 class=\"elementor-heading-title elementor-size-default\">Oliver Franz Schmidt, Natali Canas del Pozo y Lucas Echeveste Lacy, El Equipo Creativo<\/h3>\t\t\t\t<\/div>\n\t\t\t\t<div class=\"elementor-element elementor-element-7017dc2 elementor-widget elementor-widget-text-editor\" data-id=\"7017dc2\" data-element_type=\"widget\" data-e-type=\"widget\" data-settings=\"{&quot;_animation&quot;:&quot;none&quot;}\" data-widget_type=\"text-editor.default\">\n\t\t\t\t\t\t\t\t\tDisseny interior\n\t\t\t\t\t\t\t\t<\/div>\n\t\t\t\t<div class=\"elementor-element elementor-element-1f4f851 elementor-widget elementor-widget-text-editor\" data-id=\"1f4f851\" data-element_type=\"widget\" data-e-type=\"widget\" data-settings=\"{&quot;_animation&quot;:&quot;none&quot;}\" data-widget_type=\"text-editor.default\">\n\t\t\t\t\t\t\t\t\t<p>El Equipo Creativo \u00e9s un estudi d\u2019interiorisme especialitzat en el sector hoteler i guardonat en nombroses ocasions. Jugant amb elements de l\u2019arquitectura original i altres de contemporanis, han dissenyat els diferents espais del palau aconseguint crear un interior elegant i acollidor, per\u00f2 al mateix temps fresc i desimbolt.  <\/p>\t\t\t\t\t\t\t\t<\/div>\n\t\t\t\t<\/div>\n\t\t\t\t\t<\/div>\n\t\t\t\t<\/div>\n\t\t<div class=\"elementor-element elementor-element-485ffde e-flex e-con-boxed elementor-invisible e-con e-child\" data-id=\"485ffde\" data-element_type=\"container\" data-e-type=\"container\" data-settings=\"{&quot;animation&quot;:&quot;fadeInUp&quot;}\">\n\t\t\t\t\t<div class=\"e-con-inner\">\n\t\t<div class=\"elementor-element elementor-element-bd6c86e e-con-full e-flex e-con e-child\" data-id=\"bd6c86e\" data-element_type=\"container\" data-e-type=\"container\" data-settings=\"{&quot;background_background&quot;:&quot;classic&quot;}\">\n\t\t\t\t<\/div>\n\t\t<div class=\"elementor-element elementor-element-4354616 e-con-full e-flex e-con e-child\" data-id=\"4354616\" data-element_type=\"container\" data-e-type=\"container\">\n\t\t\t\t<div class=\"elementor-element elementor-element-19b97ea elementor-widget elementor-widget-heading\" data-id=\"19b97ea\" data-element_type=\"widget\" data-e-type=\"widget\" data-settings=\"{&quot;_animation&quot;:&quot;none&quot;}\" data-widget_type=\"heading.default\">\n\t\t\t\t\t<h3 class=\"elementor-heading-title elementor-size-default\">Ivon Reijers, Olively<\/h3>\t\t\t\t<\/div>\n\t\t\t\t<div class=\"elementor-element elementor-element-519f3b0 elementor-widget elementor-widget-text-editor\" data-id=\"519f3b0\" data-element_type=\"widget\" data-e-type=\"widget\" data-settings=\"{&quot;_animation&quot;:&quot;none&quot;}\" data-widget_type=\"text-editor.default\">\n\t\t\t\t\t\t\t\t\tProductes de bany naturals\t\t\t\t\t\t\t\t<\/div>\n\t\t\t\t<div class=\"elementor-element elementor-element-d521314 elementor-widget elementor-widget-text-editor\" data-id=\"d521314\" data-element_type=\"widget\" data-e-type=\"widget\" data-settings=\"{&quot;_animation&quot;:&quot;none&quot;}\" data-widget_type=\"text-editor.default\">\n\t\t\t\t\t\t\t\t\t<p>Olively \u00e9s una empresa gironina de productes naturals fets d\u2019oli d\u2019oliva elaborat a l\u2019Alt Empord\u00e0. Els diversos beneficis que aporta a la pell, l\u2019alta qualitat dels seus ingredients i el seu proc\u00e9s d\u2019elaboraci\u00f3 \u00e8tic i sostenible coincideixen a la perfecci\u00f3 amb els valors de Palau Fugit. Per tots aquests motius, els seus productes els trobar\u00e0s a totes les habitacions de l\u2019hotel.  <\/p>\t\t\t\t\t\t\t\t<\/div>\n\t\t\t\t<\/div>\n\t\t\t\t\t<\/div>\n\t\t\t\t<\/div>\n\t\t\t\t<\/div>\n\t\t<div class=\"elementor-element elementor-element-4d82e96 e-con-full elementor-hidden-tablet elementor-hidden-mobile e-flex e-con e-parent\" data-id=\"4d82e96\" data-element_type=\"container\" data-e-type=\"container\" data-settings=\"{&quot;background_background&quot;:&quot;classic&quot;,&quot;animation&quot;:&quot;none&quot;}\">\n\t\t<div class=\"elementor-element elementor-element-8610acc e-flex e-con-boxed elementor-invisible e-con e-child\" data-id=\"8610acc\" data-element_type=\"container\" data-e-type=\"container\" data-settings=\"{&quot;animation&quot;:&quot;fadeInUp&quot;}\">\n\t\t\t\t\t<div class=\"e-con-inner\">\n\t\t<div class=\"elementor-element elementor-element-702b1f7 e-con-full e-flex e-con e-child\" data-id=\"702b1f7\" data-element_type=\"container\" data-e-type=\"container\" data-settings=\"{&quot;background_background&quot;:&quot;classic&quot;}\">\n\t\t\t\t<\/div>\n\t\t<div class=\"elementor-element elementor-element-9ca7aed e-con-full e-flex e-con e-child\" data-id=\"9ca7aed\" data-element_type=\"container\" data-e-type=\"container\">\n\t\t\t\t<div class=\"elementor-element elementor-element-bdbf8a5 elementor-widget elementor-widget-heading\" data-id=\"bdbf8a5\" data-element_type=\"widget\" data-e-type=\"widget\" data-settings=\"{&quot;_animation&quot;:&quot;none&quot;}\" data-widget_type=\"heading.default\">\n\t\t\t\t\t<h3 class=\"elementor-heading-title elementor-size-default\">Ivon Reijers, Olively<\/h3>\t\t\t\t<\/div>\n\t\t\t\t<div class=\"elementor-element elementor-element-d24a6f9 elementor-widget elementor-widget-text-editor\" data-id=\"d24a6f9\" data-element_type=\"widget\" data-e-type=\"widget\" data-settings=\"{&quot;_animation&quot;:&quot;none&quot;}\" data-widget_type=\"text-editor.default\">\n\t\t\t\t\t\t\t\t\tProductes de bany naturals\t\t\t\t\t\t\t\t<\/div>\n\t\t\t\t<div class=\"elementor-element elementor-element-1c00c82 elementor-widget elementor-widget-text-editor\" data-id=\"1c00c82\" data-element_type=\"widget\" data-e-type=\"widget\" data-settings=\"{&quot;_animation&quot;:&quot;none&quot;}\" data-widget_type=\"text-editor.default\">\n\t\t\t\t\t\t\t\t\t<p>Olively \u00e9s una empresa gironina de productes naturals fets d\u2019oli d\u2019oliva elaborat a l\u2019Alt Empord\u00e0. Els diversos beneficis que aporta a la pell, l\u2019alta qualitat dels seus ingredients i el seu proc\u00e9s d\u2019elaboraci\u00f3 \u00e8tic i sostenible coincideixen a la perfecci\u00f3 amb els valors de Palau Fugit. Per tots aquests motius, els seus productes els trobar\u00e0s a totes les habitacions de l\u2019hotel.  <\/p>\t\t\t\t\t\t\t\t<\/div>\n\t\t\t\t<\/div>\n\t\t\t\t\t<\/div>\n\t\t\t\t<\/div>\n\t\t<div class=\"elementor-element elementor-element-4817041 e-flex e-con-boxed elementor-invisible e-con e-child\" data-id=\"4817041\" data-element_type=\"container\" data-e-type=\"container\" data-settings=\"{&quot;animation&quot;:&quot;fadeInUp&quot;}\">\n\t\t\t\t\t<div class=\"e-con-inner\">\n\t\t<div class=\"elementor-element elementor-element-d1ab53d e-con-full e-flex e-con e-child\" data-id=\"d1ab53d\" data-element_type=\"container\" data-e-type=\"container\" data-settings=\"{&quot;background_background&quot;:&quot;classic&quot;,&quot;animation&quot;:&quot;none&quot;}\">\n\t\t\t\t<\/div>\n\t\t<div class=\"elementor-element elementor-element-e15bbd4 e-con-full e-flex e-con e-child\" data-id=\"e15bbd4\" data-element_type=\"container\" data-e-type=\"container\">\n\t\t\t\t<div class=\"elementor-element elementor-element-62e1ff5 elementor-widget elementor-widget-heading\" data-id=\"62e1ff5\" data-element_type=\"widget\" data-e-type=\"widget\" data-settings=\"{&quot;_animation&quot;:&quot;none&quot;}\" data-widget_type=\"heading.default\">\n\t\t\t\t\t<h3 class=\"elementor-heading-title elementor-size-default\">Judith Bern\u00e0cer, My Mother\u2019s Garden<\/h3>\t\t\t\t<\/div>\n\t\t\t\t<div class=\"elementor-element elementor-element-dac6155 elementor-widget elementor-widget-text-editor\" data-id=\"dac6155\" data-element_type=\"widget\" data-e-type=\"widget\" data-settings=\"{&quot;_animation&quot;:&quot;none&quot;}\" data-widget_type=\"text-editor.default\">\n\t\t\t\t\t\t\t\t\tArt floral\t\t\t\t\t\t\t\t<\/div>\n\t\t\t\t<div class=\"elementor-element elementor-element-bfb09eb elementor-widget elementor-widget-text-editor\" data-id=\"bfb09eb\" data-element_type=\"widget\" data-e-type=\"widget\" data-settings=\"{&quot;_animation&quot;:&quot;none&quot;}\" data-widget_type=\"text-editor.default\">\n\t\t\t\t\t\t\t\t\t<p>Aquesta especialista gironina en art floral escull les flors dels diferents indrets del palau per aportar-hi frescor, color, i olor. I tamb\u00e9, per recordar-nos que cada instant \u00e9s bonic, per\u00f2 ef\u00edmer. Tant per a ella com per l\u2019equip de Palau Fugit \u00e9s molt important que les flors siguin collides molt a prop de l\u2019hotel, que combinin a la perfecci\u00f3 amb les peces de cer\u00e0mica on s\u00f3n col\u00b7locades i que potenci\u00efn l\u2019espai on es troben.  <\/p>\t\t\t\t\t\t\t\t<\/div>\n\t\t\t\t<\/div>\n\t\t\t\t\t<\/div>\n\t\t\t\t<\/div>\n\t\t<div class=\"elementor-element elementor-element-4d6b0c3 e-flex e-con-boxed elementor-invisible e-con e-child\" data-id=\"4d6b0c3\" data-element_type=\"container\" data-e-type=\"container\" data-settings=\"{&quot;animation&quot;:&quot;fadeInUp&quot;}\">\n\t\t\t\t\t<div class=\"e-con-inner\">\n\t\t<div class=\"elementor-element elementor-element-aadd54b e-con-full e-flex e-con e-child\" data-id=\"aadd54b\" data-element_type=\"container\" data-e-type=\"container\" data-settings=\"{&quot;background_background&quot;:&quot;classic&quot;,&quot;animation&quot;:&quot;none&quot;}\">\n\t\t\t\t<\/div>\n\t\t<div class=\"elementor-element elementor-element-d2c9330 e-con-full e-flex e-con e-child\" data-id=\"d2c9330\" data-element_type=\"container\" data-e-type=\"container\">\n\t\t\t\t<div class=\"elementor-element elementor-element-a7eb4ef elementor-widget elementor-widget-heading\" data-id=\"a7eb4ef\" data-element_type=\"widget\" data-e-type=\"widget\" data-settings=\"{&quot;_animation&quot;:&quot;none&quot;}\" data-widget_type=\"heading.default\">\n\t\t\t\t\t<h3 class=\"elementor-heading-title elementor-size-default\">N\u00faria Gimbernat, artista<\/h3>\t\t\t\t<\/div>\n\t\t\t\t<div class=\"elementor-element elementor-element-67588fb elementor-widget elementor-widget-text-editor\" data-id=\"67588fb\" data-element_type=\"widget\" data-e-type=\"widget\" data-settings=\"{&quot;_animation&quot;:&quot;none&quot;}\" data-widget_type=\"text-editor.default\">\n\t\t\t\t\t\t\t\t\tPeces de cer\u00e0mica\t\t\t\t\t\t\t\t<\/div>\n\t\t\t\t<div class=\"elementor-element elementor-element-d14541a elementor-widget elementor-widget-text-editor\" data-id=\"d14541a\" data-element_type=\"widget\" data-e-type=\"widget\" data-settings=\"{&quot;_animation&quot;:&quot;none&quot;}\" data-widget_type=\"text-editor.default\">\n\t\t\t\t\t\t\t\t\t<p>Nascuda a Girona, N\u00faria Gimbernat s\u2019ha inspirat en aquesta ciutat al llarg de la seva carrera. Tamb\u00e9 ha sigut aix\u00ed a l\u2019hora d\u2019idear totes les peces de cer\u00e0mica del palau. Treballant a m\u00e0 cada una d\u2019elles, ha pensat cada detall de les seves creacions per tal que transmetin puresa i es complementin a la perfecci\u00f3 amb els altres elements de l\u2019espai.  <\/p>\t\t\t\t\t\t\t\t<\/div>\n\t\t\t\t<\/div>\n\t\t\t\t\t<\/div>\n\t\t\t\t<\/div>\n\t\t\t\t<\/div>\n\t\t<div class=\"elementor-element elementor-element-e7adfc8 e-con-full elementor-hidden-desktop e-flex e-con e-parent\" data-id=\"e7adfc8\" data-element_type=\"container\" data-e-type=\"container\" data-settings=\"{&quot;background_background&quot;:&quot;classic&quot;,&quot;animation&quot;:&quot;none&quot;}\">\n\t\t<div class=\"elementor-element elementor-element-5618690 e-flex e-con-boxed elementor-invisible e-con e-child\" data-id=\"5618690\" data-element_type=\"container\" data-e-type=\"container\" data-settings=\"{&quot;animation&quot;:&quot;fadeInUp&quot;}\">\n\t\t\t\t\t<div class=\"e-con-inner\">\n\t\t<div class=\"elementor-element elementor-element-70d6c90 e-con-full e-flex e-con e-child\" data-id=\"70d6c90\" data-element_type=\"container\" data-e-type=\"container\" data-settings=\"{&quot;background_background&quot;:&quot;classic&quot;,&quot;animation&quot;:&quot;none&quot;}\">\n\t\t\t\t<\/div>\n\t\t<div class=\"elementor-element elementor-element-63db777 e-con-full e-flex e-con e-child\" data-id=\"63db777\" data-element_type=\"container\" data-e-type=\"container\">\n\t\t\t\t<div class=\"elementor-element elementor-element-c696626 elementor-widget elementor-widget-heading\" data-id=\"c696626\" data-element_type=\"widget\" data-e-type=\"widget\" data-settings=\"{&quot;_animation&quot;:&quot;none&quot;}\" data-widget_type=\"heading.default\">\n\t\t\t\t\t<h3 class=\"elementor-heading-title elementor-size-default\">Judith Bern\u00e0cer, My Mother\u2019s Garden<\/h3>\t\t\t\t<\/div>\n\t\t\t\t<div class=\"elementor-element elementor-element-2d2bf77 elementor-widget elementor-widget-text-editor\" data-id=\"2d2bf77\" data-element_type=\"widget\" data-e-type=\"widget\" data-settings=\"{&quot;_animation&quot;:&quot;none&quot;}\" data-widget_type=\"text-editor.default\">\n\t\t\t\t\t\t\t\t\tArt floral\t\t\t\t\t\t\t\t<\/div>\n\t\t\t\t<div class=\"elementor-element elementor-element-c4e218b elementor-widget elementor-widget-text-editor\" data-id=\"c4e218b\" data-element_type=\"widget\" data-e-type=\"widget\" data-settings=\"{&quot;_animation&quot;:&quot;none&quot;}\" data-widget_type=\"text-editor.default\">\n\t\t\t\t\t\t\t\t\t<p>Aquesta especialista gironina en art floral escull les flors dels diferents indrets del palau per aportar-hi frescor, color, i olor. I tamb\u00e9, per recordar-nos que cada instant \u00e9s bonic, per\u00f2 ef\u00edmer. Tant per a ella com per l\u2019equip de Palau Fugit \u00e9s molt important que les flors siguin collides molt a prop de l\u2019hotel, que combinin a la perfecci\u00f3 amb les peces de cer\u00e0mica on s\u00f3n col\u00b7locades i que potenci\u00efn l\u2019espai on es troben.  <\/p>\t\t\t\t\t\t\t\t<\/div>\n\t\t\t\t<\/div>\n\t\t\t\t\t<\/div>\n\t\t\t\t<\/div>\n\t\t<div class=\"elementor-element elementor-element-e319007 e-flex e-con-boxed elementor-invisible e-con e-child\" data-id=\"e319007\" data-element_type=\"container\" data-e-type=\"container\" data-settings=\"{&quot;animation&quot;:&quot;fadeInUp&quot;}\">\n\t\t\t\t\t<div class=\"e-con-inner\">\n\t\t<div class=\"elementor-element elementor-element-849429b e-con-full e-flex e-con e-child\" data-id=\"849429b\" data-element_type=\"container\" data-e-type=\"container\" data-settings=\"{&quot;background_background&quot;:&quot;classic&quot;,&quot;animation&quot;:&quot;none&quot;}\">\n\t\t\t\t<\/div>\n\t\t<div class=\"elementor-element elementor-element-a38f260 e-con-full e-flex e-con e-child\" data-id=\"a38f260\" data-element_type=\"container\" data-e-type=\"container\">\n\t\t\t\t<div class=\"elementor-element elementor-element-83f2d0d elementor-widget elementor-widget-heading\" data-id=\"83f2d0d\" data-element_type=\"widget\" data-e-type=\"widget\" data-settings=\"{&quot;_animation&quot;:&quot;none&quot;}\" data-widget_type=\"heading.default\">\n\t\t\t\t\t<h3 class=\"elementor-heading-title elementor-size-default\">N\u00faria Gimbernat, artista<\/h3>\t\t\t\t<\/div>\n\t\t\t\t<div class=\"elementor-element elementor-element-c593725 elementor-widget elementor-widget-text-editor\" data-id=\"c593725\" data-element_type=\"widget\" data-e-type=\"widget\" data-settings=\"{&quot;_animation&quot;:&quot;none&quot;}\" data-widget_type=\"text-editor.default\">\n\t\t\t\t\t\t\t\t\tPeces de cer\u00e0mica\t\t\t\t\t\t\t\t<\/div>\n\t\t\t\t<div class=\"elementor-element elementor-element-dcb58ec elementor-widget elementor-widget-text-editor\" data-id=\"dcb58ec\" data-element_type=\"widget\" data-e-type=\"widget\" data-settings=\"{&quot;_animation&quot;:&quot;none&quot;}\" data-widget_type=\"text-editor.default\">\n\t\t\t\t\t\t\t\t\t<p>Nascuda a Girona, N\u00faria Gimbernat s\u2019ha inspirat en aquesta ciutat al llarg de la seva carrera. Tamb\u00e9 ha sigut aix\u00ed a l\u2019hora d\u2019idear totes les peces de cer\u00e0mica del palau. Treballant a m\u00e0 cada una d\u2019elles, ha pensat cada detall de les seves creacions per tal que transmetin puresa i es complementin a la perfecci\u00f3 amb els altres elements de l\u2019espai.  <\/p>\t\t\t\t\t\t\t\t<\/div>\n\t\t\t\t<\/div>\n\t\t\t\t\t<\/div>\n\t\t\t\t<\/div>\n\t\t\t\t<\/div>\n\t\t<div class=\"elementor-element elementor-element-937f40d e-con-full elementor-hidden-tablet elementor-hidden-mobile e-flex e-con e-parent\" data-id=\"937f40d\" data-element_type=\"container\" data-e-type=\"container\" data-settings=\"{&quot;background_background&quot;:&quot;classic&quot;,&quot;animation&quot;:&quot;none&quot;}\">\n\t\t<div class=\"elementor-element elementor-element-e82e1e0 e-flex e-con-boxed elementor-invisible e-con e-child\" data-id=\"e82e1e0\" data-element_type=\"container\" data-e-type=\"container\" data-settings=\"{&quot;animation&quot;:&quot;fadeInUp&quot;}\">\n\t\t\t\t\t<div class=\"e-con-inner\">\n\t\t<div class=\"elementor-element elementor-element-c6d53f3 e-con-full e-flex e-con e-child\" data-id=\"c6d53f3\" data-element_type=\"container\" data-e-type=\"container\" data-settings=\"{&quot;background_background&quot;:&quot;classic&quot;}\">\n\t\t\t\t<\/div>\n\t\t<div class=\"elementor-element elementor-element-b259597 e-con-full e-flex e-con e-child\" data-id=\"b259597\" data-element_type=\"container\" data-e-type=\"container\">\n\t\t\t\t<div class=\"elementor-element elementor-element-241029e elementor-widget elementor-widget-heading\" data-id=\"241029e\" data-element_type=\"widget\" data-e-type=\"widget\" data-settings=\"{&quot;_animation&quot;:&quot;none&quot;}\" data-widget_type=\"heading.default\">\n\t\t\t\t\t<h3 class=\"elementor-heading-title elementor-size-default\">Montse Nart, Shizen\u2019na<\/h3>\t\t\t\t<\/div>\n\t\t\t\t<div class=\"elementor-element elementor-element-1912285 elementor-widget elementor-widget-text-editor\" data-id=\"1912285\" data-element_type=\"widget\" data-e-type=\"widget\" data-settings=\"{&quot;_animation&quot;:&quot;none&quot;}\" data-widget_type=\"text-editor.default\">\n\t\t\t\t\t\t\t\t\tAroma del Palau\t\t\t\t\t\t\t\t<\/div>\n\t\t\t\t<div class=\"elementor-element elementor-element-07374db elementor-widget elementor-widget-text-editor\" data-id=\"07374db\" data-element_type=\"widget\" data-e-type=\"widget\" data-settings=\"{&quot;_animation&quot;:&quot;none&quot;}\" data-widget_type=\"text-editor.default\">\n\t\t\t\t\t\t\t\t\tL\u2019aromat\u00f2loga i perfumista Montse Nart de l\u2019empresa gironina Shizen\u2019na t\u00e9 una llarga experi\u00e8ncia i un gust exquisit en la creaci\u00f3 de perfums i aromatitzaci\u00f3 d\u2019espais. Juntament amb l\u2019equip de Palau Fugit ha elaborat l\u2019olor de l\u2019hotel, un perfum natural i equilibrat amb aroma a Terres de Girona. Aquest t\u00e9 una olor llenyosa i floral que representa les arrels del palau.   \t\t\t\t\t\t\t\t<\/div>\n\t\t\t\t<\/div>\n\t\t\t\t\t<\/div>\n\t\t\t\t<\/div>\n\t\t<div class=\"elementor-element elementor-element-d52e324 e-flex e-con-boxed elementor-invisible e-con e-child\" data-id=\"d52e324\" data-element_type=\"container\" data-e-type=\"container\" data-settings=\"{&quot;animation&quot;:&quot;fadeInUp&quot;}\">\n\t\t\t\t\t<div class=\"e-con-inner\">\n\t\t<div class=\"elementor-element elementor-element-161e9e9 e-con-full e-flex e-con e-child\" data-id=\"161e9e9\" data-element_type=\"container\" data-e-type=\"container\" data-settings=\"{&quot;background_background&quot;:&quot;classic&quot;,&quot;animation&quot;:&quot;none&quot;}\">\n\t\t\t\t<\/div>\n\t\t<div class=\"elementor-element elementor-element-d4cbc53 e-con-full e-flex e-con e-child\" data-id=\"d4cbc53\" data-element_type=\"container\" data-e-type=\"container\">\n\t\t\t\t<div class=\"elementor-element elementor-element-0edaea9 elementor-widget elementor-widget-heading\" data-id=\"0edaea9\" data-element_type=\"widget\" data-e-type=\"widget\" data-settings=\"{&quot;_animation&quot;:&quot;none&quot;}\" data-widget_type=\"heading.default\">\n\t\t\t\t\t<h3 class=\"elementor-heading-title elementor-size-default\">Sonia Est\u00e9vez, il\u00b7lustradora<\/h3>\t\t\t\t<\/div>\n\t\t\t\t<div class=\"elementor-element elementor-element-ee99a44 elementor-widget elementor-widget-text-editor\" data-id=\"ee99a44\" data-element_type=\"widget\" data-e-type=\"widget\" data-settings=\"{&quot;_animation&quot;:&quot;none&quot;}\" data-widget_type=\"text-editor.default\">\n\t\t\t\t\t\t\t\t\tMurals\t\t\t\t\t\t\t\t<\/div>\n\t\t\t\t<div class=\"elementor-element elementor-element-5cab76f elementor-widget elementor-widget-text-editor\" data-id=\"5cab76f\" data-element_type=\"widget\" data-e-type=\"widget\" data-settings=\"{&quot;_animation&quot;:&quot;none&quot;}\" data-widget_type=\"text-editor.default\">\n\t\t\t\t\t\t\t\t\t<p>Born in l\u2019Empord\u00e0, Sonia Est\u00e9vez drew the illustrations that can be found throughout the palace. In these pieces, she reflects on the transience of time and the need to live in the \u2018here and now\u2019. Through her work, she shows that although time flies, Palau Fugit invites you to stop for a moment and enjoy it.  <\/p>\t\t\t\t\t\t\t\t<\/div>\n\t\t\t\t<\/div>\n\t\t\t\t\t<\/div>\n\t\t\t\t<\/div>\n\t\t<div class=\"elementor-element elementor-element-abe25b7 e-flex e-con-boxed elementor-invisible e-con e-child\" data-id=\"abe25b7\" data-element_type=\"container\" data-e-type=\"container\" data-settings=\"{&quot;animation&quot;:&quot;fadeInUp&quot;}\">\n\t\t\t\t\t<div class=\"e-con-inner\">\n\t\t<div class=\"elementor-element elementor-element-edee993 e-con-full e-flex e-con e-child\" data-id=\"edee993\" data-element_type=\"container\" data-e-type=\"container\" data-settings=\"{&quot;background_background&quot;:&quot;classic&quot;,&quot;animation&quot;:&quot;none&quot;}\">\n\t\t\t\t<\/div>\n\t\t<div class=\"elementor-element elementor-element-da50564 e-con-full e-flex e-con e-child\" data-id=\"da50564\" data-element_type=\"container\" data-e-type=\"container\">\n\t\t\t\t<div class=\"elementor-element elementor-element-d71f654 elementor-widget elementor-widget-heading\" data-id=\"d71f654\" data-element_type=\"widget\" data-e-type=\"widget\" data-settings=\"{&quot;_animation&quot;:&quot;none&quot;}\" data-widget_type=\"heading.default\">\n\t\t\t\t\t<h3 class=\"elementor-heading-title elementor-size-default\">Joana Santamans<\/h3>\t\t\t\t<\/div>\n\t\t\t\t<div class=\"elementor-element elementor-element-841289f elementor-widget elementor-widget-text-editor\" data-id=\"841289f\" data-element_type=\"widget\" data-e-type=\"widget\" data-settings=\"{&quot;_animation&quot;:&quot;none&quot;}\" data-widget_type=\"text-editor.default\">\n\t\t\t\t\t\t\t\t\tIl\u00b7lustracions\t\t\t\t\t\t\t\t<\/div>\n\t\t\t\t<div class=\"elementor-element elementor-element-984a401 elementor-widget elementor-widget-text-editor\" data-id=\"984a401\" data-element_type=\"widget\" data-e-type=\"widget\" data-settings=\"{&quot;_animation&quot;:&quot;none&quot;}\" data-widget_type=\"text-editor.default\">\n\t\t\t\t\t\t\t\t\t<p>Aquesta pintora, il\u00b7lustradora i directora d\u2019art observa les plantes i arbres com una naturalista professional. De fet, ha treballat per a grans projectes a Londres, Nova York i San Francisco, per\u00f2 actualment viu entre Barcelona i l\u2019Empord\u00e0. A Palau Fugit, ha pintat les parets de l\u2019hotel amb murals d\u2019arbres, plantes i flors t\u00edpics de les terres gironines.  <\/p>\t\t\t\t\t\t\t\t<\/div>\n\t\t\t\t<\/div>\n\t\t\t\t\t<\/div>\n\t\t\t\t<\/div>\n\t\t\t\t<\/div>\n\t\t<div class=\"elementor-element elementor-element-5ec57e3 e-con-full elementor-hidden-desktop e-flex e-con e-parent\" data-id=\"5ec57e3\" data-element_type=\"container\" data-e-type=\"container\" data-settings=\"{&quot;background_background&quot;:&quot;classic&quot;,&quot;animation&quot;:&quot;none&quot;}\">\n\t\t<div class=\"elementor-element elementor-element-0b66889 e-flex e-con-boxed elementor-invisible e-con e-child\" data-id=\"0b66889\" data-element_type=\"container\" data-e-type=\"container\" data-settings=\"{&quot;animation&quot;:&quot;fadeInUp&quot;}\">\n\t\t\t\t\t<div class=\"e-con-inner\">\n\t\t<div class=\"elementor-element elementor-element-fc06712 e-con-full e-flex e-con e-child\" data-id=\"fc06712\" data-element_type=\"container\" data-e-type=\"container\" data-settings=\"{&quot;background_background&quot;:&quot;classic&quot;}\">\n\t\t\t\t<\/div>\n\t\t<div class=\"elementor-element elementor-element-e495cc2 e-con-full e-flex e-con e-child\" data-id=\"e495cc2\" data-element_type=\"container\" data-e-type=\"container\">\n\t\t\t\t<div class=\"elementor-element elementor-element-a0ffa99 elementor-widget elementor-widget-heading\" data-id=\"a0ffa99\" data-element_type=\"widget\" data-e-type=\"widget\" data-settings=\"{&quot;_animation&quot;:&quot;none&quot;}\" data-widget_type=\"heading.default\">\n\t\t\t\t\t<h3 class=\"elementor-heading-title elementor-size-default\">Montse Nart, Shizen\u2019na<\/h3>\t\t\t\t<\/div>\n\t\t\t\t<div class=\"elementor-element elementor-element-2f06e51 elementor-widget elementor-widget-text-editor\" data-id=\"2f06e51\" data-element_type=\"widget\" data-e-type=\"widget\" data-settings=\"{&quot;_animation&quot;:&quot;none&quot;}\" data-widget_type=\"text-editor.default\">\n\t\t\t\t\t\t\t\t\tAroma del Palau\t\t\t\t\t\t\t\t<\/div>\n\t\t\t\t<div class=\"elementor-element elementor-element-a258d81 elementor-widget elementor-widget-text-editor\" data-id=\"a258d81\" data-element_type=\"widget\" data-e-type=\"widget\" data-settings=\"{&quot;_animation&quot;:&quot;none&quot;}\" data-widget_type=\"text-editor.default\">\n\t\t\t\t\t\t\t\t\tL\u2019aromat\u00f2loga i perfumista Montse Nart de l\u2019empresa gironina Shizen\u2019na t\u00e9 una llarga experi\u00e8ncia i un gust exquisit en la creaci\u00f3 de perfums i aromatitzaci\u00f3 d\u2019espais. Juntament amb l\u2019equip de Palau Fugit ha elaborat l\u2019olor de l\u2019hotel, un perfum natural i equilibrat amb aroma a Terres de Girona. Aquest t\u00e9 una olor llenyosa i floral que representa les arrels del palau.   \t\t\t\t\t\t\t\t<\/div>\n\t\t\t\t<\/div>\n\t\t\t\t\t<\/div>\n\t\t\t\t<\/div>\n\t\t<div class=\"elementor-element elementor-element-5d754a1 e-flex e-con-boxed elementor-invisible e-con e-child\" data-id=\"5d754a1\" data-element_type=\"container\" data-e-type=\"container\" data-settings=\"{&quot;animation&quot;:&quot;fadeInUp&quot;}\">\n\t\t\t\t\t<div class=\"e-con-inner\">\n\t\t<div class=\"elementor-element elementor-element-ff73557 e-con-full e-flex e-con e-child\" data-id=\"ff73557\" data-element_type=\"container\" data-e-type=\"container\" data-settings=\"{&quot;background_background&quot;:&quot;classic&quot;,&quot;animation&quot;:&quot;none&quot;}\">\n\t\t\t\t<\/div>\n\t\t<div class=\"elementor-element elementor-element-1dcfb30 e-con-full e-flex e-con e-child\" data-id=\"1dcfb30\" data-element_type=\"container\" data-e-type=\"container\">\n\t\t\t\t<div class=\"elementor-element elementor-element-b0bdca6 elementor-widget elementor-widget-heading\" data-id=\"b0bdca6\" data-element_type=\"widget\" data-e-type=\"widget\" data-settings=\"{&quot;_animation&quot;:&quot;none&quot;}\" data-widget_type=\"heading.default\">\n\t\t\t\t\t<h3 class=\"elementor-heading-title elementor-size-default\">Sonia Est\u00e9vez, il\u00b7lustradora<\/h3>\t\t\t\t<\/div>\n\t\t\t\t<div class=\"elementor-element elementor-element-f818c63 elementor-widget elementor-widget-text-editor\" data-id=\"f818c63\" data-element_type=\"widget\" data-e-type=\"widget\" data-settings=\"{&quot;_animation&quot;:&quot;none&quot;}\" data-widget_type=\"text-editor.default\">\n\t\t\t\t\t\t\t\t\tMurals\t\t\t\t\t\t\t\t<\/div>\n\t\t\t\t<div class=\"elementor-element elementor-element-a4ad412 elementor-widget elementor-widget-text-editor\" data-id=\"a4ad412\" data-element_type=\"widget\" data-e-type=\"widget\" data-settings=\"{&quot;_animation&quot;:&quot;none&quot;}\" data-widget_type=\"text-editor.default\">\n\t\t\t\t\t\t\t\t\t<p>Born in l\u2019Empord\u00e0, Sonia Est\u00e9vez drew the illustrations that can be found throughout the palace. In these pieces, she reflects on the transience of time and the need to live in the \u2018here and now\u2019. Through her work, she shows that although time flies, Palau Fugit invites you to stop for a moment and enjoy it.  <\/p>\t\t\t\t\t\t\t\t<\/div>\n\t\t\t\t<\/div>\n\t\t\t\t\t<\/div>\n\t\t\t\t<\/div>\n\t\t\t\t<\/div>\n\t\t<div class=\"elementor-element elementor-element-7bb1338 e-con-full elementor-hidden-tablet elementor-hidden-mobile e-flex e-con e-parent\" data-id=\"7bb1338\" data-element_type=\"container\" data-e-type=\"container\" data-settings=\"{&quot;background_background&quot;:&quot;classic&quot;,&quot;animation&quot;:&quot;none&quot;}\">\n\t\t<div class=\"elementor-element elementor-element-d57f926 e-flex e-con-boxed elementor-invisible e-con e-child\" data-id=\"d57f926\" data-element_type=\"container\" data-e-type=\"container\" data-settings=\"{&quot;animation&quot;:&quot;fadeInUp&quot;}\">\n\t\t\t\t\t<div class=\"e-con-inner\">\n\t\t<div class=\"elementor-element elementor-element-f2781d1 e-con-full e-flex elementor-invisible e-con e-child\" data-id=\"f2781d1\" data-element_type=\"container\" data-e-type=\"container\" data-settings=\"{&quot;background_background&quot;:&quot;classic&quot;,&quot;animation&quot;:&quot;fadeInUp&quot;}\">\n\t\t\t\t<\/div>\n\t\t<div class=\"elementor-element elementor-element-ce16295 e-con-full e-flex e-con e-child\" data-id=\"ce16295\" data-element_type=\"container\" data-e-type=\"container\">\n\t\t\t\t<div class=\"elementor-element elementor-element-13e3c28 elementor-widget elementor-widget-heading\" data-id=\"13e3c28\" data-element_type=\"widget\" data-e-type=\"widget\" data-settings=\"{&quot;_animation&quot;:&quot;none&quot;}\" data-widget_type=\"heading.default\">\n\t\t\t\t\t<h3 class=\"elementor-heading-title elementor-size-default\">Firma, ag\u00e8ncia de branding i innovaci\u00f3<\/h3>\t\t\t\t<\/div>\n\t\t\t\t<div class=\"elementor-element elementor-element-3c4b75a elementor-widget elementor-widget-text-editor\" data-id=\"3c4b75a\" data-element_type=\"widget\" data-e-type=\"widget\" data-settings=\"{&quot;_animation&quot;:&quot;none&quot;}\" data-widget_type=\"text-editor.default\">\n\t\t\t\t\t\t\t\t\tCreaci\u00f3 de la marca Palau Fugit\t\t\t\t\t\t\t\t<\/div>\n\t\t\t\t<div class=\"elementor-element elementor-element-8e21d42 elementor-widget elementor-widget-text-editor\" data-id=\"8e21d42\" data-element_type=\"widget\" data-e-type=\"widget\" data-settings=\"{&quot;_animation&quot;:&quot;none&quot;}\" data-widget_type=\"text-editor.default\">\n\t\t\t\t\t\t\t\t\tFirma t\u00e9 una llarga traject\u00f2ria treballant per marques locals i internacionals de prestigi; des de grans empreses, fins a startups o projectes d\u2019autor. Des de l\u2019inici, ha col\u00b7laborat estretament amb l\u2019equip de l\u2019hotel per tal de crear la marca Palau Fugit: el nom, l\u2019estrat\u00e8gia comunicativa, aquesta p\u00e0gina web i la identitat visual i verbal dels m\u00faltiples materials de comunicaci\u00f3. \t\t\t\t\t\t\t\t<\/div>\n\t\t\t\t<\/div>\n\t\t\t\t\t<\/div>\n\t\t\t\t<\/div>\n\t\t<div class=\"elementor-element elementor-element-6f87edb e-flex e-con-boxed elementor-invisible e-con e-child\" data-id=\"6f87edb\" data-element_type=\"container\" data-e-type=\"container\" data-settings=\"{&quot;animation&quot;:&quot;fadeInUp&quot;}\">\n\t\t\t\t\t<div class=\"e-con-inner\">\n\t\t\t\t\t<\/div>\n\t\t\t\t<\/div>\n\t\t<div class=\"elementor-element elementor-element-4882dd8 e-flex e-con-boxed elementor-invisible e-con e-child\" data-id=\"4882dd8\" data-element_type=\"container\" data-e-type=\"container\" data-settings=\"{&quot;animation&quot;:&quot;fadeInUp&quot;}\">\n\t\t\t\t\t<div class=\"e-con-inner\">\n\t\t\t\t\t<\/div>\n\t\t\t\t<\/div>\n\t\t\t\t<\/div>\n\t\t<div class=\"elementor-element elementor-element-3573800 e-con-full elementor-hidden-desktop e-flex e-con e-parent\" data-id=\"3573800\" data-element_type=\"container\" data-e-type=\"container\" data-settings=\"{&quot;background_background&quot;:&quot;classic&quot;,&quot;animation&quot;:&quot;none&quot;}\">\n\t\t<div class=\"elementor-element elementor-element-b866aa7 e-flex e-con-boxed elementor-invisible e-con e-child\" data-id=\"b866aa7\" data-element_type=\"container\" data-e-type=\"container\" data-settings=\"{&quot;animation&quot;:&quot;fadeInUp&quot;}\">\n\t\t\t\t\t<div class=\"e-con-inner\">\n\t\t<div class=\"elementor-element elementor-element-ec9f9d3 e-con-full e-flex e-con e-child\" data-id=\"ec9f9d3\" data-element_type=\"container\" data-e-type=\"container\" data-settings=\"{&quot;background_background&quot;:&quot;classic&quot;,&quot;animation&quot;:&quot;none&quot;}\">\n\t\t\t\t<\/div>\n\t\t<div class=\"elementor-element elementor-element-7852438 e-con-full e-flex e-con e-child\" data-id=\"7852438\" data-element_type=\"container\" data-e-type=\"container\">\n\t\t\t\t<div class=\"elementor-element elementor-element-5836666 elementor-widget elementor-widget-heading\" data-id=\"5836666\" data-element_type=\"widget\" data-e-type=\"widget\" data-settings=\"{&quot;_animation&quot;:&quot;none&quot;}\" data-widget_type=\"heading.default\">\n\t\t\t\t\t<h3 class=\"elementor-heading-title elementor-size-default\">Joana Santamans<\/h3>\t\t\t\t<\/div>\n\t\t\t\t<div class=\"elementor-element elementor-element-7c330b4 elementor-widget elementor-widget-text-editor\" data-id=\"7c330b4\" data-element_type=\"widget\" data-e-type=\"widget\" data-settings=\"{&quot;_animation&quot;:&quot;none&quot;}\" data-widget_type=\"text-editor.default\">\n\t\t\t\t\t\t\t\t\tIl\u00b7lustracions\t\t\t\t\t\t\t\t<\/div>\n\t\t\t\t<div class=\"elementor-element elementor-element-1dc0d61 elementor-widget elementor-widget-text-editor\" data-id=\"1dc0d61\" data-element_type=\"widget\" data-e-type=\"widget\" data-settings=\"{&quot;_animation&quot;:&quot;none&quot;}\" data-widget_type=\"text-editor.default\">\n\t\t\t\t\t\t\t\t\t<p>Aquesta pintora, il\u00b7lustradora i directora d\u2019art observa les plantes i arbres com una naturalista professional. De fet, ha treballat per a grans projectes a Londres, Nova York i San Francisco, per\u00f2 actualment viu entre Barcelona i l\u2019Empord\u00e0. A Palau Fugit, ha pintat les parets de l\u2019hotel amb murals d\u2019arbres, plantes i flors t\u00edpics de les terres gironines.  <\/p>\t\t\t\t\t\t\t\t<\/div>\n\t\t\t\t<\/div>\n\t\t\t\t\t<\/div>\n\t\t\t\t<\/div>\n\t\t<div class=\"elementor-element elementor-element-2333478 e-flex e-con-boxed elementor-invisible e-con e-child\" data-id=\"2333478\" data-element_type=\"container\" data-e-type=\"container\" data-settings=\"{&quot;animation&quot;:&quot;fadeInUp&quot;}\">\n\t\t\t\t\t<div class=\"e-con-inner\">\n\t\t<div class=\"elementor-element elementor-element-6f7450f e-con-full e-flex e-con e-child\" data-id=\"6f7450f\" data-element_type=\"container\" data-e-type=\"container\" data-settings=\"{&quot;background_background&quot;:&quot;classic&quot;}\">\n\t\t\t\t<\/div>\n\t\t<div class=\"elementor-element elementor-element-ea20f64 e-con-full e-flex e-con e-child\" data-id=\"ea20f64\" data-element_type=\"container\" data-e-type=\"container\">\n\t\t\t\t<div class=\"elementor-element elementor-element-a5dc8d2 elementor-widget elementor-widget-heading\" data-id=\"a5dc8d2\" data-element_type=\"widget\" data-e-type=\"widget\" data-settings=\"{&quot;_animation&quot;:&quot;none&quot;}\" data-widget_type=\"heading.default\">\n\t\t\t\t\t<h3 class=\"elementor-heading-title elementor-size-default\">Firma, ag\u00e8ncia de branding i innovaci\u00f3<\/h3>\t\t\t\t<\/div>\n\t\t\t\t<div class=\"elementor-element elementor-element-037de25 elementor-widget elementor-widget-text-editor\" data-id=\"037de25\" data-element_type=\"widget\" data-e-type=\"widget\" data-settings=\"{&quot;_animation&quot;:&quot;none&quot;}\" data-widget_type=\"text-editor.default\">\n\t\t\t\t\t\t\t\t\tCreaci\u00f3 de la marca Palau Fugit\t\t\t\t\t\t\t\t<\/div>\n\t\t\t\t<div class=\"elementor-element elementor-element-8e90b9a elementor-widget elementor-widget-text-editor\" data-id=\"8e90b9a\" data-element_type=\"widget\" data-e-type=\"widget\" data-settings=\"{&quot;_animation&quot;:&quot;none&quot;}\" data-widget_type=\"text-editor.default\">\n\t\t\t\t\t\t\t\t\tFirma t\u00e9 una llarga traject\u00f2ria treballant per marques locals i internacionals de prestigi; des de grans empreses, fins a startups o projectes d\u2019autor. Des de l\u2019inici, ha col\u00b7laborat estretament amb l\u2019equip de l\u2019hotel per tal de crear la marca Palau Fugit: el nom, l\u2019estrat\u00e8gia comunicativa, aquesta p\u00e0gina web i la identitat visual i verbal dels m\u00faltiples materials de comunicaci\u00f3. \t\t\t\t\t\t\t\t<\/div>\n\t\t\t\t<\/div>\n\t\t\t\t\t<\/div>\n\t\t\t\t<\/div>\n\t\t\t\t<\/div>\n\t\t\t\t<\/div>\n\t\t","protected":false},"excerpt":{"rendered":"<p>D\u2019un palau del segle XVIII, a un espai obert a l\u2019art, a la natura, a les tradicions, a Girona, al m\u00f3n i a tu. On fugir-hi per gaudir de totes aquelles petites coses que t\u2019omplen, que fan de la teva vida, una vida plena. Situat al bell mig del Barri Vell de Girona, Palau Fugit [&hellip;]<\/p>\n","protected":false},"author":1,"featured_media":0,"parent":0,"menu_order":0,"comment_status":"closed","ping_status":"closed","template":"elementor_header_footer","meta":{"_acf_changed":false,"inline_featured_image":false,"footnotes":""},"class_list":["post-14613","page","type-page","status-publish","hentry"],"acf":[],"yoast_head":"<!-- This site is optimized with the Yoast SEO plugin v27.4 - https:\/\/yoast.com\/product\/yoast-seo-wordpress\/ -->\n<title>Sobre nosaltres - Palau Fugit Hotel<\/title>\n<meta name=\"description\" content=\"Situat al cor del Barri Vell de Girona, Palau Fugit \u00e9s un antic palau barroc del segle XVIII.\" \/>\n<meta name=\"robots\" content=\"noindex, follow, max-snippet:-1, max-image-preview:large, max-video-preview:-1\" \/>\n<meta property=\"og:locale\" content=\"ca_ES\" \/>\n<meta property=\"og:type\" content=\"article\" \/>\n<meta property=\"og:title\" content=\"Sobre nosaltres - Palau Fugit Hotel\" \/>\n<meta property=\"og:description\" content=\"Situat al cor del Barri Vell de Girona, Palau Fugit \u00e9s un antic palau barroc del segle XVIII.\" \/>\n<meta property=\"og:url\" content=\"https:\/\/ficam.cat\/ca\/sobre-nosaltres\/\" \/>\n<meta property=\"og:site_name\" content=\"Palau Fugit\" \/>\n<meta property=\"article:modified_time\" content=\"2026-04-14T15:12:31+00:00\" \/>\n<meta property=\"og:image\" content=\"https:\/\/ficam.cat\/wp-content\/uploads\/2026\/02\/detalle_3-scaled-1.jpg\" \/>\n\t<meta property=\"og:image:width\" content=\"1920\" \/>\n\t<meta property=\"og:image:height\" content=\"2560\" \/>\n\t<meta property=\"og:image:type\" content=\"image\/jpeg\" \/>\n<meta name=\"twitter:card\" content=\"summary_large_image\" \/>\n<meta name=\"twitter:label1\" content=\"Temps estimat de lectura\" \/>\n\t<meta name=\"twitter:data1\" content=\"8 minuts\" \/>\n<script type=\"application\/ld+json\" class=\"yoast-schema-graph\">{\"@context\":\"https:\\\/\\\/schema.org\",\"@graph\":[{\"@type\":\"WebPage\",\"@id\":\"https:\\\/\\\/ficam.cat\\\/ca\\\/sobre-nosaltres\\\/\",\"url\":\"https:\\\/\\\/ficam.cat\\\/ca\\\/sobre-nosaltres\\\/\",\"name\":\"Sobre nosaltres - Palau Fugit Hotel\",\"isPartOf\":{\"@id\":\"https:\\\/\\\/ficam.cat\\\/ca\\\/#website\"},\"primaryImageOfPage\":{\"@id\":\"https:\\\/\\\/ficam.cat\\\/ca\\\/sobre-nosaltres\\\/#primaryimage\"},\"image\":{\"@id\":\"https:\\\/\\\/ficam.cat\\\/ca\\\/sobre-nosaltres\\\/#primaryimage\"},\"thumbnailUrl\":\"https:\\\/\\\/ficam.cat\\\/wp-content\\\/uploads\\\/2026\\\/02\\\/detalle_3-scaled-1.jpg\",\"datePublished\":\"2026-01-26T12:14:41+00:00\",\"dateModified\":\"2026-04-14T15:12:31+00:00\",\"description\":\"Situat al cor del Barri Vell de Girona, Palau Fugit \u00e9s un antic palau barroc del segle XVIII.\",\"breadcrumb\":{\"@id\":\"https:\\\/\\\/ficam.cat\\\/ca\\\/sobre-nosaltres\\\/#breadcrumb\"},\"inLanguage\":\"ca\",\"potentialAction\":[{\"@type\":\"ReadAction\",\"target\":[\"https:\\\/\\\/ficam.cat\\\/ca\\\/sobre-nosaltres\\\/\"]}]},{\"@type\":\"ImageObject\",\"inLanguage\":\"ca\",\"@id\":\"https:\\\/\\\/ficam.cat\\\/ca\\\/sobre-nosaltres\\\/#primaryimage\",\"url\":\"https:\\\/\\\/ficam.cat\\\/wp-content\\\/uploads\\\/2026\\\/02\\\/detalle_3-scaled-1.jpg\",\"contentUrl\":\"https:\\\/\\\/ficam.cat\\\/wp-content\\\/uploads\\\/2026\\\/02\\\/detalle_3-scaled-1.jpg\"},{\"@type\":\"BreadcrumbList\",\"@id\":\"https:\\\/\\\/ficam.cat\\\/ca\\\/sobre-nosaltres\\\/#breadcrumb\",\"itemListElement\":[{\"@type\":\"ListItem\",\"position\":1,\"name\":\"Inici\",\"item\":\"https:\\\/\\\/ficam.cat\\\/ca\\\/inici\\\/\"},{\"@type\":\"ListItem\",\"position\":2,\"name\":\"Sobre nosaltres\"}]},{\"@type\":\"WebSite\",\"@id\":\"https:\\\/\\\/ficam.cat\\\/ca\\\/#website\",\"url\":\"https:\\\/\\\/ficam.cat\\\/ca\\\/\",\"name\":\"Palau Fugit\",\"description\":\"Hotel Boutique en Girona\",\"publisher\":{\"@id\":\"https:\\\/\\\/ficam.cat\\\/ca\\\/#organization\"},\"potentialAction\":[{\"@type\":\"SearchAction\",\"target\":{\"@type\":\"EntryPoint\",\"urlTemplate\":\"https:\\\/\\\/ficam.cat\\\/ca\\\/?s={search_term_string}\"},\"query-input\":{\"@type\":\"PropertyValueSpecification\",\"valueRequired\":true,\"valueName\":\"search_term_string\"}}],\"inLanguage\":\"ca\"},{\"@type\":\"Organization\",\"@id\":\"https:\\\/\\\/ficam.cat\\\/ca\\\/#organization\",\"name\":\"Palau Fugit\",\"url\":\"https:\\\/\\\/ficam.cat\\\/ca\\\/\",\"logo\":{\"@type\":\"ImageObject\",\"inLanguage\":\"ca\",\"@id\":\"https:\\\/\\\/ficam.cat\\\/ca\\\/#\\\/schema\\\/logo\\\/image\\\/\",\"url\":\"https:\\\/\\\/ficam.cat\\\/wp-content\\\/uploads\\\/2026\\\/02\\\/cropped-favicon_palaufugit-favicon.png\",\"contentUrl\":\"https:\\\/\\\/ficam.cat\\\/wp-content\\\/uploads\\\/2026\\\/02\\\/cropped-favicon_palaufugit-favicon.png\",\"width\":512,\"height\":512,\"caption\":\"Palau Fugit\"},\"image\":{\"@id\":\"https:\\\/\\\/ficam.cat\\\/ca\\\/#\\\/schema\\\/logo\\\/image\\\/\"},\"sameAs\":[\"https:\\\/\\\/www.instagram.com\\\/palaufugitgirona\\\/\"]}]}<\/script>\n<!-- \/ Yoast SEO plugin. -->","yoast_head_json":{"title":"Sobre nosaltres - Palau Fugit Hotel","description":"Situat al cor del Barri Vell de Girona, Palau Fugit \u00e9s un antic palau barroc del segle XVIII.","robots":{"index":"noindex","follow":"follow","max-snippet":"max-snippet:-1","max-image-preview":"max-image-preview:large","max-video-preview":"max-video-preview:-1"},"og_locale":"ca_ES","og_type":"article","og_title":"Sobre nosaltres - Palau Fugit Hotel","og_description":"Situat al cor del Barri Vell de Girona, Palau Fugit \u00e9s un antic palau barroc del segle XVIII.","og_url":"https:\/\/ficam.cat\/ca\/sobre-nosaltres\/","og_site_name":"Palau Fugit","article_modified_time":"2026-04-14T15:12:31+00:00","og_image":[{"width":1920,"height":2560,"url":"https:\/\/ficam.cat\/wp-content\/uploads\/2026\/02\/detalle_3-scaled-1.jpg","type":"image\/jpeg"}],"twitter_card":"summary_large_image","twitter_misc":{"Temps estimat de lectura":"8 minuts"},"schema":{"@context":"https:\/\/schema.org","@graph":[{"@type":"WebPage","@id":"https:\/\/ficam.cat\/ca\/sobre-nosaltres\/","url":"https:\/\/ficam.cat\/ca\/sobre-nosaltres\/","name":"Sobre nosaltres - Palau Fugit Hotel","isPartOf":{"@id":"https:\/\/ficam.cat\/ca\/#website"},"primaryImageOfPage":{"@id":"https:\/\/ficam.cat\/ca\/sobre-nosaltres\/#primaryimage"},"image":{"@id":"https:\/\/ficam.cat\/ca\/sobre-nosaltres\/#primaryimage"},"thumbnailUrl":"https:\/\/ficam.cat\/wp-content\/uploads\/2026\/02\/detalle_3-scaled-1.jpg","datePublished":"2026-01-26T12:14:41+00:00","dateModified":"2026-04-14T15:12:31+00:00","description":"Situat al cor del Barri Vell de Girona, Palau Fugit \u00e9s un antic palau barroc del segle XVIII.","breadcrumb":{"@id":"https:\/\/ficam.cat\/ca\/sobre-nosaltres\/#breadcrumb"},"inLanguage":"ca","potentialAction":[{"@type":"ReadAction","target":["https:\/\/ficam.cat\/ca\/sobre-nosaltres\/"]}]},{"@type":"ImageObject","inLanguage":"ca","@id":"https:\/\/ficam.cat\/ca\/sobre-nosaltres\/#primaryimage","url":"https:\/\/ficam.cat\/wp-content\/uploads\/2026\/02\/detalle_3-scaled-1.jpg","contentUrl":"https:\/\/ficam.cat\/wp-content\/uploads\/2026\/02\/detalle_3-scaled-1.jpg"},{"@type":"BreadcrumbList","@id":"https:\/\/ficam.cat\/ca\/sobre-nosaltres\/#breadcrumb","itemListElement":[{"@type":"ListItem","position":1,"name":"Inici","item":"https:\/\/ficam.cat\/ca\/inici\/"},{"@type":"ListItem","position":2,"name":"Sobre nosaltres"}]},{"@type":"WebSite","@id":"https:\/\/ficam.cat\/ca\/#website","url":"https:\/\/ficam.cat\/ca\/","name":"Palau Fugit","description":"Hotel Boutique en Girona","publisher":{"@id":"https:\/\/ficam.cat\/ca\/#organization"},"potentialAction":[{"@type":"SearchAction","target":{"@type":"EntryPoint","urlTemplate":"https:\/\/ficam.cat\/ca\/?s={search_term_string}"},"query-input":{"@type":"PropertyValueSpecification","valueRequired":true,"valueName":"search_term_string"}}],"inLanguage":"ca"},{"@type":"Organization","@id":"https:\/\/ficam.cat\/ca\/#organization","name":"Palau Fugit","url":"https:\/\/ficam.cat\/ca\/","logo":{"@type":"ImageObject","inLanguage":"ca","@id":"https:\/\/ficam.cat\/ca\/#\/schema\/logo\/image\/","url":"https:\/\/ficam.cat\/wp-content\/uploads\/2026\/02\/cropped-favicon_palaufugit-favicon.png","contentUrl":"https:\/\/ficam.cat\/wp-content\/uploads\/2026\/02\/cropped-favicon_palaufugit-favicon.png","width":512,"height":512,"caption":"Palau Fugit"},"image":{"@id":"https:\/\/ficam.cat\/ca\/#\/schema\/logo\/image\/"},"sameAs":["https:\/\/www.instagram.com\/palaufugitgirona\/"]}]}},"_links":{"self":[{"href":"https:\/\/ficam.cat\/ca\/wp-json\/wp\/v2\/pages\/14613","targetHints":{"allow":["GET"]}}],"collection":[{"href":"https:\/\/ficam.cat\/ca\/wp-json\/wp\/v2\/pages"}],"about":[{"href":"https:\/\/ficam.cat\/ca\/wp-json\/wp\/v2\/types\/page"}],"author":[{"embeddable":true,"href":"https:\/\/ficam.cat\/ca\/wp-json\/wp\/v2\/users\/1"}],"replies":[{"embeddable":true,"href":"https:\/\/ficam.cat\/ca\/wp-json\/wp\/v2\/comments?post=14613"}],"version-history":[{"count":2,"href":"https:\/\/ficam.cat\/ca\/wp-json\/wp\/v2\/pages\/14613\/revisions"}],"predecessor-version":[{"id":15787,"href":"https:\/\/ficam.cat\/ca\/wp-json\/wp\/v2\/pages\/14613\/revisions\/15787"}],"wp:attachment":[{"href":"https:\/\/ficam.cat\/ca\/wp-json\/wp\/v2\/media?parent=14613"}],"curies":[{"name":"wp","href":"https:\/\/api.w.org\/{rel}","templated":true}]}}