{"id":15264,"date":"2026-01-26T12:13:02","date_gmt":"2026-01-26T12:13:02","guid":{"rendered":"https:\/\/ficam.cat\/wellness-care\/"},"modified":"2026-04-14T16:40:06","modified_gmt":"2026-04-14T16:40:06","slug":"wellness-care","status":"publish","type":"page","link":"https:\/\/ficam.cat\/ca\/wellness-care\/","title":{"rendered":"Wellness &amp; care"},"content":{"rendered":"\t\t<div data-elementor-type=\"wp-page\" data-elementor-id=\"15264\" class=\"elementor elementor-15264 elementor-12878\" data-elementor-post-type=\"page\">\n\t\t\t\t<div class=\"elementor-element elementor-element-f26a429 e-con-full e-flex e-con e-parent\" data-id=\"f26a429\" data-element_type=\"container\" data-e-type=\"container\" data-settings=\"{&quot;background_background&quot;:&quot;classic&quot;}\">\n\t\t\t\t<div class=\"elementor-element elementor-element-69ef93f elementor-widget elementor-widget-heading\" data-id=\"69ef93f\" data-element_type=\"widget\" data-e-type=\"widget\" data-settings=\"{&quot;_animation&quot;:&quot;none&quot;}\" data-widget_type=\"heading.default\">\n\t\t\t\t\t<h1 class=\"elementor-heading-title elementor-size-default\">Wellness &amp; care<\/h1>\t\t\t\t<\/div>\n\t\t\t\t<\/div>\n\t\t<div class=\"elementor-element elementor-element-e27f12a e-con-full e-flex e-con e-parent\" data-id=\"e27f12a\" data-element_type=\"container\" data-e-type=\"container\" data-settings=\"{&quot;background_background&quot;:&quot;classic&quot;}\">\n\t\t\t\t<\/div>\n\t\t<div class=\"elementor-element elementor-element-f99b2db e-con-full e-flex e-con e-parent\" data-id=\"f99b2db\" data-element_type=\"container\" data-e-type=\"container\" data-settings=\"{&quot;background_background&quot;:&quot;classic&quot;}\">\n\t\t<div class=\"elementor-element elementor-element-d7df1e4 e-con-full e-flex elementor-invisible e-con e-child\" data-id=\"d7df1e4\" data-element_type=\"container\" data-e-type=\"container\" data-settings=\"{&quot;animation&quot;:&quot;fadeInUp&quot;}\">\n\t\t\t\t<div class=\"elementor-element elementor-element-2507209 elementor-widget elementor-widget-heading\" data-id=\"2507209\" data-element_type=\"widget\" data-e-type=\"widget\" data-settings=\"{&quot;_animation&quot;:&quot;none&quot;}\" data-widget_type=\"heading.default\">\n\t\t\t\t\t<h2 class=\"elementor-heading-title elementor-size-default\">Un indret \u00edntim i relaxant<br>amb una arquitectura \u00fanica<\/h2>\t\t\t\t<\/div>\n\t\t\t\t<div class=\"elementor-element elementor-element-9b10dbe elementor-widget elementor-widget-text-editor\" data-id=\"9b10dbe\" data-element_type=\"widget\" data-e-type=\"widget\" data-settings=\"{&quot;_animation&quot;:&quot;none&quot;}\" data-widget_type=\"text-editor.default\">\n\t\t\t\t\t\t\t\t\t<p>Situada dins la roca calc\u00e0ria de la muralla romana de Girona, La Cova d\u2019aigua de Palau Fugit \u00e9s un espai \u00fanic per a relaxar-se. Amb piscina d\u2019aigua calenta, una pedra t\u00e8bia on estirar-se i zona de massatges i tractaments, ha estat especialment dissenyada per a oferir-te una atmosfera de total tranquil\u00b7litat i relaxaci\u00f3. <\/p><p>Al pati trobar\u00e0s la piscina exterior, un oasi per relaxar-te sota el sol o refrescar-te envoltat de naturalesa.<\/p>\t\t\t\t\t\t\t\t<\/div>\n\t\t\t\t<div class=\"elementor-element elementor-element-65171fb elementor-widget elementor-widget-button\" data-id=\"65171fb\" data-element_type=\"widget\" data-e-type=\"widget\" data-widget_type=\"button.default\">\n\t\t\t\t\t\t\t\t\t\t<a class=\"elementor-button elementor-button-link elementor-size-sm\" href=\"https:\/\/ficam.cat\/wp-content\/uploads\/2026\/03\/ENG-Massatges-Cova-dAigua-2026.pdf\" target=\"_blank\" rel=\"nofollow\">\n\t\t\t\t\t\t<span class=\"elementor-button-content-wrapper\">\n\t\t\t\t\t\t\t\t\t<span class=\"elementor-button-text\">Descobreix els tractaments<\/span>\n\t\t\t\t\t<\/span>\n\t\t\t\t\t<\/a>\n\t\t\t\t\t\t\t\t<\/div>\n\t\t\t\t<\/div>\n\t\t<div class=\"elementor-element elementor-element-0b475b6 e-con-full e-flex elementor-invisible e-con e-child\" data-id=\"0b475b6\" data-element_type=\"container\" data-e-type=\"container\" data-settings=\"{&quot;animation&quot;:&quot;fadeInUp&quot;}\">\n\t\t\t\t<div class=\"elementor-element elementor-element-6296929 elementor-hidden-desktop elementor-hidden-tablet elementor-widget elementor-widget-heading\" data-id=\"6296929\" data-element_type=\"widget\" data-e-type=\"widget\" data-widget_type=\"heading.default\">\n\t\t\t\t\t<h3 class=\"elementor-heading-title elementor-size-default\">HORARIS<\/h3>\t\t\t\t<\/div>\n\t\t\t\t<div class=\"elementor-element elementor-element-c5fa473 elementor-hidden-desktop elementor-hidden-tablet elementor-widget elementor-widget-text-editor\" data-id=\"c5fa473\" data-element_type=\"widget\" data-e-type=\"widget\" data-settings=\"{&quot;_animation&quot;:&quot;none&quot;}\" data-widget_type=\"text-editor.default\">\n\t\t\t\t\t\t\t\t\t<p>Cova d\u2019Aigua: de 8 h a 21 h, de dilluns a diumenge.<br>Zona de massatges i tractaments: consultar a recepci\u00f3.<\/p>\t\t\t\t\t\t\t\t<\/div>\n\t\t\t\t<div class=\"elementor-element elementor-element-ef82def elementor-widget elementor-widget-heading\" data-id=\"ef82def\" data-element_type=\"widget\" data-e-type=\"widget\" data-widget_type=\"heading.default\">\n\t\t\t\t\t<h3 class=\"elementor-heading-title elementor-size-default\">CONTACTE<\/h3>\t\t\t\t<\/div>\n\t\t\t\t<div class=\"elementor-element elementor-element-baaebc4 elementor-align-start iconesrodones underli elementor-icon-list--layout-traditional elementor-list-item-link-full_width elementor-widget elementor-widget-icon-list\" data-id=\"baaebc4\" data-element_type=\"widget\" data-e-type=\"widget\" data-widget_type=\"icon-list.default\">\n\t\t\t\t\t\t\t<ul class=\"elementor-icon-list-items\">\n\t\t\t\t\t\t\t<li class=\"elementor-icon-list-item\">\n\t\t\t\t\t\t\t\t\t\t\t<a href=\"mailto:wellness@palaufugit.com\" target=\"_blank\">\n\n\t\t\t\t\t\t\t\t\t\t\t\t<span class=\"elementor-icon-list-icon\">\n\t\t\t\t\t\t\t<svg aria-hidden=\"true\" class=\"e-font-icon-svg e-fas-envelope\" viewBox=\"0 0 512 512\" xmlns=\"http:\/\/www.w3.org\/2000\/svg\"><path d=\"M502.3 190.8c3.9-3.1 9.7-.2 9.7 4.7V400c0 26.5-21.5 48-48 48H48c-26.5 0-48-21.5-48-48V195.6c0-5 5.7-7.8 9.7-4.7 22.4 17.4 52.1 39.5 154.1 113.6 21.1 15.4 56.7 47.8 92.2 47.6 35.7.3 72-32.8 92.3-47.6 102-74.1 131.6-96.3 154-113.7zM256 320c23.2.4 56.6-29.2 73.4-41.4 132.7-96.3 142.8-104.7 173.4-128.7 5.8-4.5 9.2-11.5 9.2-18.9v-19c0-26.5-21.5-48-48-48H48C21.5 64 0 85.5 0 112v19c0 7.4 3.4 14.3 9.2 18.9 30.6 23.9 40.7 32.4 173.4 128.7 16.8 12.2 50.2 41.8 73.4 41.4z\"><\/path><\/svg>\t\t\t\t\t\t<\/span>\n\t\t\t\t\t\t\t\t\t\t<span class=\"elementor-icon-list-text\">wellness@palaufugit.com<\/span>\n\t\t\t\t\t\t\t\t\t\t\t<\/a>\n\t\t\t\t\t\t\t\t\t<\/li>\n\t\t\t\t\t\t<\/ul>\n\t\t\t\t\t\t<\/div>\n\t\t\t\t<div class=\"elementor-element elementor-element-b300cee elementor-widget elementor-widget-button\" data-id=\"b300cee\" data-element_type=\"widget\" data-e-type=\"widget\" data-widget_type=\"button.default\">\n\t\t\t\t\t\t\t\t\t\t<a class=\"elementor-button elementor-button-link elementor-size-sm\" href=\"https:\/\/www.fresha.com\/es\/a\/palau-fugit-cova-daigua-girona-hotel-palau-fugit-carrer-bonaventura-carreras-i-peralta-4-oyxw9suc\/all-offer?menu=true#_gl=1*gw29f3*_gcl_au*MjA4OTY5NjkzNi4xNzY4NDY4Mjg2\" target=\"_blank\" rel=\"nofollow\">\n\t\t\t\t\t\t<span class=\"elementor-button-content-wrapper\">\n\t\t\t\t\t\t\t\t\t<span class=\"elementor-button-text\">Reserva aqu\u00ed<\/span>\n\t\t\t\t\t<\/span>\n\t\t\t\t\t<\/a>\n\t\t\t\t\t\t\t\t<\/div>\n\t\t\t\t<div class=\"elementor-element elementor-element-a91d0a2 elementor-widget__width-initial elementor-widget-tablet__width-inherit elementor-widget elementor-widget-text-editor\" data-id=\"a91d0a2\" data-element_type=\"widget\" data-e-type=\"widget\" data-settings=\"{&quot;_animation&quot;:&quot;none&quot;}\" data-widget_type=\"text-editor.default\">\n\t\t\t\t\t\t\t\t\tEs necessita reserva pr\u00e8via per a la piscina de La Cova d\u2019Aigua. Tamb\u00e9 cal reservar per a contractar un massatge o tractament. \t\t\t\t\t\t\t\t<\/div>\n\t\t\t\t<div class=\"elementor-element elementor-element-e1dd3fc elementor-hidden-mobile elementor-widget elementor-widget-heading\" data-id=\"e1dd3fc\" data-element_type=\"widget\" data-e-type=\"widget\" data-widget_type=\"heading.default\">\n\t\t\t\t\t<h3 class=\"elementor-heading-title elementor-size-default\">HORARIS<\/h3>\t\t\t\t<\/div>\n\t\t\t\t<div class=\"elementor-element elementor-element-806bb38 elementor-hidden-mobile elementor-widget elementor-widget-text-editor\" data-id=\"806bb38\" data-element_type=\"widget\" data-e-type=\"widget\" data-settings=\"{&quot;_animation&quot;:&quot;none&quot;}\" data-widget_type=\"text-editor.default\">\n\t\t\t\t\t\t\t\t\t<p>Cova d\u2019Aigua: de 8 h a 21 h, de dilluns a diumenge.<br>Zona de massatges i tractaments: consultar a recepci\u00f3.<\/p>\t\t\t\t\t\t\t\t<\/div>\n\t\t\t\t<\/div>\n\t\t\t\t<\/div>\n\t\t<div class=\"elementor-element elementor-element-9f879e4 e-con-full e-flex e-con e-parent\" data-id=\"9f879e4\" data-element_type=\"container\" data-e-type=\"container\" data-settings=\"{&quot;background_background&quot;:&quot;classic&quot;}\">\n\t\t<div class=\"elementor-element elementor-element-4be45dc e-con-full e-flex e-con e-child\" data-id=\"4be45dc\" data-element_type=\"container\" data-e-type=\"container\">\n\t\t\t\t<div class=\"elementor-element elementor-element-8b8b616 elementor-widget elementor-widget-image\" data-id=\"8b8b616\" data-element_type=\"widget\" data-e-type=\"widget\" data-widget_type=\"image.default\">\n\t\t\t\t\t\t\t\t\t\t\t\t\t\t\t<img fetchpriority=\"high\" decoding=\"async\" width=\"1920\" height=\"2560\" src=\"https:\/\/ficam.cat\/wp-content\/uploads\/2026\/02\/masaje-cova-aigua-palau.jpg\" class=\"attachment-full size-full wp-image-15258\" alt=\"\" srcset=\"https:\/\/ficam.cat\/wp-content\/uploads\/2026\/02\/masaje-cova-aigua-palau.jpg 1920w, https:\/\/ficam.cat\/wp-content\/uploads\/2026\/02\/masaje-cova-aigua-palau-225x300.jpg 225w, https:\/\/ficam.cat\/wp-content\/uploads\/2026\/02\/masaje-cova-aigua-palau-768x1024.jpg 768w, https:\/\/ficam.cat\/wp-content\/uploads\/2026\/02\/masaje-cova-aigua-palau-1152x1536.jpg 1152w, https:\/\/ficam.cat\/wp-content\/uploads\/2026\/02\/masaje-cova-aigua-palau-1536x2048.jpg 1536w\" sizes=\"(max-width: 1920px) 100vw, 1920px\" \/>\t\t\t\t\t\t\t\t\t\t\t\t\t\t\t<\/div>\n\t\t\t\t<\/div>\n\t\t<div class=\"elementor-element elementor-element-1ddba86 e-con-full e-flex e-con e-child\" data-id=\"1ddba86\" data-element_type=\"container\" data-e-type=\"container\">\n\t\t\t\t<div class=\"elementor-element elementor-element-1eb9331 elementor-widget elementor-widget-image\" data-id=\"1eb9331\" data-element_type=\"widget\" data-e-type=\"widget\" data-widget_type=\"image.default\">\n\t\t\t\t\t\t\t\t\t\t\t\t\t\t\t<img decoding=\"async\" width=\"768\" height=\"1024\" src=\"https:\/\/ficam.cat\/wp-content\/uploads\/2026\/02\/pool-palau-fugit-768x1024-1.jpg\" class=\"attachment-full size-full wp-image-15259\" alt=\"\" srcset=\"https:\/\/ficam.cat\/wp-content\/uploads\/2026\/02\/pool-palau-fugit-768x1024-1.jpg 768w, https:\/\/ficam.cat\/wp-content\/uploads\/2026\/02\/pool-palau-fugit-768x1024-1-225x300.jpg 225w\" sizes=\"(max-width: 768px) 100vw, 768px\" \/>\t\t\t\t\t\t\t\t\t\t\t\t\t\t\t<\/div>\n\t\t<div class=\"elementor-element elementor-element-5a9523c e-con-full e-flex e-con e-child\" data-id=\"5a9523c\" data-element_type=\"container\" data-e-type=\"container\">\n\t\t\t\t<div class=\"elementor-element elementor-element-5ff3464 elementor-widget elementor-widget-text-editor\" data-id=\"5ff3464\" data-element_type=\"widget\" data-e-type=\"widget\" data-settings=\"{&quot;_animation&quot;:&quot;none&quot;}\" data-widget_type=\"text-editor.default\">\n\t\t\t\t\t\t\t\t\t<p>Relaxar-se. Sigui a la piscina o la zona de massatges de La Cova d\u2019Aigua o b\u00e9 al nostre pati. Respira, tanca els ulls i deixa que el temps s\u2019allargui com una tarda d\u2019estiu.  <\/p>\t\t\t\t\t\t\t\t<\/div>\n\t\t\t\t<\/div>\n\t\t\t\t<\/div>\n\t\t\t\t<\/div>\n\t\t<div class=\"elementor-element elementor-element-9b7f1f1 e-con-full e-flex e-con e-parent\" data-id=\"9b7f1f1\" data-element_type=\"container\" data-e-type=\"container\" data-settings=\"{&quot;background_background&quot;:&quot;classic&quot;}\">\n\t\t\t\t<div class=\"elementor-element elementor-element-547f0dc elementor-invisible elementor-widget elementor-widget-heading\" data-id=\"547f0dc\" data-element_type=\"widget\" data-e-type=\"widget\" data-settings=\"{&quot;_animation&quot;:&quot;fadeInUp&quot;}\" data-widget_type=\"heading.default\">\n\t\t\t\t\t<h2 class=\"elementor-heading-title elementor-size-default\">Els nostres serveis<\/h2>\t\t\t\t<\/div>\n\t\t<div class=\"elementor-element elementor-element-6004a4b e-con-full e-flex e-con e-child\" data-id=\"6004a4b\" data-element_type=\"container\" data-e-type=\"container\">\n\t\t<div class=\"elementor-element elementor-element-92fe28f e-con-full e-flex e-con e-child\" data-id=\"92fe28f\" data-element_type=\"container\" data-e-type=\"container\">\n\t\t\t\t<div class=\"elementor-element elementor-element-d8376d2 elementor-widget elementor-widget-image\" data-id=\"d8376d2\" data-element_type=\"widget\" data-e-type=\"widget\" data-widget_type=\"image.default\">\n\t\t\t\t\t\t\t\t\t\t\t\t\t\t\t<img decoding=\"async\" width=\"800\" height=\"1016\" src=\"https:\/\/ficam.cat\/wp-content\/uploads\/2026\/02\/zona-daigua.svg\" class=\"attachment-large size-large wp-image-15260\" alt=\"\" \/>\t\t\t\t\t\t\t\t\t\t\t\t\t\t\t<\/div>\n\t\t<div class=\"elementor-element elementor-element-33ca57c e-con-full e-flex elementor-invisible e-con e-child\" data-id=\"33ca57c\" data-element_type=\"container\" data-e-type=\"container\" data-settings=\"{&quot;animation&quot;:&quot;fadeInUp&quot;}\">\n\t\t\t\t<div class=\"elementor-element elementor-element-7488458 elementor-widget elementor-widget-heading\" data-id=\"7488458\" data-element_type=\"widget\" data-e-type=\"widget\" data-settings=\"{&quot;_animation&quot;:&quot;none&quot;}\" data-widget_type=\"heading.default\">\n\t\t\t\t\t<h3 class=\"elementor-heading-title elementor-size-default\">ZONA D\u2019AIG\u00dcES<\/h3>\t\t\t\t<\/div>\n\t\t\t\t<div class=\"elementor-element elementor-element-bb35e4d elementor-widget elementor-widget-text-editor\" data-id=\"bb35e4d\" data-element_type=\"widget\" data-e-type=\"widget\" data-settings=\"{&quot;_animation&quot;:&quot;none&quot;}\" data-widget_type=\"text-editor.default\">\n\t\t\t\t\t\t\t\t\tBanya\u2019t a la nostra piscina d\u2019aigua calenta situada en un indret relaxant i \u00fanic: una cova de roca calc\u00e0ria dins de la primera muralla de Girona.\t\t\t\t\t\t\t\t<\/div>\n\t\t\t\t<\/div>\n\t\t\t\t<\/div>\n\t\t<div class=\"elementor-element elementor-element-0160937 e-con-full e-flex e-con e-child\" data-id=\"0160937\" data-element_type=\"container\" data-e-type=\"container\">\n\t\t\t\t<div class=\"elementor-element elementor-element-e07d97b elementor-widget elementor-widget-image\" data-id=\"e07d97b\" data-element_type=\"widget\" data-e-type=\"widget\" data-widget_type=\"image.default\">\n\t\t\t\t\t\t\t\t\t\t\t\t\t\t\t<img loading=\"lazy\" decoding=\"async\" width=\"76\" height=\"61\" src=\"https:\/\/ficam.cat\/wp-content\/uploads\/2026\/02\/masajes-1.svg\" class=\"attachment-full size-full wp-image-15261\" alt=\"\" \/>\t\t\t\t\t\t\t\t\t\t\t\t\t\t\t<\/div>\n\t\t<div class=\"elementor-element elementor-element-25352ca e-con-full e-flex elementor-invisible e-con e-child\" data-id=\"25352ca\" data-element_type=\"container\" data-e-type=\"container\" data-settings=\"{&quot;animation&quot;:&quot;fadeInUp&quot;}\">\n\t\t\t\t<div class=\"elementor-element elementor-element-7d8a126 elementor-widget elementor-widget-heading\" data-id=\"7d8a126\" data-element_type=\"widget\" data-e-type=\"widget\" data-settings=\"{&quot;_animation&quot;:&quot;none&quot;}\" data-widget_type=\"heading.default\">\n\t\t\t\t\t<h3 class=\"elementor-heading-title elementor-size-default\">MASSATGES\n<\/h3>\t\t\t\t<\/div>\n\t\t\t\t<div class=\"elementor-element elementor-element-596d95f elementor-widget elementor-widget-text-editor\" data-id=\"596d95f\" data-element_type=\"widget\" data-e-type=\"widget\" data-settings=\"{&quot;_animation&quot;:&quot;none&quot;}\" data-widget_type=\"text-editor.default\">\n\t\t\t\t\t\t\t\t\tEls nostres especialistes t\u2019ofereixen massatges de tota classe: corporals, facials, per tractar mol\u00e8sties musculars, estr\u00e8s o retencions de l\u00edquids, entre tants d\u2019altres.\t\t\t\t\t\t\t\t<\/div>\n\t\t\t\t<\/div>\n\t\t\t\t<\/div>\n\t\t<div class=\"elementor-element elementor-element-9b177b7 e-con-full e-flex e-con e-child\" data-id=\"9b177b7\" data-element_type=\"container\" data-e-type=\"container\">\n\t\t\t\t<div class=\"elementor-element elementor-element-9fc201c elementor-widget elementor-widget-image\" data-id=\"9fc201c\" data-element_type=\"widget\" data-e-type=\"widget\" data-widget_type=\"image.default\">\n\t\t\t\t\t\t\t\t\t\t\t\t\t\t\t<img loading=\"lazy\" decoding=\"async\" width=\"800\" height=\"666\" src=\"https:\/\/ficam.cat\/wp-content\/uploads\/2026\/02\/spa.svg\" class=\"attachment-large size-large wp-image-15262\" alt=\"\" \/>\t\t\t\t\t\t\t\t\t\t\t\t\t\t\t<\/div>\n\t\t<div class=\"elementor-element elementor-element-7369f52 e-con-full e-flex elementor-invisible e-con e-child\" data-id=\"7369f52\" data-element_type=\"container\" data-e-type=\"container\" data-settings=\"{&quot;animation&quot;:&quot;fadeInUp&quot;}\">\n\t\t\t\t<div class=\"elementor-element elementor-element-7a615cc elementor-widget elementor-widget-heading\" data-id=\"7a615cc\" data-element_type=\"widget\" data-e-type=\"widget\" data-settings=\"{&quot;_animation&quot;:&quot;none&quot;}\" data-widget_type=\"heading.default\">\n\t\t\t\t\t<h3 class=\"elementor-heading-title elementor-size-default\">TRACTAMENTS\n<\/h3>\t\t\t\t<\/div>\n\t\t\t\t<div class=\"elementor-element elementor-element-bfdc228 elementor-widget elementor-widget-text-editor\" data-id=\"bfdc228\" data-element_type=\"widget\" data-e-type=\"widget\" data-settings=\"{&quot;_animation&quot;:&quot;none&quot;}\" data-widget_type=\"text-editor.default\">\n\t\t\t\t\t\t\t\t\tTamb\u00e9 et proposem diversos tractaments naturals, \u2013com l\u2019aromater\u00e0pia o els olis essencials\u2013, per tractar la pell, eliminar tensions o relaxar tot el cos. \t\t\t\t\t\t\t\t<\/div>\n\t\t\t\t<\/div>\n\t\t\t\t<\/div>\n\t\t<div class=\"elementor-element elementor-element-e58f35b e-con-full e-flex e-con e-child\" data-id=\"e58f35b\" data-element_type=\"container\" data-e-type=\"container\">\n\t\t\t\t<div class=\"elementor-element elementor-element-989b590 elementor-widget elementor-widget-image\" data-id=\"989b590\" data-element_type=\"widget\" data-e-type=\"widget\" data-widget_type=\"image.default\">\n\t\t\t\t\t\t\t\t\t\t\t\t\t\t\t<img loading=\"lazy\" decoding=\"async\" width=\"800\" height=\"678\" src=\"https:\/\/ficam.cat\/wp-content\/uploads\/2026\/02\/belleza-1.svg\" class=\"attachment-large size-large wp-image-15263\" alt=\"\" \/>\t\t\t\t\t\t\t\t\t\t\t\t\t\t\t<\/div>\n\t\t<div class=\"elementor-element elementor-element-ff75028 e-con-full e-flex elementor-invisible e-con e-child\" data-id=\"ff75028\" data-element_type=\"container\" data-e-type=\"container\" data-settings=\"{&quot;animation&quot;:&quot;fadeInUp&quot;}\">\n\t\t\t\t<div class=\"elementor-element elementor-element-efac48e elementor-widget elementor-widget-heading\" data-id=\"efac48e\" data-element_type=\"widget\" data-e-type=\"widget\" data-settings=\"{&quot;_animation&quot;:&quot;none&quot;}\" data-widget_type=\"heading.default\">\n\t\t\t\t\t<h3 class=\"elementor-heading-title elementor-size-default\">BELLESA<\/h3>\t\t\t\t<\/div>\n\t\t\t\t<div class=\"elementor-element elementor-element-fa1d202 elementor-widget elementor-widget-text-editor\" data-id=\"fa1d202\" data-element_type=\"widget\" data-e-type=\"widget\" data-settings=\"{&quot;_animation&quot;:&quot;none&quot;}\" data-widget_type=\"text-editor.default\">\n\t\t\t\t\t\t\t\t\tTots els nostres tractaments de bellesa nom\u00e9s utilitzen productes naturals i et proporcionen beneficis hol\u00edstics de llarga durada.\t\t\t\t\t\t\t\t<\/div>\n\t\t\t\t<\/div>\n\t\t\t\t<\/div>\n\t\t\t\t<\/div>\n\t\t\t\t<\/div>\n\t\t<div class=\"elementor-element elementor-element-9e7c374 e-flex e-con-boxed e-con e-parent\" data-id=\"9e7c374\" data-element_type=\"container\" data-e-type=\"container\" data-settings=\"{&quot;background_background&quot;:&quot;classic&quot;}\">\n\t\t\t\t\t<div class=\"e-con-inner\">\n\t\t<div class=\"elementor-element elementor-element-7849009 e-con-full e-flex elementor-invisible e-con e-child\" data-id=\"7849009\" data-element_type=\"container\" data-e-type=\"container\" data-settings=\"{&quot;animation&quot;:&quot;fadeInUp&quot;}\">\n\t\t\t\t<div class=\"elementor-element elementor-element-585cf70 elementor-widget elementor-widget-heading\" data-id=\"585cf70\" data-element_type=\"widget\" data-e-type=\"widget\" data-settings=\"{&quot;_animation&quot;:&quot;none&quot;}\" data-widget_type=\"heading.default\">\n\t\t\t\t\t<h2 class=\"elementor-heading-title elementor-size-default\">Tens dubtes?<br>Contacta amb nosaltres<br>i els resoldrem.<\/h2>\t\t\t\t<\/div>\n\t\t\t\t<\/div>\n\t\t<div class=\"elementor-element elementor-element-cfb9761 e-con-full e-flex elementor-invisible e-con e-child\" data-id=\"cfb9761\" data-element_type=\"container\" data-e-type=\"container\" data-settings=\"{&quot;animation&quot;:&quot;fadeInUp&quot;}\">\n\t\t\t\t<div class=\"elementor-element elementor-element-15fac68 elementor-widget elementor-widget-text-editor\" data-id=\"15fac68\" data-element_type=\"widget\" data-e-type=\"widget\" data-settings=\"{&quot;_animation&quot;:&quot;none&quot;}\" data-widget_type=\"text-editor.default\">\n\t\t\t\t\t\t\t\t\t<p>Si no saps quina ruta escollir, no tens clars els horaris, els preus, la dificultat de cada itinerari o qualsevol altra q\u00fcesti\u00f3, no dubtis a posar-te en contacte amb nosaltres. Estarem encantats d\u2019ajudar-te. <\/p>\t\t\t\t\t\t\t\t<\/div>\n\t\t\t\t<div class=\"elementor-element elementor-element-d3716c7 elementor-align-start iconesrodonesb underli elementor-icon-list--layout-traditional elementor-list-item-link-full_width elementor-widget elementor-widget-icon-list\" data-id=\"d3716c7\" data-element_type=\"widget\" data-e-type=\"widget\" data-widget_type=\"icon-list.default\">\n\t\t\t\t\t\t\t<ul class=\"elementor-icon-list-items\">\n\t\t\t\t\t\t\t<li class=\"elementor-icon-list-item\">\n\t\t\t\t\t\t\t\t\t\t\t<a href=\"mailto:wellness@palaufugit.com\" target=\"_blank\">\n\n\t\t\t\t\t\t\t\t\t\t\t\t<span class=\"elementor-icon-list-icon\">\n\t\t\t\t\t\t\t<svg aria-hidden=\"true\" class=\"e-font-icon-svg e-fas-envelope\" viewBox=\"0 0 512 512\" xmlns=\"http:\/\/www.w3.org\/2000\/svg\"><path d=\"M502.3 190.8c3.9-3.1 9.7-.2 9.7 4.7V400c0 26.5-21.5 48-48 48H48c-26.5 0-48-21.5-48-48V195.6c0-5 5.7-7.8 9.7-4.7 22.4 17.4 52.1 39.5 154.1 113.6 21.1 15.4 56.7 47.8 92.2 47.6 35.7.3 72-32.8 92.3-47.6 102-74.1 131.6-96.3 154-113.7zM256 320c23.2.4 56.6-29.2 73.4-41.4 132.7-96.3 142.8-104.7 173.4-128.7 5.8-4.5 9.2-11.5 9.2-18.9v-19c0-26.5-21.5-48-48-48H48C21.5 64 0 85.5 0 112v19c0 7.4 3.4 14.3 9.2 18.9 30.6 23.9 40.7 32.4 173.4 128.7 16.8 12.2 50.2 41.8 73.4 41.4z\"><\/path><\/svg>\t\t\t\t\t\t<\/span>\n\t\t\t\t\t\t\t\t\t\t<span class=\"elementor-icon-list-text\">wellness@palaufugit.com<\/span>\n\t\t\t\t\t\t\t\t\t\t\t<\/a>\n\t\t\t\t\t\t\t\t\t<\/li>\n\t\t\t\t\t\t<\/ul>\n\t\t\t\t\t\t<\/div>\n\t\t\t\t<\/div>\n\t\t\t\t\t<\/div>\n\t\t\t\t<\/div>\n\t\t\t\t<\/div>\n\t\t","protected":false},"excerpt":{"rendered":"<p>Wellness &amp; care Un indret \u00edntim i relaxantamb una arquitectura \u00fanica Situada dins la roca calc\u00e0ria de la muralla romana de Girona, La Cova d\u2019aigua de Palau Fugit \u00e9s un espai \u00fanic per a relaxar-se. Amb piscina d\u2019aigua calenta, una pedra t\u00e8bia on estirar-se i zona de massatges i tractaments, ha estat especialment dissenyada per [&hellip;]<\/p>\n","protected":false},"author":1,"featured_media":0,"parent":0,"menu_order":0,"comment_status":"closed","ping_status":"closed","template":"elementor_header_footer","meta":{"_acf_changed":false,"inline_featured_image":false,"footnotes":""},"class_list":["post-15264","page","type-page","status-publish","hentry"],"acf":[],"yoast_head":"<!-- This site is optimized with the Yoast SEO plugin v27.4 - https:\/\/yoast.com\/product\/yoast-seo-wordpress\/ -->\n<title>Wellness &amp; care - Palau Fugit<\/title>\n<meta name=\"description\" content=\"Dins de Palau Fugit, La Cova d\u2019aigua \u00e9s un espai \u00fanic amb una piscina d\u2019aigua calenta amb una pedra calenta per estirar-s\u2019hi i una zona dedicada a massatges.\" \/>\n<meta name=\"robots\" content=\"noindex, follow, max-snippet:-1, max-image-preview:large, max-video-preview:-1\" \/>\n<meta property=\"og:locale\" content=\"ca_ES\" \/>\n<meta property=\"og:type\" content=\"article\" \/>\n<meta property=\"og:title\" content=\"Wellness &amp; care - Palau Fugit\" \/>\n<meta property=\"og:description\" content=\"Dins de Palau Fugit, La Cova d\u2019aigua \u00e9s un espai \u00fanic amb una piscina d\u2019aigua calenta amb una pedra calenta per estirar-s\u2019hi i una zona dedicada a massatges.\" \/>\n<meta property=\"og:url\" content=\"https:\/\/ficam.cat\/ca\/wellness-care\/\" \/>\n<meta property=\"og:site_name\" content=\"Palau Fugit\" \/>\n<meta property=\"article:modified_time\" content=\"2026-04-14T16:40:06+00:00\" \/>\n<meta property=\"og:image\" content=\"https:\/\/ficam.cat\/wp-content\/uploads\/2026\/02\/masaje-cova-aigua-palau.jpg\" \/>\n\t<meta property=\"og:image:width\" content=\"1920\" \/>\n\t<meta property=\"og:image:height\" content=\"2560\" \/>\n\t<meta property=\"og:image:type\" content=\"image\/jpeg\" \/>\n<meta name=\"twitter:card\" content=\"summary_large_image\" \/>\n<meta name=\"twitter:label1\" content=\"Temps estimat de lectura\" \/>\n\t<meta name=\"twitter:data1\" content=\"2 minuts\" \/>\n<script type=\"application\/ld+json\" class=\"yoast-schema-graph\">{\"@context\":\"https:\\\/\\\/schema.org\",\"@graph\":[{\"@type\":\"WebPage\",\"@id\":\"https:\\\/\\\/ficam.cat\\\/ca\\\/wellness-care\\\/\",\"url\":\"https:\\\/\\\/ficam.cat\\\/ca\\\/wellness-care\\\/\",\"name\":\"Wellness &amp; care - Palau Fugit\",\"isPartOf\":{\"@id\":\"https:\\\/\\\/ficam.cat\\\/ca\\\/#website\"},\"primaryImageOfPage\":{\"@id\":\"https:\\\/\\\/ficam.cat\\\/ca\\\/wellness-care\\\/#primaryimage\"},\"image\":{\"@id\":\"https:\\\/\\\/ficam.cat\\\/ca\\\/wellness-care\\\/#primaryimage\"},\"thumbnailUrl\":\"https:\\\/\\\/ficam.cat\\\/wp-content\\\/uploads\\\/2026\\\/02\\\/masaje-cova-aigua-palau.jpg\",\"datePublished\":\"2026-01-26T12:13:02+00:00\",\"dateModified\":\"2026-04-14T16:40:06+00:00\",\"description\":\"Dins de Palau Fugit, La Cova d\u2019aigua \u00e9s un espai \u00fanic amb una piscina d\u2019aigua calenta amb una pedra calenta per estirar-s\u2019hi i una zona dedicada a massatges.\",\"breadcrumb\":{\"@id\":\"https:\\\/\\\/ficam.cat\\\/ca\\\/wellness-care\\\/#breadcrumb\"},\"inLanguage\":\"ca\",\"potentialAction\":[{\"@type\":\"ReadAction\",\"target\":[\"https:\\\/\\\/ficam.cat\\\/ca\\\/wellness-care\\\/\"]}]},{\"@type\":\"ImageObject\",\"inLanguage\":\"ca\",\"@id\":\"https:\\\/\\\/ficam.cat\\\/ca\\\/wellness-care\\\/#primaryimage\",\"url\":\"https:\\\/\\\/ficam.cat\\\/wp-content\\\/uploads\\\/2026\\\/02\\\/masaje-cova-aigua-palau.jpg\",\"contentUrl\":\"https:\\\/\\\/ficam.cat\\\/wp-content\\\/uploads\\\/2026\\\/02\\\/masaje-cova-aigua-palau.jpg\"},{\"@type\":\"BreadcrumbList\",\"@id\":\"https:\\\/\\\/ficam.cat\\\/ca\\\/wellness-care\\\/#breadcrumb\",\"itemListElement\":[{\"@type\":\"ListItem\",\"position\":1,\"name\":\"Inici\",\"item\":\"https:\\\/\\\/ficam.cat\\\/ca\\\/inici\\\/\"},{\"@type\":\"ListItem\",\"position\":2,\"name\":\"Wellness &amp; care\"}]},{\"@type\":\"WebSite\",\"@id\":\"https:\\\/\\\/ficam.cat\\\/ca\\\/#website\",\"url\":\"https:\\\/\\\/ficam.cat\\\/ca\\\/\",\"name\":\"Palau Fugit\",\"description\":\"Hotel Boutique en Girona\",\"publisher\":{\"@id\":\"https:\\\/\\\/ficam.cat\\\/ca\\\/#organization\"},\"potentialAction\":[{\"@type\":\"SearchAction\",\"target\":{\"@type\":\"EntryPoint\",\"urlTemplate\":\"https:\\\/\\\/ficam.cat\\\/ca\\\/?s={search_term_string}\"},\"query-input\":{\"@type\":\"PropertyValueSpecification\",\"valueRequired\":true,\"valueName\":\"search_term_string\"}}],\"inLanguage\":\"ca\"},{\"@type\":\"Organization\",\"@id\":\"https:\\\/\\\/ficam.cat\\\/ca\\\/#organization\",\"name\":\"Palau Fugit\",\"url\":\"https:\\\/\\\/ficam.cat\\\/ca\\\/\",\"logo\":{\"@type\":\"ImageObject\",\"inLanguage\":\"ca\",\"@id\":\"https:\\\/\\\/ficam.cat\\\/ca\\\/#\\\/schema\\\/logo\\\/image\\\/\",\"url\":\"https:\\\/\\\/ficam.cat\\\/wp-content\\\/uploads\\\/2026\\\/02\\\/cropped-favicon_palaufugit-favicon.png\",\"contentUrl\":\"https:\\\/\\\/ficam.cat\\\/wp-content\\\/uploads\\\/2026\\\/02\\\/cropped-favicon_palaufugit-favicon.png\",\"width\":512,\"height\":512,\"caption\":\"Palau Fugit\"},\"image\":{\"@id\":\"https:\\\/\\\/ficam.cat\\\/ca\\\/#\\\/schema\\\/logo\\\/image\\\/\"},\"sameAs\":[\"https:\\\/\\\/www.instagram.com\\\/palaufugitgirona\\\/\"]}]}<\/script>\n<!-- \/ Yoast SEO plugin. -->","yoast_head_json":{"title":"Wellness &amp; care - Palau Fugit","description":"Dins de Palau Fugit, La Cova d\u2019aigua \u00e9s un espai \u00fanic amb una piscina d\u2019aigua calenta amb una pedra calenta per estirar-s\u2019hi i una zona dedicada a massatges.","robots":{"index":"noindex","follow":"follow","max-snippet":"max-snippet:-1","max-image-preview":"max-image-preview:large","max-video-preview":"max-video-preview:-1"},"og_locale":"ca_ES","og_type":"article","og_title":"Wellness &amp; care - Palau Fugit","og_description":"Dins de Palau Fugit, La Cova d\u2019aigua \u00e9s un espai \u00fanic amb una piscina d\u2019aigua calenta amb una pedra calenta per estirar-s\u2019hi i una zona dedicada a massatges.","og_url":"https:\/\/ficam.cat\/ca\/wellness-care\/","og_site_name":"Palau Fugit","article_modified_time":"2026-04-14T16:40:06+00:00","og_image":[{"width":1920,"height":2560,"url":"https:\/\/ficam.cat\/wp-content\/uploads\/2026\/02\/masaje-cova-aigua-palau.jpg","type":"image\/jpeg"}],"twitter_card":"summary_large_image","twitter_misc":{"Temps estimat de lectura":"2 minuts"},"schema":{"@context":"https:\/\/schema.org","@graph":[{"@type":"WebPage","@id":"https:\/\/ficam.cat\/ca\/wellness-care\/","url":"https:\/\/ficam.cat\/ca\/wellness-care\/","name":"Wellness &amp; care - Palau Fugit","isPartOf":{"@id":"https:\/\/ficam.cat\/ca\/#website"},"primaryImageOfPage":{"@id":"https:\/\/ficam.cat\/ca\/wellness-care\/#primaryimage"},"image":{"@id":"https:\/\/ficam.cat\/ca\/wellness-care\/#primaryimage"},"thumbnailUrl":"https:\/\/ficam.cat\/wp-content\/uploads\/2026\/02\/masaje-cova-aigua-palau.jpg","datePublished":"2026-01-26T12:13:02+00:00","dateModified":"2026-04-14T16:40:06+00:00","description":"Dins de Palau Fugit, La Cova d\u2019aigua \u00e9s un espai \u00fanic amb una piscina d\u2019aigua calenta amb una pedra calenta per estirar-s\u2019hi i una zona dedicada a massatges.","breadcrumb":{"@id":"https:\/\/ficam.cat\/ca\/wellness-care\/#breadcrumb"},"inLanguage":"ca","potentialAction":[{"@type":"ReadAction","target":["https:\/\/ficam.cat\/ca\/wellness-care\/"]}]},{"@type":"ImageObject","inLanguage":"ca","@id":"https:\/\/ficam.cat\/ca\/wellness-care\/#primaryimage","url":"https:\/\/ficam.cat\/wp-content\/uploads\/2026\/02\/masaje-cova-aigua-palau.jpg","contentUrl":"https:\/\/ficam.cat\/wp-content\/uploads\/2026\/02\/masaje-cova-aigua-palau.jpg"},{"@type":"BreadcrumbList","@id":"https:\/\/ficam.cat\/ca\/wellness-care\/#breadcrumb","itemListElement":[{"@type":"ListItem","position":1,"name":"Inici","item":"https:\/\/ficam.cat\/ca\/inici\/"},{"@type":"ListItem","position":2,"name":"Wellness &amp; care"}]},{"@type":"WebSite","@id":"https:\/\/ficam.cat\/ca\/#website","url":"https:\/\/ficam.cat\/ca\/","name":"Palau Fugit","description":"Hotel Boutique en Girona","publisher":{"@id":"https:\/\/ficam.cat\/ca\/#organization"},"potentialAction":[{"@type":"SearchAction","target":{"@type":"EntryPoint","urlTemplate":"https:\/\/ficam.cat\/ca\/?s={search_term_string}"},"query-input":{"@type":"PropertyValueSpecification","valueRequired":true,"valueName":"search_term_string"}}],"inLanguage":"ca"},{"@type":"Organization","@id":"https:\/\/ficam.cat\/ca\/#organization","name":"Palau Fugit","url":"https:\/\/ficam.cat\/ca\/","logo":{"@type":"ImageObject","inLanguage":"ca","@id":"https:\/\/ficam.cat\/ca\/#\/schema\/logo\/image\/","url":"https:\/\/ficam.cat\/wp-content\/uploads\/2026\/02\/cropped-favicon_palaufugit-favicon.png","contentUrl":"https:\/\/ficam.cat\/wp-content\/uploads\/2026\/02\/cropped-favicon_palaufugit-favicon.png","width":512,"height":512,"caption":"Palau Fugit"},"image":{"@id":"https:\/\/ficam.cat\/ca\/#\/schema\/logo\/image\/"},"sameAs":["https:\/\/www.instagram.com\/palaufugitgirona\/"]}]}},"_links":{"self":[{"href":"https:\/\/ficam.cat\/ca\/wp-json\/wp\/v2\/pages\/15264","targetHints":{"allow":["GET"]}}],"collection":[{"href":"https:\/\/ficam.cat\/ca\/wp-json\/wp\/v2\/pages"}],"about":[{"href":"https:\/\/ficam.cat\/ca\/wp-json\/wp\/v2\/types\/page"}],"author":[{"embeddable":true,"href":"https:\/\/ficam.cat\/ca\/wp-json\/wp\/v2\/users\/1"}],"replies":[{"embeddable":true,"href":"https:\/\/ficam.cat\/ca\/wp-json\/wp\/v2\/comments?post=15264"}],"version-history":[{"count":5,"href":"https:\/\/ficam.cat\/ca\/wp-json\/wp\/v2\/pages\/15264\/revisions"}],"predecessor-version":[{"id":15839,"href":"https:\/\/ficam.cat\/ca\/wp-json\/wp\/v2\/pages\/15264\/revisions\/15839"}],"wp:attachment":[{"href":"https:\/\/ficam.cat\/ca\/wp-json\/wp\/v2\/media?parent=15264"}],"curies":[{"name":"wp","href":"https:\/\/api.w.org\/{rel}","templated":true}]}}