{"id":15284,"date":"2026-02-17T08:45:09","date_gmt":"2026-02-17T08:45:09","guid":{"rendered":"https:\/\/ficam.cat\/a-girona-hi-passen-un-munt-de-coses\/"},"modified":"2026-04-14T16:45:32","modified_gmt":"2026-04-14T16:45:32","slug":"a-girona-hi-passen-un-munt-de-coses","status":"publish","type":"page","link":"https:\/\/ficam.cat\/ca\/a-girona-hi-passen-un-munt-de-coses\/","title":{"rendered":"Agenda cultural gironina"},"content":{"rendered":"\t\t<div data-elementor-type=\"wp-page\" data-elementor-id=\"15284\" class=\"elementor elementor-15284 elementor-13834\" data-elementor-post-type=\"page\">\n\t\t\t\t<div class=\"elementor-element elementor-element-06868c6 e-con-full e-flex e-con e-parent\" data-id=\"06868c6\" data-element_type=\"container\" data-e-type=\"container\" data-settings=\"{&quot;background_background&quot;:&quot;classic&quot;}\">\n\t\t\t\t<div class=\"elementor-element elementor-element-9ad6f1d elementor-invisible elementor-widget elementor-widget-heading\" data-id=\"9ad6f1d\" data-element_type=\"widget\" data-e-type=\"widget\" data-settings=\"{&quot;_animation&quot;:&quot;fadeInUp&quot;}\" data-widget_type=\"heading.default\">\n\t\t\t\t\t<h2 class=\"elementor-heading-title elementor-size-default\">Agenda cultural gironina<\/h2>\t\t\t\t<\/div>\n\t\t\t\t<div class=\"elementor-element elementor-element-2fb54e5 elementor-widget__width-initial elementor-widget-mobile__width-inherit elementor-widget elementor-widget-text-editor\" data-id=\"2fb54e5\" data-element_type=\"widget\" data-e-type=\"widget\" data-settings=\"{&quot;_animation&quot;:&quot;none&quot;}\" data-widget_type=\"text-editor.default\">\n\t\t\t\t\t\t\t\t\t<p>Des d\u2019exposicions amb artistes de renom, a festivals de m\u00fasica i gastronomia, passant per activitats a l\u2019aire lliure per a totes les edats i p\u00fablics. <\/p><p>Aqu\u00ed hi trobar\u00e0s la nostra selecci\u00f3 per a tu. Tria, remena i assaboreix Girona! <\/p>\t\t\t\t\t\t\t\t<\/div>\n\t\t\t\t<div class=\"elementor-element elementor-element-88bb55a elementor-widget elementor-widget-taxonomy-filter\" data-id=\"88bb55a\" data-element_type=\"widget\" data-e-type=\"widget\" data-settings=\"{&quot;selected_element&quot;:&quot;c2ef166&quot;,&quot;taxonomy&quot;:&quot;category&quot;,&quot;item_alignment_horizontal&quot;:&quot;start&quot;,&quot;multiple_selection&quot;:&quot;no&quot;,&quot;horizontal_scroll&quot;:&quot;disable&quot;}\" data-widget_type=\"taxonomy-filter.default\">\n\t\t\t\t\t\t\t<search class=\"e-filter\" role=\"search\" data-base-url=\"https:\/\/ficam.cat\/ca\/\" data-page-num=\"1\">\n\t\t\t\t\t\t\t<button class=\"e-filter-item\" data-filter=\"activitats-a-laire-lliure\" aria-pressed=\"false\">Activitats a l&#039;aire lliure<\/button>\n\t\t\t\t\t\t\t<button class=\"e-filter-item\" data-filter=\"art-i-cultura\" aria-pressed=\"false\">Art i Cultura<\/button>\n\t\t\t\t\t\t\t<button class=\"e-filter-item\" data-filter=\"gastronomia\" aria-pressed=\"false\">Gastronomia<\/button>\n\t\t\t\t\t\t\t<button class=\"e-filter-item\" data-filter=\"musica-festivals\" aria-pressed=\"false\">Musica &amp; Festivals<\/button>\n\t\t\t\n\t\t\t\t\t\t\t\t\t<button class=\"e-filter-item\" data-filter=\"__all\" aria-pressed=\"true\">\n\t\t\t\tTot\t\t\t<\/button>\n\t\t\t\t\t<\/search>\n\t\t\t\t\t\t<\/div>\n\t\t\t\t<div class=\"elementor-element elementor-element-c2ef166 elementor-grid-1 elementor-grid-tablet-1 elementor-grid-mobile-1 elementor-widget elementor-widget-loop-grid\" data-id=\"c2ef166\" data-element_type=\"widget\" data-e-type=\"widget\" data-settings=\"{&quot;template_id&quot;:13837,&quot;columns&quot;:1,&quot;pagination_type&quot;:&quot;load_more_on_click&quot;,&quot;columns_tablet&quot;:1,&quot;_skin&quot;:&quot;post&quot;,&quot;columns_mobile&quot;:&quot;1&quot;,&quot;edit_handle_selector&quot;:&quot;[data-elementor-type=\\&quot;loop-item\\&quot;]&quot;,&quot;load_more_spinner&quot;:{&quot;value&quot;:&quot;fas fa-spinner&quot;,&quot;library&quot;:&quot;fa-solid&quot;},&quot;row_gap&quot;:{&quot;unit&quot;:&quot;px&quot;,&quot;size&quot;:&quot;&quot;,&quot;sizes&quot;:[]},&quot;row_gap_tablet&quot;:{&quot;unit&quot;:&quot;px&quot;,&quot;size&quot;:&quot;&quot;,&quot;sizes&quot;:[]},&quot;row_gap_mobile&quot;:{&quot;unit&quot;:&quot;px&quot;,&quot;size&quot;:&quot;&quot;,&quot;sizes&quot;:[]}}\" data-widget_type=\"loop-grid.post\">\n\t\t\t\t<div class=\"elementor-widget-container\">\n\t\t\t\t\t\t\t<div class=\"elementor-loop-container elementor-grid\" role=\"list\">\n\t\t<style id=\"loop-dynamic-13837\">.e-loop-item-15700 .elementor-element.elementor-element-706c677:not(.elementor-motion-effects-element-type-background), .e-loop-item-15700 .elementor-element.elementor-element-706c677 > .elementor-motion-effects-container > .elementor-motion-effects-layer{background-image:url(\"https:\/\/ficam.cat\/wp-content\/uploads\/2026\/03\/Imagen-strenes-girona-palau-fugit-1.jpg\");}<\/style><style id=\"loop-13837\">.elementor-13837 .elementor-element.elementor-element-91ca135{--display:flex;--flex-direction:row;--container-widget-width:initial;--container-widget-height:100%;--container-widget-flex-grow:1;--container-widget-align-self:stretch;--flex-wrap-mobile:wrap;--gap:0px 25px;--row-gap:0px;--column-gap:25px;border-style:solid;--border-style:solid;border-width:0px 0px 1px 0px;--border-top-width:0px;--border-right-width:0px;--border-bottom-width:1px;--border-left-width:0px;border-color:#0000004D;--border-color:#0000004D;--padding-top:42px;--padding-bottom:46px;--padding-left:0px;--padding-right:0px;}.elementor-13837 .elementor-element.elementor-element-0592b3f{--display:flex;--flex-direction:column;--container-widget-width:100%;--container-widget-height:initial;--container-widget-flex-grow:0;--container-widget-align-self:initial;--flex-wrap-mobile:wrap;--justify-content:flex-start;--gap:0px 0px;--row-gap:0px;--column-gap:0px;--padding-top:0px;--padding-bottom:0px;--padding-left:0px;--padding-right:0px;}.elementor-13837 .elementor-element.elementor-element-59f03c3 .elementor-heading-title{font-family:\"Founders Grotesk\", Sans-serif;font-size:24px;line-height:1.22em;}.elementor-13837 .elementor-element.elementor-element-fb58128 .elementor-heading-title{font-family:\"Founders Grotesk\", Sans-serif;font-size:24px;line-height:1.22em;}.elementor-13837 .elementor-element.elementor-element-451cbf5 .elementor-icon-list-icon i{transition:color 0.3s;}.elementor-13837 .elementor-element.elementor-element-451cbf5 .elementor-icon-list-icon svg{transition:fill 0.3s;}.elementor-13837 .elementor-element.elementor-element-451cbf5{--e-icon-list-icon-size:14px;--icon-vertical-offset:0px;}.elementor-13837 .elementor-element.elementor-element-451cbf5 .elementor-icon-list-item > .elementor-icon-list-text, .elementor-13837 .elementor-element.elementor-element-451cbf5 .elementor-icon-list-item > a{font-family:\"Founders Grotesk\", Sans-serif;font-size:14px;line-height:1em;letter-spacing:-0.04em;}.elementor-13837 .elementor-element.elementor-element-451cbf5 .elementor-icon-list-text{transition:color 0.3s;}.elementor-13837 .elementor-element.elementor-element-cd30cd4{--display:flex;--flex-direction:column;--container-widget-width:100%;--container-widget-height:initial;--container-widget-flex-grow:0;--container-widget-align-self:initial;--flex-wrap-mobile:wrap;--padding-top:0px;--padding-bottom:0px;--padding-left:0px;--padding-right:0px;}.elementor-13837 .elementor-element.elementor-element-706c677{--display:flex;--min-height:50vh;--padding-top:0px;--padding-bottom:0px;--padding-left:0px;--padding-right:0px;}.elementor-13837 .elementor-element.elementor-element-706c677:not(.elementor-motion-effects-element-type-background), .elementor-13837 .elementor-element.elementor-element-706c677 > .elementor-motion-effects-container > .elementor-motion-effects-layer{background-position:center center;background-repeat:no-repeat;background-size:cover;}.elementor-13837 .elementor-element.elementor-element-39d334d{--display:flex;--flex-direction:column;--container-widget-width:calc( ( 1 - var( --container-widget-flex-grow ) ) * 100% );--container-widget-height:initial;--container-widget-flex-grow:0;--container-widget-align-self:initial;--flex-wrap-mobile:wrap;--align-items:flex-start;--padding-top:0px;--padding-bottom:0px;--padding-left:0px;--padding-right:0px;}.elementor-13837 .elementor-element.elementor-element-c9f6d2e .elementor-button{font-family:\"Founders Grotesk\", Sans-serif;font-size:14px;letter-spacing:-0.03em;fill:#000000;color:#000000;background-color:#02010100;border-style:solid;border-width:1px 1px 1px 1px;border-color:#0000004D;padding:3px 8px 0px 8px;}.elementor-13837 .elementor-element.elementor-element-5af3660{text-align:start;margin:0px 0px calc(var(--kit-widget-spacing, 0px) + 0px) 0px;padding:0px 0px 0px 0px;}.elementor-13837 .elementor-element.elementor-element-5af3660 .elementor-heading-title{font-family:\"Founders Grotesk\", Sans-serif;font-size:30px;line-height:1.05em;letter-spacing:-0.025em;color:#000000;}.elementor-13837 .elementor-element.elementor-element-5af3660 .elementor-heading-title a:hover, .elementor-13837 .elementor-element.elementor-element-5af3660 .elementor-heading-title a:focus{color:#FFFFFF;}.elementor-13837 .elementor-element.elementor-element-99e709b{text-align:start;font-family:\"Founders Grotesk\", Sans-serif;font-size:16px;line-height:1.6em;letter-spacing:-0.03em;color:#000000;margin:0px 0px calc(var(--kit-widget-spacing, 0px) + 0px) 0px;}@media(max-width:767px){.elementor-13837 .elementor-element.elementor-element-0592b3f{--margin-top:0px;--margin-bottom:16px;--margin-left:0px;--margin-right:0px;}.elementor-13837 .elementor-element.elementor-element-39d334d{--margin-top:24px;--margin-bottom:0px;--margin-left:0px;--margin-right:0px;}}@media(min-width:768px){.elementor-13837 .elementor-element.elementor-element-0592b3f{--width:16.6666%;}.elementor-13837 .elementor-element.elementor-element-cd30cd4{--width:41.6666%;}.elementor-13837 .elementor-element.elementor-element-39d334d{--width:41.66666%;}}\/* Start custom CSS for container, class: .elementor-element-706c677 *\/\/* Definim l'estat inicial del contenidor *\/\r\n.pindola{\r\n    border-radius: 0px;\r\n    transition: border-radius 0.5s linear;\r\n    \r\n    \/* Important: aix\u00f2 fa que el background respecti la forma del contenidor *\/\r\n    overflow: hidden; \r\n}\r\n\r\n\/* Efecte en fer hover sobre el contenidor *\/\r\n.pindola:hover {\r\n    \/* Valor alt per crear la forma de pastilla\/medicament *\/\r\n    border-radius: 500px;\r\n}\/* End custom CSS *\/<\/style>\t\t<div data-elementor-type=\"loop-item\" data-elementor-id=\"13837\" class=\"elementor elementor-13837 e-loop-item e-loop-item-15700 post-15700 post type-post status-publish format-standard has-post-thumbnail hentry category-musica-festivals\" data-elementor-post-type=\"elementor_library\" data-custom-edit-handle=\"1\">\n\t\t\t<div class=\"elementor-element elementor-element-91ca135 e-con-full e-flex e-con e-parent\" data-id=\"91ca135\" data-element_type=\"container\" data-e-type=\"container\">\n\t\t<div class=\"elementor-element elementor-element-0592b3f e-con-full e-flex e-con e-child\" data-id=\"0592b3f\" data-element_type=\"container\" data-e-type=\"container\">\n\t\t\t\t<div class=\"elementor-element elementor-element-59f03c3 elementor-widget elementor-widget-heading\" data-id=\"59f03c3\" data-element_type=\"widget\" data-e-type=\"widget\" data-widget_type=\"heading.default\">\n\t\t\t\t\t<p class=\"elementor-heading-title elementor-size-default\">27.03.2026<\/p>\t\t\t\t<\/div>\n\t\t\t\t<div class=\"elementor-element elementor-element-fb58128 elementor-widget elementor-widget-heading\" data-id=\"fb58128\" data-element_type=\"widget\" data-e-type=\"widget\" data-widget_type=\"heading.default\">\n\t\t\t\t\t<p class=\"elementor-heading-title elementor-size-default\">03.05.2026<\/p>\t\t\t\t<\/div>\n\t\t\t\t<div class=\"elementor-element elementor-element-451cbf5 elementor-icon-list--layout-traditional elementor-list-item-link-full_width elementor-widget elementor-widget-icon-list\" data-id=\"451cbf5\" data-element_type=\"widget\" data-e-type=\"widget\" data-widget_type=\"icon-list.default\">\n\t\t\t\t\t\t\t<ul class=\"elementor-icon-list-items\">\n\t\t\t\t\t\t\t<li class=\"elementor-icon-list-item\">\n\t\t\t\t\t\t\t\t\t\t\t<span class=\"elementor-icon-list-icon\">\n\t\t\t\t\t\t\t<svg aria-hidden=\"true\" class=\"e-font-icon-svg e-fas-map-marker\" viewBox=\"0 0 384 512\" xmlns=\"http:\/\/www.w3.org\/2000\/svg\"><path d=\"M172.268 501.67C26.97 291.031 0 269.413 0 192 0 85.961 85.961 0 192 0s192 85.961 192 192c0 77.413-26.97 99.031-172.268 309.67-9.535 13.774-29.93 13.773-39.464 0z\"><\/path><\/svg>\t\t\t\t\t\t<\/span>\n\t\t\t\t\t\t\t\t\t\t<span class=\"elementor-icon-list-text\">Girona<\/span>\n\t\t\t\t\t\t\t\t\t<\/li>\n\t\t\t\t\t\t<\/ul>\n\t\t\t\t\t\t<\/div>\n\t\t\t\t<\/div>\n\t\t<div class=\"elementor-element elementor-element-cd30cd4 e-con-full e-flex e-con e-child\" data-id=\"cd30cd4\" data-element_type=\"container\" data-e-type=\"container\">\n\t\t<div class=\"elementor-element elementor-element-706c677 e-con-full pindola e-flex e-con e-child\" data-id=\"706c677\" data-element_type=\"container\" data-e-type=\"container\" data-settings=\"{&quot;background_background&quot;:&quot;classic&quot;,&quot;animation&quot;:&quot;none&quot;}\">\n\t\t\t\t<\/div>\n\t\t\t\t<\/div>\n\t\t<div class=\"elementor-element elementor-element-39d334d e-con-full e-flex e-con e-child\" data-id=\"39d334d\" data-element_type=\"container\" data-e-type=\"container\">\n\t\t\t\t<div class=\"elementor-element elementor-element-c9f6d2e elementor-align-center elementor-widget elementor-widget-button\" data-id=\"c9f6d2e\" data-element_type=\"widget\" data-e-type=\"widget\" data-widget_type=\"button.default\">\n\t\t\t\t\t\t\t\t\t\t<a class=\"elementor-button elementor-button-link elementor-size-sm\" href=\"#\">\n\t\t\t\t\t\t<span class=\"elementor-button-content-wrapper\">\n\t\t\t\t\t\t\t\t\t<span class=\"elementor-button-text\"><span>Musica &amp; Festivals<\/span><\/span>\n\t\t\t\t\t<\/span>\n\t\t\t\t\t<\/a>\n\t\t\t\t\t\t\t\t<\/div>\n\t\t\t\t<div class=\"elementor-element elementor-element-5af3660 elementor-widget elementor-widget-heading\" data-id=\"5af3660\" data-element_type=\"widget\" data-e-type=\"widget\" data-settings=\"{&quot;_animation&quot;:&quot;none&quot;}\" data-widget_type=\"heading.default\">\n\t\t\t\t\t<h3 class=\"elementor-heading-title elementor-size-default\">Strenes Festival<\/h3>\t\t\t\t<\/div>\n\t\t\t\t<div class=\"elementor-element elementor-element-99e709b elementor-widget elementor-widget-text-editor\" data-id=\"99e709b\" data-element_type=\"widget\" data-e-type=\"widget\" data-settings=\"{&quot;_animation&quot;:&quot;none&quot;}\" data-widget_type=\"text-editor.default\">\n\t\t\t\t\t\t\t\t\t\u00c9s el festival de refer\u00e8ncia on els artistes catalans presenten els seus nous treballs discogr\u00e0fics, inicien o tanquen les seves gires i estren en espectacles in\u00e8dits.<br><br>El Festival converteix la ciutat de Girona en un gran espai esc\u00e8nic, amb concerts programats en espais interiors com l\u2019Auditori, el Teatre Municipal, el Centre Cultural La Merc\u00e8 o La Mirona de Salt, aix\u00ed com en espais emblem\u00e0tics i dels m\u00e9s visitats de la ciutat, com les Escales de la Catedral.\t\t\t\t\t\t\t\t<\/div>\n\t\t\t\t<\/div>\n\t\t\t\t<\/div>\n\t\t\t\t<\/div>\n\t\t<style id=\"loop-dynamic-13837\">.e-loop-item-15338 .elementor-element.elementor-element-706c677:not(.elementor-motion-effects-element-type-background), .e-loop-item-15338 .elementor-element.elementor-element-706c677 > .elementor-motion-effects-container > .elementor-motion-effects-layer{background-image:url(\"https:\/\/ficam.cat\/wp-content\/uploads\/2026\/01\/the-traka-2026.jpg\");}<\/style>\t\t<div data-elementor-type=\"loop-item\" data-elementor-id=\"13837\" class=\"elementor elementor-13837 e-loop-item e-loop-item-15338 post-15338 post type-post status-publish format-standard has-post-thumbnail hentry category-activitats-a-laire-lliure\" data-elementor-post-type=\"elementor_library\" data-custom-edit-handle=\"1\">\n\t\t\t<div class=\"elementor-element elementor-element-91ca135 e-con-full e-flex e-con e-parent\" data-id=\"91ca135\" data-element_type=\"container\" data-e-type=\"container\">\n\t\t<div class=\"elementor-element elementor-element-0592b3f e-con-full e-flex e-con e-child\" data-id=\"0592b3f\" data-element_type=\"container\" data-e-type=\"container\">\n\t\t\t\t<div class=\"elementor-element elementor-element-59f03c3 elementor-widget elementor-widget-heading\" data-id=\"59f03c3\" data-element_type=\"widget\" data-e-type=\"widget\" data-widget_type=\"heading.default\">\n\t\t\t\t\t<p class=\"elementor-heading-title elementor-size-default\">29.04.2026<\/p>\t\t\t\t<\/div>\n\t\t\t\t<div class=\"elementor-element elementor-element-fb58128 elementor-widget elementor-widget-heading\" data-id=\"fb58128\" data-element_type=\"widget\" data-e-type=\"widget\" data-widget_type=\"heading.default\">\n\t\t\t\t\t<p class=\"elementor-heading-title elementor-size-default\">03.05.2026<\/p>\t\t\t\t<\/div>\n\t\t\t\t<div class=\"elementor-element elementor-element-451cbf5 elementor-icon-list--layout-traditional elementor-list-item-link-full_width elementor-widget elementor-widget-icon-list\" data-id=\"451cbf5\" data-element_type=\"widget\" data-e-type=\"widget\" data-widget_type=\"icon-list.default\">\n\t\t\t\t\t\t\t<ul class=\"elementor-icon-list-items\">\n\t\t\t\t\t\t\t<li class=\"elementor-icon-list-item\">\n\t\t\t\t\t\t\t\t\t\t\t<span class=\"elementor-icon-list-icon\">\n\t\t\t\t\t\t\t<svg aria-hidden=\"true\" class=\"e-font-icon-svg e-fas-map-marker\" viewBox=\"0 0 384 512\" xmlns=\"http:\/\/www.w3.org\/2000\/svg\"><path d=\"M172.268 501.67C26.97 291.031 0 269.413 0 192 0 85.961 85.961 0 192 0s192 85.961 192 192c0 77.413-26.97 99.031-172.268 309.67-9.535 13.774-29.93 13.773-39.464 0z\"><\/path><\/svg>\t\t\t\t\t\t<\/span>\n\t\t\t\t\t\t\t\t\t\t<span class=\"elementor-icon-list-text\">Girona<\/span>\n\t\t\t\t\t\t\t\t\t<\/li>\n\t\t\t\t\t\t<\/ul>\n\t\t\t\t\t\t<\/div>\n\t\t\t\t<\/div>\n\t\t<div class=\"elementor-element elementor-element-cd30cd4 e-con-full e-flex e-con e-child\" data-id=\"cd30cd4\" data-element_type=\"container\" data-e-type=\"container\">\n\t\t<div class=\"elementor-element elementor-element-706c677 e-con-full pindola e-flex e-con e-child\" data-id=\"706c677\" data-element_type=\"container\" data-e-type=\"container\" data-settings=\"{&quot;background_background&quot;:&quot;classic&quot;,&quot;animation&quot;:&quot;none&quot;}\">\n\t\t\t\t<\/div>\n\t\t\t\t<\/div>\n\t\t<div class=\"elementor-element elementor-element-39d334d e-con-full e-flex e-con e-child\" data-id=\"39d334d\" data-element_type=\"container\" data-e-type=\"container\">\n\t\t\t\t<div class=\"elementor-element elementor-element-c9f6d2e elementor-align-center elementor-widget elementor-widget-button\" data-id=\"c9f6d2e\" data-element_type=\"widget\" data-e-type=\"widget\" data-widget_type=\"button.default\">\n\t\t\t\t\t\t\t\t\t\t<a class=\"elementor-button elementor-button-link elementor-size-sm\" href=\"#\">\n\t\t\t\t\t\t<span class=\"elementor-button-content-wrapper\">\n\t\t\t\t\t\t\t\t\t<span class=\"elementor-button-text\"><span>Activitats a l&#039;aire lliure<\/span><\/span>\n\t\t\t\t\t<\/span>\n\t\t\t\t\t<\/a>\n\t\t\t\t\t\t\t\t<\/div>\n\t\t\t\t<div class=\"elementor-element elementor-element-5af3660 elementor-widget elementor-widget-heading\" data-id=\"5af3660\" data-element_type=\"widget\" data-e-type=\"widget\" data-settings=\"{&quot;_animation&quot;:&quot;none&quot;}\" data-widget_type=\"heading.default\">\n\t\t\t\t\t<h3 class=\"elementor-heading-title elementor-size-default\">THE TRAKA Gravel Girona 2026<\/h3>\t\t\t\t<\/div>\n\t\t\t\t<div class=\"elementor-element elementor-element-99e709b elementor-widget elementor-widget-text-editor\" data-id=\"99e709b\" data-element_type=\"widget\" data-e-type=\"widget\" data-settings=\"{&quot;_animation&quot;:&quot;none&quot;}\" data-widget_type=\"text-editor.default\">\n\t\t\t\t\t\t\t\t\tDel 29 d\u2019abril al 3 de maig de 2026, Girona tornar\u00e0 a convertir-se en l\u2019epicentre del gravel amb THE TRAKA, un esdeveniment amb sortida i arribada a la ciutat que reuneix ciclistes d\u2019arreu del m\u00f3n.\n\nEl que va comen\u00e7ar a Catalunya com una celebraci\u00f3 de la comunitat, els paisatges salvatges i la inclusivitat, avui \u00e9s un aut\u00e8ntic moviment global sobre dues rodes. L\u2019edici\u00f3 2026 proposa diversos reptes \u2014des dels 100 km i 200 km, fins als recorreguts m\u00e9s exigents com el 360 km i la modalitat Adventure (560 km)\u2014 travessant alguns dels trams m\u00e9s ic\u00f2nics del territori. \t\t\t\t\t\t\t\t<\/div>\n\t\t\t\t<\/div>\n\t\t\t\t<\/div>\n\t\t\t\t<\/div>\n\t\t<style id=\"loop-dynamic-13837\">.e-loop-item-15336 .elementor-element.elementor-element-706c677:not(.elementor-motion-effects-element-type-background), .e-loop-item-15336 .elementor-element.elementor-element-706c677 > .elementor-motion-effects-container > .elementor-motion-effects-layer{background-image:url(\"https:\/\/ficam.cat\/wp-content\/uploads\/2026\/01\/Girona-Temps-de-Flors-2026.jpg\");}<\/style>\t\t<div data-elementor-type=\"loop-item\" data-elementor-id=\"13837\" class=\"elementor elementor-13837 e-loop-item e-loop-item-15336 post-15336 post type-post status-publish format-standard has-post-thumbnail hentry category-activitats-a-laire-lliure\" data-elementor-post-type=\"elementor_library\" data-custom-edit-handle=\"1\">\n\t\t\t<div class=\"elementor-element elementor-element-91ca135 e-con-full e-flex e-con e-parent\" data-id=\"91ca135\" data-element_type=\"container\" data-e-type=\"container\">\n\t\t<div class=\"elementor-element elementor-element-0592b3f e-con-full e-flex e-con e-child\" data-id=\"0592b3f\" data-element_type=\"container\" data-e-type=\"container\">\n\t\t\t\t<div class=\"elementor-element elementor-element-59f03c3 elementor-widget elementor-widget-heading\" data-id=\"59f03c3\" data-element_type=\"widget\" data-e-type=\"widget\" data-widget_type=\"heading.default\">\n\t\t\t\t\t<p class=\"elementor-heading-title elementor-size-default\">09.05.2026<\/p>\t\t\t\t<\/div>\n\t\t\t\t<div class=\"elementor-element elementor-element-fb58128 elementor-widget elementor-widget-heading\" data-id=\"fb58128\" data-element_type=\"widget\" data-e-type=\"widget\" data-widget_type=\"heading.default\">\n\t\t\t\t\t<p class=\"elementor-heading-title elementor-size-default\">17.05.2026<\/p>\t\t\t\t<\/div>\n\t\t\t\t<div class=\"elementor-element elementor-element-451cbf5 elementor-icon-list--layout-traditional elementor-list-item-link-full_width elementor-widget elementor-widget-icon-list\" data-id=\"451cbf5\" data-element_type=\"widget\" data-e-type=\"widget\" data-widget_type=\"icon-list.default\">\n\t\t\t\t\t\t\t<ul class=\"elementor-icon-list-items\">\n\t\t\t\t\t\t\t<li class=\"elementor-icon-list-item\">\n\t\t\t\t\t\t\t\t\t\t\t<span class=\"elementor-icon-list-icon\">\n\t\t\t\t\t\t\t<svg aria-hidden=\"true\" class=\"e-font-icon-svg e-fas-map-marker\" viewBox=\"0 0 384 512\" xmlns=\"http:\/\/www.w3.org\/2000\/svg\"><path d=\"M172.268 501.67C26.97 291.031 0 269.413 0 192 0 85.961 85.961 0 192 0s192 85.961 192 192c0 77.413-26.97 99.031-172.268 309.67-9.535 13.774-29.93 13.773-39.464 0z\"><\/path><\/svg>\t\t\t\t\t\t<\/span>\n\t\t\t\t\t\t\t\t\t\t<span class=\"elementor-icon-list-text\">Girona<\/span>\n\t\t\t\t\t\t\t\t\t<\/li>\n\t\t\t\t\t\t<\/ul>\n\t\t\t\t\t\t<\/div>\n\t\t\t\t<\/div>\n\t\t<div class=\"elementor-element elementor-element-cd30cd4 e-con-full e-flex e-con e-child\" data-id=\"cd30cd4\" data-element_type=\"container\" data-e-type=\"container\">\n\t\t<div class=\"elementor-element elementor-element-706c677 e-con-full pindola e-flex e-con e-child\" data-id=\"706c677\" data-element_type=\"container\" data-e-type=\"container\" data-settings=\"{&quot;background_background&quot;:&quot;classic&quot;,&quot;animation&quot;:&quot;none&quot;}\">\n\t\t\t\t<\/div>\n\t\t\t\t<\/div>\n\t\t<div class=\"elementor-element elementor-element-39d334d e-con-full e-flex e-con e-child\" data-id=\"39d334d\" data-element_type=\"container\" data-e-type=\"container\">\n\t\t\t\t<div class=\"elementor-element elementor-element-c9f6d2e elementor-align-center elementor-widget elementor-widget-button\" data-id=\"c9f6d2e\" data-element_type=\"widget\" data-e-type=\"widget\" data-widget_type=\"button.default\">\n\t\t\t\t\t\t\t\t\t\t<a class=\"elementor-button elementor-button-link elementor-size-sm\" href=\"#\">\n\t\t\t\t\t\t<span class=\"elementor-button-content-wrapper\">\n\t\t\t\t\t\t\t\t\t<span class=\"elementor-button-text\"><span>Activitats a l&#039;aire lliure<\/span><\/span>\n\t\t\t\t\t<\/span>\n\t\t\t\t\t<\/a>\n\t\t\t\t\t\t\t\t<\/div>\n\t\t\t\t<div class=\"elementor-element elementor-element-5af3660 elementor-widget elementor-widget-heading\" data-id=\"5af3660\" data-element_type=\"widget\" data-e-type=\"widget\" data-settings=\"{&quot;_animation&quot;:&quot;none&quot;}\" data-widget_type=\"heading.default\">\n\t\t\t\t\t<h3 class=\"elementor-heading-title elementor-size-default\">Girona, Temps de Flors 2026<\/h3>\t\t\t\t<\/div>\n\t\t\t\t<div class=\"elementor-element elementor-element-99e709b elementor-widget elementor-widget-text-editor\" data-id=\"99e709b\" data-element_type=\"widget\" data-e-type=\"widget\" data-settings=\"{&quot;_animation&quot;:&quot;none&quot;}\" data-widget_type=\"text-editor.default\">\n\t\t\t\t\t\t\t\t\tDel 9 al 17 de maig de 2026, Girona celebrar\u00e0 una nova edici\u00f3 de Temps de Flors, la 71a Exposici\u00f3 de flors, patis i jardins, que transforma la ciutat en un gran recorregut floral a l\u2019aire lliure.<br><br>Durant aquests dies, el Barri Vell s\u2019omple de muntatges ef\u00edmers i intervencions creatives que conviden a descobrir racons \u00fanics, patis interiors i espais patrimonials oberts de manera excepcional. Una experi\u00e8ncia imprescindible per viure Girona a la primavera, plena de color i vida.\t\t\t\t\t\t\t\t<\/div>\n\t\t\t\t<\/div>\n\t\t\t\t<\/div>\n\t\t\t\t<\/div>\n\t\t<style id=\"loop-dynamic-13837\">.e-loop-item-15334 .elementor-element.elementor-element-706c677:not(.elementor-motion-effects-element-type-background), .e-loop-item-15334 .elementor-element.elementor-element-706c677 > .elementor-motion-effects-container > .elementor-motion-effects-layer{background-image:url(\"https:\/\/ficam.cat\/wp-content\/uploads\/2026\/01\/festival-del-circ-elefant-d-or-Girona-Palau-Fugit.jpg\");}<\/style>\t\t<div data-elementor-type=\"loop-item\" data-elementor-id=\"13837\" class=\"elementor elementor-13837 e-loop-item e-loop-item-15334 post-15334 post type-post status-publish format-standard has-post-thumbnail hentry category-musica-festivals\" data-elementor-post-type=\"elementor_library\" data-custom-edit-handle=\"1\">\n\t\t\t<div class=\"elementor-element elementor-element-91ca135 e-con-full e-flex e-con e-parent\" data-id=\"91ca135\" data-element_type=\"container\" data-e-type=\"container\">\n\t\t<div class=\"elementor-element elementor-element-0592b3f e-con-full e-flex e-con e-child\" data-id=\"0592b3f\" data-element_type=\"container\" data-e-type=\"container\">\n\t\t\t\t<div class=\"elementor-element elementor-element-59f03c3 elementor-widget elementor-widget-heading\" data-id=\"59f03c3\" data-element_type=\"widget\" data-e-type=\"widget\" data-widget_type=\"heading.default\">\n\t\t\t\t\t<p class=\"elementor-heading-title elementor-size-default\">26.02.2026<\/p>\t\t\t\t<\/div>\n\t\t\t\t<div class=\"elementor-element elementor-element-fb58128 elementor-widget elementor-widget-heading\" data-id=\"fb58128\" data-element_type=\"widget\" data-e-type=\"widget\" data-widget_type=\"heading.default\">\n\t\t\t\t\t<p class=\"elementor-heading-title elementor-size-default\">02.03.2026<\/p>\t\t\t\t<\/div>\n\t\t\t\t<div class=\"elementor-element elementor-element-451cbf5 elementor-icon-list--layout-traditional elementor-list-item-link-full_width elementor-widget elementor-widget-icon-list\" data-id=\"451cbf5\" data-element_type=\"widget\" data-e-type=\"widget\" data-widget_type=\"icon-list.default\">\n\t\t\t\t\t\t\t<ul class=\"elementor-icon-list-items\">\n\t\t\t\t\t\t\t<li class=\"elementor-icon-list-item\">\n\t\t\t\t\t\t\t\t\t\t\t<span class=\"elementor-icon-list-icon\">\n\t\t\t\t\t\t\t<svg aria-hidden=\"true\" class=\"e-font-icon-svg e-fas-map-marker\" viewBox=\"0 0 384 512\" xmlns=\"http:\/\/www.w3.org\/2000\/svg\"><path d=\"M172.268 501.67C26.97 291.031 0 269.413 0 192 0 85.961 85.961 0 192 0s192 85.961 192 192c0 77.413-26.97 99.031-172.268 309.67-9.535 13.774-29.93 13.773-39.464 0z\"><\/path><\/svg>\t\t\t\t\t\t<\/span>\n\t\t\t\t\t\t\t\t\t\t<span class=\"elementor-icon-list-text\">Girona<\/span>\n\t\t\t\t\t\t\t\t\t<\/li>\n\t\t\t\t\t\t<\/ul>\n\t\t\t\t\t\t<\/div>\n\t\t\t\t<\/div>\n\t\t<div class=\"elementor-element elementor-element-cd30cd4 e-con-full e-flex e-con e-child\" data-id=\"cd30cd4\" data-element_type=\"container\" data-e-type=\"container\">\n\t\t<div class=\"elementor-element elementor-element-706c677 e-con-full pindola e-flex e-con e-child\" data-id=\"706c677\" data-element_type=\"container\" data-e-type=\"container\" data-settings=\"{&quot;background_background&quot;:&quot;classic&quot;,&quot;animation&quot;:&quot;none&quot;}\">\n\t\t\t\t<\/div>\n\t\t\t\t<\/div>\n\t\t<div class=\"elementor-element elementor-element-39d334d e-con-full e-flex e-con e-child\" data-id=\"39d334d\" data-element_type=\"container\" data-e-type=\"container\">\n\t\t\t\t<div class=\"elementor-element elementor-element-c9f6d2e elementor-align-center elementor-widget elementor-widget-button\" data-id=\"c9f6d2e\" data-element_type=\"widget\" data-e-type=\"widget\" data-widget_type=\"button.default\">\n\t\t\t\t\t\t\t\t\t\t<a class=\"elementor-button elementor-button-link elementor-size-sm\" href=\"#\">\n\t\t\t\t\t\t<span class=\"elementor-button-content-wrapper\">\n\t\t\t\t\t\t\t\t\t<span class=\"elementor-button-text\"><span>Musica &amp; Festivals<\/span><\/span>\n\t\t\t\t\t<\/span>\n\t\t\t\t\t<\/a>\n\t\t\t\t\t\t\t\t<\/div>\n\t\t\t\t<div class=\"elementor-element elementor-element-5af3660 elementor-widget elementor-widget-heading\" data-id=\"5af3660\" data-element_type=\"widget\" data-e-type=\"widget\" data-settings=\"{&quot;_animation&quot;:&quot;none&quot;}\" data-widget_type=\"heading.default\">\n\t\t\t\t\t<h3 class=\"elementor-heading-title elementor-size-default\">Festival Internacional del Circ Elefant d\u2019Or<\/h3>\t\t\t\t<\/div>\n\t\t\t\t<div class=\"elementor-element elementor-element-99e709b elementor-widget elementor-widget-text-editor\" data-id=\"99e709b\" data-element_type=\"widget\" data-e-type=\"widget\" data-settings=\"{&quot;_animation&quot;:&quot;none&quot;}\" data-widget_type=\"text-editor.default\">\n\t\t\t\t\t\t\t\t\tDel 26 de febrer al 2 de mar\u00e7, Girona acollir\u00e0 la 14a edici\u00f3 del Festival Internacional del Circ Elefant d\u2019Or.\n\nEl certamen presentar\u00e0 76 artistes de 16 pa\u00efsos i 24 atraccions in\u00e8dites a la pista d\u2019un circ a Europa occidental. A la programaci\u00f3 d\u2019aquest any hi destaquen tres atraccions grupals, amb col\u00b7lectius d\u2019artistes arribats de la Xina (11 acr\u00f2bates al llit el\u00e0stic), Mong\u00f2lia (12 saltadors a la b\u00e0scula) i Xile (10 acr\u00f2bates aeris als trapezis volants en creu). \t\t\t\t\t\t\t\t<\/div>\n\t\t\t\t<\/div>\n\t\t\t\t<\/div>\n\t\t\t\t<\/div>\n\t\t<style id=\"loop-dynamic-13837\">.e-loop-item-15332 .elementor-element.elementor-element-706c677:not(.elementor-motion-effects-element-type-background), .e-loop-item-15332 .elementor-element.elementor-element-706c677 > .elementor-motion-effects-container > .elementor-motion-effects-layer{background-image:url(\"https:\/\/ficam.cat\/wp-content\/uploads\/2026\/01\/concert-Alverd-Oliva-Palau-Fugit-Girona.jpg\");}<\/style>\t\t<div data-elementor-type=\"loop-item\" data-elementor-id=\"13837\" class=\"elementor elementor-13837 e-loop-item e-loop-item-15332 post-15332 post type-post status-publish format-standard has-post-thumbnail hentry category-musica-festivals\" data-elementor-post-type=\"elementor_library\" data-custom-edit-handle=\"1\">\n\t\t\t<div class=\"elementor-element elementor-element-91ca135 e-con-full e-flex e-con e-parent\" data-id=\"91ca135\" data-element_type=\"container\" data-e-type=\"container\">\n\t\t<div class=\"elementor-element elementor-element-0592b3f e-con-full e-flex e-con e-child\" data-id=\"0592b3f\" data-element_type=\"container\" data-e-type=\"container\">\n\t\t\t\t<div class=\"elementor-element elementor-element-59f03c3 elementor-widget elementor-widget-heading\" data-id=\"59f03c3\" data-element_type=\"widget\" data-e-type=\"widget\" data-widget_type=\"heading.default\">\n\t\t\t\t\t<p class=\"elementor-heading-title elementor-size-default\">05.12.2025<\/p>\t\t\t\t<\/div>\n\t\t\t\t<div class=\"elementor-element elementor-element-fb58128 elementor-widget elementor-widget-heading\" data-id=\"fb58128\" data-element_type=\"widget\" data-e-type=\"widget\" data-widget_type=\"heading.default\">\n\t\t\t\t\t<p class=\"elementor-heading-title elementor-size-default\">18.12.2025<\/p>\t\t\t\t<\/div>\n\t\t\t\t<div class=\"elementor-element elementor-element-451cbf5 elementor-icon-list--layout-traditional elementor-list-item-link-full_width elementor-widget elementor-widget-icon-list\" data-id=\"451cbf5\" data-element_type=\"widget\" data-e-type=\"widget\" data-widget_type=\"icon-list.default\">\n\t\t\t\t\t\t\t<ul class=\"elementor-icon-list-items\">\n\t\t\t\t\t\t\t<li class=\"elementor-icon-list-item\">\n\t\t\t\t\t\t\t\t\t\t\t<span class=\"elementor-icon-list-icon\">\n\t\t\t\t\t\t\t<svg aria-hidden=\"true\" class=\"e-font-icon-svg e-fas-map-marker\" viewBox=\"0 0 384 512\" xmlns=\"http:\/\/www.w3.org\/2000\/svg\"><path d=\"M172.268 501.67C26.97 291.031 0 269.413 0 192 0 85.961 85.961 0 192 0s192 85.961 192 192c0 77.413-26.97 99.031-172.268 309.67-9.535 13.774-29.93 13.773-39.464 0z\"><\/path><\/svg>\t\t\t\t\t\t<\/span>\n\t\t\t\t\t\t\t\t\t\t<span class=\"elementor-icon-list-text\">Girona<\/span>\n\t\t\t\t\t\t\t\t\t<\/li>\n\t\t\t\t\t\t<\/ul>\n\t\t\t\t\t\t<\/div>\n\t\t\t\t<\/div>\n\t\t<div class=\"elementor-element elementor-element-cd30cd4 e-con-full e-flex e-con e-child\" data-id=\"cd30cd4\" data-element_type=\"container\" data-e-type=\"container\">\n\t\t<div class=\"elementor-element elementor-element-706c677 e-con-full pindola e-flex e-con e-child\" data-id=\"706c677\" data-element_type=\"container\" data-e-type=\"container\" data-settings=\"{&quot;background_background&quot;:&quot;classic&quot;,&quot;animation&quot;:&quot;none&quot;}\">\n\t\t\t\t<\/div>\n\t\t\t\t<\/div>\n\t\t<div class=\"elementor-element elementor-element-39d334d e-con-full e-flex e-con e-child\" data-id=\"39d334d\" data-element_type=\"container\" data-e-type=\"container\">\n\t\t\t\t<div class=\"elementor-element elementor-element-c9f6d2e elementor-align-center elementor-widget elementor-widget-button\" data-id=\"c9f6d2e\" data-element_type=\"widget\" data-e-type=\"widget\" data-widget_type=\"button.default\">\n\t\t\t\t\t\t\t\t\t\t<a class=\"elementor-button elementor-button-link elementor-size-sm\" href=\"#\">\n\t\t\t\t\t\t<span class=\"elementor-button-content-wrapper\">\n\t\t\t\t\t\t\t\t\t<span class=\"elementor-button-text\"><span>Musica &amp; Festivals<\/span><\/span>\n\t\t\t\t\t<\/span>\n\t\t\t\t\t<\/a>\n\t\t\t\t\t\t\t\t<\/div>\n\t\t\t\t<div class=\"elementor-element elementor-element-5af3660 elementor-widget elementor-widget-heading\" data-id=\"5af3660\" data-element_type=\"widget\" data-e-type=\"widget\" data-settings=\"{&quot;_animation&quot;:&quot;none&quot;}\" data-widget_type=\"heading.default\">\n\t\t\t\t\t<h3 class=\"elementor-heading-title elementor-size-default\">Cicle de concerts d&#8217;Alverd Oliva<\/h3>\t\t\t\t<\/div>\n\t\t\t\t<div class=\"elementor-element elementor-element-99e709b elementor-widget elementor-widget-text-editor\" data-id=\"99e709b\" data-element_type=\"widget\" data-e-type=\"widget\" data-settings=\"{&quot;_animation&quot;:&quot;none&quot;}\" data-widget_type=\"text-editor.default\">\n\t\t\t\t\t\t\t\t\tCicle de concerts d&#8217;Alverd Oliva. Inaugurem un cicle de quatre concerts en directe amb Alverd Oliva al Gipsy.\nL&#8217;artista de Figueres presenta Flor de nit, el seu segon disc: un viatge per les emocions i sensacions que sorgeixen d&#8217;un so arrelat en el folk americ\u00e0, embolicat en rock, tradici\u00f3 de compositor i matisos de reggae. \n\nVine a escoltar-ho en directe, en un format proper i \u00edntim.<br>Dates: 5 i 18 de desembre\nHora: 18:30 \u2014 20:30\nLloc: Gipsy, Ciutat Vella de Girona, dins del Palau Fugit\nEntrada: entrada gratu\u00efta fins a completar l&#8217;aforament.\t\t\t\t\t\t\t\t<\/div>\n\t\t\t\t<\/div>\n\t\t\t\t<\/div>\n\t\t\t\t<\/div>\n\t\t<style id=\"loop-dynamic-13837\">.e-loop-item-15329 .elementor-element.elementor-element-706c677:not(.elementor-motion-effects-element-type-background), .e-loop-item-15329 .elementor-element.elementor-element-706c677 > .elementor-motion-effects-container > .elementor-motion-effects-layer{background-image:url(\"https:\/\/ficam.cat\/wp-content\/uploads\/2026\/01\/fragments-teixits-palau-fugit-il\u00b7lacions.jpg\");}<\/style>\t\t<div data-elementor-type=\"loop-item\" data-elementor-id=\"13837\" class=\"elementor elementor-13837 e-loop-item e-loop-item-15329 post-15329 post type-post status-publish format-standard has-post-thumbnail hentry category-art-i-cultura\" data-elementor-post-type=\"elementor_library\" data-custom-edit-handle=\"1\">\n\t\t\t<div class=\"elementor-element elementor-element-91ca135 e-con-full e-flex e-con e-parent\" data-id=\"91ca135\" data-element_type=\"container\" data-e-type=\"container\">\n\t\t<div class=\"elementor-element elementor-element-0592b3f e-con-full e-flex e-con e-child\" data-id=\"0592b3f\" data-element_type=\"container\" data-e-type=\"container\">\n\t\t\t\t<div class=\"elementor-element elementor-element-59f03c3 elementor-widget elementor-widget-heading\" data-id=\"59f03c3\" data-element_type=\"widget\" data-e-type=\"widget\" data-widget_type=\"heading.default\">\n\t\t\t\t\t<p class=\"elementor-heading-title elementor-size-default\">01.10.2025<\/p>\t\t\t\t<\/div>\n\t\t\t\t<div class=\"elementor-element elementor-element-fb58128 elementor-widget elementor-widget-heading\" data-id=\"fb58128\" data-element_type=\"widget\" data-e-type=\"widget\" data-widget_type=\"heading.default\">\n\t\t\t\t\t<p class=\"elementor-heading-title elementor-size-default\">07.01.2026<\/p>\t\t\t\t<\/div>\n\t\t\t\t<div class=\"elementor-element elementor-element-451cbf5 elementor-icon-list--layout-traditional elementor-list-item-link-full_width elementor-widget elementor-widget-icon-list\" data-id=\"451cbf5\" data-element_type=\"widget\" data-e-type=\"widget\" data-widget_type=\"icon-list.default\">\n\t\t\t\t\t\t\t<ul class=\"elementor-icon-list-items\">\n\t\t\t\t\t\t\t<li class=\"elementor-icon-list-item\">\n\t\t\t\t\t\t\t\t\t\t\t<span class=\"elementor-icon-list-icon\">\n\t\t\t\t\t\t\t<svg aria-hidden=\"true\" class=\"e-font-icon-svg e-fas-map-marker\" viewBox=\"0 0 384 512\" xmlns=\"http:\/\/www.w3.org\/2000\/svg\"><path d=\"M172.268 501.67C26.97 291.031 0 269.413 0 192 0 85.961 85.961 0 192 0s192 85.961 192 192c0 77.413-26.97 99.031-172.268 309.67-9.535 13.774-29.93 13.773-39.464 0z\"><\/path><\/svg>\t\t\t\t\t\t<\/span>\n\t\t\t\t\t\t\t\t\t\t<span class=\"elementor-icon-list-text\">Girona<\/span>\n\t\t\t\t\t\t\t\t\t<\/li>\n\t\t\t\t\t\t<\/ul>\n\t\t\t\t\t\t<\/div>\n\t\t\t\t<\/div>\n\t\t<div class=\"elementor-element elementor-element-cd30cd4 e-con-full e-flex e-con e-child\" data-id=\"cd30cd4\" data-element_type=\"container\" data-e-type=\"container\">\n\t\t<div class=\"elementor-element elementor-element-706c677 e-con-full pindola e-flex e-con e-child\" data-id=\"706c677\" data-element_type=\"container\" data-e-type=\"container\" data-settings=\"{&quot;background_background&quot;:&quot;classic&quot;,&quot;animation&quot;:&quot;none&quot;}\">\n\t\t\t\t<\/div>\n\t\t\t\t<\/div>\n\t\t<div class=\"elementor-element elementor-element-39d334d e-con-full e-flex e-con e-child\" data-id=\"39d334d\" data-element_type=\"container\" data-e-type=\"container\">\n\t\t\t\t<div class=\"elementor-element elementor-element-c9f6d2e elementor-align-center elementor-widget elementor-widget-button\" data-id=\"c9f6d2e\" data-element_type=\"widget\" data-e-type=\"widget\" data-widget_type=\"button.default\">\n\t\t\t\t\t\t\t\t\t\t<a class=\"elementor-button elementor-button-link elementor-size-sm\" href=\"#\">\n\t\t\t\t\t\t<span class=\"elementor-button-content-wrapper\">\n\t\t\t\t\t\t\t\t\t<span class=\"elementor-button-text\"><span>Art i Cultura<\/span><\/span>\n\t\t\t\t\t<\/span>\n\t\t\t\t\t<\/a>\n\t\t\t\t\t\t\t\t<\/div>\n\t\t\t\t<div class=\"elementor-element elementor-element-5af3660 elementor-widget elementor-widget-heading\" data-id=\"5af3660\" data-element_type=\"widget\" data-e-type=\"widget\" data-settings=\"{&quot;_animation&quot;:&quot;none&quot;}\" data-widget_type=\"heading.default\">\n\t\t\t\t\t<h3 class=\"elementor-heading-title elementor-size-default\">Mostra d\u2019art \u201cFragments Teixits\u201d de Mariadela Araujo<\/h3>\t\t\t\t<\/div>\n\t\t\t\t<div class=\"elementor-element elementor-element-99e709b elementor-widget elementor-widget-text-editor\" data-id=\"99e709b\" data-element_type=\"widget\" data-e-type=\"widget\" data-settings=\"{&quot;_animation&quot;:&quot;none&quot;}\" data-widget_type=\"text-editor.default\">\n\t\t\t\t\t\t\t\t\tNova mostra d\u2019art a Palau Fugit amb amb la galeria I\u00b7lacions, dedicada a l\u2019obra de l\u2019artista Mariadela Araujo. \u201cFragments Teixits\u201d \u00e9s una mostra multidisciplin\u00e0ria que explora el disseny t\u00e8xtil des de l\u2019experimentaci\u00f3 i la innovaci\u00f3, convertint el material en llenguatge i el fragment en relat. \n\nL\u2019exposici\u00f3 estar\u00e0 oberta al p\u00fablic a partir de l\u20191 d\u2019octubre. Per accedir-hi, si us plau, pregunteu a la recepci\u00f3 de Palau Fugit. \t\t\t\t\t\t\t\t<\/div>\n\t\t\t\t<\/div>\n\t\t\t\t<\/div>\n\t\t\t\t<\/div>\n\t\t\t\t<\/div>\n\t\t\t\t\t<span class=\"e-load-more-spinner\">\n\t\t\t\t<svg aria-hidden=\"true\" class=\"e-font-icon-svg e-fas-spinner\" viewBox=\"0 0 512 512\" xmlns=\"http:\/\/www.w3.org\/2000\/svg\"><path d=\"M304 48c0 26.51-21.49 48-48 48s-48-21.49-48-48 21.49-48 48-48 48 21.49 48 48zm-48 368c-26.51 0-48 21.49-48 48s21.49 48 48 48 48-21.49 48-48-21.49-48-48-48zm208-208c-26.51 0-48 21.49-48 48s21.49 48 48 48 48-21.49 48-48-21.49-48-48-48zM96 256c0-26.51-21.49-48-48-48S0 229.49 0 256s21.49 48 48 48 48-21.49 48-48zm12.922 99.078c-26.51 0-48 21.49-48 48s21.49 48 48 48 48-21.49 48-48c0-26.509-21.491-48-48-48zm294.156 0c-26.51 0-48 21.49-48 48s21.49 48 48 48 48-21.49 48-48c0-26.509-21.49-48-48-48zM108.922 60.922c-26.51 0-48 21.49-48 48s21.49 48 48 48 48-21.49 48-48-21.491-48-48-48z\"><\/path><\/svg>\t\t\t<\/span>\n\t\t\n\t\t\t\t<div class=\"e-load-more-anchor\" data-page=\"1\" data-max-page=\"4\" data-next-page=\"https:\/\/ficam.cat\/ca\/wp-json\/wp\/v2\/pages\/15284\/page\/2\/\"><\/div>\n\t\t\t\t<div class=\"e-loop__load-more elementor-button-wrapper\">\n\t\t\t<a class=\"elementor-button elementor-size-sm\" role=\"button\">\n\t\t\t\t\t\t<span class=\"elementor-button-content-wrapper\">\n\t\t\t\t\t\t\t\t\t<span class=\"elementor-button-text\">Carregan m\u00e9s<\/span>\n\t\t\t\t\t<\/span>\n\t\t\t\t\t<\/a>\n\t\t<\/div>\n\t\t\t\t<div class=\"e-load-more-message\"><\/div>\n\t\t\t\t\t\t<\/div>\n\t\t\t\t<\/div>\n\t\t\t\t<\/div>\n\t\t\t\t<\/div>\n\t\t","protected":false},"excerpt":{"rendered":"<p>Des d\u2019exposicions amb artistes de renom, a festivals de m\u00fasica i gastronomia, passant per activitats a l\u2019aire lliure per a totes les edats i p\u00fablics. Aqu\u00ed hi trobar\u00e0s la nostra selecci\u00f3 per a tu. Tria, remena i assaboreix Girona! Art &amp; Culture Gastronomy Music &amp; Festivals Outdoor activities Tot<\/p>\n","protected":false},"author":1,"featured_media":0,"parent":0,"menu_order":0,"comment_status":"closed","ping_status":"closed","template":"elementor_header_footer","meta":{"_acf_changed":false,"inline_featured_image":false,"footnotes":""},"class_list":["post-15284","page","type-page","status-publish","hentry"],"acf":[],"yoast_head":"<!-- This site is optimized with the Yoast SEO plugin v27.4 - https:\/\/yoast.com\/product\/yoast-seo-wordpress\/ -->\n<title>Agenda cultural gironina - Palau Fugit<\/title>\n<meta name=\"description\" content=\"Busques alguna cosa a fer? En aquesta secci\u00f3, hem seleccionat esdeveniments per la ciutat. Tria la Girona que vulguis viure.\" \/>\n<meta name=\"robots\" content=\"noindex, follow, max-snippet:-1, max-image-preview:large, max-video-preview:-1\" \/>\n<meta property=\"og:locale\" content=\"ca_ES\" \/>\n<meta property=\"og:type\" content=\"article\" \/>\n<meta property=\"og:title\" content=\"Agenda cultural gironina - Palau Fugit\" \/>\n<meta property=\"og:description\" content=\"Busques alguna cosa a fer? En aquesta secci\u00f3, hem seleccionat esdeveniments per la ciutat. Tria la Girona que vulguis viure.\" \/>\n<meta property=\"og:url\" content=\"https:\/\/ficam.cat\/ca\/a-girona-hi-passen-un-munt-de-coses\/\" \/>\n<meta property=\"og:site_name\" content=\"Palau Fugit\" \/>\n<meta property=\"article:modified_time\" content=\"2026-04-14T16:45:32+00:00\" \/>\n<meta name=\"twitter:card\" content=\"summary_large_image\" \/>\n<script type=\"application\/ld+json\" class=\"yoast-schema-graph\">{\"@context\":\"https:\\\/\\\/schema.org\",\"@graph\":[{\"@type\":\"WebPage\",\"@id\":\"https:\\\/\\\/ficam.cat\\\/ca\\\/a-girona-hi-passen-un-munt-de-coses\\\/\",\"url\":\"https:\\\/\\\/ficam.cat\\\/ca\\\/a-girona-hi-passen-un-munt-de-coses\\\/\",\"name\":\"Agenda cultural gironina - Palau Fugit\",\"isPartOf\":{\"@id\":\"https:\\\/\\\/ficam.cat\\\/ca\\\/#website\"},\"datePublished\":\"2026-02-17T08:45:09+00:00\",\"dateModified\":\"2026-04-14T16:45:32+00:00\",\"description\":\"Busques alguna cosa a fer? En aquesta secci\u00f3, hem seleccionat esdeveniments per la ciutat. Tria la Girona que vulguis viure.\",\"breadcrumb\":{\"@id\":\"https:\\\/\\\/ficam.cat\\\/ca\\\/a-girona-hi-passen-un-munt-de-coses\\\/#breadcrumb\"},\"inLanguage\":\"ca\",\"potentialAction\":[{\"@type\":\"ReadAction\",\"target\":[\"https:\\\/\\\/ficam.cat\\\/ca\\\/a-girona-hi-passen-un-munt-de-coses\\\/\"]}]},{\"@type\":\"BreadcrumbList\",\"@id\":\"https:\\\/\\\/ficam.cat\\\/ca\\\/a-girona-hi-passen-un-munt-de-coses\\\/#breadcrumb\",\"itemListElement\":[{\"@type\":\"ListItem\",\"position\":1,\"name\":\"Inici\",\"item\":\"https:\\\/\\\/ficam.cat\\\/ca\\\/inici\\\/\"},{\"@type\":\"ListItem\",\"position\":2,\"name\":\"Agenda cultural gironina\"}]},{\"@type\":\"WebSite\",\"@id\":\"https:\\\/\\\/ficam.cat\\\/ca\\\/#website\",\"url\":\"https:\\\/\\\/ficam.cat\\\/ca\\\/\",\"name\":\"Palau Fugit\",\"description\":\"Hotel Boutique en Girona\",\"publisher\":{\"@id\":\"https:\\\/\\\/ficam.cat\\\/ca\\\/#organization\"},\"potentialAction\":[{\"@type\":\"SearchAction\",\"target\":{\"@type\":\"EntryPoint\",\"urlTemplate\":\"https:\\\/\\\/ficam.cat\\\/ca\\\/?s={search_term_string}\"},\"query-input\":{\"@type\":\"PropertyValueSpecification\",\"valueRequired\":true,\"valueName\":\"search_term_string\"}}],\"inLanguage\":\"ca\"},{\"@type\":\"Organization\",\"@id\":\"https:\\\/\\\/ficam.cat\\\/ca\\\/#organization\",\"name\":\"Palau Fugit\",\"url\":\"https:\\\/\\\/ficam.cat\\\/ca\\\/\",\"logo\":{\"@type\":\"ImageObject\",\"inLanguage\":\"ca\",\"@id\":\"https:\\\/\\\/ficam.cat\\\/ca\\\/#\\\/schema\\\/logo\\\/image\\\/\",\"url\":\"https:\\\/\\\/ficam.cat\\\/wp-content\\\/uploads\\\/2026\\\/02\\\/cropped-favicon_palaufugit-favicon.png\",\"contentUrl\":\"https:\\\/\\\/ficam.cat\\\/wp-content\\\/uploads\\\/2026\\\/02\\\/cropped-favicon_palaufugit-favicon.png\",\"width\":512,\"height\":512,\"caption\":\"Palau Fugit\"},\"image\":{\"@id\":\"https:\\\/\\\/ficam.cat\\\/ca\\\/#\\\/schema\\\/logo\\\/image\\\/\"},\"sameAs\":[\"https:\\\/\\\/www.instagram.com\\\/palaufugitgirona\\\/\"]}]}<\/script>\n<!-- \/ Yoast SEO plugin. -->","yoast_head_json":{"title":"Agenda cultural gironina - Palau Fugit","description":"Busques alguna cosa a fer? En aquesta secci\u00f3, hem seleccionat esdeveniments per la ciutat. Tria la Girona que vulguis viure.","robots":{"index":"noindex","follow":"follow","max-snippet":"max-snippet:-1","max-image-preview":"max-image-preview:large","max-video-preview":"max-video-preview:-1"},"og_locale":"ca_ES","og_type":"article","og_title":"Agenda cultural gironina - Palau Fugit","og_description":"Busques alguna cosa a fer? En aquesta secci\u00f3, hem seleccionat esdeveniments per la ciutat. Tria la Girona que vulguis viure.","og_url":"https:\/\/ficam.cat\/ca\/a-girona-hi-passen-un-munt-de-coses\/","og_site_name":"Palau Fugit","article_modified_time":"2026-04-14T16:45:32+00:00","twitter_card":"summary_large_image","schema":{"@context":"https:\/\/schema.org","@graph":[{"@type":"WebPage","@id":"https:\/\/ficam.cat\/ca\/a-girona-hi-passen-un-munt-de-coses\/","url":"https:\/\/ficam.cat\/ca\/a-girona-hi-passen-un-munt-de-coses\/","name":"Agenda cultural gironina - Palau Fugit","isPartOf":{"@id":"https:\/\/ficam.cat\/ca\/#website"},"datePublished":"2026-02-17T08:45:09+00:00","dateModified":"2026-04-14T16:45:32+00:00","description":"Busques alguna cosa a fer? En aquesta secci\u00f3, hem seleccionat esdeveniments per la ciutat. Tria la Girona que vulguis viure.","breadcrumb":{"@id":"https:\/\/ficam.cat\/ca\/a-girona-hi-passen-un-munt-de-coses\/#breadcrumb"},"inLanguage":"ca","potentialAction":[{"@type":"ReadAction","target":["https:\/\/ficam.cat\/ca\/a-girona-hi-passen-un-munt-de-coses\/"]}]},{"@type":"BreadcrumbList","@id":"https:\/\/ficam.cat\/ca\/a-girona-hi-passen-un-munt-de-coses\/#breadcrumb","itemListElement":[{"@type":"ListItem","position":1,"name":"Inici","item":"https:\/\/ficam.cat\/ca\/inici\/"},{"@type":"ListItem","position":2,"name":"Agenda cultural gironina"}]},{"@type":"WebSite","@id":"https:\/\/ficam.cat\/ca\/#website","url":"https:\/\/ficam.cat\/ca\/","name":"Palau Fugit","description":"Hotel Boutique en Girona","publisher":{"@id":"https:\/\/ficam.cat\/ca\/#organization"},"potentialAction":[{"@type":"SearchAction","target":{"@type":"EntryPoint","urlTemplate":"https:\/\/ficam.cat\/ca\/?s={search_term_string}"},"query-input":{"@type":"PropertyValueSpecification","valueRequired":true,"valueName":"search_term_string"}}],"inLanguage":"ca"},{"@type":"Organization","@id":"https:\/\/ficam.cat\/ca\/#organization","name":"Palau Fugit","url":"https:\/\/ficam.cat\/ca\/","logo":{"@type":"ImageObject","inLanguage":"ca","@id":"https:\/\/ficam.cat\/ca\/#\/schema\/logo\/image\/","url":"https:\/\/ficam.cat\/wp-content\/uploads\/2026\/02\/cropped-favicon_palaufugit-favicon.png","contentUrl":"https:\/\/ficam.cat\/wp-content\/uploads\/2026\/02\/cropped-favicon_palaufugit-favicon.png","width":512,"height":512,"caption":"Palau Fugit"},"image":{"@id":"https:\/\/ficam.cat\/ca\/#\/schema\/logo\/image\/"},"sameAs":["https:\/\/www.instagram.com\/palaufugitgirona\/"]}]}},"_links":{"self":[{"href":"https:\/\/ficam.cat\/ca\/wp-json\/wp\/v2\/pages\/15284","targetHints":{"allow":["GET"]}}],"collection":[{"href":"https:\/\/ficam.cat\/ca\/wp-json\/wp\/v2\/pages"}],"about":[{"href":"https:\/\/ficam.cat\/ca\/wp-json\/wp\/v2\/types\/page"}],"author":[{"embeddable":true,"href":"https:\/\/ficam.cat\/ca\/wp-json\/wp\/v2\/users\/1"}],"replies":[{"embeddable":true,"href":"https:\/\/ficam.cat\/ca\/wp-json\/wp\/v2\/comments?post=15284"}],"version-history":[{"count":2,"href":"https:\/\/ficam.cat\/ca\/wp-json\/wp\/v2\/pages\/15284\/revisions"}],"predecessor-version":[{"id":15843,"href":"https:\/\/ficam.cat\/ca\/wp-json\/wp\/v2\/pages\/15284\/revisions\/15843"}],"wp:attachment":[{"href":"https:\/\/ficam.cat\/ca\/wp-json\/wp\/v2\/media?parent=15284"}],"curies":[{"name":"wp","href":"https:\/\/api.w.org\/{rel}","templated":true}]}}