{"id":15436,"date":"2026-01-26T11:56:02","date_gmt":"2026-01-26T11:56:02","guid":{"rendered":"https:\/\/ficam.cat\/inici\/"},"modified":"2026-04-14T11:44:48","modified_gmt":"2026-04-14T11:44:48","slug":"inici","status":"publish","type":"page","link":"https:\/\/ficam.cat\/ca\/","title":{"rendered":"Inici"},"content":{"rendered":"\t\t<div data-elementor-type=\"wp-page\" data-elementor-id=\"15436\" class=\"elementor elementor-15436 elementor-12873\" data-elementor-post-type=\"page\">\n\t\t\t\t<div class=\"elementor-element elementor-element-d532652 e-con-full e-flex e-con e-parent\" data-id=\"d532652\" data-element_type=\"container\" data-e-type=\"container\" data-settings=\"{&quot;background_background&quot;:&quot;classic&quot;}\">\n\t\t<div class=\"elementor-element elementor-element-c01807c e-con-full e-flex e-con e-child\" data-id=\"c01807c\" data-element_type=\"container\" data-e-type=\"container\">\n\t\t\t\t<div class=\"elementor-element elementor-element-e94b351 elementor-hidden-mobile elementor-widget elementor-widget-heading\" data-id=\"e94b351\" data-element_type=\"widget\" data-e-type=\"widget\" data-widget_type=\"heading.default\">\n\t\t\t\t\t<h1 class=\"elementor-heading-title elementor-size-default\">M\u00e9s que<br>un hotel,<\/h1>\t\t\t\t<\/div>\n\t\t\t\t<div class=\"elementor-element elementor-element-a568caf elementor-hidden-desktop elementor-hidden-tablet elementor-widget elementor-widget-heading\" data-id=\"a568caf\" data-element_type=\"widget\" data-e-type=\"widget\" data-widget_type=\"heading.default\">\n\t\t\t\t\t<h1 class=\"elementor-heading-title elementor-size-default\">M\u00e9s que un hotel, una manera\nde viure.<\/h1>\t\t\t\t<\/div>\n\t\t\t\t<div class=\"elementor-element elementor-element-43d20bd elementor-widget elementor-widget-text-editor\" data-id=\"43d20bd\" data-element_type=\"widget\" data-e-type=\"widget\" data-widget_type=\"text-editor.default\">\n\t\t\t\t\t\t\t\t\t<p>La Vida Plena,<br> des del bell mig de Girona<br>a tots els racons del m\u00f3n.<\/p>\t\t\t\t\t\t\t\t<\/div>\n\t\t\t\t<\/div>\n\t\t<div class=\"elementor-element elementor-element-40e0275 e-con-full elementor-hidden-mobile e-flex e-con e-child\" data-id=\"40e0275\" data-element_type=\"container\" data-e-type=\"container\">\n\t\t\t\t<div class=\"elementor-element elementor-element-14f392a elementor-widget__width-auto intro-section elementor-widget elementor-widget-heading\" data-id=\"14f392a\" data-element_type=\"widget\" data-e-type=\"widget\" data-widget_type=\"heading.default\">\n\t\t\t\t\t<h2 class=\"elementor-heading-title elementor-size-default\">una manera<br>de viure.<\/h2>\t\t\t\t<\/div>\n\t\t\t\t<\/div>\n\t\t\t\t<\/div>\n\t\t<div class=\"elementor-element elementor-element-81896dc e-con-full e-flex e-con e-parent\" data-id=\"81896dc\" data-element_type=\"container\" data-e-type=\"container\" data-settings=\"{&quot;background_background&quot;:&quot;classic&quot;}\">\n\t\t\t\t<div class=\"elementor-element elementor-element-66108a6 elementor-widget elementor-widget-image\" data-id=\"66108a6\" data-element_type=\"widget\" data-e-type=\"widget\" data-widget_type=\"image.default\">\n\t\t\t\t\t\t\t\t\t\t\t\t\t\t\t<img fetchpriority=\"high\" decoding=\"async\" width=\"2560\" height=\"1467\" src=\"https:\/\/ficam.cat\/wp-content\/uploads\/2026\/02\/Palau-Fugit-hilton-small-luxury-hotel.jpg\" class=\"attachment-full size-full wp-image-15419\" alt=\"\" srcset=\"https:\/\/ficam.cat\/wp-content\/uploads\/2026\/02\/Palau-Fugit-hilton-small-luxury-hotel.jpg 2560w, https:\/\/ficam.cat\/wp-content\/uploads\/2026\/02\/Palau-Fugit-hilton-small-luxury-hotel-300x172.jpg 300w, https:\/\/ficam.cat\/wp-content\/uploads\/2026\/02\/Palau-Fugit-hilton-small-luxury-hotel-1024x587.jpg 1024w, https:\/\/ficam.cat\/wp-content\/uploads\/2026\/02\/Palau-Fugit-hilton-small-luxury-hotel-768x440.jpg 768w, https:\/\/ficam.cat\/wp-content\/uploads\/2026\/02\/Palau-Fugit-hilton-small-luxury-hotel-1536x880.jpg 1536w, https:\/\/ficam.cat\/wp-content\/uploads\/2026\/02\/Palau-Fugit-hilton-small-luxury-hotel-2048x1174.jpg 2048w\" sizes=\"(max-width: 2560px) 100vw, 2560px\" \/>\t\t\t\t\t\t\t\t\t\t\t\t\t\t\t<\/div>\n\t\t\t\t<\/div>\n\t\t<div class=\"elementor-element elementor-element-57b4be0 filters-holder e-flex e-con-boxed e-con e-parent\" data-id=\"57b4be0\" data-element_type=\"container\" data-e-type=\"container\" data-settings=\"{&quot;background_background&quot;:&quot;classic&quot;,&quot;sticky&quot;:&quot;top&quot;,&quot;sticky_on&quot;:[&quot;desktop&quot;],&quot;sticky_offset&quot;:91.8,&quot;sticky_effects_offset&quot;:0,&quot;sticky_anchor_link_offset&quot;:0}\">\n\t\t\t\t\t<div class=\"e-con-inner\">\n\t\t\t\t<div class=\"elementor-element elementor-element-798df59 elementor-widget elementor-widget-shortcode\" data-id=\"798df59\" data-element_type=\"widget\" data-e-type=\"widget\" data-widget_type=\"shortcode.default\">\n\t\t\t\t\t\t\t<div class=\"elementor-shortcode\">        <div class=\"sbw-wrapper sbw-theme-dark\" id=\"sbw\"\n             style=\"--sbw-accent: #c9a96e\">\n\n            <div class=\"sbw-bar\">\n\n                <div class=\"sbw-field\" id=\"sbw-checkin-field\" onclick=\"sbwOpenCalendar('checkin')\">\n                    <label>Check-in<\/label>\n                    <div class=\"sbw-field-value\" id=\"sbw-checkin-display\">\u2014<\/div>\n                    <div class=\"sbw-field-border\"><\/div>\n                <\/div>\n\n                <div class=\"sbw-field\" id=\"sbw-checkout-field\" onclick=\"sbwOpenCalendar('checkout')\">\n                    <label>Check-out<\/label>\n                    <div class=\"sbw-field-value\" id=\"sbw-checkout-display\">\u2014<\/div>\n                    <div class=\"sbw-field-border\"><\/div>\n                <\/div>\n\n                <div class=\"sbw-field\" id=\"sbw-guests-field\" onclick=\"sbwToggleGuests()\">\n                    <label>Adults<\/label>\n                    <div class=\"sbw-field-value\" id=\"sbw-adults-display\">\n                        1 adult                    <\/div>\n                    <div class=\"sbw-field-border\"><\/div>\n                <\/div>\n\n                <div class=\"sbw-submit\">\n                    <button onclick=\"sbwSubmit()\">\n                        Book now                    <\/button>\n                <\/div>\n\n            <\/div>\n\n            <div class=\"sbw-hint\" id=\"sbw-hint\">\n                Select your check-in date            <\/div>\n\n            <div class=\"sbw-flyout\" id=\"sbw-calendar-flyout\">\n                <div class=\"sbw-cal-header\">\n                    <h3 id=\"sbw-cal-title\"><\/h3>\n                    <div class=\"sbw-cal-nav\">\n                        <button onclick=\"sbwCalNav(-1)\">&#8249;<\/button>\n                        <button onclick=\"sbwCalNav(1)\">&#8250;<\/button>\n                    <\/div>\n                <\/div>\n                <div class=\"sbw-calendars\">\n                    <div>\n                        <div class=\"sbw-month-title\" id=\"sbw-month-left\"><\/div>\n                        <div class=\"sbw-cal-grid\"    id=\"sbw-cal-left\"><\/div>\n                    <\/div>\n                    <div>\n                        <div class=\"sbw-month-title\" id=\"sbw-month-right\"><\/div>\n                        <div class=\"sbw-cal-grid\"    id=\"sbw-cal-right\"><\/div>\n                    <\/div>\n                <\/div>\n            <\/div>\n\n            <div class=\"sbw-flyout\" id=\"sbw-guests-flyout\">\n                <div class=\"sbw-guests-row\">\n                    <div class=\"sbw-guests-label\">\n                        Adults                        <small>18+ years<\/small>\n                    <\/div>\n                    <div class=\"sbw-counter\">\n                        <button id=\"sbw-minus\" onclick=\"sbwChangeAdults(-1)\" disabled>&#8722;<\/button>\n                        <span id=\"sbw-adults-count\">1<\/span>\n                        <button id=\"sbw-plus\"  onclick=\"sbwChangeAdults(1)\">+<\/button>\n                    <\/div>\n                <\/div>\n                <button class=\"sbw-guests-confirm\" onclick=\"sbwCloseGuests()\">\n                    Confirm                <\/button>\n            <\/div>\n\n        <\/div>\n        <\/div>\n\t\t\t\t\t\t<\/div>\n\t\t\t\t\t<\/div>\n\t\t\t\t<\/div>\n\t\t<div class=\"elementor-element elementor-element-b8db4d0 e-flex e-con-boxed e-con e-parent\" data-id=\"b8db4d0\" data-element_type=\"container\" data-e-type=\"container\" data-settings=\"{&quot;background_background&quot;:&quot;classic&quot;}\">\n\t\t\t\t\t<div class=\"e-con-inner\">\n\t\t\t\t<div class=\"elementor-element elementor-element-147273f elementor-invisible elementor-widget elementor-widget-text-editor\" data-id=\"147273f\" data-element_type=\"widget\" data-e-type=\"widget\" data-settings=\"{&quot;_animation&quot;:&quot;fadeInUp&quot;}\" data-widget_type=\"text-editor.default\">\n\t\t\t\t\t\t\t\t\t<p>Desconnecta de tot en tranquil\u00b7litat.<br> I reconnecta amb l\u2019art, la natura, el riure, els \u201cuau!\u201d, la gastronomia, la cultura i els aplaudiments\u2026 Alguns en diuen \u2018Dolce vita\u2019, d\u2019altres \u2018Joie de vivre\u2019 i per nosaltres \u00e9s<br> <em>La Vida Plena.<\/em><\/p>\t\t\t\t\t\t\t\t<\/div>\n\t\t\t\t<div class=\"elementor-element elementor-element-ef927c8 elementor-invisible elementor-widget elementor-widget-image\" data-id=\"ef927c8\" data-element_type=\"widget\" data-e-type=\"widget\" data-settings=\"{&quot;_animation&quot;:&quot;fadeInUp&quot;}\" data-widget_type=\"image.default\">\n\t\t\t\t\t\t\t\t\t\t\t\t\t\t\t<img decoding=\"async\" width=\"484\" height=\"414\" src=\"https:\/\/ficam.cat\/wp-content\/uploads\/2026\/01\/woman_enter.png\" class=\"attachment-large size-large wp-image-15420\" alt=\"\" srcset=\"https:\/\/ficam.cat\/wp-content\/uploads\/2026\/01\/woman_enter.png 484w, https:\/\/ficam.cat\/wp-content\/uploads\/2026\/01\/woman_enter-300x257.png 300w\" sizes=\"(max-width: 484px) 100vw, 484px\" \/>\t\t\t\t\t\t\t\t\t\t\t\t\t\t\t<\/div>\n\t\t\t\t\t<\/div>\n\t\t\t\t<\/div>\n\t\t<div class=\"elementor-element elementor-element-393b588 e-con-full e-flex e-con e-parent\" data-id=\"393b588\" data-element_type=\"container\" data-e-type=\"container\" data-settings=\"{&quot;background_background&quot;:&quot;classic&quot;}\">\n\t\t\t\t<div class=\"elementor-element elementor-element-9fa7f65 elementor-invisible elementor-widget elementor-widget-heading\" data-id=\"9fa7f65\" data-element_type=\"widget\" data-e-type=\"widget\" data-settings=\"{&quot;_animation&quot;:&quot;fadeInUp&quot;}\" data-widget_type=\"heading.default\">\n\t\t\t\t\t<h2 class=\"elementor-heading-title elementor-size-default\">Per qu\u00e8 reservar directament?<\/h2>\t\t\t\t<\/div>\n\t\t<div class=\"elementor-element elementor-element-fa1de40 e-con-full e-flex e-con e-child\" data-id=\"fa1de40\" data-element_type=\"container\" data-e-type=\"container\">\n\t\t<div class=\"elementor-element elementor-element-47ed60e e-con-full e-flex e-con e-child\" data-id=\"47ed60e\" data-element_type=\"container\" data-e-type=\"container\">\n\t\t\t\t<div class=\"elementor-element elementor-element-ddfcd2b elementor-widget elementor-widget-image\" data-id=\"ddfcd2b\" data-element_type=\"widget\" data-e-type=\"widget\" data-widget_type=\"image.default\">\n\t\t\t\t\t\t\t\t\t\t\t\t\t\t\t<img decoding=\"async\" width=\"800\" height=\"635\" src=\"https:\/\/ficam.cat\/wp-content\/uploads\/2026\/01\/best-price-1.svg\" class=\"attachment-large size-large wp-image-15421\" alt=\"\" \/>\t\t\t\t\t\t\t\t\t\t\t\t\t\t\t<\/div>\n\t\t\t\t<div class=\"elementor-element elementor-element-e7b68ec elementor-invisible elementor-widget elementor-widget-heading\" data-id=\"e7b68ec\" data-element_type=\"widget\" data-e-type=\"widget\" data-settings=\"{&quot;_animation&quot;:&quot;fadeInUp&quot;}\" data-widget_type=\"heading.default\">\n\t\t\t\t\t<h3 class=\"elementor-heading-title elementor-size-default\">MILLOR PREU GARANTIT<\/h3>\t\t\t\t<\/div>\n\t\t\t\t<div class=\"elementor-element elementor-element-831885c elementor-invisible elementor-widget elementor-widget-text-editor\" data-id=\"831885c\" data-element_type=\"widget\" data-e-type=\"widget\" data-settings=\"{&quot;_animation&quot;:&quot;fadeInUp&quot;}\" data-widget_type=\"text-editor.default\">\n\t\t\t\t\t\t\t\t\t<p>Per reservar una habitaci\u00f3 al nostre hotel, si us plau visita la nostra web o truca&#8217;ns. Et garantim que aqu\u00ed trobar\u00e0s les millors ofertes i preus. Nom\u00e9s aqu\u00ed, i enlloc m\u00e9s.  <\/p>\t\t\t\t\t\t\t\t<\/div>\n\t\t\t\t<\/div>\n\t\t<div class=\"elementor-element elementor-element-770a28f e-con-full e-flex e-con e-child\" data-id=\"770a28f\" data-element_type=\"container\" data-e-type=\"container\">\n\t\t\t\t<div class=\"elementor-element elementor-element-9e98685 elementor-widget elementor-widget-image\" data-id=\"9e98685\" data-element_type=\"widget\" data-e-type=\"widget\" data-widget_type=\"image.default\">\n\t\t\t\t\t\t\t\t\t\t\t\t\t\t\t<img loading=\"lazy\" decoding=\"async\" width=\"800\" height=\"362\" src=\"https:\/\/ficam.cat\/wp-content\/uploads\/2026\/01\/check-out-1.svg\" class=\"attachment-large size-large wp-image-15422\" alt=\"\" \/>\t\t\t\t\t\t\t\t\t\t\t\t\t\t\t<\/div>\n\t\t\t\t<div class=\"elementor-element elementor-element-8754014 elementor-invisible elementor-widget elementor-widget-heading\" data-id=\"8754014\" data-element_type=\"widget\" data-e-type=\"widget\" data-settings=\"{&quot;_animation&quot;:&quot;fadeInUp&quot;}\" data-widget_type=\"heading.default\">\n\t\t\t\t\t<h3 class=\"elementor-heading-title elementor-size-default\">CHECK-OUT M\u00c9S TARD<\/h3>\t\t\t\t<\/div>\n\t\t\t\t<div class=\"elementor-element elementor-element-7dcb44a elementor-invisible elementor-widget elementor-widget-text-editor\" data-id=\"7dcb44a\" data-element_type=\"widget\" data-e-type=\"widget\" data-settings=\"{&quot;_animation&quot;:&quot;fadeInUp&quot;}\" data-widget_type=\"text-editor.default\">\n\t\t\t\t\t\t\t\t\t<p>Aqu\u00ed no hi ha pressa. Pren-te el teu temps i aprofita l&#8217;\u00faltim dia de la teva estada. Demana sortir m\u00e9s tard a la recepci\u00f3.  <\/p><p>*Subjecte a disponibilitat<\/p>\t\t\t\t\t\t\t\t<\/div>\n\t\t\t\t<\/div>\n\t\t<div class=\"elementor-element elementor-element-a2d5ca8 e-con-full e-flex e-con e-child\" data-id=\"a2d5ca8\" data-element_type=\"container\" data-e-type=\"container\">\n\t\t\t\t<div class=\"elementor-element elementor-element-53a1a8a elementor-widget elementor-widget-image\" data-id=\"53a1a8a\" data-element_type=\"widget\" data-e-type=\"widget\" data-widget_type=\"image.default\">\n\t\t\t\t\t\t\t\t\t\t\t\t\t\t\t<img loading=\"lazy\" decoding=\"async\" width=\"800\" height=\"800\" src=\"https:\/\/ficam.cat\/wp-content\/uploads\/2026\/01\/ROOM-UPGRADE-SVG-2.svg\" class=\"attachment-large size-large wp-image-15423\" alt=\"\" \/>\t\t\t\t\t\t\t\t\t\t\t\t\t\t\t<\/div>\n\t\t\t\t<div class=\"elementor-element elementor-element-b168b32 elementor-invisible elementor-widget elementor-widget-heading\" data-id=\"b168b32\" data-element_type=\"widget\" data-e-type=\"widget\" data-settings=\"{&quot;_animation&quot;:&quot;fadeInUp&quot;}\" data-widget_type=\"heading.default\">\n\t\t\t\t\t<h3 class=\"elementor-heading-title elementor-size-default\">ROOM UPGRADE\n<\/h3>\t\t\t\t<\/div>\n\t\t\t\t<div class=\"elementor-element elementor-element-24e3a67 elementor-invisible elementor-widget elementor-widget-text-editor\" data-id=\"24e3a67\" data-element_type=\"widget\" data-e-type=\"widget\" data-settings=\"{&quot;_animation&quot;:&quot;fadeInUp&quot;}\" data-widget_type=\"text-editor.default\">\n\t\t\t\t\t\t\t\t\t<p>Volem que visquis La Vida Plena. Per aix\u00f2, si hi ha disponibilitat, t\u2019oferim una millora de categoria de l\u2019habitaci\u00f3 de cortesia. <\/p>\t\t\t\t\t\t\t\t<\/div>\n\t\t\t\t<\/div>\n\t\t<div class=\"elementor-element elementor-element-846a36d e-con-full e-flex e-con e-child\" data-id=\"846a36d\" data-element_type=\"container\" data-e-type=\"container\">\n\t\t\t\t<div class=\"elementor-element elementor-element-90f447e elementor-widget elementor-widget-image\" data-id=\"90f447e\" data-element_type=\"widget\" data-e-type=\"widget\" data-widget_type=\"image.default\">\n\t\t\t\t\t\t\t\t\t\t\t\t\t\t\t<img loading=\"lazy\" decoding=\"async\" width=\"300\" height=\"161\" src=\"https:\/\/ficam.cat\/wp-content\/uploads\/2026\/01\/gos-palaufugit-web.png\" class=\"attachment-large size-large wp-image-15424\" alt=\"\" \/>\t\t\t\t\t\t\t\t\t\t\t\t\t\t\t<\/div>\n\t\t\t\t<div class=\"elementor-element elementor-element-7667be6 elementor-invisible elementor-widget elementor-widget-heading\" data-id=\"7667be6\" data-element_type=\"widget\" data-e-type=\"widget\" data-settings=\"{&quot;_animation&quot;:&quot;fadeInUp&quot;}\" data-widget_type=\"heading.default\">\n\t\t\t\t\t<h3 class=\"elementor-heading-title elementor-size-default\">ACCEPTEM MASCOTES<\/h3>\t\t\t\t<\/div>\n\t\t\t\t<div class=\"elementor-element elementor-element-84d841b elementor-invisible elementor-widget elementor-widget-text-editor\" data-id=\"84d841b\" data-element_type=\"widget\" data-e-type=\"widget\" data-settings=\"{&quot;_animation&quot;:&quot;fadeInUp&quot;}\" data-widget_type=\"text-editor.default\">\n\t\t\t\t\t\t\t\t\tEls vostres amics peluts s\u00f3n benvinguts aqu\u00ed. No dubteu a portar-los i gaudiu d&#8217;una estada amigable per a mascotes amb nosaltres. Disponible en habitacions de Pavell\u00f3 i amb cost addicional. Consulta el nostre front desk les condicions de reserva amb mascotes.   \t\t\t\t\t\t\t\t<\/div>\n\t\t\t\t<\/div>\n\t\t\t\t<\/div>\n\t\t\t\t<\/div>\n\t\t<div class=\"elementor-element elementor-element-9099d64 e-con-full e-flex e-con e-parent\" data-id=\"9099d64\" data-element_type=\"container\" data-e-type=\"container\" data-settings=\"{&quot;background_background&quot;:&quot;classic&quot;}\">\n\t\t\t\t<div class=\"elementor-element elementor-element-fd1cfce elementor-invisible elementor-widget elementor-widget-heading\" data-id=\"fd1cfce\" data-element_type=\"widget\" data-e-type=\"widget\" data-settings=\"{&quot;_animation&quot;:&quot;fadeInUp&quot;}\" data-widget_type=\"heading.default\">\n\t\t\t\t\t<h2 class=\"elementor-heading-title elementor-size-default\">Les nostres habitacions<\/h2>\t\t\t\t<\/div>\n\t\t\t\t<\/div>\n\t\t<div class=\"elementor-element elementor-element-7e51a57 e-con-full e-flex e-con e-parent\" data-id=\"7e51a57\" data-element_type=\"container\" data-e-type=\"container\" data-settings=\"{&quot;background_background&quot;:&quot;classic&quot;}\">\n\t\t<div class=\"elementor-element elementor-element-39dfc9f e-con-full e-flex elementor-invisible e-con e-child\" data-id=\"39dfc9f\" data-element_type=\"container\" data-e-type=\"container\" data-settings=\"{&quot;animation&quot;:&quot;fadeInUp&quot;}\">\n\t\t\t\t<div class=\"elementor-element elementor-element-79c6883 elementor--h-position-center elementor--v-position-middle elementor-arrows-position-inside elementor-widget elementor-widget-slides\" data-id=\"79c6883\" data-element_type=\"widget\" data-e-type=\"widget\" data-settings=\"{&quot;navigation&quot;:&quot;arrows&quot;,&quot;autoplay_speed&quot;:3000,&quot;autoplay&quot;:&quot;yes&quot;,&quot;pause_on_hover&quot;:&quot;yes&quot;,&quot;pause_on_interaction&quot;:&quot;yes&quot;,&quot;infinite&quot;:&quot;yes&quot;,&quot;transition&quot;:&quot;slide&quot;,&quot;transition_speed&quot;:500}\" data-widget_type=\"slides.default\">\n\t\t\t\t\t\t\t\t\t\t<div class=\"elementor-slides-wrapper elementor-main-swiper swiper\" role=\"region\" aria-roledescription=\"carousel\" aria-label=\"Slides\" dir=\"ltr\" data-animation=\"fadeInUp\">\n\t\t\t\t<div class=\"swiper-wrapper elementor-slides\">\n\t\t\t\t\t\t\t\t\t\t<div class=\"elementor-repeater-item-a72b7af swiper-slide\" role=\"group\" aria-roledescription=\"slide\"><div class=\"swiper-slide-bg\" role=\"img\" aria-label=\"salvalopez_girona_palaufugit_619\"><\/div><div class=\"elementor-background-overlay\"><\/div><div class=\"swiper-slide-inner\" ><div class=\"swiper-slide-contents\"><\/div><\/div><\/div><div class=\"elementor-repeater-item-c672fe8 swiper-slide\" role=\"group\" aria-roledescription=\"slide\"><div class=\"swiper-slide-bg\" role=\"img\" aria-label=\"palauet-1\"><\/div><div class=\"elementor-background-overlay\"><\/div><div class=\"swiper-slide-inner\" ><div class=\"swiper-slide-contents\"><\/div><\/div><\/div><div class=\"elementor-repeater-item-c34b0bd swiper-slide\" role=\"group\" aria-roledescription=\"slide\"><div class=\"swiper-slide-bg\" role=\"img\" aria-label=\"palauet_2\"><\/div><div class=\"elementor-background-overlay\"><\/div><div class=\"swiper-slide-inner\" ><div class=\"swiper-slide-contents\"><\/div><\/div><\/div>\t\t\t\t<\/div>\n\t\t\t\t\t\t\t\t\t\t\t\t\t\t\t<div class=\"elementor-swiper-button elementor-swiper-button-prev\" role=\"button\" tabindex=\"0\" aria-label=\"Previous slide\">\n\t\t\t\t\t\t\t<svg aria-hidden=\"true\" class=\"e-font-icon-svg e-eicon-chevron-left\" viewBox=\"0 0 1000 1000\" xmlns=\"http:\/\/www.w3.org\/2000\/svg\"><path d=\"M646 125C629 125 613 133 604 142L308 442C296 454 292 471 292 487 292 504 296 521 308 533L604 854C617 867 629 875 646 875 663 875 679 871 692 858 704 846 713 829 713 812 713 796 708 779 692 767L438 487 692 225C700 217 708 204 708 187 708 171 704 154 692 142 675 129 663 125 646 125Z\"><\/path><\/svg>\t\t\t\t\t\t<\/div>\n\t\t\t\t\t\t<div class=\"elementor-swiper-button elementor-swiper-button-next\" role=\"button\" tabindex=\"0\" aria-label=\"Next slide\">\n\t\t\t\t\t\t\t<svg aria-hidden=\"true\" class=\"e-font-icon-svg e-eicon-chevron-right\" viewBox=\"0 0 1000 1000\" xmlns=\"http:\/\/www.w3.org\/2000\/svg\"><path d=\"M696 533C708 521 713 504 713 487 713 471 708 454 696 446L400 146C388 133 375 125 354 125 338 125 325 129 313 142 300 154 292 171 292 187 292 204 296 221 308 233L563 492 304 771C292 783 288 800 288 817 288 833 296 850 308 863 321 871 338 875 354 875 371 875 388 867 400 854L696 533Z\"><\/path><\/svg>\t\t\t\t\t\t<\/div>\n\t\t\t\t\t\t\t\t\t\t\t\t\t\t\t\t\t<\/div>\n\t\t\t\t\t\t\t\t<\/div>\n\t\t\t\t<div class=\"elementor-element elementor-element-9e255d6 elementor-widget elementor-widget-heading\" data-id=\"9e255d6\" data-element_type=\"widget\" data-e-type=\"widget\" data-widget_type=\"heading.default\">\n\t\t\t\t\t<h3 class=\"elementor-heading-title elementor-size-default\">El Palauet<\/h3>\t\t\t\t<\/div>\n\t\t\t\t<div class=\"elementor-element elementor-element-6b35b13 elementor-widget__width-initial elementor-invisible elementor-widget elementor-widget-text-editor\" data-id=\"6b35b13\" data-element_type=\"widget\" data-e-type=\"widget\" data-settings=\"{&quot;_animation&quot;:&quot;fadeInUp&quot;}\" data-widget_type=\"text-editor.default\">\n\t\t\t\t\t\t\t\t\tGaudeix del luxe contemporani a El Palauet, on el disseny sofisticat \u00e9s esculpit a partir de la pedra i les sensacions, els moviments i la flu\u00efdesa s\u00f3n els elements protagonistes.\t\t\t\t\t\t\t\t<\/div>\n\t\t\t\t<div class=\"elementor-element elementor-element-b79cc84 elementor-widget elementor-widget-button\" data-id=\"b79cc84\" data-element_type=\"widget\" data-e-type=\"widget\" data-widget_type=\"button.default\">\n\t\t\t\t\t\t\t\t\t\t<a class=\"elementor-button elementor-button-link elementor-size-sm\" href=\"https:\/\/ficam.cat\/ca\/habitacions\/\">\n\t\t\t\t\t\t<span class=\"elementor-button-content-wrapper\">\n\t\t\t\t\t\t\t\t\t<span class=\"elementor-button-text\">Descobrir les habitacions<\/span>\n\t\t\t\t\t<\/span>\n\t\t\t\t\t<\/a>\n\t\t\t\t\t\t\t\t<\/div>\n\t\t\t\t<\/div>\n\t\t<div class=\"elementor-element elementor-element-044cae8 e-con-full e-flex elementor-invisible e-con e-child\" data-id=\"044cae8\" data-element_type=\"container\" data-e-type=\"container\" data-settings=\"{&quot;animation&quot;:&quot;fadeInUp&quot;}\">\n\t\t\t\t<div class=\"elementor-element elementor-element-94c7386 elementor--h-position-center elementor--v-position-middle elementor-arrows-position-inside elementor-widget elementor-widget-slides\" data-id=\"94c7386\" data-element_type=\"widget\" data-e-type=\"widget\" data-settings=\"{&quot;navigation&quot;:&quot;arrows&quot;,&quot;autoplay_speed&quot;:3000,&quot;autoplay&quot;:&quot;yes&quot;,&quot;pause_on_hover&quot;:&quot;yes&quot;,&quot;pause_on_interaction&quot;:&quot;yes&quot;,&quot;infinite&quot;:&quot;yes&quot;,&quot;transition&quot;:&quot;slide&quot;,&quot;transition_speed&quot;:500}\" data-widget_type=\"slides.default\">\n\t\t\t\t\t\t\t\t\t\t<div class=\"elementor-slides-wrapper elementor-main-swiper swiper\" role=\"region\" aria-roledescription=\"carousel\" aria-label=\"Slides\" dir=\"ltr\" data-animation=\"fadeInUp\">\n\t\t\t\t<div class=\"swiper-wrapper elementor-slides\">\n\t\t\t\t\t\t\t\t\t\t<div class=\"elementor-repeater-item-a72b7af swiper-slide\" role=\"group\" aria-roledescription=\"slide\"><div class=\"swiper-slide-bg\" role=\"img\" aria-label=\"pavello-1\"><\/div><div class=\"elementor-background-overlay\"><\/div><div class=\"swiper-slide-inner\" ><div class=\"swiper-slide-contents\"><\/div><\/div><\/div><div class=\"elementor-repeater-item-c672fe8 swiper-slide\" role=\"group\" aria-roledescription=\"slide\"><div class=\"swiper-slide-bg\" role=\"img\" aria-label=\"pavello_2\"><\/div><div class=\"elementor-background-overlay\"><\/div><div class=\"swiper-slide-inner\" ><div class=\"swiper-slide-contents\"><\/div><\/div><\/div><div class=\"elementor-repeater-item-c34b0bd swiper-slide\" role=\"group\" aria-roledescription=\"slide\"><div class=\"swiper-slide-bg\" role=\"img\" aria-label=\"Pavello_3\"><\/div><div class=\"elementor-background-overlay\"><\/div><div class=\"swiper-slide-inner\" ><div class=\"swiper-slide-contents\"><\/div><\/div><\/div>\t\t\t\t<\/div>\n\t\t\t\t\t\t\t\t\t\t\t\t\t\t\t<div class=\"elementor-swiper-button elementor-swiper-button-prev\" role=\"button\" tabindex=\"0\" aria-label=\"Previous slide\">\n\t\t\t\t\t\t\t<svg aria-hidden=\"true\" class=\"e-font-icon-svg e-eicon-chevron-left\" viewBox=\"0 0 1000 1000\" xmlns=\"http:\/\/www.w3.org\/2000\/svg\"><path d=\"M646 125C629 125 613 133 604 142L308 442C296 454 292 471 292 487 292 504 296 521 308 533L604 854C617 867 629 875 646 875 663 875 679 871 692 858 704 846 713 829 713 812 713 796 708 779 692 767L438 487 692 225C700 217 708 204 708 187 708 171 704 154 692 142 675 129 663 125 646 125Z\"><\/path><\/svg>\t\t\t\t\t\t<\/div>\n\t\t\t\t\t\t<div class=\"elementor-swiper-button elementor-swiper-button-next\" role=\"button\" tabindex=\"0\" aria-label=\"Next slide\">\n\t\t\t\t\t\t\t<svg aria-hidden=\"true\" class=\"e-font-icon-svg e-eicon-chevron-right\" viewBox=\"0 0 1000 1000\" xmlns=\"http:\/\/www.w3.org\/2000\/svg\"><path d=\"M696 533C708 521 713 504 713 487 713 471 708 454 696 446L400 146C388 133 375 125 354 125 338 125 325 129 313 142 300 154 292 171 292 187 292 204 296 221 308 233L563 492 304 771C292 783 288 800 288 817 288 833 296 850 308 863 321 871 338 875 354 875 371 875 388 867 400 854L696 533Z\"><\/path><\/svg>\t\t\t\t\t\t<\/div>\n\t\t\t\t\t\t\t\t\t\t\t\t\t\t\t\t\t<\/div>\n\t\t\t\t\t\t\t\t<\/div>\n\t\t\t\t<div class=\"elementor-element elementor-element-b0c7d58 elementor-widget elementor-widget-heading\" data-id=\"b0c7d58\" data-element_type=\"widget\" data-e-type=\"widget\" data-widget_type=\"heading.default\">\n\t\t\t\t\t<h3 class=\"elementor-heading-title elementor-size-default\">El Pavell\u00f3<\/h3>\t\t\t\t<\/div>\n\t\t\t\t<div class=\"elementor-element elementor-element-da27cf6 elementor-widget__width-initial elementor-invisible elementor-widget elementor-widget-text-editor\" data-id=\"da27cf6\" data-element_type=\"widget\" data-e-type=\"widget\" data-settings=\"{&quot;_animation&quot;:&quot;fadeInUp&quot;}\" data-widget_type=\"text-editor.default\">\n\t\t\t\t\t\t\t\t\tViu l\u2019ess\u00e8ncia mediterr\u00e0nia a El Pavell\u00f3, on la llum, la natura i l\u2019autenticitat creen una atmosfera de profunda relaxaci\u00f3, amb un toc d\u2019art i un altre de glamour.\t\t\t\t\t\t\t\t<\/div>\n\t\t\t\t<div class=\"elementor-element elementor-element-3bac724 elementor-widget elementor-widget-button\" data-id=\"3bac724\" data-element_type=\"widget\" data-e-type=\"widget\" data-widget_type=\"button.default\">\n\t\t\t\t\t\t\t\t\t\t<a class=\"elementor-button elementor-button-link elementor-size-sm\" href=\"https:\/\/ficam.cat\/ca\/habitacions\/\">\n\t\t\t\t\t\t<span class=\"elementor-button-content-wrapper\">\n\t\t\t\t\t\t\t\t\t<span class=\"elementor-button-text\">Descobrir les habitacions<\/span>\n\t\t\t\t\t<\/span>\n\t\t\t\t\t<\/a>\n\t\t\t\t\t\t\t\t<\/div>\n\t\t\t\t<\/div>\n\t\t\t\t<\/div>\n\t\t<div class=\"elementor-element elementor-element-710e451 e-con-full e-flex e-con e-parent\" data-id=\"710e451\" data-element_type=\"container\" data-e-type=\"container\" data-settings=\"{&quot;background_background&quot;:&quot;classic&quot;}\">\n\t\t<div class=\"elementor-element elementor-element-f5cdfad e-con-full e-flex e-con e-child\" data-id=\"f5cdfad\" data-element_type=\"container\" data-e-type=\"container\">\n\t\t\t\t<div class=\"elementor-element elementor-element-d9144dc elementor-widget elementor-widget-heading\" data-id=\"d9144dc\" data-element_type=\"widget\" data-e-type=\"widget\" data-widget_type=\"heading.default\">\n\t\t\t\t\t<h2 class=\"elementor-heading-title elementor-size-default\">Indrets del Palau<\/h2>\t\t\t\t<\/div>\n\t\t<div class=\"elementor-element elementor-element-b9bd2e7 e-con-full text-sincronitzat e-flex e-con e-child\" data-id=\"b9bd2e7\" data-element_type=\"container\" data-e-type=\"container\">\n\t\t\t\t<div class=\"elementor-element elementor-element-5b1594c elementor-widget elementor-widget-heading\" data-id=\"5b1594c\" data-element_type=\"widget\" data-e-type=\"widget\" data-widget_type=\"heading.default\">\n\t\t\t\t\t<h2 class=\"elementor-heading-title elementor-size-default\">El Pati<\/h2>\t\t\t\t<\/div>\n\t\t\t\t<div class=\"elementor-element elementor-element-ff67814 elementor-widget__width-initial elementor-widget elementor-widget-text-editor\" data-id=\"ff67814\" data-element_type=\"widget\" data-e-type=\"widget\" data-settings=\"{&quot;_animation&quot;:&quot;none&quot;}\" data-widget_type=\"text-editor.default\">\n\t\t\t\t\t\t\t\t\tVisita la joia del Palau, el pati interior, amb la seva piscina, la llum, la muralla i la font de l\u2019artista Frederic Amat.\t\t\t\t\t\t\t\t<\/div>\n\t\t\t\t<\/div>\n\t\t<div class=\"elementor-element elementor-element-cd46a82 e-con-full text-sincronitzat amagat e-flex e-con e-child\" data-id=\"cd46a82\" data-element_type=\"container\" data-e-type=\"container\">\n\t\t\t\t<div class=\"elementor-element elementor-element-f0645bb elementor-widget elementor-widget-heading\" data-id=\"f0645bb\" data-element_type=\"widget\" data-e-type=\"widget\" data-widget_type=\"heading.default\">\n\t\t\t\t\t<h2 class=\"elementor-heading-title elementor-size-default\">La Cova d'aigua<\/h2>\t\t\t\t<\/div>\n\t\t\t\t<div class=\"elementor-element elementor-element-6468bf7 elementor-widget__width-initial elementor-widget elementor-widget-text-editor\" data-id=\"6468bf7\" data-element_type=\"widget\" data-e-type=\"widget\" data-settings=\"{&quot;_animation&quot;:&quot;none&quot;}\" data-widget_type=\"text-editor.default\">\n\t\t\t\t\t\t\t\t\tDescobreix l&#8217;aut\u00e8ntic significat de relaxar-se prenent un bany calent en aquest indret \u00edntim d&#8217;aig\u00fces naturals.\t\t\t\t\t\t\t\t<\/div>\n\t\t\t\t<\/div>\n\t\t<div class=\"elementor-element elementor-element-ab9210e e-con-full text-sincronitzat amagat e-flex e-con e-child\" data-id=\"ab9210e\" data-element_type=\"container\" data-e-type=\"container\">\n\t\t\t\t<div class=\"elementor-element elementor-element-ae1f371 elementor-widget elementor-widget-heading\" data-id=\"ae1f371\" data-element_type=\"widget\" data-e-type=\"widget\" data-widget_type=\"heading.default\">\n\t\t\t\t\t<h2 class=\"elementor-heading-title elementor-size-default\">El Terrat<\/h2>\t\t\t\t<\/div>\n\t\t\t\t<div class=\"elementor-element elementor-element-ca1e867 elementor-widget__width-initial elementor-widget elementor-widget-text-editor\" data-id=\"ca1e867\" data-element_type=\"widget\" data-e-type=\"widget\" data-settings=\"{&quot;_animation&quot;:&quot;none&quot;}\" data-widget_type=\"text-editor.default\">\n\t\t\t\t\t\t\t\t\tPuja-hi i gaudeix de les vistes privilegiades a la primera muralla de Girona.\t\t\t\t\t\t\t\t<\/div>\n\t\t\t\t<\/div>\n\t\t<div class=\"elementor-element elementor-element-7049184 e-con-full text-sincronitzat amagat e-flex e-con e-child\" data-id=\"7049184\" data-element_type=\"container\" data-e-type=\"container\">\n\t\t\t\t<div class=\"elementor-element elementor-element-5c56a56 elementor-widget elementor-widget-heading\" data-id=\"5c56a56\" data-element_type=\"widget\" data-e-type=\"widget\" data-widget_type=\"heading.default\">\n\t\t\t\t\t<h2 class=\"elementor-heading-title elementor-size-default\">La Biblioteca<\/h2>\t\t\t\t<\/div>\n\t\t\t\t<div class=\"elementor-element elementor-element-f514860 elementor-widget__width-initial elementor-widget elementor-widget-text-editor\" data-id=\"f514860\" data-element_type=\"widget\" data-e-type=\"widget\" data-settings=\"{&quot;_animation&quot;:&quot;none&quot;}\" data-widget_type=\"text-editor.default\">\n\t\t\t\t\t\t\t\t\tTroba la tranquil\u00b7litat que busques en aquest espai ideal per treballar, assaborir un caf\u00e8 o llegir un bon llibre.\t\t\t\t\t\t\t\t<\/div>\n\t\t\t\t<\/div>\n\t\t\t\t<\/div>\n\t\t<div class=\"elementor-element elementor-element-30dda64 e-con-full e-flex e-con e-child\" data-id=\"30dda64\" data-element_type=\"container\" data-e-type=\"container\">\n\t\t\t\t<div class=\"elementor-element elementor-element-2f5fcc4 elementor-widget elementor-widget-html\" data-id=\"2f5fcc4\" data-element_type=\"widget\" data-e-type=\"widget\" data-widget_type=\"html.default\">\n\t\t\t\t\t<script>(function($) {\r\n    $(window).on('load', function() {\r\n        var $sliderWrapper = $('#meu-slider');\r\n        var $texts = $('.text-sincronitzat');\r\n\r\n        function initSincro() {\r\n            \/\/ Busquem el contenidor del swiper\r\n            var swiperContainer = $sliderWrapper.find('.elementor-main-swiper');\r\n            \r\n            if (swiperContainer.length > 0) {\r\n                var swiperInstance = swiperContainer.data('swiper');\r\n\r\n                if (swiperInstance) {\r\n                    console.log(\"\u00a1Swiper trobat i connectat (M\u00f2bil + Desktop)!\");\r\n\r\n                    \/\/ Funci\u00f3 \u00fanica per actualitzar la visibilitat\r\n                    function actualitzarVisibilitat(index) {\r\n                        $texts.addClass('amagat');\r\n                        $texts.eq(index).removeClass('amagat');\r\n                    }\r\n\r\n                    \/\/ Sincronitzaci\u00f3 inicial\r\n                    actualitzarVisibilitat(swiperInstance.realIndex);\r\n\r\n                    \/\/ slideChange: Funciona b\u00e9 amb fletxes i autoplay\r\n                    swiperInstance.on('slideChange', function() {\r\n                        actualitzarVisibilitat(swiperInstance.realIndex);\r\n                    });\r\n\r\n                    \/\/ slideChangeTransitionEnd: Crucial per a m\u00f2bils (gest de swipe amb el dit)\r\n                    swiperInstance.on('slideChangeTransitionEnd', function() {\r\n                        actualitzarVisibilitat(swiperInstance.realIndex);\r\n                    });\r\n\r\n                } else {\r\n                    \/\/ Si el contenidor hi \u00e9s per\u00f2 la inst\u00e0ncia encara no, reintentem r\u00e0pid\r\n                    setTimeout(initSincro, 100);\r\n                }\r\n            } else {\r\n                \/\/ Si Elementor encara no ha muntat el HTML, esperem una mica m\u00e9s\r\n                setTimeout(initSincro, 500);\r\n            }\r\n        }\r\n\r\n        initSincro();\r\n    });\r\n})(jQuery);\r\n<\/script>\t\t\t\t<\/div>\n\t\t\t\t<div class=\"elementor-element elementor-element-440a1c7 sliderspaces elementor--h-position-center elementor--v-position-middle elementor-arrows-position-inside elementor-widget elementor-widget-slides\" data-id=\"440a1c7\" data-element_type=\"widget\" data-e-type=\"widget\" id=\"meu-slider\" data-settings=\"{&quot;navigation&quot;:&quot;arrows&quot;,&quot;infinite&quot;:&quot;yes&quot;,&quot;transition&quot;:&quot;slide&quot;,&quot;transition_speed&quot;:500}\" data-widget_type=\"slides.default\">\n\t\t\t\t\t\t\t\t\t\t<div class=\"elementor-slides-wrapper elementor-main-swiper swiper\" role=\"region\" aria-roledescription=\"carousel\" aria-label=\"Slides\" dir=\"ltr\" data-animation=\"fadeInUp\">\n\t\t\t\t<div class=\"swiper-wrapper elementor-slides\">\n\t\t\t\t\t\t\t\t\t\t<div class=\"elementor-repeater-item-a72b7af swiper-slide\" role=\"group\" aria-roledescription=\"slide\"><div class=\"swiper-slide-bg\" role=\"img\" aria-label=\"pati-palau-fugit\"><\/div><div class=\"elementor-background-overlay\"><\/div><div class=\"swiper-slide-inner\" ><div class=\"swiper-slide-contents\"><\/div><\/div><\/div><div class=\"elementor-repeater-item-c672fe8 swiper-slide\" role=\"group\" aria-roledescription=\"slide\"><div class=\"swiper-slide-bg\" role=\"img\" aria-label=\"lacova-2\"><\/div><div class=\"elementor-background-overlay\"><\/div><div class=\"swiper-slide-inner\" ><div class=\"swiper-slide-contents\"><\/div><\/div><\/div><div class=\"elementor-repeater-item-c34b0bd swiper-slide\" role=\"group\" aria-roledescription=\"slide\"><div class=\"swiper-slide-bg\" role=\"img\" aria-label=\"terrat_2\"><\/div><div class=\"elementor-background-overlay\"><\/div><div class=\"swiper-slide-inner\" ><div class=\"swiper-slide-contents\"><\/div><\/div><\/div><div class=\"elementor-repeater-item-00d75b6 swiper-slide\" role=\"group\" aria-roledescription=\"slide\"><div class=\"swiper-slide-bg\" role=\"img\" aria-label=\"biblioteca\"><\/div><div class=\"elementor-background-overlay\"><\/div><div class=\"swiper-slide-inner\" ><div class=\"swiper-slide-contents\"><\/div><\/div><\/div>\t\t\t\t<\/div>\n\t\t\t\t\t\t\t\t\t\t\t\t\t\t\t<div class=\"elementor-swiper-button elementor-swiper-button-prev\" role=\"button\" tabindex=\"0\" aria-label=\"Previous slide\">\n\t\t\t\t\t\t\t<svg aria-hidden=\"true\" class=\"e-font-icon-svg e-eicon-chevron-left\" viewBox=\"0 0 1000 1000\" xmlns=\"http:\/\/www.w3.org\/2000\/svg\"><path d=\"M646 125C629 125 613 133 604 142L308 442C296 454 292 471 292 487 292 504 296 521 308 533L604 854C617 867 629 875 646 875 663 875 679 871 692 858 704 846 713 829 713 812 713 796 708 779 692 767L438 487 692 225C700 217 708 204 708 187 708 171 704 154 692 142 675 129 663 125 646 125Z\"><\/path><\/svg>\t\t\t\t\t\t<\/div>\n\t\t\t\t\t\t<div class=\"elementor-swiper-button elementor-swiper-button-next\" role=\"button\" tabindex=\"0\" aria-label=\"Next slide\">\n\t\t\t\t\t\t\t<svg aria-hidden=\"true\" class=\"e-font-icon-svg e-eicon-chevron-right\" viewBox=\"0 0 1000 1000\" xmlns=\"http:\/\/www.w3.org\/2000\/svg\"><path d=\"M696 533C708 521 713 504 713 487 713 471 708 454 696 446L400 146C388 133 375 125 354 125 338 125 325 129 313 142 300 154 292 171 292 187 292 204 296 221 308 233L563 492 304 771C292 783 288 800 288 817 288 833 296 850 308 863 321 871 338 875 354 875 371 875 388 867 400 854L696 533Z\"><\/path><\/svg>\t\t\t\t\t\t<\/div>\n\t\t\t\t\t\t\t\t\t\t\t\t\t\t\t\t\t<\/div>\n\t\t\t\t\t\t\t\t<\/div>\n\t\t\t\t<\/div>\n\t\t\t\t<\/div>\n\t\t<div class=\"elementor-element elementor-element-51f72f2 e-con-full e-flex e-con e-parent\" data-id=\"51f72f2\" data-element_type=\"container\" data-e-type=\"container\" data-settings=\"{&quot;background_background&quot;:&quot;classic&quot;}\">\n\t\t<div class=\"elementor-element elementor-element-a044a59 e-con-full e-flex e-con e-child\" data-id=\"a044a59\" data-element_type=\"container\" data-e-type=\"container\">\n\t\t\t\t<div class=\"elementor-element elementor-element-21eb6bc elementor-hidden-desktop elementor-hidden-tablet elementor-widget elementor-widget-heading\" data-id=\"21eb6bc\" data-element_type=\"widget\" data-e-type=\"widget\" data-widget_type=\"heading.default\">\n\t\t\t\t\t<h2 class=\"elementor-heading-title elementor-size-default\">Menjar i beure<\/h2>\t\t\t\t<\/div>\n\t\t\t\t<div class=\"elementor-element elementor-element-b94581e elementor-widget elementor-widget-html\" data-id=\"b94581e\" data-element_type=\"widget\" data-e-type=\"widget\" data-widget_type=\"html.default\">\n\t\t\t\t\t<script>(function($) {\r\n    $(window).on('load', function() {\r\n        var $slider = $('#slider-esquerra');\r\n        var $columnes = $('.columna-interactiva');\r\n\r\n        function initSincroDoble() {\r\n            var swiperContainer = $slider.find('.elementor-main-swiper');\r\n            if (!swiperContainer.length) {\r\n                setTimeout(initSincroDoble, 500);\r\n                return;\r\n            }\r\n            \r\n            var swiperInstance = swiperContainer.data('swiper');\r\n            if (!swiperInstance) return;\r\n\r\n            \/\/ Funci\u00f3 per activar els canvis\r\n            function activarElement(index) {\r\n                swiperInstance.slideToLoop(index);\r\n                actualitzaVisual(index);\r\n            }\r\n\r\n            \/\/ HOVER per a ordinadors\r\n            $columnes.on('mouseenter', function() {\r\n                var index = treureIndex($(this));\r\n                activarElement(index);\r\n            });\r\n\r\n            \/\/ CLIC\/TAP per a m\u00f2bils (i ordinadors)\r\n            $columnes.on('click', function(e) {\r\n                \/\/ No bloquegem l'enlla\u00e7, per\u00f2 forcem el canvi de slider\r\n                var index = treureIndex($(this));\r\n                activarElement(index);\r\n            });\r\n\r\n            \/\/ Quan l'usuari arrossega el slider amb el dit (swipe)\r\n            swiperInstance.on('slideChange', function() {\r\n                actualitzaVisual(swiperInstance.realIndex);\r\n            });\r\n\r\n            function treureIndex($el) {\r\n                var classList = $el.attr('class').split(\/\\s+\/);\r\n                var index = 0;\r\n                $.each(classList, function(i, v) {\r\n                    if (v.indexOf('col-') === 0) {\r\n                        index = parseInt(v.split('-')[1]);\r\n                    }\r\n                });\r\n                return index;\r\n            }\r\n\r\n            function actualitzaVisual(index) {\r\n                $columnes.removeClass('activa');\r\n                $('.col-' + index).addClass('activa');\r\n            }\r\n\r\n            actualitzaVisual(0);\r\n        }\r\n\r\n        initSincroDoble();\r\n    });\r\n})(jQuery);\r\n<\/script>\t\t\t\t<\/div>\n\t\t\t\t<div class=\"elementor-element elementor-element-eaaec1e elementor--h-position-center elementor--v-position-middle elementor-widget elementor-widget-slides\" data-id=\"eaaec1e\" data-element_type=\"widget\" data-e-type=\"widget\" id=\"slider-esquerra\" data-settings=\"{&quot;navigation&quot;:&quot;none&quot;,&quot;infinite&quot;:&quot;yes&quot;,&quot;transition&quot;:&quot;slide&quot;,&quot;transition_speed&quot;:500}\" data-widget_type=\"slides.default\">\n\t\t\t\t\t\t\t\t\t\t<div class=\"elementor-slides-wrapper elementor-main-swiper swiper\" role=\"region\" aria-roledescription=\"carousel\" aria-label=\"Slides\" dir=\"ltr\" data-animation=\"fadeInUp\">\n\t\t\t\t<div class=\"swiper-wrapper elementor-slides\">\n\t\t\t\t\t\t\t\t\t\t<div class=\"elementor-repeater-item-a72b7af swiper-slide\" role=\"group\" aria-roledescription=\"slide\"><div class=\"swiper-slide-bg\" role=\"img\" aria-label=\"casa-heras_eat\"><\/div><div class=\"elementor-background-overlay\"><\/div><div class=\"swiper-slide-inner\" ><div class=\"swiper-slide-contents\"><\/div><\/div><\/div><div class=\"elementor-repeater-item-c672fe8 swiper-slide\" role=\"group\" aria-roledescription=\"slide\"><div class=\"swiper-slide-bg\" role=\"img\" aria-label=\"placeta-eat\"><\/div><div class=\"elementor-background-overlay\"><\/div><div class=\"swiper-slide-inner\" ><div class=\"swiper-slide-contents\"><\/div><\/div><\/div><div class=\"elementor-repeater-item-c34b0bd swiper-slide\" role=\"group\" aria-roledescription=\"slide\"><div class=\"swiper-slide-bg\" role=\"img\" aria-label=\"gipsy_eat\"><\/div><div class=\"elementor-background-overlay\"><\/div><div class=\"swiper-slide-inner\" ><div class=\"swiper-slide-contents\"><\/div><\/div><\/div><div class=\"elementor-repeater-item-00d75b6 swiper-slide\" role=\"group\" aria-roledescription=\"slide\"><div class=\"swiper-slide-bg\" role=\"img\" aria-label=\"terrat_eat\"><\/div><div class=\"elementor-background-overlay\"><\/div><div class=\"swiper-slide-inner\" ><div class=\"swiper-slide-contents\"><\/div><\/div><\/div>\t\t\t\t<\/div>\n\t\t\t\t\t\t\t\t\t\t\t\t\t\t\t\t\t\t\t\t\t<\/div>\n\t\t\t\t\t\t\t\t<\/div>\n\t\t\t\t<\/div>\n\t\t<div class=\"elementor-element elementor-element-5efd74c e-con-full e-flex e-con e-child\" data-id=\"5efd74c\" data-element_type=\"container\" data-e-type=\"container\">\n\t\t\t\t<div class=\"elementor-element elementor-element-f0ec584 elementor-hidden-mobile elementor-widget elementor-widget-heading\" data-id=\"f0ec584\" data-element_type=\"widget\" data-e-type=\"widget\" data-widget_type=\"heading.default\">\n\t\t\t\t\t<h2 class=\"elementor-heading-title elementor-size-default\">Menjar i beure<\/h2>\t\t\t\t<\/div>\n\t\t<div class=\"elementor-element elementor-element-e43472b e-con-full e-flex e-con e-child\" data-id=\"e43472b\" data-element_type=\"container\" data-e-type=\"container\">\n\t\t<a class=\"elementor-element elementor-element-c4b239f e-con-full columna-interactiva col-0 e-flex e-con e-child\" data-id=\"c4b239f\" data-element_type=\"container\" data-e-type=\"container\" href=\"https:\/\/ficam.cat\/casa-heras\/\">\n\t\t\t\t<div class=\"elementor-element elementor-element-5448670 elementor-widget__width-auto arrowhov elementor-widget elementor-widget-heading\" data-id=\"5448670\" data-element_type=\"widget\" data-e-type=\"widget\" data-widget_type=\"heading.default\">\n\t\t\t\t\t<h3 class=\"elementor-heading-title elementor-size-default\">Casa Heras<\/h3>\t\t\t\t<\/div>\n\t\t\t\t<div class=\"elementor-element elementor-element-51190e8 elementor-widget__width-initial text-desplegable elementor-widget elementor-widget-text-editor\" data-id=\"51190e8\" data-element_type=\"widget\" data-e-type=\"widget\" data-settings=\"{&quot;_animation&quot;:&quot;none&quot;}\" data-widget_type=\"text-editor.default\">\n\t\t\t\t\t\t\t\t\t<p>Entaula\u2019t per esmorzar, dinar o sopar en el nostre restaurant de cuina mediterr\u00e0nia, que combina tradici\u00f3, modernitat i productes frescos d\u2019alta qualitat. <\/p>\t\t\t\t\t\t\t\t<\/div>\n\t\t\t\t<\/a>\n\t\t<a class=\"elementor-element elementor-element-c0364e8 e-con-full columna-interactiva col-1 e-flex e-con e-child\" data-id=\"c0364e8\" data-element_type=\"container\" data-e-type=\"container\" href=\"https:\/\/ficam.cat\/la-placeta\/\">\n\t\t\t\t<div class=\"elementor-element elementor-element-b42152d elementor-widget__width-auto arrowhov elementor-widget elementor-widget-heading\" data-id=\"b42152d\" data-element_type=\"widget\" data-e-type=\"widget\" data-widget_type=\"heading.default\">\n\t\t\t\t\t<h3 class=\"elementor-heading-title elementor-size-default\">LA PLACETA<\/h3>\t\t\t\t<\/div>\n\t\t\t\t<div class=\"elementor-element elementor-element-0448dfd elementor-widget__width-initial text-desplegable elementor-widget elementor-widget-text-editor\" data-id=\"0448dfd\" data-element_type=\"widget\" data-e-type=\"widget\" data-settings=\"{&quot;_animation&quot;:&quot;none&quot;}\" data-widget_type=\"text-editor.default\">\n\t\t\t\t\t\t\t\t\t<p>La rauxa del barri vell i dels seus ve\u00efns, les delicioses tapes gironines i, tot sovint, concerts en petit format. Aquest ambient tan \u00fanic i tan d\u2019aqu\u00ed \u00e9s el que trobar\u00e0s a La Placeta.<\/p>\t\t\t\t\t\t\t\t<\/div>\n\t\t\t\t<\/a>\n\t\t<a class=\"elementor-element elementor-element-4f0a349 e-con-full columna-interactiva col-2 e-flex e-con e-child\" data-id=\"4f0a349\" data-element_type=\"container\" data-e-type=\"container\" href=\"https:\/\/ficam.cat\/gipsy\/\">\n\t\t\t\t<div class=\"elementor-element elementor-element-9d51b3f elementor-widget__width-auto arrowhov elementor-widget elementor-widget-heading\" data-id=\"9d51b3f\" data-element_type=\"widget\" data-e-type=\"widget\" data-widget_type=\"heading.default\">\n\t\t\t\t\t<h3 class=\"elementor-heading-title elementor-size-default\">GIPSY<\/h3>\t\t\t\t<\/div>\n\t\t\t\t<div class=\"elementor-element elementor-element-9e27bbd elementor-widget__width-initial text-desplegable elementor-widget elementor-widget-text-editor\" data-id=\"9e27bbd\" data-element_type=\"widget\" data-e-type=\"widget\" data-settings=\"{&quot;_animation&quot;:&quot;none&quot;}\" data-widget_type=\"text-editor.default\">\n\t\t\t\t\t\t\t\t\t<p>Assaboreix els millors c\u00f2ctels de la ciutat en un ambient relaxat i sofisticat que et transportar\u00e0 a l\u2019antiga Girona.<\/p>\t\t\t\t\t\t\t\t<\/div>\n\t\t\t\t<\/a>\n\t\t<a class=\"elementor-element elementor-element-3244d56 e-con-full columna-interactiva col-3 e-flex e-con e-child\" data-id=\"3244d56\" data-element_type=\"container\" data-e-type=\"container\" href=\"https:\/\/ficam.cat\/el-terrat\/\">\n\t\t\t\t<div class=\"elementor-element elementor-element-f5f3d6a elementor-widget__width-auto arrowhov elementor-widget elementor-widget-heading\" data-id=\"f5f3d6a\" data-element_type=\"widget\" data-e-type=\"widget\" data-widget_type=\"heading.default\">\n\t\t\t\t\t<h3 class=\"elementor-heading-title elementor-size-default\">EL TERRAT<\/h3>\t\t\t\t<\/div>\n\t\t\t\t<div class=\"elementor-element elementor-element-b240a3e elementor-widget__width-initial text-desplegable elementor-widget elementor-widget-text-editor\" data-id=\"b240a3e\" data-element_type=\"widget\" data-e-type=\"widget\" data-settings=\"{&quot;_animation&quot;:&quot;none&quot;}\" data-widget_type=\"text-editor.default\">\n\t\t\t\t\t\t\t\t\t<p>Gaudeix d&#8217;un vermut a les al\u00e7ades tot tastant els aperitius, elaborats amb productes d&#8217;alta qualitat, una selecci\u00f3 exclusiva de vins i la nostra cervesa artesana Rispa.<\/p>\t\t\t\t\t\t\t\t<\/div>\n\t\t\t\t<\/a>\n\t\t\t\t<\/div>\n\t\t\t\t<\/div>\n\t\t\t\t<\/div>\n\t\t<div class=\"elementor-element elementor-element-4edeba8 e-con-full e-flex e-con e-parent\" data-id=\"4edeba8\" data-element_type=\"container\" data-e-type=\"container\" data-settings=\"{&quot;background_background&quot;:&quot;classic&quot;}\">\n\t\t\t\t<div class=\"elementor-element elementor-element-75b0fad elementor-invisible elementor-widget elementor-widget-heading\" data-id=\"75b0fad\" data-element_type=\"widget\" data-e-type=\"widget\" data-settings=\"{&quot;_animation&quot;:&quot;fadeInUp&quot;}\" data-widget_type=\"heading.default\">\n\t\t\t\t\t<h2 class=\"elementor-heading-title elementor-size-default\">Qu\u00e8 et ve de gust?<\/h2>\t\t\t\t<\/div>\n\t\t\t\t<\/div>\n\t\t<div class=\"elementor-element elementor-element-ba95b61 e-con-full e-flex e-con e-parent\" data-id=\"ba95b61\" data-element_type=\"container\" data-e-type=\"container\" data-settings=\"{&quot;background_background&quot;:&quot;classic&quot;}\">\n\t\t<div class=\"elementor-element elementor-element-7438fe6 e-flex e-con-boxed e-con e-child\" data-id=\"7438fe6\" data-element_type=\"container\" data-e-type=\"container\">\n\t\t\t\t\t<div class=\"e-con-inner\">\n\t\t\t\t<div class=\"elementor-element elementor-element-24753c6 elementor-widget elementor-widget-image\" data-id=\"24753c6\" data-element_type=\"widget\" data-e-type=\"widget\" data-widget_type=\"image.default\">\n\t\t\t\t\t\t\t\t\t\t\t\t\t\t\t<img loading=\"lazy\" decoding=\"async\" width=\"1045\" height=\"1315\" src=\"https:\/\/ficam.cat\/wp-content\/uploads\/2026\/01\/Espelma_1.jpg\" class=\"attachment-full size-full wp-image-14787\" alt=\"\" srcset=\"https:\/\/ficam.cat\/wp-content\/uploads\/2026\/01\/Espelma_1.jpg 1045w, https:\/\/ficam.cat\/wp-content\/uploads\/2026\/01\/Espelma_1-238x300.jpg 238w, https:\/\/ficam.cat\/wp-content\/uploads\/2026\/01\/Espelma_1-814x1024.jpg 814w, https:\/\/ficam.cat\/wp-content\/uploads\/2026\/01\/Espelma_1-768x966.jpg 768w\" sizes=\"(max-width: 1045px) 100vw, 1045px\" \/>\t\t\t\t\t\t\t\t\t\t\t\t\t\t\t<\/div>\n\t\t\t\t<div class=\"elementor-element elementor-element-cb026d5 elementor-widget elementor-widget-heading\" data-id=\"cb026d5\" data-element_type=\"widget\" data-e-type=\"widget\" data-settings=\"{&quot;_animation&quot;:&quot;none&quot;}\" data-widget_type=\"heading.default\">\n\t\t\t\t\t<h3 class=\"elementor-heading-title elementor-size-default\">Gimn\u00e0s, ioga i fisioter\u00e0pia<\/h3>\t\t\t\t<\/div>\n\t\t\t\t<div class=\"elementor-element elementor-element-72089c5 elementor-widget elementor-widget-text-editor\" data-id=\"72089c5\" data-element_type=\"widget\" data-e-type=\"widget\" data-settings=\"{&quot;_animation&quot;:&quot;none&quot;}\" data-widget_type=\"text-editor.default\">\n\t\t\t\t\t\t\t\t\tCuida el teu cos fent classes de ioga o gaudint d&#8217;una sessi\u00f3 de fisioter\u00e0pia.\n\n\t\t\t\t\t\t\t\t<\/div>\n\t\t\t\t\t<\/div>\n\t\t\t\t<\/div>\n\t\t<div class=\"elementor-element elementor-element-9d0f47e e-flex e-con-boxed e-con e-child\" data-id=\"9d0f47e\" data-element_type=\"container\" data-e-type=\"container\">\n\t\t\t\t\t<div class=\"e-con-inner\">\n\t\t\t\t<div class=\"elementor-element elementor-element-72b66a8 elementor-widget elementor-widget-image\" data-id=\"72b66a8\" data-element_type=\"widget\" data-e-type=\"widget\" data-widget_type=\"image.default\">\n\t\t\t\t\t\t\t\t\t\t\t\t\t\t\t<img loading=\"lazy\" decoding=\"async\" width=\"870\" height=\"1090\" src=\"https:\/\/ficam.cat\/wp-content\/uploads\/2026\/01\/bici-2.jpg\" class=\"attachment-full size-full wp-image-14788\" alt=\"\" srcset=\"https:\/\/ficam.cat\/wp-content\/uploads\/2026\/01\/bici-2.jpg 870w, https:\/\/ficam.cat\/wp-content\/uploads\/2026\/01\/bici-2-239x300.jpg 239w, https:\/\/ficam.cat\/wp-content\/uploads\/2026\/01\/bici-2-817x1024.jpg 817w, https:\/\/ficam.cat\/wp-content\/uploads\/2026\/01\/bici-2-768x962.jpg 768w\" sizes=\"(max-width: 870px) 100vw, 870px\" \/>\t\t\t\t\t\t\t\t\t\t\t\t\t\t\t<\/div>\n\t\t\t\t<div class=\"elementor-element elementor-element-cb64f4f elementor-widget elementor-widget-heading\" data-id=\"cb64f4f\" data-element_type=\"widget\" data-e-type=\"widget\" data-settings=\"{&quot;_animation&quot;:&quot;none&quot;}\" data-widget_type=\"heading.default\">\n\t\t\t\t\t<h3 class=\"elementor-heading-title elementor-size-default\">Bici i natura<\/h3>\t\t\t\t<\/div>\n\t\t\t\t<div class=\"elementor-element elementor-element-b7d2b45 elementor-widget elementor-widget-text-editor\" data-id=\"b7d2b45\" data-element_type=\"widget\" data-e-type=\"widget\" data-settings=\"{&quot;_animation&quot;:&quot;none&quot;}\" data-widget_type=\"text-editor.default\">\n\t\t\t\t\t\t\t\t\tDesperta el teu costat m\u00e9s aventurer i descobreix els camins secrets de Girona amb rutes personalitzades a peu i en bicicleta.\t\t\t\t\t\t\t\t<\/div>\n\t\t\t\t\t<\/div>\n\t\t\t\t<\/div>\n\t\t<div class=\"elementor-element elementor-element-490ed9c e-flex e-con-boxed e-con e-child\" data-id=\"490ed9c\" data-element_type=\"container\" data-e-type=\"container\">\n\t\t\t\t\t<div class=\"e-con-inner\">\n\t\t\t\t<div class=\"elementor-element elementor-element-df54c25 elementor-widget elementor-widget-image\" data-id=\"df54c25\" data-element_type=\"widget\" data-e-type=\"widget\" data-widget_type=\"image.default\">\n\t\t\t\t\t\t\t\t\t\t\t\t\t\t\t<img loading=\"lazy\" decoding=\"async\" width=\"1024\" height=\"1288\" src=\"https:\/\/ficam.cat\/wp-content\/uploads\/2026\/03\/Banys_bona.jpg\" class=\"attachment-full size-full wp-image-15728\" alt=\"\" srcset=\"https:\/\/ficam.cat\/wp-content\/uploads\/2026\/03\/Banys_bona.jpg 1024w, https:\/\/ficam.cat\/wp-content\/uploads\/2026\/03\/Banys_bona-239x300.jpg 239w, https:\/\/ficam.cat\/wp-content\/uploads\/2026\/03\/Banys_bona-814x1024.jpg 814w, https:\/\/ficam.cat\/wp-content\/uploads\/2026\/03\/Banys_bona-768x966.jpg 768w\" sizes=\"(max-width: 1024px) 100vw, 1024px\" \/>\t\t\t\t\t\t\t\t\t\t\t\t\t\t\t<\/div>\n\t\t\t\t<div class=\"elementor-element elementor-element-ce522cc elementor-widget elementor-widget-heading\" data-id=\"ce522cc\" data-element_type=\"widget\" data-e-type=\"widget\" data-settings=\"{&quot;_animation&quot;:&quot;none&quot;}\" data-widget_type=\"heading.default\">\n\t\t\t\t\t<h3 class=\"elementor-heading-title elementor-size-default\">La Cova d'Aigua<\/h3>\t\t\t\t<\/div>\n\t\t\t\t<div class=\"elementor-element elementor-element-24700b8 elementor-widget elementor-widget-text-editor\" data-id=\"24700b8\" data-element_type=\"widget\" data-e-type=\"widget\" data-settings=\"{&quot;_animation&quot;:&quot;none&quot;}\" data-widget_type=\"text-editor.default\">\n\t\t\t\t\t\t\t\t\tDesconnecta del dia a dia mentre recarregues energies a la nostra zona d&#8217;aig\u00fces, massatges i tractaments.\t\t\t\t\t\t\t\t<\/div>\n\t\t\t\t\t<\/div>\n\t\t\t\t<\/div>\n\t\t\t\t<\/div>\n\t\t<div class=\"elementor-element elementor-element-9252a2f e-con-full e-flex e-con e-parent\" data-id=\"9252a2f\" data-element_type=\"container\" data-e-type=\"container\" data-settings=\"{&quot;background_background&quot;:&quot;classic&quot;}\">\n\t\t\t\t<div class=\"elementor-element elementor-element-ac016c6 elementor-align-center elementor-widget elementor-widget-button\" data-id=\"ac016c6\" data-element_type=\"widget\" data-e-type=\"widget\" data-widget_type=\"button.default\">\n\t\t\t\t\t\t\t\t\t\t<a class=\"elementor-button elementor-button-link elementor-size-sm\" href=\"https:\/\/ficam.cat\/ca\/experiencies-fugit\/\">\n\t\t\t\t\t\t<span class=\"elementor-button-content-wrapper\">\n\t\t\t\t\t\t\t\t\t<span class=\"elementor-button-text\">Experi\u00e8ncies Fugit<\/span>\n\t\t\t\t\t<\/span>\n\t\t\t\t\t<\/a>\n\t\t\t\t\t\t\t\t<\/div>\n\t\t\t\t<\/div>\n\t\t<div class=\"elementor-element elementor-element-8be37b0 e-flex e-con-boxed e-con e-parent\" data-id=\"8be37b0\" data-element_type=\"container\" data-e-type=\"container\" data-settings=\"{&quot;background_background&quot;:&quot;classic&quot;}\">\n\t\t\t\t\t<div class=\"e-con-inner\">\n\t\t\t\t<div class=\"elementor-element elementor-element-c4a2054 elementor-invisible elementor-widget elementor-widget-text-editor\" data-id=\"c4a2054\" data-element_type=\"widget\" data-e-type=\"widget\" data-settings=\"{&quot;_animation&quot;:&quot;fadeInUp&quot;}\" data-widget_type=\"text-editor.default\">\n\t\t\t\t\t\t\t\t\t<p><q>Un palau on fugir de la pressa,<br>trencar la rutina<br>i abra\u00e7ar la calma.<\/q><\/p>\t\t\t\t\t\t\t\t<\/div>\n\t\t\t\t<div class=\"elementor-element elementor-element-328e9d3 elementor-widget__width-auto elementor-invisible elementor-widget elementor-widget-image\" data-id=\"328e9d3\" data-element_type=\"widget\" data-e-type=\"widget\" data-settings=\"{&quot;_animation&quot;:&quot;fadeInUp&quot;}\" data-widget_type=\"image.default\">\n\t\t\t\t\t\t\t\t\t\t\t\t\t\t\t<img loading=\"lazy\" decoding=\"async\" width=\"800\" height=\"645\" src=\"https:\/\/ficam.cat\/wp-content\/uploads\/2026\/01\/piscina.jpg\" class=\"attachment-large size-large wp-image-15435\" alt=\"\" srcset=\"https:\/\/ficam.cat\/wp-content\/uploads\/2026\/01\/piscina.jpg 1024w, https:\/\/ficam.cat\/wp-content\/uploads\/2026\/01\/piscina-300x242.jpg 300w, https:\/\/ficam.cat\/wp-content\/uploads\/2026\/01\/piscina-768x620.jpg 768w\" sizes=\"(max-width: 800px) 100vw, 800px\" \/>\t\t\t\t\t\t\t\t\t\t\t\t\t\t\t<\/div>\n\t\t\t\t\t<\/div>\n\t\t\t\t<\/div>\n\t\t<div class=\"elementor-element elementor-element-b451b1e e-con-full e-flex e-con e-parent\" data-id=\"b451b1e\" data-element_type=\"container\" data-e-type=\"container\">\n\t\t<div class=\"elementor-element elementor-element-3d78443 e-con-full e-flex e-con e-child\" data-id=\"3d78443\" data-element_type=\"container\" data-e-type=\"container\">\n\t\t\t\t<div class=\"elementor-element elementor-element-0e71e95 elementor-widget elementor-widget-google_maps\" data-id=\"0e71e95\" data-element_type=\"widget\" data-e-type=\"widget\" data-widget_type=\"google_maps.default\">\n\t\t\t\t\t\t\t<div class=\"elementor-custom-embed\">\n\t\t\t<iframe loading=\"lazy\"\n\t\t\t\t\tsrc=\"https:\/\/maps.google.com\/maps?q=Carrer%20Bonaventura%20Carreras%20I%20Peralta%2C%204&#038;t=m&#038;z=15&#038;output=embed&#038;iwloc=near\"\n\t\t\t\t\ttitle=\"Carrer Bonaventura Carreras I Peralta, 4\"\n\t\t\t\t\taria-label=\"Carrer Bonaventura Carreras I Peralta, 4\"\n\t\t\t><\/iframe>\n\t\t<\/div>\n\t\t\t\t\t\t<\/div>\n\t\t\t\t<\/div>\n\t\t<div class=\"elementor-element elementor-element-d5529a4 e-con-full e-flex e-con e-child\" data-id=\"d5529a4\" data-element_type=\"container\" data-e-type=\"container\" data-settings=\"{&quot;background_background&quot;:&quot;classic&quot;}\">\n\t\t<div class=\"elementor-element elementor-element-beb5066 e-con-full e-flex e-con e-child\" data-id=\"beb5066\" data-element_type=\"container\" data-e-type=\"container\">\n\t\t\t\t<div class=\"elementor-element elementor-element-777a5bd elementor-widget__width-initial elementor-invisible elementor-widget elementor-widget-heading\" data-id=\"777a5bd\" data-element_type=\"widget\" data-e-type=\"widget\" data-settings=\"{&quot;_animation&quot;:&quot;fadeInUp&quot;}\" data-widget_type=\"heading.default\">\n\t\t\t\t\t<h2 class=\"elementor-heading-title elementor-size-default\">Carrer Bonaventura Carreras I Peralta, 4<\/h2>\t\t\t\t<\/div>\n\t\t\t\t<div class=\"elementor-element elementor-element-ea1da12 underli elementor-icon-list--layout-traditional elementor-list-item-link-full_width elementor-widget elementor-widget-icon-list\" data-id=\"ea1da12\" data-element_type=\"widget\" data-e-type=\"widget\" data-widget_type=\"icon-list.default\">\n\t\t\t\t\t\t\t<ul class=\"elementor-icon-list-items\">\n\t\t\t\t\t\t\t<li class=\"elementor-icon-list-item\">\n\t\t\t\t\t\t\t\t\t\t\t<a href=\"https:\/\/maps.app.goo.gl\/Mg8jMdbzaLwZR7UMA\" target=\"_blank\" rel=\"nofollow\">\n\n\t\t\t\t\t\t\t\t\t\t\t\t<span class=\"elementor-icon-list-icon\">\n\t\t\t\t\t\t\t<svg xmlns=\"http:\/\/www.w3.org\/2000\/svg\" width=\"11.005\" height=\"8.2\" viewBox=\"0 0 11.005 8.2\" fill=\"none\" id=\"svg4\"><path d=\"M5.905 8.2c-.196 0-.294-.037-.294-.109 0-.041.052-.114.155-.217L9.052 4.65H.341C.114 4.65 0 4.495 0 4.185V4.03c0-.31.114-.465.341-.465h8.711L5.751.325C5.646.222 5.595.15 5.595.108c0-.072.098-.108.294-.108h.853c.206 0 .382.072.526.217l3.627 3.611c.073.073.109.176.109.31a.511.511 0 01-.016.124.375.375 0 01-.093.124l-3.61 3.596a.717.717 0 01-.527.218z\" fill=\"#000\" id=\"path2\"><\/path><\/svg>\t\t\t\t\t\t<\/span>\n\t\t\t\t\t\t\t\t\t\t<span class=\"elementor-icon-list-text\">Veure a Google Maps<\/span>\n\t\t\t\t\t\t\t\t\t\t\t<\/a>\n\t\t\t\t\t\t\t\t\t<\/li>\n\t\t\t\t\t\t<\/ul>\n\t\t\t\t\t\t<\/div>\n\t\t\t\t<\/div>\n\t\t<div class=\"elementor-element elementor-element-2e72506 e-con-full e-flex e-con e-child\" data-id=\"2e72506\" data-element_type=\"container\" data-e-type=\"container\">\n\t\t\t\t<div class=\"elementor-element elementor-element-28dcc3f elementor-widget__width-initial elementor-invisible elementor-widget elementor-widget-heading\" data-id=\"28dcc3f\" data-element_type=\"widget\" data-e-type=\"widget\" data-settings=\"{&quot;_animation&quot;:&quot;fadeInUp&quot;}\" data-widget_type=\"heading.default\">\n\t\t\t\t\t<h3 class=\"elementor-heading-title elementor-size-default\">Com aparcar<\/h3>\t\t\t\t<\/div>\n\t\t\t\t<div class=\"elementor-element elementor-element-cf7af8a elementor-widget__width-initial elementor-widget elementor-widget-text-editor\" data-id=\"cf7af8a\" data-element_type=\"widget\" data-e-type=\"widget\" data-settings=\"{&quot;_animation&quot;:&quot;none&quot;}\" data-widget_type=\"text-editor.default\">\n\t\t\t\t\t\t\t\t\t<p>Palau Fugit est\u00e0 situat al centre del casc antic de Girona, on el tr\u00e0nsit est\u00e0 restringit. No obstant aix\u00f2, podeu conduir fins a l&#8217;hotel per descarregar l&#8217;equipatge. A m\u00e9s, podem reservar-vos una pla\u00e7a d&#8217;aparcament en una ubicaci\u00f3 a 500 metres de Palau Fugit. Simplement envia el teu n\u00famero de matr\u00edcula a hola@palaufugit.com i farem la reserva en nom teu. El pagament es fa a l&#8217;hotel.    <\/p><p>Tamb\u00e9 hi ha aparcament per a bicicletes disponible.<\/p>\t\t\t\t\t\t\t\t<\/div>\n\t\t\t\t<\/div>\n\t\t\t\t<\/div>\n\t\t\t\t<\/div>\n\t\t<div class=\"elementor-element elementor-element-8c2c7db e-con-full e-flex e-con e-parent\" data-id=\"8c2c7db\" data-element_type=\"container\" data-e-type=\"container\" data-settings=\"{&quot;background_background&quot;:&quot;classic&quot;}\">\n\t\t\t\t<div class=\"elementor-element elementor-element-7e26223 elementor-invisible elementor-widget elementor-widget-heading\" data-id=\"7e26223\" data-element_type=\"widget\" data-e-type=\"widget\" data-settings=\"{&quot;_animation&quot;:&quot;fadeInUp&quot;}\" data-widget_type=\"heading.default\">\n\t\t\t\t\t<h2 class=\"elementor-heading-title elementor-size-default\">Agenda cultural gironina<\/h2>\t\t\t\t<\/div>\n\t\t\t\t<div class=\"elementor-element elementor-element-ee80b3b underli elementor-icon-list--layout-traditional elementor-list-item-link-full_width elementor-widget elementor-widget-icon-list\" data-id=\"ee80b3b\" data-element_type=\"widget\" data-e-type=\"widget\" data-widget_type=\"icon-list.default\">\n\t\t\t\t\t\t\t<ul class=\"elementor-icon-list-items\">\n\t\t\t\t\t\t\t<li class=\"elementor-icon-list-item\">\n\t\t\t\t\t\t\t\t\t\t\t<span class=\"elementor-icon-list-icon\">\n\t\t\t\t\t\t\t<svg xmlns=\"http:\/\/www.w3.org\/2000\/svg\" width=\"11.005\" height=\"8.2\" viewBox=\"0 0 11.005 8.2\" fill=\"none\" id=\"svg4\"><path d=\"M5.905 8.2c-.196 0-.294-.037-.294-.109 0-.041.052-.114.155-.217L9.052 4.65H.341C.114 4.65 0 4.495 0 4.185V4.03c0-.31.114-.465.341-.465h8.711L5.751.325C5.646.222 5.595.15 5.595.108c0-.072.098-.108.294-.108h.853c.206 0 .382.072.526.217l3.627 3.611c.073.073.109.176.109.31a.511.511 0 01-.016.124.375.375 0 01-.093.124l-3.61 3.596a.717.717 0 01-.527.218z\" fill=\"#000\" id=\"path2\"><\/path><\/svg>\t\t\t\t\t\t<\/span>\n\t\t\t\t\t\t\t\t\t\t<span class=\"elementor-icon-list-text\">Agenda cultural gironina<\/span>\n\t\t\t\t\t\t\t\t\t<\/li>\n\t\t\t\t\t\t<\/ul>\n\t\t\t\t\t\t<\/div>\n\t\t\t\t<\/div>\n\t\t<div class=\"elementor-element elementor-element-efc67ec e-con-full e-flex e-con e-parent\" data-id=\"efc67ec\" data-element_type=\"container\" data-e-type=\"container\" data-settings=\"{&quot;background_background&quot;:&quot;classic&quot;}\">\n\t\t\t\t<div class=\"elementor-element elementor-element-6c9b89f elementor-grid-tablet-3 elementor-grid-3 elementor-grid-mobile-1 elementor-widget elementor-widget-loop-grid\" data-id=\"6c9b89f\" data-element_type=\"widget\" data-e-type=\"widget\" data-settings=\"{&quot;template_id&quot;:13300,&quot;columns_tablet&quot;:3,&quot;_skin&quot;:&quot;post&quot;,&quot;columns&quot;:&quot;3&quot;,&quot;columns_mobile&quot;:&quot;1&quot;,&quot;edit_handle_selector&quot;:&quot;[data-elementor-type=\\&quot;loop-item\\&quot;]&quot;,&quot;row_gap&quot;:{&quot;unit&quot;:&quot;px&quot;,&quot;size&quot;:&quot;&quot;,&quot;sizes&quot;:[]},&quot;row_gap_tablet&quot;:{&quot;unit&quot;:&quot;px&quot;,&quot;size&quot;:&quot;&quot;,&quot;sizes&quot;:[]},&quot;row_gap_mobile&quot;:{&quot;unit&quot;:&quot;px&quot;,&quot;size&quot;:&quot;&quot;,&quot;sizes&quot;:[]}}\" data-widget_type=\"loop-grid.post\">\n\t\t\t\t<div class=\"elementor-widget-container\">\n\t\t\t\t\t\t\t<div class=\"elementor-loop-container elementor-grid\" role=\"list\">\n\t\t<style id=\"loop-dynamic-13300\">.e-loop-item-15700 .elementor-element.elementor-element-3e177c4:not(.elementor-motion-effects-element-type-background), .e-loop-item-15700 .elementor-element.elementor-element-3e177c4 > .elementor-motion-effects-container > .elementor-motion-effects-layer{background-image:url(\"https:\/\/ficam.cat\/wp-content\/uploads\/2026\/03\/Imagen-strenes-girona-palau-fugit-1.jpg\");}<\/style><style id=\"loop-13300\">.elementor-13300 .elementor-element.elementor-element-9fed2d1{--display:flex;--flex-direction:column;--container-widget-width:100%;--container-widget-height:initial;--container-widget-flex-grow:0;--container-widget-align-self:initial;--flex-wrap-mobile:wrap;--gap:0px 0px;--row-gap:0px;--column-gap:0px;--padding-top:0px;--padding-bottom:0px;--padding-left:0px;--padding-right:0px;}.elementor-13300 .elementor-element.elementor-element-3e177c4{--display:flex;--min-height:38vh;--flex-direction:column;--container-widget-width:calc( ( 1 - var( --container-widget-flex-grow ) ) * 100% );--container-widget-height:initial;--container-widget-flex-grow:0;--container-widget-align-self:initial;--flex-wrap-mobile:wrap;--align-items:flex-start;--gap:0px 0px;--row-gap:0px;--column-gap:0px;--margin-top:0px;--margin-bottom:20px;--margin-left:0px;--margin-right:0px;--padding-top:10px;--padding-bottom:4px;--padding-left:9px;--padding-right:7px;}.elementor-13300 .elementor-element.elementor-element-3e177c4:not(.elementor-motion-effects-element-type-background), .elementor-13300 .elementor-element.elementor-element-3e177c4 > .elementor-motion-effects-container > .elementor-motion-effects-layer{background-position:center center;background-repeat:no-repeat;background-size:cover;}.elementor-13300 .elementor-element.elementor-element-31c46c2 .elementor-button{font-family:\"Founders Grotesk\", Sans-serif;font-size:16px;line-height:16px;fill:#FFFFFF;color:#FFFFFF;background-color:#02010100;border-style:solid;border-width:1px 1px 1px 1px;border-color:#FFFFFF;padding:4px 7px 4px 7px;}.elementor-13300 .elementor-element.elementor-element-31c46c2 .elementor-button:hover, .elementor-13300 .elementor-element.elementor-element-31c46c2 .elementor-button:focus{color:#FFFFFF;border-color:#FFFFFF;}.elementor-13300 .elementor-element.elementor-element-31c46c2 .elementor-button:hover svg, .elementor-13300 .elementor-element.elementor-element-31c46c2 .elementor-button:focus svg{fill:#FFFFFF;}.elementor-13300 .elementor-element.elementor-element-b9e3d55{text-align:start;margin:0px 0px calc(var(--kit-widget-spacing, 0px) + 6px) 0px;}.elementor-13300 .elementor-element.elementor-element-b9e3d55 .elementor-heading-title{font-family:\"Founders Grotesk\", Sans-serif;font-size:20px;line-height:1.2em;}.elementor-13300 .elementor-element.elementor-element-a5c29c5{--display:flex;--flex-direction:row;--container-widget-width:initial;--container-widget-height:100%;--container-widget-flex-grow:1;--container-widget-align-self:stretch;--flex-wrap-mobile:wrap;--gap:0px 0px;--row-gap:0px;--column-gap:0px;--padding-top:0px;--padding-bottom:20px;--padding-left:0px;--padding-right:0px;}.elementor-13300 .elementor-element.elementor-element-43a2b40{text-align:start;width:auto;max-width:auto;}.elementor-13300 .elementor-element.elementor-element-43a2b40 .elementor-heading-title{font-family:\"Founders Grotesk\", Sans-serif;font-size:20px;line-height:1.2em;}.elementor-13300 .elementor-element.elementor-element-43a2b40.elementor-element{--align-self:flex-start;}.elementor-13300 .elementor-element.elementor-element-70e855b{text-align:start;padding:0px 5px 0px 5px;width:auto;max-width:auto;}.elementor-13300 .elementor-element.elementor-element-70e855b .elementor-heading-title{font-family:\"Founders Grotesk\", Sans-serif;font-size:20px;line-height:1.2em;}.elementor-13300 .elementor-element.elementor-element-70e855b.elementor-element{--align-self:flex-start;}.elementor-13300 .elementor-element.elementor-element-2135719{text-align:start;width:auto;max-width:auto;}.elementor-13300 .elementor-element.elementor-element-2135719 .elementor-heading-title{font-family:\"Founders Grotesk\", Sans-serif;font-size:20px;line-height:1.2em;}.elementor-13300 .elementor-element.elementor-element-2135719.elementor-element{--align-self:flex-start;}.elementor-13300 .elementor-element.elementor-element-2c61fde{text-align:start;font-family:\"Founders Grotesk\", Sans-serif;font-size:16px;line-height:26px;letter-spacing:-0.01em;color:#000000;}.elementor-13300 .elementor-element.elementor-element-2c61fde a:hover, .elementor-13300 .elementor-element.elementor-element-2c61fde a:focus{color:#000000;}@media(max-width:1024px){.elementor-13300 .elementor-element.elementor-element-3e177c4{--min-height:300px;}}<\/style>\t\t<div data-elementor-type=\"loop-item\" data-elementor-id=\"13300\" class=\"elementor elementor-13300 e-loop-item e-loop-item-15700 post-15700 post type-post status-publish format-standard has-post-thumbnail hentry category-musica-festivals\" data-elementor-post-type=\"elementor_library\" data-custom-edit-handle=\"1\">\n\t\t\t<a class=\"elementor-element elementor-element-9fed2d1 e-con-full e-flex e-con e-parent\" data-id=\"9fed2d1\" data-element_type=\"container\" data-e-type=\"container\">\n\t\t<div class=\"elementor-element elementor-element-3e177c4 e-con-full e-flex e-con e-child\" data-id=\"3e177c4\" data-element_type=\"container\" data-e-type=\"container\" data-settings=\"{&quot;background_background&quot;:&quot;classic&quot;}\">\n\t\t\t\t<div class=\"elementor-element elementor-element-31c46c2 elementor-align-center elementor-widget elementor-widget-button\" data-id=\"31c46c2\" data-element_type=\"widget\" data-e-type=\"widget\" data-widget_type=\"button.default\">\n\t\t\t\t\t\t\t\t\t\t<a class=\"elementor-button elementor-button-link elementor-size-sm\" href=\"#\">\n\t\t\t\t\t\t<span class=\"elementor-button-content-wrapper\">\n\t\t\t\t\t\t\t\t\t<span class=\"elementor-button-text\"> <span>Musica &amp; Festivals<\/span><\/span>\n\t\t\t\t\t<\/span>\n\t\t\t\t\t<\/a>\n\t\t\t\t\t\t\t\t<\/div>\n\t\t\t\t<\/div>\n\t\t\t\t<div class=\"elementor-element elementor-element-b9e3d55 elementor-widget elementor-widget-theme-post-title elementor-page-title elementor-widget-heading\" data-id=\"b9e3d55\" data-element_type=\"widget\" data-e-type=\"widget\" data-widget_type=\"theme-post-title.default\">\n\t\t\t\t\t<h3 class=\"elementor-heading-title elementor-size-default\">Strenes Festival<\/h3>\t\t\t\t<\/div>\n\t\t<div class=\"elementor-element elementor-element-a5c29c5 e-con-full e-flex e-con e-child\" data-id=\"a5c29c5\" data-element_type=\"container\" data-e-type=\"container\">\n\t\t\t\t<div class=\"elementor-element elementor-element-43a2b40 elementor-widget__width-auto elementor-widget elementor-widget-heading\" data-id=\"43a2b40\" data-element_type=\"widget\" data-e-type=\"widget\" data-widget_type=\"heading.default\">\n\t\t\t\t\t<span class=\"elementor-heading-title elementor-size-default\">27.03.2026<\/span>\t\t\t\t<\/div>\n\t\t\t\t<div class=\"elementor-element elementor-element-70e855b elementor-widget__width-auto elementor-widget elementor-widget-heading\" data-id=\"70e855b\" data-element_type=\"widget\" data-e-type=\"widget\" data-widget_type=\"heading.default\">\n\t\t\t\t\t<span class=\"elementor-heading-title elementor-size-default\">-<\/span>\t\t\t\t<\/div>\n\t\t\t\t<div class=\"elementor-element elementor-element-2135719 elementor-widget__width-auto elementor-widget elementor-widget-heading\" data-id=\"2135719\" data-element_type=\"widget\" data-e-type=\"widget\" data-widget_type=\"heading.default\">\n\t\t\t\t\t<span class=\"elementor-heading-title elementor-size-default\">03.05.2026<\/span>\t\t\t\t<\/div>\n\t\t\t\t<\/div>\n\t\t\t\t<div class=\"elementor-element elementor-element-2c61fde elementor-widget elementor-widget-theme-post-excerpt\" data-id=\"2c61fde\" data-element_type=\"widget\" data-e-type=\"widget\" data-widget_type=\"theme-post-excerpt.default\">\n\t\t\t\t\t\u00c9s el festival de refer\u00e8ncia on els artistes catalans presenten els seus nous treballs discogr\u00e0fics, inicien o tanquen les seves gires i estren en espectacles in\u00e8dits.<br><br>El Festival converteix la ciutat de Girona en un gran espai esc\u00e8nic, amb concerts programats en espais interiors com l\u2019Auditori, el Teatre Municipal, el Centre Cultural La Merc\u00e8 o La Mirona de Salt, aix\u00ed com en espais emblem\u00e0tics i dels m\u00e9s visitats de la ciutat, com les Escales de la Catedral.\t\t\t\t<\/div>\n\t\t\t\t<\/a>\n\t\t\t\t<\/div>\n\t\t<style id=\"loop-dynamic-13300\">.e-loop-item-15338 .elementor-element.elementor-element-3e177c4:not(.elementor-motion-effects-element-type-background), .e-loop-item-15338 .elementor-element.elementor-element-3e177c4 > .elementor-motion-effects-container > .elementor-motion-effects-layer{background-image:url(\"https:\/\/ficam.cat\/wp-content\/uploads\/2026\/01\/the-traka-2026.jpg\");}<\/style>\t\t<div data-elementor-type=\"loop-item\" data-elementor-id=\"13300\" class=\"elementor elementor-13300 e-loop-item e-loop-item-15338 post-15338 post type-post status-publish format-standard has-post-thumbnail hentry category-activitats-a-laire-lliure\" data-elementor-post-type=\"elementor_library\" data-custom-edit-handle=\"1\">\n\t\t\t<a class=\"elementor-element elementor-element-9fed2d1 e-con-full e-flex e-con e-parent\" data-id=\"9fed2d1\" data-element_type=\"container\" data-e-type=\"container\">\n\t\t<div class=\"elementor-element elementor-element-3e177c4 e-con-full e-flex e-con e-child\" data-id=\"3e177c4\" data-element_type=\"container\" data-e-type=\"container\" data-settings=\"{&quot;background_background&quot;:&quot;classic&quot;}\">\n\t\t\t\t<div class=\"elementor-element elementor-element-31c46c2 elementor-align-center elementor-widget elementor-widget-button\" data-id=\"31c46c2\" data-element_type=\"widget\" data-e-type=\"widget\" data-widget_type=\"button.default\">\n\t\t\t\t\t\t\t\t\t\t<a class=\"elementor-button elementor-button-link elementor-size-sm\" href=\"#\">\n\t\t\t\t\t\t<span class=\"elementor-button-content-wrapper\">\n\t\t\t\t\t\t\t\t\t<span class=\"elementor-button-text\"> <span>Activitats a l&#039;aire lliure<\/span><\/span>\n\t\t\t\t\t<\/span>\n\t\t\t\t\t<\/a>\n\t\t\t\t\t\t\t\t<\/div>\n\t\t\t\t<\/div>\n\t\t\t\t<div class=\"elementor-element elementor-element-b9e3d55 elementor-widget elementor-widget-theme-post-title elementor-page-title elementor-widget-heading\" data-id=\"b9e3d55\" data-element_type=\"widget\" data-e-type=\"widget\" data-widget_type=\"theme-post-title.default\">\n\t\t\t\t\t<h3 class=\"elementor-heading-title elementor-size-default\">THE TRAKA Gravel Girona 2026<\/h3>\t\t\t\t<\/div>\n\t\t<div class=\"elementor-element elementor-element-a5c29c5 e-con-full e-flex e-con e-child\" data-id=\"a5c29c5\" data-element_type=\"container\" data-e-type=\"container\">\n\t\t\t\t<div class=\"elementor-element elementor-element-43a2b40 elementor-widget__width-auto elementor-widget elementor-widget-heading\" data-id=\"43a2b40\" data-element_type=\"widget\" data-e-type=\"widget\" data-widget_type=\"heading.default\">\n\t\t\t\t\t<span class=\"elementor-heading-title elementor-size-default\">29.04.2026<\/span>\t\t\t\t<\/div>\n\t\t\t\t<div class=\"elementor-element elementor-element-70e855b elementor-widget__width-auto elementor-widget elementor-widget-heading\" data-id=\"70e855b\" data-element_type=\"widget\" data-e-type=\"widget\" data-widget_type=\"heading.default\">\n\t\t\t\t\t<span class=\"elementor-heading-title elementor-size-default\">-<\/span>\t\t\t\t<\/div>\n\t\t\t\t<div class=\"elementor-element elementor-element-2135719 elementor-widget__width-auto elementor-widget elementor-widget-heading\" data-id=\"2135719\" data-element_type=\"widget\" data-e-type=\"widget\" data-widget_type=\"heading.default\">\n\t\t\t\t\t<span class=\"elementor-heading-title elementor-size-default\">03.05.2026<\/span>\t\t\t\t<\/div>\n\t\t\t\t<\/div>\n\t\t\t\t<div class=\"elementor-element elementor-element-2c61fde elementor-widget elementor-widget-theme-post-excerpt\" data-id=\"2c61fde\" data-element_type=\"widget\" data-e-type=\"widget\" data-widget_type=\"theme-post-excerpt.default\">\n\t\t\t\t\tDel 29 d\u2019abril al 3 de maig de 2026, Girona tornar\u00e0 a convertir-se en l\u2019epicentre del gravel amb THE TRAKA, un esdeveniment amb sortida i arribada a la ciutat que reuneix ciclistes d\u2019arreu del m\u00f3n.\n\nEl que va comen\u00e7ar a Catalunya com una celebraci\u00f3 de la comunitat, els paisatges salvatges i la inclusivitat, avui \u00e9s un aut\u00e8ntic moviment global sobre dues rodes. L\u2019edici\u00f3 2026 proposa diversos reptes \u2014des dels 100 km i 200 km, fins als recorreguts m\u00e9s exigents com el 360 km i la modalitat Adventure (560 km)\u2014 travessant alguns dels trams m\u00e9s ic\u00f2nics del territori. \t\t\t\t<\/div>\n\t\t\t\t<\/a>\n\t\t\t\t<\/div>\n\t\t<style id=\"loop-dynamic-13300\">.e-loop-item-15336 .elementor-element.elementor-element-3e177c4:not(.elementor-motion-effects-element-type-background), .e-loop-item-15336 .elementor-element.elementor-element-3e177c4 > .elementor-motion-effects-container > .elementor-motion-effects-layer{background-image:url(\"https:\/\/ficam.cat\/wp-content\/uploads\/2026\/01\/Girona-Temps-de-Flors-2026.jpg\");}<\/style>\t\t<div data-elementor-type=\"loop-item\" data-elementor-id=\"13300\" class=\"elementor elementor-13300 e-loop-item e-loop-item-15336 post-15336 post type-post status-publish format-standard has-post-thumbnail hentry category-activitats-a-laire-lliure\" data-elementor-post-type=\"elementor_library\" data-custom-edit-handle=\"1\">\n\t\t\t<a class=\"elementor-element elementor-element-9fed2d1 e-con-full e-flex e-con e-parent\" data-id=\"9fed2d1\" data-element_type=\"container\" data-e-type=\"container\">\n\t\t<div class=\"elementor-element elementor-element-3e177c4 e-con-full e-flex e-con e-child\" data-id=\"3e177c4\" data-element_type=\"container\" data-e-type=\"container\" data-settings=\"{&quot;background_background&quot;:&quot;classic&quot;}\">\n\t\t\t\t<div class=\"elementor-element elementor-element-31c46c2 elementor-align-center elementor-widget elementor-widget-button\" data-id=\"31c46c2\" data-element_type=\"widget\" data-e-type=\"widget\" data-widget_type=\"button.default\">\n\t\t\t\t\t\t\t\t\t\t<a class=\"elementor-button elementor-button-link elementor-size-sm\" href=\"#\">\n\t\t\t\t\t\t<span class=\"elementor-button-content-wrapper\">\n\t\t\t\t\t\t\t\t\t<span class=\"elementor-button-text\"> <span>Activitats a l&#039;aire lliure<\/span><\/span>\n\t\t\t\t\t<\/span>\n\t\t\t\t\t<\/a>\n\t\t\t\t\t\t\t\t<\/div>\n\t\t\t\t<\/div>\n\t\t\t\t<div class=\"elementor-element elementor-element-b9e3d55 elementor-widget elementor-widget-theme-post-title elementor-page-title elementor-widget-heading\" data-id=\"b9e3d55\" data-element_type=\"widget\" data-e-type=\"widget\" data-widget_type=\"theme-post-title.default\">\n\t\t\t\t\t<h3 class=\"elementor-heading-title elementor-size-default\">Girona, Temps de Flors 2026<\/h3>\t\t\t\t<\/div>\n\t\t<div class=\"elementor-element elementor-element-a5c29c5 e-con-full e-flex e-con e-child\" data-id=\"a5c29c5\" data-element_type=\"container\" data-e-type=\"container\">\n\t\t\t\t<div class=\"elementor-element elementor-element-43a2b40 elementor-widget__width-auto elementor-widget elementor-widget-heading\" data-id=\"43a2b40\" data-element_type=\"widget\" data-e-type=\"widget\" data-widget_type=\"heading.default\">\n\t\t\t\t\t<span class=\"elementor-heading-title elementor-size-default\">09.05.2026<\/span>\t\t\t\t<\/div>\n\t\t\t\t<div class=\"elementor-element elementor-element-70e855b elementor-widget__width-auto elementor-widget elementor-widget-heading\" data-id=\"70e855b\" data-element_type=\"widget\" data-e-type=\"widget\" data-widget_type=\"heading.default\">\n\t\t\t\t\t<span class=\"elementor-heading-title elementor-size-default\">-<\/span>\t\t\t\t<\/div>\n\t\t\t\t<div class=\"elementor-element elementor-element-2135719 elementor-widget__width-auto elementor-widget elementor-widget-heading\" data-id=\"2135719\" data-element_type=\"widget\" data-e-type=\"widget\" data-widget_type=\"heading.default\">\n\t\t\t\t\t<span class=\"elementor-heading-title elementor-size-default\">17.05.2026<\/span>\t\t\t\t<\/div>\n\t\t\t\t<\/div>\n\t\t\t\t<div class=\"elementor-element elementor-element-2c61fde elementor-widget elementor-widget-theme-post-excerpt\" data-id=\"2c61fde\" data-element_type=\"widget\" data-e-type=\"widget\" data-widget_type=\"theme-post-excerpt.default\">\n\t\t\t\t\tDel 9 al 17 de maig de 2026, Girona celebrar\u00e0 una nova edici\u00f3 de Temps de Flors, la 71a Exposici\u00f3 de flors, patis i jardins, que transforma la ciutat en un gran recorregut floral a l\u2019aire lliure.<br><br>Durant aquests dies, el Barri Vell s\u2019omple de muntatges ef\u00edmers i intervencions creatives que conviden a descobrir racons \u00fanics, patis interiors i espais patrimonials oberts de manera excepcional. Una experi\u00e8ncia imprescindible per viure Girona a la primavera, plena de color i vida.\t\t\t\t<\/div>\n\t\t\t\t<\/a>\n\t\t\t\t<\/div>\n\t\t\t\t<\/div>\n\t\t\n\t\t\t\t\t\t<\/div>\n\t\t\t\t<\/div>\n\t\t\t\t<\/div>\n\t\t\t\t<\/div>\n\t\t","protected":false},"excerpt":{"rendered":"<p>M\u00e9s queun hotel, M\u00e9s que un hotel, una manera de viure. La Vida Plena, des del bell mig de Gironaa tots els racons del m\u00f3n. una manerade viure. Desconnecta de tot en tranquil\u00b7litat. I reconnecta amb l\u2019art, la natura, el riure, els \u201cuau!\u201d, la gastronomia, la cultura i els aplaudiments\u2026 Alguns en diuen \u2018Dolce vita\u2019, [&hellip;]<\/p>\n","protected":false},"author":1,"featured_media":0,"parent":0,"menu_order":0,"comment_status":"closed","ping_status":"closed","template":"elementor_header_footer","meta":{"_acf_changed":false,"inline_featured_image":false,"footnotes":""},"class_list":["post-15436","page","type-page","status-publish","hentry"],"acf":[],"yoast_head":"<!-- This site is optimized with the Yoast SEO plugin v27.4 - https:\/\/yoast.com\/product\/yoast-seo-wordpress\/ -->\n<title>Inici - Palau Fugit Hotel<\/title>\n<meta name=\"description\" content=\"El Palau Fugit \u00e9s un hotel preci\u00f3s amb diverses habitacions al centre de Girona. M\u00e9s que un hotel, el Palau Fugit \u00e9s una forma de vida.\" \/>\n<meta name=\"robots\" content=\"noindex, follow, max-snippet:-1, max-image-preview:large, max-video-preview:-1\" \/>\n<meta property=\"og:locale\" content=\"ca_ES\" \/>\n<meta property=\"og:type\" content=\"article\" \/>\n<meta property=\"og:title\" content=\"Inici - Palau Fugit Hotel\" \/>\n<meta property=\"og:description\" content=\"El Palau Fugit \u00e9s un hotel preci\u00f3s amb diverses habitacions al centre de Girona. M\u00e9s que un hotel, el Palau Fugit \u00e9s una forma de vida.\" \/>\n<meta property=\"og:url\" content=\"https:\/\/ficam.cat\/ca\/\" \/>\n<meta property=\"og:site_name\" content=\"Palau Fugit\" \/>\n<meta property=\"article:modified_time\" content=\"2026-04-14T11:44:48+00:00\" \/>\n<meta property=\"og:image\" content=\"https:\/\/ficam.cat\/wp-content\/uploads\/2026\/02\/Palau-Fugit-hilton-small-luxury-hotel.jpg\" \/>\n<meta name=\"twitter:card\" content=\"summary_large_image\" \/>\n<meta name=\"twitter:label1\" content=\"Temps estimat de lectura\" \/>\n\t<meta name=\"twitter:data1\" content=\"3 minuts\" \/>\n<script type=\"application\/ld+json\" class=\"yoast-schema-graph\">{\"@context\":\"https:\\\/\\\/schema.org\",\"@graph\":[{\"@type\":\"WebPage\",\"@id\":\"https:\\\/\\\/ficam.cat\\\/ca\\\/\",\"url\":\"https:\\\/\\\/ficam.cat\\\/ca\\\/\",\"name\":\"Inici - Palau Fugit Hotel\",\"isPartOf\":{\"@id\":\"https:\\\/\\\/ficam.cat\\\/ca\\\/#website\"},\"primaryImageOfPage\":{\"@id\":\"https:\\\/\\\/ficam.cat\\\/ca\\\/#primaryimage\"},\"image\":{\"@id\":\"https:\\\/\\\/ficam.cat\\\/ca\\\/#primaryimage\"},\"thumbnailUrl\":\"https:\\\/\\\/ficam.cat\\\/wp-content\\\/uploads\\\/2026\\\/02\\\/Palau-Fugit-hilton-small-luxury-hotel.jpg\",\"datePublished\":\"2026-01-26T11:56:02+00:00\",\"dateModified\":\"2026-04-14T11:44:48+00:00\",\"description\":\"El Palau Fugit \u00e9s un hotel preci\u00f3s amb diverses habitacions al centre de Girona. M\u00e9s que un hotel, el Palau Fugit \u00e9s una forma de vida.\",\"breadcrumb\":{\"@id\":\"https:\\\/\\\/ficam.cat\\\/ca\\\/#breadcrumb\"},\"inLanguage\":\"ca\",\"potentialAction\":[{\"@type\":\"ReadAction\",\"target\":[\"https:\\\/\\\/ficam.cat\\\/ca\\\/\"]}]},{\"@type\":\"ImageObject\",\"inLanguage\":\"ca\",\"@id\":\"https:\\\/\\\/ficam.cat\\\/ca\\\/#primaryimage\",\"url\":\"https:\\\/\\\/ficam.cat\\\/wp-content\\\/uploads\\\/2026\\\/02\\\/Palau-Fugit-hilton-small-luxury-hotel.jpg\",\"contentUrl\":\"https:\\\/\\\/ficam.cat\\\/wp-content\\\/uploads\\\/2026\\\/02\\\/Palau-Fugit-hilton-small-luxury-hotel.jpg\"},{\"@type\":\"BreadcrumbList\",\"@id\":\"https:\\\/\\\/ficam.cat\\\/ca\\\/#breadcrumb\",\"itemListElement\":[{\"@type\":\"ListItem\",\"position\":1,\"name\":\"Inici\",\"item\":\"https:\\\/\\\/ficam.cat\\\/ca\\\/inici\\\/\"},{\"@type\":\"ListItem\",\"position\":2,\"name\":\"Inici\"}]},{\"@type\":\"WebSite\",\"@id\":\"https:\\\/\\\/ficam.cat\\\/ca\\\/#website\",\"url\":\"https:\\\/\\\/ficam.cat\\\/ca\\\/\",\"name\":\"Palau Fugit\",\"description\":\"Hotel Boutique en Girona\",\"publisher\":{\"@id\":\"https:\\\/\\\/ficam.cat\\\/ca\\\/#organization\"},\"potentialAction\":[{\"@type\":\"SearchAction\",\"target\":{\"@type\":\"EntryPoint\",\"urlTemplate\":\"https:\\\/\\\/ficam.cat\\\/ca\\\/?s={search_term_string}\"},\"query-input\":{\"@type\":\"PropertyValueSpecification\",\"valueRequired\":true,\"valueName\":\"search_term_string\"}}],\"inLanguage\":\"ca\"},{\"@type\":\"Organization\",\"@id\":\"https:\\\/\\\/ficam.cat\\\/ca\\\/#organization\",\"name\":\"Palau Fugit\",\"url\":\"https:\\\/\\\/ficam.cat\\\/ca\\\/\",\"logo\":{\"@type\":\"ImageObject\",\"inLanguage\":\"ca\",\"@id\":\"https:\\\/\\\/ficam.cat\\\/ca\\\/#\\\/schema\\\/logo\\\/image\\\/\",\"url\":\"https:\\\/\\\/ficam.cat\\\/wp-content\\\/uploads\\\/2026\\\/02\\\/cropped-favicon_palaufugit-favicon.png\",\"contentUrl\":\"https:\\\/\\\/ficam.cat\\\/wp-content\\\/uploads\\\/2026\\\/02\\\/cropped-favicon_palaufugit-favicon.png\",\"width\":512,\"height\":512,\"caption\":\"Palau Fugit\"},\"image\":{\"@id\":\"https:\\\/\\\/ficam.cat\\\/ca\\\/#\\\/schema\\\/logo\\\/image\\\/\"},\"sameAs\":[\"https:\\\/\\\/www.instagram.com\\\/palaufugitgirona\\\/\"]}]}<\/script>\n<!-- \/ Yoast SEO plugin. -->","yoast_head_json":{"title":"Inici - Palau Fugit Hotel","description":"El Palau Fugit \u00e9s un hotel preci\u00f3s amb diverses habitacions al centre de Girona. M\u00e9s que un hotel, el Palau Fugit \u00e9s una forma de vida.","robots":{"index":"noindex","follow":"follow","max-snippet":"max-snippet:-1","max-image-preview":"max-image-preview:large","max-video-preview":"max-video-preview:-1"},"og_locale":"ca_ES","og_type":"article","og_title":"Inici - Palau Fugit Hotel","og_description":"El Palau Fugit \u00e9s un hotel preci\u00f3s amb diverses habitacions al centre de Girona. M\u00e9s que un hotel, el Palau Fugit \u00e9s una forma de vida.","og_url":"https:\/\/ficam.cat\/ca\/","og_site_name":"Palau Fugit","article_modified_time":"2026-04-14T11:44:48+00:00","og_image":[{"url":"https:\/\/ficam.cat\/wp-content\/uploads\/2026\/02\/Palau-Fugit-hilton-small-luxury-hotel.jpg","type":"","width":"","height":""}],"twitter_card":"summary_large_image","twitter_misc":{"Temps estimat de lectura":"3 minuts"},"schema":{"@context":"https:\/\/schema.org","@graph":[{"@type":"WebPage","@id":"https:\/\/ficam.cat\/ca\/","url":"https:\/\/ficam.cat\/ca\/","name":"Inici - Palau Fugit Hotel","isPartOf":{"@id":"https:\/\/ficam.cat\/ca\/#website"},"primaryImageOfPage":{"@id":"https:\/\/ficam.cat\/ca\/#primaryimage"},"image":{"@id":"https:\/\/ficam.cat\/ca\/#primaryimage"},"thumbnailUrl":"https:\/\/ficam.cat\/wp-content\/uploads\/2026\/02\/Palau-Fugit-hilton-small-luxury-hotel.jpg","datePublished":"2026-01-26T11:56:02+00:00","dateModified":"2026-04-14T11:44:48+00:00","description":"El Palau Fugit \u00e9s un hotel preci\u00f3s amb diverses habitacions al centre de Girona. M\u00e9s que un hotel, el Palau Fugit \u00e9s una forma de vida.","breadcrumb":{"@id":"https:\/\/ficam.cat\/ca\/#breadcrumb"},"inLanguage":"ca","potentialAction":[{"@type":"ReadAction","target":["https:\/\/ficam.cat\/ca\/"]}]},{"@type":"ImageObject","inLanguage":"ca","@id":"https:\/\/ficam.cat\/ca\/#primaryimage","url":"https:\/\/ficam.cat\/wp-content\/uploads\/2026\/02\/Palau-Fugit-hilton-small-luxury-hotel.jpg","contentUrl":"https:\/\/ficam.cat\/wp-content\/uploads\/2026\/02\/Palau-Fugit-hilton-small-luxury-hotel.jpg"},{"@type":"BreadcrumbList","@id":"https:\/\/ficam.cat\/ca\/#breadcrumb","itemListElement":[{"@type":"ListItem","position":1,"name":"Inici","item":"https:\/\/ficam.cat\/ca\/inici\/"},{"@type":"ListItem","position":2,"name":"Inici"}]},{"@type":"WebSite","@id":"https:\/\/ficam.cat\/ca\/#website","url":"https:\/\/ficam.cat\/ca\/","name":"Palau Fugit","description":"Hotel Boutique en Girona","publisher":{"@id":"https:\/\/ficam.cat\/ca\/#organization"},"potentialAction":[{"@type":"SearchAction","target":{"@type":"EntryPoint","urlTemplate":"https:\/\/ficam.cat\/ca\/?s={search_term_string}"},"query-input":{"@type":"PropertyValueSpecification","valueRequired":true,"valueName":"search_term_string"}}],"inLanguage":"ca"},{"@type":"Organization","@id":"https:\/\/ficam.cat\/ca\/#organization","name":"Palau Fugit","url":"https:\/\/ficam.cat\/ca\/","logo":{"@type":"ImageObject","inLanguage":"ca","@id":"https:\/\/ficam.cat\/ca\/#\/schema\/logo\/image\/","url":"https:\/\/ficam.cat\/wp-content\/uploads\/2026\/02\/cropped-favicon_palaufugit-favicon.png","contentUrl":"https:\/\/ficam.cat\/wp-content\/uploads\/2026\/02\/cropped-favicon_palaufugit-favicon.png","width":512,"height":512,"caption":"Palau Fugit"},"image":{"@id":"https:\/\/ficam.cat\/ca\/#\/schema\/logo\/image\/"},"sameAs":["https:\/\/www.instagram.com\/palaufugitgirona\/"]}]}},"_links":{"self":[{"href":"https:\/\/ficam.cat\/ca\/wp-json\/wp\/v2\/pages\/15436","targetHints":{"allow":["GET"]}}],"collection":[{"href":"https:\/\/ficam.cat\/ca\/wp-json\/wp\/v2\/pages"}],"about":[{"href":"https:\/\/ficam.cat\/ca\/wp-json\/wp\/v2\/types\/page"}],"author":[{"embeddable":true,"href":"https:\/\/ficam.cat\/ca\/wp-json\/wp\/v2\/users\/1"}],"replies":[{"embeddable":true,"href":"https:\/\/ficam.cat\/ca\/wp-json\/wp\/v2\/comments?post=15436"}],"version-history":[{"count":9,"href":"https:\/\/ficam.cat\/ca\/wp-json\/wp\/v2\/pages\/15436\/revisions"}],"predecessor-version":[{"id":15745,"href":"https:\/\/ficam.cat\/ca\/wp-json\/wp\/v2\/pages\/15436\/revisions\/15745"}],"wp:attachment":[{"href":"https:\/\/ficam.cat\/ca\/wp-json\/wp\/v2\/media?parent=15436"}],"curies":[{"name":"wp","href":"https:\/\/api.w.org\/{rel}","templated":true}]}}