{"id":15589,"date":"2026-01-29T15:34:22","date_gmt":"2026-01-29T15:34:22","guid":{"rendered":"https:\/\/ficam.cat\/politica-de-privacitat\/"},"modified":"2026-04-14T16:27:07","modified_gmt":"2026-04-14T16:27:07","slug":"politica-de-privacitat","status":"publish","type":"page","link":"https:\/\/ficam.cat\/ca\/politica-de-privacitat\/","title":{"rendered":"Pol\u00edtica de privacitat"},"content":{"rendered":"\t\t<div data-elementor-type=\"wp-page\" data-elementor-id=\"15589\" class=\"elementor elementor-15589 elementor-13339\" data-elementor-post-type=\"page\">\n\t\t\t\t<div class=\"elementor-element elementor-element-369c1df e-con-full e-flex e-con e-parent\" data-id=\"369c1df\" data-element_type=\"container\" data-e-type=\"container\" data-settings=\"{&quot;background_background&quot;:&quot;classic&quot;}\">\n\t\t\t\t<div class=\"elementor-element elementor-element-d25c05a elementor-widget elementor-widget-heading\" data-id=\"d25c05a\" data-element_type=\"widget\" data-e-type=\"widget\" data-widget_type=\"heading.default\">\n\t\t\t\t\t<h1 class=\"elementor-heading-title elementor-size-default\">Pol\u00edtica de privacitat<\/h1>\t\t\t\t<\/div>\n\t\t\t\t<div class=\"elementor-element elementor-element-ec7d12d elementor-widget elementor-widget-text-editor\" data-id=\"ec7d12d\" data-element_type=\"widget\" data-e-type=\"widget\" data-widget_type=\"text-editor.default\">\n\t\t\t\t\t\t\t\t\t<p><\/p><p><strong>1. DADES DEL RESPONSABLE DEL TRACTAMENT<\/strong> <\/p><p><\/p><p>Ra\u00f3 Social: HOTEL PALAU FUGIT (d\u2019ara endavant, la \u201cEmpresa\u201d o el \u201cResponsable\u201d). <br>CIF: B72408735<br>Domicili: Carrer Bonaventura Carreras I Peralta, 4 \u2013 17004 \u2013 Girona \u2013 BARCELONA<br>Tel\u00e8fon: 872987362 <br>Mail per a comunicacions en mat\u00e8ria de Protecci\u00f3 de dades: hola@palaufugit.com<\/p><p><\/p><p><strong>1.1. Normativa aplicable<\/strong> <\/p><p><\/p><p>La nostra Pol\u00edtica de Privacitat s\u2019ha dissenyat d\u2019acord amb el <strong>Reglament General de Protecci\u00f3 de Dades de la UE 2016\/679 del Parlament Europeu<\/strong> i del Consell, de 27 d\u2019abril de 2016, relatiu a la protecci\u00f3 de les persones f\u00edsiques pel que fa al tractament de dades personals i a la lliure circulaci\u00f3 d\u2019aquestes dades i pel qual es deroga la Directiva 95\/46\/CE (Reglament general de protecci\u00f3 de dades), i la Llei org\u00e0nica 3\/2018 del 5 de desembre, de Protecci\u00f3 de Dades de Car\u00e0cter Personal i Garantia dels Drets Digitals.  <\/p><p><\/p><p>En facilitar-nos les seves dades, vost\u00e8 declara haver llegit i con\u00e8ixer la present Pol\u00edtica de Privacitat, prestant el seu consentiment inequ\u00edvoc i expr\u00e9s al tractament de les seves dades personals d\u2019acord amb les finalitats i termes aqu\u00ed expressats. <\/p><p><\/p><p>L\u2019Empresa podr\u00e0 modificar la present Pol\u00edtica de Privacitat per a adaptar-la a les novetats legislatives, jurisprudencials o d\u2019interpretaci\u00f3 de l\u2019Ag\u00e8ncia Espanyola de Protecci\u00f3 de Dades. Aquestes condicions de privacitat podran ser complementades per l\u2019Av\u00eds Legal, Pol\u00edtica de Cookies i les Condicions Generals que, si escau, es recullin per a determinats productes o serveis, si aquest acc\u00e9s suposa alguna especialitat en mat\u00e8ria de protecci\u00f3 de dades de car\u00e0cter personal.  <\/p><p><\/p><p><strong>1.2. Delegat de Protecci\u00f3 de Dades<\/strong><\/p><p><\/p><p>No hi ha Delegat de Protecci\u00f3 de Dades designat.<\/p><p><\/p><p><strong>2. FINALITAT DEL TRACTAMENT DE LES DADES PERSONALS<\/strong> <\/p><p><\/p><p>El tractament que realitzem de les seves dades personals respon a les seg\u00fcents finalitats: <\/p><p><\/p><p>\u2013 Proporcionar-li informaci\u00f3 relacionada amb els productes i serveis que ofereix la nostra empresa i que detallen en aquesta web.<\/p><p><\/p><p>\u2013 Realitzar la contractaci\u00f3 dels nostres serveis mitjan\u00e7ant l\u2019acceptaci\u00f3 del corresponent pressupost \/ demanat i\/o la signatura d\u2019un contracte mercantil. <\/p><p><\/p><p>\u2013 Enviar-li per correu electr\u00f2nic i\/o postal les not\u00edcies i novetats sobre la nostra entitat, aix\u00ed com les actualitzacions del nostre cat\u00e0leg de productes i serveis.<\/p><p><\/p><p><strong>2.1. Termini de conservaci\u00f3 de les seves dades<\/strong> <\/p><p><\/p><p>Conservarem les seves dades personals des que ens doni el seu consentiment fins que el revoqui o b\u00e9 sol\u00b7liciti la limitaci\u00f3 del tractament. En tals casos, mantindrem les seves dades de manera bloquejada durant els terminis legalment exigits.  <\/p><p><\/p><p><strong>3. LEGITIMACI\u00d3 Y DADES RECABADES<\/strong> <\/p><p><\/p><p>La legitimaci\u00f3 per al tractament de les seves dades \u00e9s el consentiment expr\u00e9s atorgat mitjan\u00e7ant un acte positiu i afirmatiu (emplenar el formulari corresponent i marcar la casella d\u2019acceptaci\u00f3 d\u2019aquesta pol\u00edtica) en el moment de facilitar-nos les seves dades personals. <\/p><p><\/p><p><strong>3.1. Consentiment per tractar les seves dades<\/strong> <\/p><p><\/p><p>En emplenar els formularis, marcar la casella \u201cAccepto la Pol\u00edtica de Privacitat\u201d i fer clic per a enviar les dades, o en remetre correus electr\u00f2nics a l\u2019Empresa a trav\u00e9s dels comptes habilitats a aquest efecte, l\u2019Usuari manifesta haver llegit i acceptat expressament la present pol\u00edtica de privacitat, i atorga el seu consentiment inequ\u00edvoc i expr\u00e9s al tractament de les seves dades personals conforme a les finalitats indicades. <\/p><p><\/p><p><strong>3.2. Categories de dades<\/strong> <\/p><p><\/p><p>Les dades que es recapten es refereixen a la categoria de dades identificatives, com poden ser: Nom i Cognoms, Tel\u00e8fon, Adre\u00e7a Postal, Empresa, Correu electr\u00f2nic, aix\u00ed com l\u2019adre\u00e7a IP des d\u2019on accedeix al formulari de recollida de dades.<\/p><p><\/p><p><strong>4. MESURES DE SEGURETAT<\/strong> <\/p><p><\/p><p>Dins del nostre comprom\u00eds per garantir la seguretat i confidencialitat de les seves dades de car\u00e0cter personal, l\u2019informem que s\u2019han adoptat les mesures d\u2019\u00edndole t\u00e8cnica i organitzatives necess\u00e0ries per a garantir la seguretat de les dades de car\u00e0cter personal i evitar la seva alteraci\u00f3, p\u00e8rdua, tractament o acc\u00e9s no autoritzat, tenint en compte de l\u2019estat de la tecnologia, la naturalesa de les dades emmagatzemades i els riscos al fet que estiguin exposats, segons l\u2019Art. 32 del RGPD EU 679\/2016.<\/p><p><\/p><p><strong>5. CESSI\u00d3 DE DADES<\/strong> <\/p><p><\/p><p>No es preveuen cessions de dades ni transfer\u00e8ncies internacionals de les seves dades, a excepci\u00f3 de les autoritzades per la legislaci\u00f3 fiscal, mercantil i de telecomunicacions aix\u00ed com en aquells casos en els quals una autoritat judicial ens ho requereixi.<\/p><p><\/p><p><strong>6. DRETS DE L\u2019USUARI<\/strong> <\/p><p><\/p><p>Qualsevol interessat t\u00e9 dret a obtenir confirmaci\u00f3 sobre si estem tractant dades personals que el concerneixin, o no. Les persones interessades tenen dret a accedir a les seves dades personals, aix\u00ed com a sol\u00b7licitar la rectificaci\u00f3 de les dades inexactes o, en el seu cas, sol\u00b7licitar la seva supressi\u00f3 quan, entre altres motius, les dades ja no siguin necessaris per als fins que van ser recollits. En determinades circumst\u00e0ncies, els interessats podran sol\u00b7licitar la limitaci\u00f3 del tractament de les seves dades, i en aquest cas \u00fanicament els conservarem per a l\u2019exercici o la defensa de reclamacions. Per motius relacionats amb la seva situaci\u00f3 particular, els interessats podran oposar-se al tractament de les seves dades. El Responsable del fitxer deixar\u00e0 de tractar les dades, excepte per motius leg\u00edtims imperiosos, o l\u2019exercici o la defensa de possibles reclamacions.    <\/p><p><\/p><p>D\u2019acord amb la legislaci\u00f3 vigent t\u00e9 els seg\u00fcents drets: dret a sol\u00b7licitar l\u2019acc\u00e9s a les seves dades personals, dret a sol\u00b7licitar la seva rectificaci\u00f3 o supressi\u00f3, dret a sol\u00b7licitar la limitaci\u00f3 del seu tractament, dret a oposar-se al tractament, dret a la portabilitat de les dades i aix\u00ed mateix, a revocar el consentiment atorgat. Aix\u00ed mateix, t\u00e9 dret a presentar una reclamaci\u00f3 davant l\u2019Ag\u00e8ncia Espanyola de Protecci\u00f3 de Dades.  <\/p><p><\/p><p><strong>6.1. Com exercitar els meus drets?<\/strong> <\/p><p><\/p><p>Per a exercir els seus drets, ha de dirigir-se al responsable, sol\u00b7licitant el corresponent formulari per a l\u2019exercici del dret triat. Opcionalment, pot acudir a l\u2019Autoritat de Control competent per a obtenir informaci\u00f3 addicional sobre els seus drets. Les dades de contacte per a l\u2019exercici dels seus drets s\u00f3n el tel\u00e8fon <strong>872987362<\/strong> i el correu electr\u00f2nic: <strong>hola@palaufugit.com<\/strong>. Recordi acompanyar una c\u00f2pia d\u2019un document que ens permeti identificar-lo.   <\/p><p><\/p><p><strong>7. CONSENTIMENT PER A ENVIAMENT DE COMUNICACIONS ELECTR\u00d2NIQUES<\/strong><\/p><p><\/p><p>As\u00ed mismo, y de acuerdo con lo establecido en la Ley 34\/2002, de 11 de julio, de Servicios de la Sociedad de la Informaci\u00f3n y del Comercio Electr\u00f3nico, completando el formulario de recogida de datos y marcando la correspondiente casilla \u201cAcepto el env\u00edo de comunicaciones electr\u00f3nicas\u201d, est\u00e1 otorgando el consentimiento expreso para enviarle a su direcci\u00f3n de correo electr\u00f3nico, tel\u00e9fono, fax u otro medio electr\u00f3nico en env\u00edo de informaci\u00f3n acerca de la Empresa.<\/p>\t\t\t\t\t\t\t\t<\/div>\n\t\t\t\t<\/div>\n\t\t\t\t<\/div>\n\t\t","protected":false},"excerpt":{"rendered":"<p>1. DADES DEL RESPONSABLE DEL TRACTAMENT Ra\u00f3 Social: HOTEL PALAU FUGIT (d\u2019ara endavant, la \u201cEmpresa\u201d o el \u201cResponsable\u201d). CIF: B72408735Domicili: Carrer Bonaventura Carreras I Peralta, 4 \u2013 17004 \u2013 Girona \u2013 BARCELONATel\u00e8fon: 872987362 Mail per a comunicacions en mat\u00e8ria de Protecci\u00f3 de dades: hola@palaufugit.com 1.1. Normativa aplicable La nostra Pol\u00edtica de Privacitat s\u2019ha dissenyat d\u2019acord [&hellip;]<\/p>\n","protected":false},"author":1,"featured_media":0,"parent":0,"menu_order":0,"comment_status":"closed","ping_status":"closed","template":"elementor_header_footer","meta":{"_acf_changed":false,"inline_featured_image":false,"footnotes":""},"class_list":["post-15589","page","type-page","status-publish","hentry"],"acf":[],"yoast_head":"<!-- This site is optimized with the Yoast SEO plugin v27.4 - https:\/\/yoast.com\/product\/yoast-seo-wordpress\/ -->\n<title>Pol\u00edtica de privacitat - Palau Fugit<\/title>\n<meta name=\"robots\" content=\"noindex, nofollow\" \/>\n<meta property=\"og:locale\" content=\"ca_ES\" \/>\n<meta property=\"og:type\" content=\"article\" \/>\n<meta property=\"og:title\" content=\"Pol\u00edtica de privacitat - Palau Fugit\" \/>\n<meta property=\"og:description\" content=\"1. DADES DEL RESPONSABLE DEL TRACTAMENT Ra\u00f3 Social: HOTEL PALAU FUGIT (d\u2019ara endavant, la \u201cEmpresa\u201d o el \u201cResponsable\u201d). CIF: B72408735Domicili: Carrer Bonaventura Carreras I Peralta, 4 \u2013 17004 \u2013 Girona \u2013 BARCELONATel\u00e8fon: 872987362 Mail per a comunicacions en mat\u00e8ria de Protecci\u00f3 de dades: hola@palaufugit.com 1.1. Normativa aplicable La nostra Pol\u00edtica de Privacitat s\u2019ha dissenyat d\u2019acord [&hellip;]\" \/>\n<meta property=\"og:url\" content=\"https:\/\/ficam.cat\/ca\/politica-de-privacitat\/\" \/>\n<meta property=\"og:site_name\" content=\"Palau Fugit\" \/>\n<meta property=\"article:modified_time\" content=\"2026-04-14T16:27:07+00:00\" \/>\n<meta name=\"twitter:card\" content=\"summary_large_image\" \/>\n<meta name=\"twitter:label1\" content=\"Temps estimat de lectura\" \/>\n\t<meta name=\"twitter:data1\" content=\"5 minuts\" \/>\n<script type=\"application\/ld+json\" class=\"yoast-schema-graph\">{\"@context\":\"https:\\\/\\\/schema.org\",\"@graph\":[{\"@type\":\"WebPage\",\"@id\":\"https:\\\/\\\/ficam.cat\\\/ca\\\/politica-de-privacitat\\\/\",\"url\":\"https:\\\/\\\/ficam.cat\\\/ca\\\/politica-de-privacitat\\\/\",\"name\":\"Pol\u00edtica de privacitat - Palau Fugit\",\"isPartOf\":{\"@id\":\"https:\\\/\\\/ficam.cat\\\/ca\\\/#website\"},\"datePublished\":\"2026-01-29T15:34:22+00:00\",\"dateModified\":\"2026-04-14T16:27:07+00:00\",\"breadcrumb\":{\"@id\":\"https:\\\/\\\/ficam.cat\\\/ca\\\/politica-de-privacitat\\\/#breadcrumb\"},\"inLanguage\":\"ca\",\"potentialAction\":[{\"@type\":\"ReadAction\",\"target\":[\"https:\\\/\\\/ficam.cat\\\/ca\\\/politica-de-privacitat\\\/\"]}]},{\"@type\":\"BreadcrumbList\",\"@id\":\"https:\\\/\\\/ficam.cat\\\/ca\\\/politica-de-privacitat\\\/#breadcrumb\",\"itemListElement\":[{\"@type\":\"ListItem\",\"position\":1,\"name\":\"Inici\",\"item\":\"https:\\\/\\\/ficam.cat\\\/ca\\\/inici\\\/\"},{\"@type\":\"ListItem\",\"position\":2,\"name\":\"Pol\u00edtica de privacitat\"}]},{\"@type\":\"WebSite\",\"@id\":\"https:\\\/\\\/ficam.cat\\\/ca\\\/#website\",\"url\":\"https:\\\/\\\/ficam.cat\\\/ca\\\/\",\"name\":\"Palau Fugit\",\"description\":\"Hotel Boutique en Girona\",\"publisher\":{\"@id\":\"https:\\\/\\\/ficam.cat\\\/ca\\\/#organization\"},\"potentialAction\":[{\"@type\":\"SearchAction\",\"target\":{\"@type\":\"EntryPoint\",\"urlTemplate\":\"https:\\\/\\\/ficam.cat\\\/ca\\\/?s={search_term_string}\"},\"query-input\":{\"@type\":\"PropertyValueSpecification\",\"valueRequired\":true,\"valueName\":\"search_term_string\"}}],\"inLanguage\":\"ca\"},{\"@type\":\"Organization\",\"@id\":\"https:\\\/\\\/ficam.cat\\\/ca\\\/#organization\",\"name\":\"Palau Fugit\",\"url\":\"https:\\\/\\\/ficam.cat\\\/ca\\\/\",\"logo\":{\"@type\":\"ImageObject\",\"inLanguage\":\"ca\",\"@id\":\"https:\\\/\\\/ficam.cat\\\/ca\\\/#\\\/schema\\\/logo\\\/image\\\/\",\"url\":\"https:\\\/\\\/ficam.cat\\\/wp-content\\\/uploads\\\/2026\\\/02\\\/cropped-favicon_palaufugit-favicon.png\",\"contentUrl\":\"https:\\\/\\\/ficam.cat\\\/wp-content\\\/uploads\\\/2026\\\/02\\\/cropped-favicon_palaufugit-favicon.png\",\"width\":512,\"height\":512,\"caption\":\"Palau Fugit\"},\"image\":{\"@id\":\"https:\\\/\\\/ficam.cat\\\/ca\\\/#\\\/schema\\\/logo\\\/image\\\/\"},\"sameAs\":[\"https:\\\/\\\/www.instagram.com\\\/palaufugitgirona\\\/\"]}]}<\/script>\n<!-- \/ Yoast SEO plugin. -->","yoast_head_json":{"title":"Pol\u00edtica de privacitat - Palau Fugit","robots":{"index":"noindex","follow":"nofollow"},"og_locale":"ca_ES","og_type":"article","og_title":"Pol\u00edtica de privacitat - Palau Fugit","og_description":"1. DADES DEL RESPONSABLE DEL TRACTAMENT Ra\u00f3 Social: HOTEL PALAU FUGIT (d\u2019ara endavant, la \u201cEmpresa\u201d o el \u201cResponsable\u201d). CIF: B72408735Domicili: Carrer Bonaventura Carreras I Peralta, 4 \u2013 17004 \u2013 Girona \u2013 BARCELONATel\u00e8fon: 872987362 Mail per a comunicacions en mat\u00e8ria de Protecci\u00f3 de dades: hola@palaufugit.com 1.1. Normativa aplicable La nostra Pol\u00edtica de Privacitat s\u2019ha dissenyat d\u2019acord [&hellip;]","og_url":"https:\/\/ficam.cat\/ca\/politica-de-privacitat\/","og_site_name":"Palau Fugit","article_modified_time":"2026-04-14T16:27:07+00:00","twitter_card":"summary_large_image","twitter_misc":{"Temps estimat de lectura":"5 minuts"},"schema":{"@context":"https:\/\/schema.org","@graph":[{"@type":"WebPage","@id":"https:\/\/ficam.cat\/ca\/politica-de-privacitat\/","url":"https:\/\/ficam.cat\/ca\/politica-de-privacitat\/","name":"Pol\u00edtica de privacitat - Palau Fugit","isPartOf":{"@id":"https:\/\/ficam.cat\/ca\/#website"},"datePublished":"2026-01-29T15:34:22+00:00","dateModified":"2026-04-14T16:27:07+00:00","breadcrumb":{"@id":"https:\/\/ficam.cat\/ca\/politica-de-privacitat\/#breadcrumb"},"inLanguage":"ca","potentialAction":[{"@type":"ReadAction","target":["https:\/\/ficam.cat\/ca\/politica-de-privacitat\/"]}]},{"@type":"BreadcrumbList","@id":"https:\/\/ficam.cat\/ca\/politica-de-privacitat\/#breadcrumb","itemListElement":[{"@type":"ListItem","position":1,"name":"Inici","item":"https:\/\/ficam.cat\/ca\/inici\/"},{"@type":"ListItem","position":2,"name":"Pol\u00edtica de privacitat"}]},{"@type":"WebSite","@id":"https:\/\/ficam.cat\/ca\/#website","url":"https:\/\/ficam.cat\/ca\/","name":"Palau Fugit","description":"Hotel Boutique en Girona","publisher":{"@id":"https:\/\/ficam.cat\/ca\/#organization"},"potentialAction":[{"@type":"SearchAction","target":{"@type":"EntryPoint","urlTemplate":"https:\/\/ficam.cat\/ca\/?s={search_term_string}"},"query-input":{"@type":"PropertyValueSpecification","valueRequired":true,"valueName":"search_term_string"}}],"inLanguage":"ca"},{"@type":"Organization","@id":"https:\/\/ficam.cat\/ca\/#organization","name":"Palau Fugit","url":"https:\/\/ficam.cat\/ca\/","logo":{"@type":"ImageObject","inLanguage":"ca","@id":"https:\/\/ficam.cat\/ca\/#\/schema\/logo\/image\/","url":"https:\/\/ficam.cat\/wp-content\/uploads\/2026\/02\/cropped-favicon_palaufugit-favicon.png","contentUrl":"https:\/\/ficam.cat\/wp-content\/uploads\/2026\/02\/cropped-favicon_palaufugit-favicon.png","width":512,"height":512,"caption":"Palau Fugit"},"image":{"@id":"https:\/\/ficam.cat\/ca\/#\/schema\/logo\/image\/"},"sameAs":["https:\/\/www.instagram.com\/palaufugitgirona\/"]}]}},"_links":{"self":[{"href":"https:\/\/ficam.cat\/ca\/wp-json\/wp\/v2\/pages\/15589","targetHints":{"allow":["GET"]}}],"collection":[{"href":"https:\/\/ficam.cat\/ca\/wp-json\/wp\/v2\/pages"}],"about":[{"href":"https:\/\/ficam.cat\/ca\/wp-json\/wp\/v2\/types\/page"}],"author":[{"embeddable":true,"href":"https:\/\/ficam.cat\/ca\/wp-json\/wp\/v2\/users\/1"}],"replies":[{"embeddable":true,"href":"https:\/\/ficam.cat\/ca\/wp-json\/wp\/v2\/comments?post=15589"}],"version-history":[{"count":8,"href":"https:\/\/ficam.cat\/ca\/wp-json\/wp\/v2\/pages\/15589\/revisions"}],"predecessor-version":[{"id":15829,"href":"https:\/\/ficam.cat\/ca\/wp-json\/wp\/v2\/pages\/15589\/revisions\/15829"}],"wp:attachment":[{"href":"https:\/\/ficam.cat\/ca\/wp-json\/wp\/v2\/media?parent=15589"}],"curies":[{"name":"wp","href":"https:\/\/api.w.org\/{rel}","templated":true}]}}