{"id":15608,"date":"2026-01-29T15:35:12","date_gmt":"2026-01-29T15:35:12","guid":{"rendered":"https:\/\/ficam.cat\/politica-de-xarxes-socials\/"},"modified":"2026-04-14T16:27:19","modified_gmt":"2026-04-14T16:27:19","slug":"politica-de-xarxes-socials","status":"publish","type":"page","link":"https:\/\/ficam.cat\/ca\/politica-de-xarxes-socials\/","title":{"rendered":"Pol\u00edtica de xarxes socials"},"content":{"rendered":"\t\t<div data-elementor-type=\"wp-page\" data-elementor-id=\"15608\" class=\"elementor elementor-15608 elementor-13343\" data-elementor-post-type=\"page\">\n\t\t\t\t<div class=\"elementor-element elementor-element-337b124 e-con-full e-flex e-con e-parent\" data-id=\"337b124\" data-element_type=\"container\" data-e-type=\"container\" data-settings=\"{&quot;background_background&quot;:&quot;classic&quot;}\">\n\t\t\t\t<div class=\"elementor-element elementor-element-9e2c736 elementor-widget elementor-widget-heading\" data-id=\"9e2c736\" data-element_type=\"widget\" data-e-type=\"widget\" data-widget_type=\"heading.default\">\n\t\t\t\t\t<h1 class=\"elementor-heading-title elementor-size-default\">Pol\u00edtica de xarxes socials<\/h1>\t\t\t\t<\/div>\n\t\t\t\t<div class=\"elementor-element elementor-element-a064153 elementor-widget elementor-widget-text-editor\" data-id=\"a064153\" data-element_type=\"widget\" data-e-type=\"widget\" data-widget_type=\"text-editor.default\">\n\t\t\t\t\t\t\t\t\t<p>En compliment del que es disposa en la normativa de protecci\u00f3 de dades, HOTEL PALAU FUGIT informa els usuaris que \u00e9s titular dels perfils en les Xarxes Socials [Instagram] sota la denominaci\u00f3 HOTEL PALAU FUGIT i que aquests han estat creats amb la finalitat principal de publicitar els productes i serveis oferts per HOTEL PALAU FUGIT.<\/p><p><\/p><p><\/p><p>Dades de HOTEL PALAU FUGIT:<\/p><p><\/p><p><\/p><ul><li style=\"list-style-type: none;\"><ul><li><strong>Llocs Web: <\/strong><\/li><\/ul><\/li><\/ul><p><\/p><p><\/p><ul><li style=\"list-style-type: none;\"><ul><li><strong>Entitat<\/strong>: HOTEL PALAU FUGIT<\/li><\/ul><\/li><\/ul><p><\/p><p><\/p><ul><li style=\"list-style-type: none;\"><ul><li><strong>Domicili<\/strong>: Carrer Bonaventura Carreras I Peralta, 4, 17004, Girona, de BARCELONA<\/li><\/ul><\/li><\/ul><p><\/p><p><\/p><ul><li style=\"list-style-type: none;\"><ul><li><strong>NIF:<\/strong> B72408735<\/li><\/ul><\/li><\/ul><p><\/p><p><\/p><ul><li style=\"list-style-type: none;\"><ul><li><strong>Tel\u00e8fon<\/strong>: 872987362<\/li><\/ul><\/li><\/ul><p><\/p><p><\/p><ul><li style=\"list-style-type: none;\"><ul><li><strong>e-Mail:<\/strong> hola@palaufugit.com<\/li><\/ul><\/li><\/ul><p><\/p><p><\/p><p><\/p><p>L\u2019Usuari disposa d\u2019un perfil en alguna de les Xarxes Socials esmentades i ha decidit unir-se a la p\u00e0gina creada per HOTEL PALAU FUGIT, mostrant inter\u00e8s en la informaci\u00f3 que es publiciti en la Xarxa Social que correspongui. En unir-se a la p\u00e0gina d\u2019HOTEL PALAU *FUGIT, l\u2019Usuari est\u00e0 donant el seu consentiment per al tractament de les dades personals publicades en el seu perfil per part d\u2019HOTEL PALAU FUGIT. <\/p><p><\/p><p><\/p><p>L\u2019Usuari pot accedir en tot moment a les pol\u00edtiques de privacitat de la pr\u00f2pia Xarxa Social, aix\u00ed com configurar el seu perfil per a garantir la seva privacitat.<\/p><p><\/p><p><\/p><p>Les dades de l\u2019Usuari en la Xarxa Social seran tractades per HOTEL PALAU FUGIT, \u00fanicament, dins de la pr\u00f2pia Xarxa Social i en cap cas seran tractades fora d\u2019ella.<\/p><p><\/p><p><\/p><p>L\u2019Usuari t\u00e9 dret a exercitar els seus drets d\u2019acc\u00e9s, rectificaci\u00f3, supressi\u00f3, portabilitat i limitaci\u00f3, davant per HOTEL PALAU FUGIT, dirigint-se a hola@palaufugit.com mitjan\u00e7ant escrit acompanyat de document acreditatiu d\u2019identitat.<\/p><p><\/p><p><\/p><p>No obstant l\u2019anterior, l\u2019exercici dels drets anteriors vindr\u00e0 <strong>definit per la pr\u00f2pia funcionalitat de la Xarxa Social <\/strong>i la capacitat d\u2019acc\u00e9s a la informaci\u00f3 dels perfils dels Usuaris per part d\u2019HOTEL PALAU FUGIT, podent exercitar-se els mateixos, \u00fanicament, en relaci\u00f3 a aquella informaci\u00f3 que es trobi sota el control d\u2019HOTEL PALAU FUGIT . Igualment, els Usuaris podran interposar una reclamaci\u00f3 relativa a la protecci\u00f3 de les seves dades personals davant l\u2019Ag\u00e8ncia Espanyola de Protecci\u00f3 de Dades en la direcci\u00f3 C\/ Jorge Juan, 6, 28001 \u2013 Madrid, quan considerin que HOTEL PALAU FUGIT ha vulnerat els drets que li s\u00f3n reconeguts per la normativa aplicable en protecci\u00f3 de dades. <\/p><p><\/p><p><\/p><p>HOTEL PALAU FUGIT realitzar\u00e0 les seg\u00fcents actuacions:<\/p><p><\/p><p><\/p><ul><li style=\"list-style-type: none;\"><ul><li>Acc\u00e9s a la informaci\u00f3 p\u00fablica del perfil del Usuari.<\/li><\/ul><\/li><\/ul><p><\/p><p><\/p><ul><li style=\"list-style-type: none;\"><ul><li>Enviar missatges personals i individuals a trav\u00e9s dels canals de la Xarxa Social.<\/li><\/ul><\/li><\/ul><p><\/p><p><\/p><p><\/p><p>L\u2019Usuari sempre pot controlar les seves connexions, eliminar els continguts que deixin d\u2019interessar-li i restringir amb qui comparteix les seves connexions, per a aix\u00f2 haur\u00e0 d\u2019accedir a la seva configuraci\u00f3 de privacitat en la Xarxa Social.<\/p><p><\/p><p><\/p><p><strong>PUBLICACIONS<\/strong><\/p><p><\/p><p><\/p><p>L\u2019Usuari, una vegada unit a la p\u00e0gina d\u2019HOTEL PALAU FUGIT, podr\u00e0 publicar en aquesta \u00faltima comentaris, enlla\u00e7os, imatges o fotografies o qualsevol altre tipus de contingut multim\u00e8dia suportat per la Xarxa Social. L\u2019Usuari, en tots els casos, ha de ser el titular d\u2019aquests, gaudir dels drets d\u2019autor i de propietat intel\u00b7lectual o comptar amb el consentiment dels tercers afectats. Es prohibeix expressament qualsevol publicaci\u00f3 en la p\u00e0gina, ja siguin textos, gr\u00e0fics, fotografies, v\u00eddeos, etc. que atemptin o siguin susceptibles d\u2019atemptar contra la moral, l\u2019\u00e8tica, el bon gust o el dec\u00f2rum, i\/o que infringeixin, violin o infringeixin els drets de propietat intel\u00b7lectual o industrial, el dret a la imatge o la Llei. En aquests casos, HOTEL PALAU FUGIT es reserva el dret a retirar immediatament el contingut, podent sol\u00b7licitar el bloqueig permanent de l\u2019Usuari.   <\/p><p><\/p><p><\/p><p>HOTEL PALAU FUGIT no es far\u00e0 responsable dels continguts que lliurement hagi publicat l\u2019Usuari.<\/p><p><\/p><p><\/p><p>L\u2019Usuari ha de tenir present que les seves publicacions seran conegudes pels altres Usuaris, per la qual cosa ell mateix \u00e9s el principal responsable de la seva privacitat. Les imatges que puguin publicar-se en la p\u00e0gina no seran emmagatzemades per HOTEL PALAU *FUGIT, per\u00f2 s\u00ed que romandran en la Xarxa Social. <\/p><p><\/p><p><\/p><p><strong>CONCURSOS I PROMOCIONS<\/strong><\/p><p><\/p><p><\/p><p>HOTEL PALAU FUGIT es reserva el dret a realitzar concursos i promocions, en els quals podr\u00e0 participar l\u2019Usuari unit a la seva p\u00e0gina. Les bases legals de cadascun d\u2019ells, seran publicades en Xarxa Social, quan s\u2019utilitzi per a aix\u00f2 la pr\u00f2pia Xarxa Social en compliment amb la LSSI-CE i amb qualsevol altra norma que li sigui aplicable. <\/p><p><\/p><p><\/p><p>La Xarxa Social no patrocina, avala ni administra, de cap manera, cap de les nostres promocions, ni est\u00e0 associada a cap d\u2019elles.<\/p><p><\/p><p><\/p><p><strong>PUBLICITAT<\/strong><\/p><p><\/p><p><\/p><p>HOTEL PALAU FUGIT utilitzar\u00e0 la Xarxa Social per a publicitar els seus productes i serveis, en tot cas, si decideix tractar les seves dades de contacte per a realitzar accions directes de prospecci\u00f3 comercial, ser\u00e0 sempre, complint amb les exig\u00e8ncies legals de la normativa de protecci\u00f3 de dades i de societat de la informaci\u00f3.<\/p><p><\/p><p><\/p><p>No es considerar\u00e0 publicitat el fet de recomanar a altres usuaris la p\u00e0gina d\u2019HOTEL PALAU FUGIT perqu\u00e8 tamb\u00e9 ells puguin gaudir de les promocions o estar informats de la seva activitat.<\/p><p><\/p><p><\/p><p>A continuaci\u00f3, detallem l\u2019enlla\u00e7 a la pol\u00edtica de privacitat de la Xarxa Social:<\/p><p><\/p><p><\/p><p><strong>Instagram:\u202f <\/strong><a style=\"color: black;\" href=\"https:\/\/privacycenter.instagram.com\/policy\/?entry_point=ig_help_center_data_policy_redirect\" target=\"_blank\" rel=\"noreferrer noopener nofollow\"><strong>https:\/\/privacycenter.instagram.com\/policy\/?entry_point=ig_help_center_data_policy_redirect<\/strong><\/a><\/p><p><\/p><p><\/p>\t\t\t\t\t\t\t\t<\/div>\n\t\t\t\t<\/div>\n\t\t\t\t<\/div>\n\t\t","protected":false},"excerpt":{"rendered":"<p>En compliment del que es disposa en la normativa de protecci\u00f3 de dades, HOTEL PALAU FUGIT informa els usuaris que \u00e9s titular dels perfils en les Xarxes Socials [Instagram] sota la denominaci\u00f3 HOTEL PALAU FUGIT i que aquests han estat creats amb la finalitat principal de publicitar els productes i serveis oferts per HOTEL PALAU [&hellip;]<\/p>\n","protected":false},"author":1,"featured_media":0,"parent":0,"menu_order":0,"comment_status":"closed","ping_status":"closed","template":"elementor_header_footer","meta":{"_acf_changed":false,"inline_featured_image":false,"footnotes":""},"class_list":["post-15608","page","type-page","status-publish","hentry"],"acf":[],"yoast_head":"<!-- This site is optimized with the Yoast SEO plugin v27.4 - https:\/\/yoast.com\/product\/yoast-seo-wordpress\/ -->\n<title>Pol\u00edtica de xarxes socials - Palau Fugit<\/title>\n<meta name=\"robots\" content=\"noindex, follow, max-snippet:-1, max-image-preview:large, max-video-preview:-1\" \/>\n<meta property=\"og:locale\" content=\"ca_ES\" \/>\n<meta property=\"og:type\" content=\"article\" \/>\n<meta property=\"og:title\" content=\"Pol\u00edtica de xarxes socials - Palau Fugit\" \/>\n<meta property=\"og:description\" content=\"En compliment del que es disposa en la normativa de protecci\u00f3 de dades, HOTEL PALAU FUGIT informa els usuaris que \u00e9s titular dels perfils en les Xarxes Socials [Instagram] sota la denominaci\u00f3 HOTEL PALAU FUGIT i que aquests han estat creats amb la finalitat principal de publicitar els productes i serveis oferts per HOTEL PALAU [&hellip;]\" \/>\n<meta property=\"og:url\" content=\"https:\/\/ficam.cat\/ca\/politica-de-xarxes-socials\/\" \/>\n<meta property=\"og:site_name\" content=\"Palau Fugit\" \/>\n<meta property=\"article:modified_time\" content=\"2026-04-14T16:27:19+00:00\" \/>\n<meta name=\"twitter:card\" content=\"summary_large_image\" \/>\n<meta name=\"twitter:label1\" content=\"Temps estimat de lectura\" \/>\n\t<meta name=\"twitter:data1\" content=\"4 minuts\" \/>\n<script type=\"application\/ld+json\" class=\"yoast-schema-graph\">{\"@context\":\"https:\\\/\\\/schema.org\",\"@graph\":[{\"@type\":\"WebPage\",\"@id\":\"https:\\\/\\\/ficam.cat\\\/ca\\\/politica-de-xarxes-socials\\\/\",\"url\":\"https:\\\/\\\/ficam.cat\\\/ca\\\/politica-de-xarxes-socials\\\/\",\"name\":\"Pol\u00edtica de xarxes socials - Palau Fugit\",\"isPartOf\":{\"@id\":\"https:\\\/\\\/ficam.cat\\\/ca\\\/#website\"},\"datePublished\":\"2026-01-29T15:35:12+00:00\",\"dateModified\":\"2026-04-14T16:27:19+00:00\",\"breadcrumb\":{\"@id\":\"https:\\\/\\\/ficam.cat\\\/ca\\\/politica-de-xarxes-socials\\\/#breadcrumb\"},\"inLanguage\":\"ca\",\"potentialAction\":[{\"@type\":\"ReadAction\",\"target\":[\"https:\\\/\\\/ficam.cat\\\/ca\\\/politica-de-xarxes-socials\\\/\"]}]},{\"@type\":\"BreadcrumbList\",\"@id\":\"https:\\\/\\\/ficam.cat\\\/ca\\\/politica-de-xarxes-socials\\\/#breadcrumb\",\"itemListElement\":[{\"@type\":\"ListItem\",\"position\":1,\"name\":\"Inici\",\"item\":\"https:\\\/\\\/ficam.cat\\\/ca\\\/inici\\\/\"},{\"@type\":\"ListItem\",\"position\":2,\"name\":\"Pol\u00edtica de xarxes socials\"}]},{\"@type\":\"WebSite\",\"@id\":\"https:\\\/\\\/ficam.cat\\\/ca\\\/#website\",\"url\":\"https:\\\/\\\/ficam.cat\\\/ca\\\/\",\"name\":\"Palau Fugit\",\"description\":\"Hotel Boutique en Girona\",\"publisher\":{\"@id\":\"https:\\\/\\\/ficam.cat\\\/ca\\\/#organization\"},\"potentialAction\":[{\"@type\":\"SearchAction\",\"target\":{\"@type\":\"EntryPoint\",\"urlTemplate\":\"https:\\\/\\\/ficam.cat\\\/ca\\\/?s={search_term_string}\"},\"query-input\":{\"@type\":\"PropertyValueSpecification\",\"valueRequired\":true,\"valueName\":\"search_term_string\"}}],\"inLanguage\":\"ca\"},{\"@type\":\"Organization\",\"@id\":\"https:\\\/\\\/ficam.cat\\\/ca\\\/#organization\",\"name\":\"Palau Fugit\",\"url\":\"https:\\\/\\\/ficam.cat\\\/ca\\\/\",\"logo\":{\"@type\":\"ImageObject\",\"inLanguage\":\"ca\",\"@id\":\"https:\\\/\\\/ficam.cat\\\/ca\\\/#\\\/schema\\\/logo\\\/image\\\/\",\"url\":\"https:\\\/\\\/ficam.cat\\\/wp-content\\\/uploads\\\/2026\\\/02\\\/cropped-favicon_palaufugit-favicon.png\",\"contentUrl\":\"https:\\\/\\\/ficam.cat\\\/wp-content\\\/uploads\\\/2026\\\/02\\\/cropped-favicon_palaufugit-favicon.png\",\"width\":512,\"height\":512,\"caption\":\"Palau Fugit\"},\"image\":{\"@id\":\"https:\\\/\\\/ficam.cat\\\/ca\\\/#\\\/schema\\\/logo\\\/image\\\/\"},\"sameAs\":[\"https:\\\/\\\/www.instagram.com\\\/palaufugitgirona\\\/\"]}]}<\/script>\n<!-- \/ Yoast SEO plugin. -->","yoast_head_json":{"title":"Pol\u00edtica de xarxes socials - Palau Fugit","robots":{"index":"noindex","follow":"follow","max-snippet":"max-snippet:-1","max-image-preview":"max-image-preview:large","max-video-preview":"max-video-preview:-1"},"og_locale":"ca_ES","og_type":"article","og_title":"Pol\u00edtica de xarxes socials - Palau Fugit","og_description":"En compliment del que es disposa en la normativa de protecci\u00f3 de dades, HOTEL PALAU FUGIT informa els usuaris que \u00e9s titular dels perfils en les Xarxes Socials [Instagram] sota la denominaci\u00f3 HOTEL PALAU FUGIT i que aquests han estat creats amb la finalitat principal de publicitar els productes i serveis oferts per HOTEL PALAU [&hellip;]","og_url":"https:\/\/ficam.cat\/ca\/politica-de-xarxes-socials\/","og_site_name":"Palau Fugit","article_modified_time":"2026-04-14T16:27:19+00:00","twitter_card":"summary_large_image","twitter_misc":{"Temps estimat de lectura":"4 minuts"},"schema":{"@context":"https:\/\/schema.org","@graph":[{"@type":"WebPage","@id":"https:\/\/ficam.cat\/ca\/politica-de-xarxes-socials\/","url":"https:\/\/ficam.cat\/ca\/politica-de-xarxes-socials\/","name":"Pol\u00edtica de xarxes socials - Palau Fugit","isPartOf":{"@id":"https:\/\/ficam.cat\/ca\/#website"},"datePublished":"2026-01-29T15:35:12+00:00","dateModified":"2026-04-14T16:27:19+00:00","breadcrumb":{"@id":"https:\/\/ficam.cat\/ca\/politica-de-xarxes-socials\/#breadcrumb"},"inLanguage":"ca","potentialAction":[{"@type":"ReadAction","target":["https:\/\/ficam.cat\/ca\/politica-de-xarxes-socials\/"]}]},{"@type":"BreadcrumbList","@id":"https:\/\/ficam.cat\/ca\/politica-de-xarxes-socials\/#breadcrumb","itemListElement":[{"@type":"ListItem","position":1,"name":"Inici","item":"https:\/\/ficam.cat\/ca\/inici\/"},{"@type":"ListItem","position":2,"name":"Pol\u00edtica de xarxes socials"}]},{"@type":"WebSite","@id":"https:\/\/ficam.cat\/ca\/#website","url":"https:\/\/ficam.cat\/ca\/","name":"Palau Fugit","description":"Hotel Boutique en Girona","publisher":{"@id":"https:\/\/ficam.cat\/ca\/#organization"},"potentialAction":[{"@type":"SearchAction","target":{"@type":"EntryPoint","urlTemplate":"https:\/\/ficam.cat\/ca\/?s={search_term_string}"},"query-input":{"@type":"PropertyValueSpecification","valueRequired":true,"valueName":"search_term_string"}}],"inLanguage":"ca"},{"@type":"Organization","@id":"https:\/\/ficam.cat\/ca\/#organization","name":"Palau Fugit","url":"https:\/\/ficam.cat\/ca\/","logo":{"@type":"ImageObject","inLanguage":"ca","@id":"https:\/\/ficam.cat\/ca\/#\/schema\/logo\/image\/","url":"https:\/\/ficam.cat\/wp-content\/uploads\/2026\/02\/cropped-favicon_palaufugit-favicon.png","contentUrl":"https:\/\/ficam.cat\/wp-content\/uploads\/2026\/02\/cropped-favicon_palaufugit-favicon.png","width":512,"height":512,"caption":"Palau Fugit"},"image":{"@id":"https:\/\/ficam.cat\/ca\/#\/schema\/logo\/image\/"},"sameAs":["https:\/\/www.instagram.com\/palaufugitgirona\/"]}]}},"_links":{"self":[{"href":"https:\/\/ficam.cat\/ca\/wp-json\/wp\/v2\/pages\/15608","targetHints":{"allow":["GET"]}}],"collection":[{"href":"https:\/\/ficam.cat\/ca\/wp-json\/wp\/v2\/pages"}],"about":[{"href":"https:\/\/ficam.cat\/ca\/wp-json\/wp\/v2\/types\/page"}],"author":[{"embeddable":true,"href":"https:\/\/ficam.cat\/ca\/wp-json\/wp\/v2\/users\/1"}],"replies":[{"embeddable":true,"href":"https:\/\/ficam.cat\/ca\/wp-json\/wp\/v2\/comments?post=15608"}],"version-history":[{"count":3,"href":"https:\/\/ficam.cat\/ca\/wp-json\/wp\/v2\/pages\/15608\/revisions"}],"predecessor-version":[{"id":15611,"href":"https:\/\/ficam.cat\/ca\/wp-json\/wp\/v2\/pages\/15608\/revisions\/15611"}],"wp:attachment":[{"href":"https:\/\/ficam.cat\/ca\/wp-json\/wp\/v2\/media?parent=15608"}],"curies":[{"name":"wp","href":"https:\/\/api.w.org\/{rel}","templated":true}]}}