{"id":14779,"date":"2026-01-28T10:56:58","date_gmt":"2026-01-28T10:56:58","guid":{"rendered":"https:\/\/ficam.cat\/el-terrat\/"},"modified":"2026-04-14T15:01:32","modified_gmt":"2026-04-14T15:01:32","slug":"el-terrat","status":"publish","type":"page","link":"https:\/\/ficam.cat\/es\/el-terrat\/","title":{"rendered":"El Terrat"},"content":{"rendered":"\t\t<div data-elementor-type=\"wp-page\" data-elementor-id=\"14779\" class=\"elementor elementor-14779 elementor-13133\" data-elementor-post-type=\"page\">\n\t\t\t\t<div class=\"elementor-element elementor-element-f4162a3 e-con-full e-flex e-con e-parent\" data-id=\"f4162a3\" data-element_type=\"container\" data-e-type=\"container\" data-settings=\"{&quot;background_background&quot;:&quot;classic&quot;}\">\n\t\t\t\t<div class=\"elementor-element elementor-element-ec24fd6 elementor-widget elementor-widget-heading\" data-id=\"ec24fd6\" data-element_type=\"widget\" data-e-type=\"widget\" data-settings=\"{&quot;_animation&quot;:&quot;none&quot;}\" data-widget_type=\"heading.default\">\n\t\t\t\t\t<h2 class=\"elementor-heading-title elementor-size-default\">El Terrat<\/h2>\t\t\t\t<\/div>\n\t\t\t\t<\/div>\n\t\t<div class=\"elementor-element elementor-element-712c1fa e-con-full e-flex e-con e-parent\" data-id=\"712c1fa\" data-element_type=\"container\" data-e-type=\"container\" data-settings=\"{&quot;background_background&quot;:&quot;classic&quot;}\">\n\t\t\t\t<\/div>\n\t\t<div class=\"elementor-element elementor-element-a44b22f e-con-full e-flex e-con e-parent\" data-id=\"a44b22f\" data-element_type=\"container\" data-e-type=\"container\" data-settings=\"{&quot;background_background&quot;:&quot;classic&quot;}\">\n\t\t<div class=\"elementor-element elementor-element-cb35a76 e-con-full e-flex elementor-invisible e-con e-child\" data-id=\"cb35a76\" data-element_type=\"container\" data-e-type=\"container\" data-settings=\"{&quot;animation&quot;:&quot;fadeInUp&quot;}\">\n\t\t\t\t<div class=\"elementor-element elementor-element-38777c3 elementor-widget elementor-widget-heading\" data-id=\"38777c3\" data-element_type=\"widget\" data-e-type=\"widget\" data-settings=\"{&quot;_animation&quot;:&quot;none&quot;}\" data-widget_type=\"heading.default\">\n\t\t\t\t\t<h2 class=\"elementor-heading-title elementor-size-default\">Sube a El Terrat...<br>\u00a1y disfruta del espect\u00e1culo!<\/h2>\t\t\t\t<\/div>\n\t\t\t\t<div class=\"elementor-element elementor-element-9b73e4a elementor-widget elementor-widget-text-editor\" data-id=\"9b73e4a\" data-element_type=\"widget\" data-e-type=\"widget\" data-settings=\"{&quot;_animation&quot;:&quot;none&quot;}\" data-widget_type=\"text-editor.default\">\n\t\t\t\t\t\t\t\t\tUn espect\u00e1culo de vistas, sabores y cultura. Y es que El Terrat es un espacio \u00fanico con unas vistas privilegiadas a la primera muralla rom\u00e1nica de Girona. Adem\u00e1s, encontrar\u00e1s un bar con una carta gourmet de vermuts y otros productos de la tierra. Y, por si fuera poco, a menudo organizamos experiencias culturales: un concierto de jazz, la presentaci\u00f3n de un libro, un maridaje, y muchas otras.   \t\t\t\t\t\t\t\t<\/div>\n\t\t\t\t<\/div>\n\t\t<div class=\"elementor-element elementor-element-b7b6f55 e-con-full e-flex elementor-invisible e-con e-child\" data-id=\"b7b6f55\" data-element_type=\"container\" data-e-type=\"container\" data-settings=\"{&quot;animation&quot;:&quot;fadeInUp&quot;}\">\n\t\t\t\t<div class=\"elementor-element elementor-element-fbde476 elementor-widget elementor-widget-heading\" data-id=\"fbde476\" data-element_type=\"widget\" data-e-type=\"widget\" data-widget_type=\"heading.default\">\n\t\t\t\t\t<h3 class=\"elementor-heading-title elementor-size-default\">CONTACTO<\/h3>\t\t\t\t<\/div>\n\t\t\t\t<div class=\"elementor-element elementor-element-c459b8f elementor-align-start iconesrodones underli elementor-icon-list--layout-traditional elementor-list-item-link-full_width elementor-widget elementor-widget-icon-list\" data-id=\"c459b8f\" data-element_type=\"widget\" data-e-type=\"widget\" data-widget_type=\"icon-list.default\">\n\t\t\t\t\t\t\t<ul class=\"elementor-icon-list-items\">\n\t\t\t\t\t\t\t<li class=\"elementor-icon-list-item\">\n\t\t\t\t\t\t\t\t\t\t\t<a href=\"mailto:fb@palaufugit.com\" target=\"_blank\">\n\n\t\t\t\t\t\t\t\t\t\t\t\t<span class=\"elementor-icon-list-icon\">\n\t\t\t\t\t\t\t<svg aria-hidden=\"true\" class=\"e-font-icon-svg e-fas-envelope\" viewBox=\"0 0 512 512\" xmlns=\"http:\/\/www.w3.org\/2000\/svg\"><path d=\"M502.3 190.8c3.9-3.1 9.7-.2 9.7 4.7V400c0 26.5-21.5 48-48 48H48c-26.5 0-48-21.5-48-48V195.6c0-5 5.7-7.8 9.7-4.7 22.4 17.4 52.1 39.5 154.1 113.6 21.1 15.4 56.7 47.8 92.2 47.6 35.7.3 72-32.8 92.3-47.6 102-74.1 131.6-96.3 154-113.7zM256 320c23.2.4 56.6-29.2 73.4-41.4 132.7-96.3 142.8-104.7 173.4-128.7 5.8-4.5 9.2-11.5 9.2-18.9v-19c0-26.5-21.5-48-48-48H48C21.5 64 0 85.5 0 112v19c0 7.4 3.4 14.3 9.2 18.9 30.6 23.9 40.7 32.4 173.4 128.7 16.8 12.2 50.2 41.8 73.4 41.4z\"><\/path><\/svg>\t\t\t\t\t\t<\/span>\n\t\t\t\t\t\t\t\t\t\t<span class=\"elementor-icon-list-text\">hola@palaufugit.com<\/span>\n\t\t\t\t\t\t\t\t\t\t\t<\/a>\n\t\t\t\t\t\t\t\t\t<\/li>\n\t\t\t\t\t\t<\/ul>\n\t\t\t\t\t\t<\/div>\n\t\t\t\t<div class=\"elementor-element elementor-element-f19e9ad elementor-widget elementor-widget-heading\" data-id=\"f19e9ad\" data-element_type=\"widget\" data-e-type=\"widget\" data-widget_type=\"heading.default\">\n\t\t\t\t\t<h3 class=\"elementor-heading-title elementor-size-default\">HORARIOS<\/h3>\t\t\t\t<\/div>\n\t\t\t\t<div class=\"elementor-element elementor-element-988f983 elementor-widget elementor-widget-text-editor\" data-id=\"988f983\" data-element_type=\"widget\" data-e-type=\"widget\" data-settings=\"{&quot;_animation&quot;:&quot;none&quot;}\" data-widget_type=\"text-editor.default\">\n\t\t\t\t\t\t\t\t\tHorarios seg\u00fan temporada \/ Consultar en la recepci\u00f3n\t\t\t\t\t\t\t\t<\/div>\n\t\t\t\t<\/div>\n\t\t\t\t<\/div>\n\t\t<div class=\"elementor-element elementor-element-a80703b e-con-full e-flex e-con e-parent\" data-id=\"a80703b\" data-element_type=\"container\" data-e-type=\"container\" data-settings=\"{&quot;background_background&quot;:&quot;classic&quot;}\">\n\t\t<div class=\"elementor-element elementor-element-811adc4 e-con-full e-flex e-con e-child\" data-id=\"811adc4\" data-element_type=\"container\" data-e-type=\"container\">\n\t\t\t\t<div class=\"elementor-element elementor-element-79c6b8b elementor-widget elementor-widget-image\" data-id=\"79c6b8b\" data-element_type=\"widget\" data-e-type=\"widget\" data-widget_type=\"image.default\">\n\t\t\t\t\t\t\t\t\t\t\t\t\t\t\t<img fetchpriority=\"high\" decoding=\"async\" width=\"1920\" height=\"2560\" src=\"https:\/\/ficam.cat\/wp-content\/uploads\/2026\/02\/terrat_food_1-scaled-1.jpg\" class=\"attachment-full size-full wp-image-14776\" alt=\"\" srcset=\"https:\/\/ficam.cat\/wp-content\/uploads\/2026\/02\/terrat_food_1-scaled-1.jpg 1920w, https:\/\/ficam.cat\/wp-content\/uploads\/2026\/02\/terrat_food_1-scaled-1-225x300.jpg 225w, https:\/\/ficam.cat\/wp-content\/uploads\/2026\/02\/terrat_food_1-scaled-1-768x1024.jpg 768w, https:\/\/ficam.cat\/wp-content\/uploads\/2026\/02\/terrat_food_1-scaled-1-1152x1536.jpg 1152w, https:\/\/ficam.cat\/wp-content\/uploads\/2026\/02\/terrat_food_1-scaled-1-1536x2048.jpg 1536w\" sizes=\"(max-width: 1920px) 100vw, 1920px\" \/>\t\t\t\t\t\t\t\t\t\t\t\t\t\t\t<\/div>\n\t\t\t\t<\/div>\n\t\t<div class=\"elementor-element elementor-element-9f152e4 e-con-full e-flex e-con e-child\" data-id=\"9f152e4\" data-element_type=\"container\" data-e-type=\"container\">\n\t\t\t\t<div class=\"elementor-element elementor-element-17f3c99 elementor-widget elementor-widget-image\" data-id=\"17f3c99\" data-element_type=\"widget\" data-e-type=\"widget\" data-widget_type=\"image.default\">\n\t\t\t\t\t\t\t\t\t\t\t\t\t\t\t<img decoding=\"async\" width=\"852\" height=\"1024\" src=\"https:\/\/ficam.cat\/wp-content\/uploads\/2026\/02\/Terrat-Palau-Fugit-852x1024-1.jpg\" class=\"attachment-full size-full wp-image-14777\" alt=\"\" srcset=\"https:\/\/ficam.cat\/wp-content\/uploads\/2026\/02\/Terrat-Palau-Fugit-852x1024-1.jpg 852w, https:\/\/ficam.cat\/wp-content\/uploads\/2026\/02\/Terrat-Palau-Fugit-852x1024-1-250x300.jpg 250w, https:\/\/ficam.cat\/wp-content\/uploads\/2026\/02\/Terrat-Palau-Fugit-852x1024-1-768x923.jpg 768w\" sizes=\"(max-width: 852px) 100vw, 852px\" \/>\t\t\t\t\t\t\t\t\t\t\t\t\t\t\t<\/div>\n\t\t<div class=\"elementor-element elementor-element-93ccb3e e-con-full e-flex e-con e-child\" data-id=\"93ccb3e\" data-element_type=\"container\" data-e-type=\"container\">\n\t\t\t\t<div class=\"elementor-element elementor-element-246a8e6 elementor-widget elementor-widget-text-editor\" data-id=\"246a8e6\" data-element_type=\"widget\" data-e-type=\"widget\" data-settings=\"{&quot;_animation&quot;:&quot;none&quot;}\" data-widget_type=\"text-editor.default\">\n\t\t\t\t\t\t\t\t\tPara conocer qu\u00e9 experiencias culturales organizamos durante tu estancia, entra en nuestras redes sociales <a style=\"color: #ff8855; text-transform: uppercase;\" href=\"https:\/\/www.instagram.com\/palaufugitgirona\">@hotelpalaufugit<\/a> e inscr\u00edbete en recepci\u00f3n.\t\t\t\t\t\t\t\t<\/div>\n\t\t\t\t<\/div>\n\t\t\t\t<\/div>\n\t\t\t\t<\/div>\n\t\t<div class=\"elementor-element elementor-element-a180cbc e-con-full e-flex e-con e-parent\" data-id=\"a180cbc\" data-element_type=\"container\" data-e-type=\"container\" data-settings=\"{&quot;background_background&quot;:&quot;classic&quot;}\">\n\t\t<div class=\"elementor-element elementor-element-86715c5 e-con-full e-flex e-con e-child\" data-id=\"86715c5\" data-element_type=\"container\" data-e-type=\"container\">\n\t\t\t\t<div class=\"elementor-element elementor-element-30dc125 elementor-hidden-desktop elementor-hidden-tablet elementor-widget elementor-widget-heading\" data-id=\"30dc125\" data-element_type=\"widget\" data-e-type=\"widget\" data-widget_type=\"heading.default\">\n\t\t\t\t\t<h2 class=\"elementor-heading-title elementor-size-default\">Comer y beber<\/h2>\t\t\t\t<\/div>\n\t\t\t\t<div class=\"elementor-element elementor-element-fb3bd43 elementor-widget elementor-widget-html\" data-id=\"fb3bd43\" data-element_type=\"widget\" data-e-type=\"widget\" data-widget_type=\"html.default\">\n\t\t\t\t\t<script>(function($) {\r\n    $(window).on('load', function() {\r\n        var $slider = $('#slider-esquerra');\r\n        var $columnes = $('.columna-interactiva');\r\n\r\n        function initSincroDoble() {\r\n            var swiperContainer = $slider.find('.elementor-main-swiper');\r\n            if (!swiperContainer.length) {\r\n                setTimeout(initSincroDoble, 500);\r\n                return;\r\n            }\r\n            \r\n            var swiperInstance = swiperContainer.data('swiper');\r\n            if (!swiperInstance) return;\r\n\r\n            function activarElement(index) {\r\n                swiperInstance.slideToLoop(index);\r\n                actualitzaVisual(index);\r\n            }\r\n\r\n            \/\/ HOVER per a ordinadors (PC)\r\n            $columnes.on('mouseenter', function() {\r\n                var index = treureIndex($(this));\r\n                activarElement(index);\r\n            });\r\n\r\n            \/\/ CLIC\/TAP per a tots els dispositius\r\n            $columnes.on('click', function(e) {\r\n                \/\/ Detectem si \u00e9s tablet o m\u00f2bil (amplada inferior a 1025px, est\u00e0ndard d'Elementor)\r\n                if (window.innerWidth < 1025) {\r\n                    \/\/ Aturem el link completament\r\n                    e.preventDefault();\r\n                    e.stopPropagation();\r\n                }\r\n\r\n                var index = treureIndex($(this));\r\n                activarElement(index);\r\n            });\r\n\r\n            \/\/ Tamb\u00e9 bloquegem els links interns (t\u00edtols <a>) en m\u00f2bil per seguretat extra\r\n            $columnes.find('a').on('click', function(e) {\r\n                if (window.innerWidth < 1025) {\r\n                    e.preventDefault();\r\n                }\r\n            });\r\n\r\n            swiperInstance.on('slideChange', function() {\r\n                actualitzaVisual(swiperInstance.realIndex);\r\n            });\r\n\r\n            function treureIndex($el) {\r\n                var classList = $el.attr('class').split(\/\\s+\/);\r\n                var index = 0;\r\n                $.each(classList, function(i, v) {\r\n                    if (v.indexOf('col-') === 0) {\r\n                        index = parseInt(v.split('-')[1]);\r\n                    }\r\n                });\r\n                return index;\r\n            }\r\n\r\n            function actualitzaVisual(index) {\r\n                $columnes.removeClass('activa');\r\n                $('.columna-interactiva.col-' + index).addClass('activa');\r\n            }\r\n\r\n            actualitzaVisual(0);\r\n        }\r\n\r\n        initSincroDoble();\r\n    });\r\n})(jQuery);\r\n<\/script>\t\t\t\t<\/div>\n\t\t\t\t<div class=\"elementor-element elementor-element-96f71fb elementor--h-position-center elementor--v-position-middle elementor-widget elementor-widget-slides\" data-id=\"96f71fb\" data-element_type=\"widget\" data-e-type=\"widget\" id=\"slider-esquerra\" data-settings=\"{&quot;navigation&quot;:&quot;none&quot;,&quot;infinite&quot;:&quot;yes&quot;,&quot;transition&quot;:&quot;slide&quot;,&quot;transition_speed&quot;:500}\" data-widget_type=\"slides.default\">\n\t\t\t\t\t\t\t\t\t\t<div class=\"elementor-slides-wrapper elementor-main-swiper swiper\" role=\"region\" aria-roledescription=\"carousel\" aria-label=\"Slides\" dir=\"ltr\" data-animation=\"fadeInUp\">\n\t\t\t\t<div class=\"swiper-wrapper elementor-slides\">\n\t\t\t\t\t\t\t\t\t\t<div class=\"elementor-repeater-item-a72b7af swiper-slide\" role=\"group\" aria-roledescription=\"slide\"><div class=\"swiper-slide-bg\" role=\"img\" aria-label=\"casa-heras_eat\"><\/div><div class=\"elementor-background-overlay\"><\/div><div class=\"swiper-slide-inner\" ><div class=\"swiper-slide-contents\"><\/div><\/div><\/div><div class=\"elementor-repeater-item-c34b0bd swiper-slide\" role=\"group\" aria-roledescription=\"slide\"><div class=\"swiper-slide-bg\" role=\"img\" aria-label=\"gipsy_eat\"><\/div><div class=\"elementor-background-overlay\"><\/div><div class=\"swiper-slide-inner\" ><div class=\"swiper-slide-contents\"><\/div><\/div><\/div><div class=\"elementor-repeater-item-c672fe8 swiper-slide\" role=\"group\" aria-roledescription=\"slide\"><div class=\"swiper-slide-bg\" role=\"img\" aria-label=\"placeta-eat\"><\/div><div class=\"elementor-background-overlay\"><\/div><div class=\"swiper-slide-inner\" ><div class=\"swiper-slide-contents\"><\/div><\/div><\/div>\t\t\t\t<\/div>\n\t\t\t\t\t\t\t\t\t\t\t\t\t\t\t\t\t\t\t\t\t<\/div>\n\t\t\t\t\t\t\t\t<\/div>\n\t\t\t\t<\/div>\n\t\t<div class=\"elementor-element elementor-element-09a7dad e-con-full e-flex e-con e-child\" data-id=\"09a7dad\" data-element_type=\"container\" data-e-type=\"container\">\n\t\t\t\t<div class=\"elementor-element elementor-element-6c4f8c2 elementor-hidden-mobile elementor-widget elementor-widget-heading\" data-id=\"6c4f8c2\" data-element_type=\"widget\" data-e-type=\"widget\" data-widget_type=\"heading.default\">\n\t\t\t\t\t<h2 class=\"elementor-heading-title elementor-size-default\">Comer y beber<\/h2>\t\t\t\t<\/div>\n\t\t<div class=\"elementor-element elementor-element-25274f7 e-con-full e-flex e-con e-child\" data-id=\"25274f7\" data-element_type=\"container\" data-e-type=\"container\">\n\t\t<a class=\"elementor-element elementor-element-7874b87 e-con-full columna-interactiva col-0 e-flex e-con e-child\" data-id=\"7874b87\" data-element_type=\"container\" data-e-type=\"container\" href=\"https:\/\/ficam.cat\/casa-heras\/\">\n\t\t\t\t<div class=\"elementor-element elementor-element-1be0528 elementor-widget__width-auto arrowhov elementor-widget elementor-widget-heading\" data-id=\"1be0528\" data-element_type=\"widget\" data-e-type=\"widget\" data-widget_type=\"heading.default\">\n\t\t\t\t\t<h3 class=\"elementor-heading-title elementor-size-default\">Casa Heras<\/h3>\t\t\t\t<\/div>\n\t\t\t\t<div class=\"elementor-element elementor-element-44708d3 elementor-widget__width-initial text-desplegable elementor-widget elementor-widget-text-editor\" data-id=\"44708d3\" data-element_type=\"widget\" data-e-type=\"widget\" data-settings=\"{&quot;_animation&quot;:&quot;none&quot;}\" data-widget_type=\"text-editor.default\">\n\t\t\t\t\t\t\t\t\t<p>Acom\u00f3date para desayunar, comer o cenar en nuestro restaurante de cocina mediterr\u00e1nea que combina tradici\u00f3n, modernidad y productos frescos de alta calidad. <\/p>\t\t\t\t\t\t\t\t<\/div>\n\t\t\t\t<\/a>\n\t\t<a class=\"elementor-element elementor-element-23b330f e-con-full columna-interactiva col-1 e-flex e-con e-child\" data-id=\"23b330f\" data-element_type=\"container\" data-e-type=\"container\" href=\"https:\/\/ficam.cat\/gipsy\/\">\n\t\t\t\t<div class=\"elementor-element elementor-element-7d1725c elementor-widget__width-auto arrowhov elementor-widget elementor-widget-heading\" data-id=\"7d1725c\" data-element_type=\"widget\" data-e-type=\"widget\" data-widget_type=\"heading.default\">\n\t\t\t\t\t<h3 class=\"elementor-heading-title elementor-size-default\">GIPSY<\/h3>\t\t\t\t<\/div>\n\t\t\t\t<div class=\"elementor-element elementor-element-4a83862 elementor-widget__width-initial text-desplegable elementor-widget elementor-widget-text-editor\" data-id=\"4a83862\" data-element_type=\"widget\" data-e-type=\"widget\" data-settings=\"{&quot;_animation&quot;:&quot;none&quot;}\" data-widget_type=\"text-editor.default\">\n\t\t\t\t\t\t\t\t\t<p>Saborea los mejores c\u00f3cteles de la ciudad en un ambiente tranquilo y sofisticado que te transportar\u00e1 a la antigua Girona.<\/p>\t\t\t\t\t\t\t\t<\/div>\n\t\t\t\t<\/a>\n\t\t<a class=\"elementor-element elementor-element-17c0d01 e-con-full columna-interactiva col-2 e-flex e-con e-child\" data-id=\"17c0d01\" data-element_type=\"container\" data-e-type=\"container\" href=\"https:\/\/ficam.cat\/la-placeta\/\">\n\t\t\t\t<div class=\"elementor-element elementor-element-0f5f1d8 elementor-widget__width-auto arrowhov elementor-widget elementor-widget-heading\" data-id=\"0f5f1d8\" data-element_type=\"widget\" data-e-type=\"widget\" data-widget_type=\"heading.default\">\n\t\t\t\t\t<h3 class=\"elementor-heading-title elementor-size-default\">LA PLACETA<\/h3>\t\t\t\t<\/div>\n\t\t\t\t<div class=\"elementor-element elementor-element-ab3420d elementor-widget__width-initial text-desplegable elementor-widget elementor-widget-text-editor\" data-id=\"ab3420d\" data-element_type=\"widget\" data-e-type=\"widget\" data-settings=\"{&quot;_animation&quot;:&quot;none&quot;}\" data-widget_type=\"text-editor.default\">\n\t\t\t\t\t\t\t\t\t<p>Disfruta de un vermut en las alturas mientras pruebas los aperitivos, elaborados con productos de alta calidad, una selecci\u00f3n exclusiva de vinos y nuestra cerveza artesana Rispa.<\/p>\t\t\t\t\t\t\t\t<\/div>\n\t\t\t\t<\/a>\n\t\t\t\t<\/div>\n\t\t\t\t<\/div>\n\t\t\t\t<\/div>\n\t\t\t\t<\/div>\n\t\t","protected":false},"excerpt":{"rendered":"<p>El Terrat Sube a El Terrat&#8230;\u00a1y disfruta del espect\u00e1culo! Un espect\u00e1culo de vistas, sabores y cultura. Y es que El Terrat es un espacio \u00fanico con unas vistas privilegiadas a la primera muralla rom\u00e1nica de Girona. Adem\u00e1s, encontrar\u00e1s un bar con una carta gourmet de vermuts y otros productos de la tierra. Y, por si [&hellip;]<\/p>\n","protected":false},"author":1,"featured_media":0,"parent":0,"menu_order":0,"comment_status":"closed","ping_status":"closed","template":"elementor_header_footer","meta":{"_acf_changed":false,"inline_featured_image":false,"footnotes":""},"class_list":["post-14779","page","type-page","status-publish","hentry"],"acf":[],"yoast_head":"<!-- This site is optimized with the Yoast SEO plugin v27.4 - https:\/\/yoast.com\/product\/yoast-seo-wordpress\/ -->\n<title>El Terrat - Palau Fugit Hotel<\/title>\n<meta name=\"description\" content=\"El Terrat es un espacio en el Palau Fugit con una vista privilegiada de Girona donde encontrar\u00e1s un bar que ofrece vermuts y productos locales.\" \/>\n<meta name=\"robots\" content=\"noindex, follow, max-snippet:-1, max-image-preview:large, max-video-preview:-1\" \/>\n<meta property=\"og:locale\" content=\"es_ES\" \/>\n<meta property=\"og:type\" content=\"article\" \/>\n<meta property=\"og:title\" content=\"El Terrat - Palau Fugit Hotel\" \/>\n<meta property=\"og:description\" content=\"El Terrat es un espacio en el Palau Fugit con una vista privilegiada de Girona donde encontrar\u00e1s un bar que ofrece vermuts y productos locales.\" \/>\n<meta property=\"og:url\" content=\"https:\/\/ficam.cat\/es\/el-terrat\/\" \/>\n<meta property=\"og:site_name\" content=\"Palau Fugit\" \/>\n<meta property=\"article:modified_time\" content=\"2026-04-14T15:01:32+00:00\" \/>\n<meta property=\"og:image\" content=\"https:\/\/ficam.cat\/wp-content\/uploads\/2026\/02\/terrat_food_1-scaled-1.jpg\" \/>\n\t<meta property=\"og:image:width\" content=\"1920\" \/>\n\t<meta property=\"og:image:height\" content=\"2560\" \/>\n\t<meta property=\"og:image:type\" content=\"image\/jpeg\" \/>\n<meta name=\"twitter:card\" content=\"summary_large_image\" \/>\n<meta name=\"twitter:label1\" content=\"Tiempo de lectura\" \/>\n\t<meta name=\"twitter:data1\" content=\"1 minuto\" \/>\n<script type=\"application\/ld+json\" class=\"yoast-schema-graph\">{\"@context\":\"https:\\\/\\\/schema.org\",\"@graph\":[{\"@type\":\"WebPage\",\"@id\":\"https:\\\/\\\/ficam.cat\\\/es\\\/el-terrat\\\/\",\"url\":\"https:\\\/\\\/ficam.cat\\\/es\\\/el-terrat\\\/\",\"name\":\"El Terrat - Palau Fugit Hotel\",\"isPartOf\":{\"@id\":\"https:\\\/\\\/ficam.cat\\\/es\\\/#website\"},\"primaryImageOfPage\":{\"@id\":\"https:\\\/\\\/ficam.cat\\\/es\\\/el-terrat\\\/#primaryimage\"},\"image\":{\"@id\":\"https:\\\/\\\/ficam.cat\\\/es\\\/el-terrat\\\/#primaryimage\"},\"thumbnailUrl\":\"https:\\\/\\\/ficam.cat\\\/wp-content\\\/uploads\\\/2026\\\/02\\\/terrat_food_1-scaled-1.jpg\",\"datePublished\":\"2026-01-28T10:56:58+00:00\",\"dateModified\":\"2026-04-14T15:01:32+00:00\",\"description\":\"El Terrat es un espacio en el Palau Fugit con una vista privilegiada de Girona donde encontrar\u00e1s un bar que ofrece vermuts y productos locales.\",\"breadcrumb\":{\"@id\":\"https:\\\/\\\/ficam.cat\\\/es\\\/el-terrat\\\/#breadcrumb\"},\"inLanguage\":\"es\",\"potentialAction\":[{\"@type\":\"ReadAction\",\"target\":[\"https:\\\/\\\/ficam.cat\\\/es\\\/el-terrat\\\/\"]}]},{\"@type\":\"ImageObject\",\"inLanguage\":\"es\",\"@id\":\"https:\\\/\\\/ficam.cat\\\/es\\\/el-terrat\\\/#primaryimage\",\"url\":\"https:\\\/\\\/ficam.cat\\\/wp-content\\\/uploads\\\/2026\\\/02\\\/terrat_food_1-scaled-1.jpg\",\"contentUrl\":\"https:\\\/\\\/ficam.cat\\\/wp-content\\\/uploads\\\/2026\\\/02\\\/terrat_food_1-scaled-1.jpg\"},{\"@type\":\"BreadcrumbList\",\"@id\":\"https:\\\/\\\/ficam.cat\\\/es\\\/el-terrat\\\/#breadcrumb\",\"itemListElement\":[{\"@type\":\"ListItem\",\"position\":1,\"name\":\"Inici\",\"item\":\"https:\\\/\\\/ficam.cat\\\/es\\\/inicio\\\/\"},{\"@type\":\"ListItem\",\"position\":2,\"name\":\"El Terrat\"}]},{\"@type\":\"WebSite\",\"@id\":\"https:\\\/\\\/ficam.cat\\\/es\\\/#website\",\"url\":\"https:\\\/\\\/ficam.cat\\\/es\\\/\",\"name\":\"Palau Fugit\",\"description\":\"Hotel Boutique en Girona\",\"publisher\":{\"@id\":\"https:\\\/\\\/ficam.cat\\\/es\\\/#organization\"},\"potentialAction\":[{\"@type\":\"SearchAction\",\"target\":{\"@type\":\"EntryPoint\",\"urlTemplate\":\"https:\\\/\\\/ficam.cat\\\/es\\\/?s={search_term_string}\"},\"query-input\":{\"@type\":\"PropertyValueSpecification\",\"valueRequired\":true,\"valueName\":\"search_term_string\"}}],\"inLanguage\":\"es\"},{\"@type\":\"Organization\",\"@id\":\"https:\\\/\\\/ficam.cat\\\/es\\\/#organization\",\"name\":\"Palau Fugit\",\"url\":\"https:\\\/\\\/ficam.cat\\\/es\\\/\",\"logo\":{\"@type\":\"ImageObject\",\"inLanguage\":\"es\",\"@id\":\"https:\\\/\\\/ficam.cat\\\/es\\\/#\\\/schema\\\/logo\\\/image\\\/\",\"url\":\"https:\\\/\\\/ficam.cat\\\/wp-content\\\/uploads\\\/2026\\\/02\\\/cropped-favicon_palaufugit-favicon.png\",\"contentUrl\":\"https:\\\/\\\/ficam.cat\\\/wp-content\\\/uploads\\\/2026\\\/02\\\/cropped-favicon_palaufugit-favicon.png\",\"width\":512,\"height\":512,\"caption\":\"Palau Fugit\"},\"image\":{\"@id\":\"https:\\\/\\\/ficam.cat\\\/es\\\/#\\\/schema\\\/logo\\\/image\\\/\"},\"sameAs\":[\"https:\\\/\\\/www.instagram.com\\\/palaufugitgirona\\\/\"]}]}<\/script>\n<!-- \/ Yoast SEO plugin. -->","yoast_head_json":{"title":"El Terrat - Palau Fugit Hotel","description":"El Terrat es un espacio en el Palau Fugit con una vista privilegiada de Girona donde encontrar\u00e1s un bar que ofrece vermuts y productos locales.","robots":{"index":"noindex","follow":"follow","max-snippet":"max-snippet:-1","max-image-preview":"max-image-preview:large","max-video-preview":"max-video-preview:-1"},"og_locale":"es_ES","og_type":"article","og_title":"El Terrat - Palau Fugit Hotel","og_description":"El Terrat es un espacio en el Palau Fugit con una vista privilegiada de Girona donde encontrar\u00e1s un bar que ofrece vermuts y productos locales.","og_url":"https:\/\/ficam.cat\/es\/el-terrat\/","og_site_name":"Palau Fugit","article_modified_time":"2026-04-14T15:01:32+00:00","og_image":[{"width":1920,"height":2560,"url":"https:\/\/ficam.cat\/wp-content\/uploads\/2026\/02\/terrat_food_1-scaled-1.jpg","type":"image\/jpeg"}],"twitter_card":"summary_large_image","twitter_misc":{"Tiempo de lectura":"1 minuto"},"schema":{"@context":"https:\/\/schema.org","@graph":[{"@type":"WebPage","@id":"https:\/\/ficam.cat\/es\/el-terrat\/","url":"https:\/\/ficam.cat\/es\/el-terrat\/","name":"El Terrat - Palau Fugit Hotel","isPartOf":{"@id":"https:\/\/ficam.cat\/es\/#website"},"primaryImageOfPage":{"@id":"https:\/\/ficam.cat\/es\/el-terrat\/#primaryimage"},"image":{"@id":"https:\/\/ficam.cat\/es\/el-terrat\/#primaryimage"},"thumbnailUrl":"https:\/\/ficam.cat\/wp-content\/uploads\/2026\/02\/terrat_food_1-scaled-1.jpg","datePublished":"2026-01-28T10:56:58+00:00","dateModified":"2026-04-14T15:01:32+00:00","description":"El Terrat es un espacio en el Palau Fugit con una vista privilegiada de Girona donde encontrar\u00e1s un bar que ofrece vermuts y productos locales.","breadcrumb":{"@id":"https:\/\/ficam.cat\/es\/el-terrat\/#breadcrumb"},"inLanguage":"es","potentialAction":[{"@type":"ReadAction","target":["https:\/\/ficam.cat\/es\/el-terrat\/"]}]},{"@type":"ImageObject","inLanguage":"es","@id":"https:\/\/ficam.cat\/es\/el-terrat\/#primaryimage","url":"https:\/\/ficam.cat\/wp-content\/uploads\/2026\/02\/terrat_food_1-scaled-1.jpg","contentUrl":"https:\/\/ficam.cat\/wp-content\/uploads\/2026\/02\/terrat_food_1-scaled-1.jpg"},{"@type":"BreadcrumbList","@id":"https:\/\/ficam.cat\/es\/el-terrat\/#breadcrumb","itemListElement":[{"@type":"ListItem","position":1,"name":"Inici","item":"https:\/\/ficam.cat\/es\/inicio\/"},{"@type":"ListItem","position":2,"name":"El Terrat"}]},{"@type":"WebSite","@id":"https:\/\/ficam.cat\/es\/#website","url":"https:\/\/ficam.cat\/es\/","name":"Palau Fugit","description":"Hotel Boutique en Girona","publisher":{"@id":"https:\/\/ficam.cat\/es\/#organization"},"potentialAction":[{"@type":"SearchAction","target":{"@type":"EntryPoint","urlTemplate":"https:\/\/ficam.cat\/es\/?s={search_term_string}"},"query-input":{"@type":"PropertyValueSpecification","valueRequired":true,"valueName":"search_term_string"}}],"inLanguage":"es"},{"@type":"Organization","@id":"https:\/\/ficam.cat\/es\/#organization","name":"Palau Fugit","url":"https:\/\/ficam.cat\/es\/","logo":{"@type":"ImageObject","inLanguage":"es","@id":"https:\/\/ficam.cat\/es\/#\/schema\/logo\/image\/","url":"https:\/\/ficam.cat\/wp-content\/uploads\/2026\/02\/cropped-favicon_palaufugit-favicon.png","contentUrl":"https:\/\/ficam.cat\/wp-content\/uploads\/2026\/02\/cropped-favicon_palaufugit-favicon.png","width":512,"height":512,"caption":"Palau Fugit"},"image":{"@id":"https:\/\/ficam.cat\/es\/#\/schema\/logo\/image\/"},"sameAs":["https:\/\/www.instagram.com\/palaufugitgirona\/"]}]}},"_links":{"self":[{"href":"https:\/\/ficam.cat\/es\/wp-json\/wp\/v2\/pages\/14779","targetHints":{"allow":["GET"]}}],"collection":[{"href":"https:\/\/ficam.cat\/es\/wp-json\/wp\/v2\/pages"}],"about":[{"href":"https:\/\/ficam.cat\/es\/wp-json\/wp\/v2\/types\/page"}],"author":[{"embeddable":true,"href":"https:\/\/ficam.cat\/es\/wp-json\/wp\/v2\/users\/1"}],"replies":[{"embeddable":true,"href":"https:\/\/ficam.cat\/es\/wp-json\/wp\/v2\/comments?post=14779"}],"version-history":[{"count":2,"href":"https:\/\/ficam.cat\/es\/wp-json\/wp\/v2\/pages\/14779\/revisions"}],"predecessor-version":[{"id":15807,"href":"https:\/\/ficam.cat\/es\/wp-json\/wp\/v2\/pages\/14779\/revisions\/15807"}],"wp:attachment":[{"href":"https:\/\/ficam.cat\/es\/wp-json\/wp\/v2\/media?parent=14779"}],"curies":[{"name":"wp","href":"https:\/\/api.w.org\/{rel}","templated":true}]}}