{"id":15080,"date":"2026-01-26T12:13:19","date_gmt":"2026-01-26T12:13:19","guid":{"rendered":"https:\/\/ficam.cat\/reuniones-y-celebraciones\/"},"modified":"2026-04-14T16:34:29","modified_gmt":"2026-04-14T16:34:29","slug":"reuniones-y-celebraciones","status":"publish","type":"page","link":"https:\/\/ficam.cat\/es\/reuniones-y-celebraciones\/","title":{"rendered":"Eventos privados"},"content":{"rendered":"\t\t<div data-elementor-type=\"wp-page\" data-elementor-id=\"15080\" class=\"elementor elementor-15080 elementor-12880\" data-elementor-post-type=\"page\">\n\t\t\t\t<div class=\"elementor-element elementor-element-3a6ed75 e-con-full e-flex e-con e-parent\" data-id=\"3a6ed75\" data-element_type=\"container\" data-e-type=\"container\" data-settings=\"{&quot;background_background&quot;:&quot;classic&quot;}\">\n\t\t\t\t<div class=\"elementor-element elementor-element-23c2b9c elementor-widget elementor-widget-heading\" data-id=\"23c2b9c\" data-element_type=\"widget\" data-e-type=\"widget\" data-settings=\"{&quot;_animation&quot;:&quot;none&quot;}\" data-widget_type=\"heading.default\">\n\t\t\t\t\t<h2 class=\"elementor-heading-title elementor-size-default\">Espacios para reuniones y celebraciones\n<\/h2>\t\t\t\t<\/div>\n\t\t\t\t<\/div>\n\t\t<div class=\"elementor-element elementor-element-d02a829 e-con-full e-flex e-con e-parent\" data-id=\"d02a829\" data-element_type=\"container\" data-e-type=\"container\" data-settings=\"{&quot;background_background&quot;:&quot;classic&quot;}\">\n\t\t\t\t<\/div>\n\t\t<div class=\"elementor-element elementor-element-fc6c77a e-con-full e-flex e-con e-parent\" data-id=\"fc6c77a\" data-element_type=\"container\" data-e-type=\"container\" data-settings=\"{&quot;background_background&quot;:&quot;classic&quot;}\">\n\t\t<div class=\"elementor-element elementor-element-1566e2c e-con-full e-flex elementor-invisible e-con e-child\" data-id=\"1566e2c\" data-element_type=\"container\" data-e-type=\"container\" data-settings=\"{&quot;animation&quot;:&quot;fadeInUp&quot;}\">\n\t\t\t\t<div class=\"elementor-element elementor-element-1c570a0 elementor-widget elementor-widget-heading\" data-id=\"1c570a0\" data-element_type=\"widget\" data-e-type=\"widget\" data-settings=\"{&quot;_animation&quot;:&quot;none&quot;}\" data-widget_type=\"heading.default\">\n\t\t\t\t\t<h2 class=\"elementor-heading-title elementor-size-default\">Espacios llenos de personalidad<br>para todo tipo de eventos<\/h2>\t\t\t\t<\/div>\n\t\t\t\t<div class=\"elementor-element elementor-element-5844756 elementor-widget elementor-widget-text-editor\" data-id=\"5844756\" data-element_type=\"widget\" data-e-type=\"widget\" data-settings=\"{&quot;_animation&quot;:&quot;none&quot;}\" data-widget_type=\"text-editor.default\">\n\t\t\t\t\t\t\t\t\tHay ocasiones que merecen un lugar especial. Una boda, una reuni\u00f3n importante, una sesi\u00f3n de trabajo, un rodaje, una fiesta de empresa, una presentaci\u00f3n de un libro, o muchas otras. En Palau Fugit tenemos espacios con una arquitectura y dise\u00f1o \u00fanicos, y te ofrecemos la posibilidad de alquilar uno, varios o todo el palacio para celebrar tu evento. \t\t\t\t\t\t\t\t<\/div>\n\t\t\t\t<\/div>\n\t\t<div class=\"elementor-element elementor-element-23974f5 e-con-full e-flex elementor-invisible e-con e-child\" data-id=\"23974f5\" data-element_type=\"container\" data-e-type=\"container\" data-settings=\"{&quot;animation&quot;:&quot;fadeInUp&quot;}\">\n\t\t\t\t<div class=\"elementor-element elementor-element-4a63816 elementor-widget elementor-widget-heading\" data-id=\"4a63816\" data-element_type=\"widget\" data-e-type=\"widget\" data-widget_type=\"heading.default\">\n\t\t\t\t\t<h3 class=\"elementor-heading-title elementor-size-default\">C\u00d3MO RESERVAR<\/h3>\t\t\t\t<\/div>\n\t\t\t\t<div class=\"elementor-element elementor-element-3e7710b elementor-align-start iconesrodones underli elementor-icon-list--layout-traditional elementor-list-item-link-full_width elementor-widget elementor-widget-icon-list\" data-id=\"3e7710b\" data-element_type=\"widget\" data-e-type=\"widget\" data-widget_type=\"icon-list.default\">\n\t\t\t\t\t\t\t<ul class=\"elementor-icon-list-items\">\n\t\t\t\t\t\t\t<li class=\"elementor-icon-list-item\">\n\t\t\t\t\t\t\t\t\t\t\t<a href=\"mailto:sales@palaufugit.com\" target=\"_blank\">\n\n\t\t\t\t\t\t\t\t\t\t\t\t<span class=\"elementor-icon-list-icon\">\n\t\t\t\t\t\t\t<svg aria-hidden=\"true\" class=\"e-font-icon-svg e-fas-envelope\" viewBox=\"0 0 512 512\" xmlns=\"http:\/\/www.w3.org\/2000\/svg\"><path d=\"M502.3 190.8c3.9-3.1 9.7-.2 9.7 4.7V400c0 26.5-21.5 48-48 48H48c-26.5 0-48-21.5-48-48V195.6c0-5 5.7-7.8 9.7-4.7 22.4 17.4 52.1 39.5 154.1 113.6 21.1 15.4 56.7 47.8 92.2 47.6 35.7.3 72-32.8 92.3-47.6 102-74.1 131.6-96.3 154-113.7zM256 320c23.2.4 56.6-29.2 73.4-41.4 132.7-96.3 142.8-104.7 173.4-128.7 5.8-4.5 9.2-11.5 9.2-18.9v-19c0-26.5-21.5-48-48-48H48C21.5 64 0 85.5 0 112v19c0 7.4 3.4 14.3 9.2 18.9 30.6 23.9 40.7 32.4 173.4 128.7 16.8 12.2 50.2 41.8 73.4 41.4z\"><\/path><\/svg>\t\t\t\t\t\t<\/span>\n\t\t\t\t\t\t\t\t\t\t<span class=\"elementor-icon-list-text\">sales@palaufugit.com<\/span>\n\t\t\t\t\t\t\t\t\t\t\t<\/a>\n\t\t\t\t\t\t\t\t\t<\/li>\n\t\t\t\t\t\t<\/ul>\n\t\t\t\t\t\t<\/div>\n\t\t\t\t<\/div>\n\t\t\t\t<\/div>\n\t\t<div class=\"elementor-element elementor-element-f8be1a4 e-con-full elementor-hidden-desktop elementor-hidden-tablet e-flex e-con e-parent\" data-id=\"f8be1a4\" data-element_type=\"container\" data-e-type=\"container\" data-settings=\"{&quot;background_background&quot;:&quot;classic&quot;}\">\n\t\t\t\t<div class=\"elementor-element elementor-element-fbcc50d btn-slider-prev elementor-view-default elementor-widget elementor-widget-icon\" data-id=\"fbcc50d\" data-element_type=\"widget\" data-e-type=\"widget\" data-widget_type=\"icon.default\">\n\t\t\t\t\t\t\t<div class=\"elementor-icon-wrapper\">\n\t\t\t<div class=\"elementor-icon\">\n\t\t\t<svg aria-hidden=\"true\" class=\"e-font-icon-svg e-fas-angle-left\" viewBox=\"0 0 256 512\" xmlns=\"http:\/\/www.w3.org\/2000\/svg\"><path d=\"M31.7 239l136-136c9.4-9.4 24.6-9.4 33.9 0l22.6 22.6c9.4 9.4 9.4 24.6 0 33.9L127.9 256l96.4 96.4c9.4 9.4 9.4 24.6 0 33.9L201.7 409c-9.4 9.4-24.6 9.4-33.9 0l-136-136c-9.5-9.4-9.5-24.6-.1-34z\"><\/path><\/svg>\t\t\t<\/div>\n\t\t<\/div>\n\t\t\t\t\t\t<\/div>\n\t\t\t\t<div class=\"elementor-element elementor-element-76033ae btn-slider-next elementor-view-default elementor-widget elementor-widget-icon\" data-id=\"76033ae\" data-element_type=\"widget\" data-e-type=\"widget\" data-widget_type=\"icon.default\">\n\t\t\t\t\t\t\t<div class=\"elementor-icon-wrapper\">\n\t\t\t<div class=\"elementor-icon\">\n\t\t\t<svg aria-hidden=\"true\" class=\"e-font-icon-svg e-fas-angle-right\" viewBox=\"0 0 256 512\" xmlns=\"http:\/\/www.w3.org\/2000\/svg\"><path d=\"M224.3 273l-136 136c-9.4 9.4-24.6 9.4-33.9 0l-22.6-22.6c-9.4-9.4-9.4-24.6 0-33.9l96.4-96.4-96.4-96.4c-9.4-9.4-9.4-24.6 0-33.9L54.3 103c9.4-9.4 24.6-9.4 33.9 0l136 136c9.5 9.4 9.5 24.6.1 34z\"><\/path><\/svg>\t\t\t<\/div>\n\t\t<\/div>\n\t\t\t\t\t\t<\/div>\n\t\t\t\t<div class=\"elementor-element elementor-element-e8446ec elementor-widget elementor-widget-html\" data-id=\"e8446ec\" data-element_type=\"widget\" data-e-type=\"widget\" data-widget_type=\"html.default\">\n\t\t\t\t\t<style>\r\n\/* Classe per amagar seccions sense trencar el disseny *\/\r\n.seccio-slider {\r\n    display: none;\r\n    width: 100%;\r\n}\r\n\r\n\/* La secci\u00f3 activa es mostra *\/\r\n.seccio-slider.activa {\r\n    display: flex !important;\r\n}\r\n\r\n\/* Cursors per als botons (ara fem servir classes) *\/\r\n.btn-slider-prev, .btn-slider-next {\r\n    cursor: pointer;\r\n    transition: opacity 0.3s;\r\n    user-select: none;\r\n}\r\n\r\n.btn-slider-prev:hover, .btn-slider-next:hover {\r\n    opacity: 0.7;\r\n}\r\n\r\n\/* Evitem el salt: Contenidor amb al\u00e7ada m\u00ednima si cal *\/\r\n.contenedor-slider-elementor {\r\n    min-height: 300px; \/* Ajusta-ho a l'al\u00e7ada mitjana de les teves seccions *\/\r\n    position: relative;\r\n}\r\n<\/style>\r\n\r\n<script>\r\njQuery(document).ready(function($) {\r\n    let seccioActual = 0;\r\n    \/\/ Seleccionem totes les seccions que comencin per \"seccio-\"\r\n    const $seccions = $('[id^=\"seccio-\"]');\r\n    const total = $seccions.length;\r\n\r\n    \/\/ Inicialitzaci\u00f3: Nom\u00e9s mostrem la primera\r\n    $seccions.hide().removeClass('activa');\r\n    $seccions.eq(0).show().addClass('activa');\r\n\r\n    function transicio(indexDesti) {\r\n        if (indexDesti === seccioActual) return;\r\n\r\n        const $actual = $seccions.eq(seccioActual);\r\n        const $seg\u00fcent = $seccions.eq(indexDesti);\r\n\r\n        \/\/ Per evitar el salt, fem que l'entrada sigui r\u00e0pida \r\n        \/\/ o usem fadeIn sense esperar que l'altre desaparegui del tot\r\n        $actual.fadeOut(200, function() {\r\n            $actual.removeClass('activa');\r\n            $seg\u00fcent.fadeIn(300).addClass('activa');\r\n            seccioActual = indexDesti;\r\n        });\r\n    }\r\n\r\n    \/\/ Click als botons (fem servir CLASSE en lloc d'ID)\r\n    $('.btn-slider-next').on('click', function() {\r\n        let seguent = (seccioActual + 1 < total) ? seccioActual + 1 : 0;\r\n        transicio(seguent);\r\n    });\r\n\r\n    $('.btn-slider-prev').on('click', function() {\r\n        let anterior = (seccioActual - 1 >= 0) ? seccioActual - 1 : total - 1;\r\n        transicio(anterior);\r\n    });\r\n});\r\n<\/script>\t\t\t\t<\/div>\n\t\t\t\t<\/div>\n\t\t<div class=\"elementor-element elementor-element-73ad002 e-con-full seccio-slider e-flex e-con e-parent\" data-id=\"73ad002\" data-element_type=\"container\" data-e-type=\"container\" id=\"seccio-1\" data-settings=\"{&quot;background_background&quot;:&quot;classic&quot;}\">\n\t\t<div class=\"elementor-element elementor-element-bfc7d1b e-con-full e-flex e-con e-child\" data-id=\"bfc7d1b\" data-element_type=\"container\" data-e-type=\"container\">\n\t\t\t\t<div class=\"elementor-element elementor-element-3154163 elementor-widget elementor-widget-image\" data-id=\"3154163\" data-element_type=\"widget\" data-e-type=\"widget\" data-widget_type=\"image.default\">\n\t\t\t\t\t\t\t\t\t\t\t\t\t\t\t<img fetchpriority=\"high\" decoding=\"async\" width=\"2000\" height=\"2000\" src=\"https:\/\/ficam.cat\/wp-content\/uploads\/2026\/02\/Diseno-sin-titulo-6.jpg\" class=\"attachment-full size-full wp-image-15073\" alt=\"\" srcset=\"https:\/\/ficam.cat\/wp-content\/uploads\/2026\/02\/Diseno-sin-titulo-6.jpg 2000w, https:\/\/ficam.cat\/wp-content\/uploads\/2026\/02\/Diseno-sin-titulo-6-300x300.jpg 300w, https:\/\/ficam.cat\/wp-content\/uploads\/2026\/02\/Diseno-sin-titulo-6-1024x1024.jpg 1024w, https:\/\/ficam.cat\/wp-content\/uploads\/2026\/02\/Diseno-sin-titulo-6-150x150.jpg 150w, https:\/\/ficam.cat\/wp-content\/uploads\/2026\/02\/Diseno-sin-titulo-6-768x768.jpg 768w, https:\/\/ficam.cat\/wp-content\/uploads\/2026\/02\/Diseno-sin-titulo-6-1536x1536.jpg 1536w\" sizes=\"(max-width: 2000px) 100vw, 2000px\" \/>\t\t\t\t\t\t\t\t\t\t\t\t\t\t\t<\/div>\n\t\t\t\t<\/div>\n\t\t<div class=\"elementor-element elementor-element-f6ed7d0 e-con-full e-flex e-con e-child\" data-id=\"f6ed7d0\" data-element_type=\"container\" data-e-type=\"container\">\n\t\t\t\t<div class=\"elementor-element elementor-element-dca153a elementor-widget elementor-widget-image\" data-id=\"dca153a\" data-element_type=\"widget\" data-e-type=\"widget\" data-widget_type=\"image.default\">\n\t\t\t\t\t\t\t\t\t\t\t\t\t\t\t<img decoding=\"async\" width=\"830\" height=\"1024\" src=\"https:\/\/ficam.cat\/wp-content\/uploads\/2026\/02\/terrat-reunion.jpg\" class=\"attachment-full size-full wp-image-15074\" alt=\"\" srcset=\"https:\/\/ficam.cat\/wp-content\/uploads\/2026\/02\/terrat-reunion.jpg 830w, https:\/\/ficam.cat\/wp-content\/uploads\/2026\/02\/terrat-reunion-243x300.jpg 243w, https:\/\/ficam.cat\/wp-content\/uploads\/2026\/02\/terrat-reunion-768x948.jpg 768w\" sizes=\"(max-width: 830px) 100vw, 830px\" \/>\t\t\t\t\t\t\t\t\t\t\t\t\t\t\t<\/div>\n\t\t<div class=\"elementor-element elementor-element-843a653 e-con-full e-flex e-con e-child\" data-id=\"843a653\" data-element_type=\"container\" data-e-type=\"container\">\n\t\t\t\t<div class=\"elementor-element elementor-element-8d0d904 elementor-widget elementor-widget-text-editor\" data-id=\"8d0d904\" data-element_type=\"widget\" data-e-type=\"widget\" data-settings=\"{&quot;_animation&quot;:&quot;none&quot;}\" data-widget_type=\"text-editor.default\">\n\t\t\t\t\t\t\t\t\t<p>EL TERRAT<\/p>\t\t\t\t\t\t\t\t<\/div>\n\t\t\t\t<div class=\"elementor-element elementor-element-c33967f elementor-widget elementor-widget-text-editor\" data-id=\"c33967f\" data-element_type=\"widget\" data-e-type=\"widget\" data-settings=\"{&quot;_animation&quot;:&quot;none&quot;}\" data-widget_type=\"text-editor.default\">\n\t\t\t\t\t\t\t\t\t<p>Con unas vistas privilegiadas a la primera muralla de Girona, puestas de sol de pel\u00edcula y un bar con carta gourmet, este espacio exterior es ideal para celebrar fiestas privadas u otras celebraciones. <\/p>\t\t\t\t\t\t\t\t<\/div>\n\t\t\t\t<\/div>\n\t\t\t\t<\/div>\n\t\t\t\t<\/div>\n\t\t<div class=\"elementor-element elementor-element-480c03c e-con-full seccio-slider e-flex e-con e-parent\" data-id=\"480c03c\" data-element_type=\"container\" data-e-type=\"container\" id=\"seccio-2\" data-settings=\"{&quot;background_background&quot;:&quot;classic&quot;}\">\n\t\t<div class=\"elementor-element elementor-element-31106e0 e-con-full e-flex e-con e-child\" data-id=\"31106e0\" data-element_type=\"container\" data-e-type=\"container\">\n\t\t\t\t<div class=\"elementor-element elementor-element-25fd728 elementor-widget elementor-widget-image\" data-id=\"25fd728\" data-element_type=\"widget\" data-e-type=\"widget\" data-widget_type=\"image.default\">\n\t\t\t\t\t\t\t\t\t\t\t\t\t\t\t<img decoding=\"async\" width=\"1920\" height=\"1920\" src=\"https:\/\/ficam.cat\/wp-content\/uploads\/2026\/02\/biblioteca-empresa_bo.jpg\" class=\"attachment-full size-full wp-image-15075\" alt=\"\" srcset=\"https:\/\/ficam.cat\/wp-content\/uploads\/2026\/02\/biblioteca-empresa_bo.jpg 1920w, https:\/\/ficam.cat\/wp-content\/uploads\/2026\/02\/biblioteca-empresa_bo-300x300.jpg 300w, https:\/\/ficam.cat\/wp-content\/uploads\/2026\/02\/biblioteca-empresa_bo-1024x1024.jpg 1024w, https:\/\/ficam.cat\/wp-content\/uploads\/2026\/02\/biblioteca-empresa_bo-150x150.jpg 150w, https:\/\/ficam.cat\/wp-content\/uploads\/2026\/02\/biblioteca-empresa_bo-768x768.jpg 768w, https:\/\/ficam.cat\/wp-content\/uploads\/2026\/02\/biblioteca-empresa_bo-1536x1536.jpg 1536w\" sizes=\"(max-width: 1920px) 100vw, 1920px\" \/>\t\t\t\t\t\t\t\t\t\t\t\t\t\t\t<\/div>\n\t\t\t\t<\/div>\n\t\t<div class=\"elementor-element elementor-element-778a910 e-con-full e-flex e-con e-child\" data-id=\"778a910\" data-element_type=\"container\" data-e-type=\"container\">\n\t\t\t\t<div class=\"elementor-element elementor-element-2b52a02 elementor-widget elementor-widget-image\" data-id=\"2b52a02\" data-element_type=\"widget\" data-e-type=\"widget\" data-widget_type=\"image.default\">\n\t\t\t\t\t\t\t\t\t\t\t\t\t\t\t<img loading=\"lazy\" decoding=\"async\" width=\"830\" height=\"1024\" src=\"https:\/\/ficam.cat\/wp-content\/uploads\/2026\/02\/empresa-palau-fugit.jpg\" class=\"attachment-full size-full wp-image-15076\" alt=\"\" srcset=\"https:\/\/ficam.cat\/wp-content\/uploads\/2026\/02\/empresa-palau-fugit.jpg 830w, https:\/\/ficam.cat\/wp-content\/uploads\/2026\/02\/empresa-palau-fugit-243x300.jpg 243w, https:\/\/ficam.cat\/wp-content\/uploads\/2026\/02\/empresa-palau-fugit-768x948.jpg 768w\" sizes=\"(max-width: 830px) 100vw, 830px\" \/>\t\t\t\t\t\t\t\t\t\t\t\t\t\t\t<\/div>\n\t\t<div class=\"elementor-element elementor-element-99d9a45 e-con-full e-flex e-con e-child\" data-id=\"99d9a45\" data-element_type=\"container\" data-e-type=\"container\">\n\t\t\t\t<div class=\"elementor-element elementor-element-a1737e7 elementor-widget elementor-widget-text-editor\" data-id=\"a1737e7\" data-element_type=\"widget\" data-e-type=\"widget\" data-settings=\"{&quot;_animation&quot;:&quot;none&quot;}\" data-widget_type=\"text-editor.default\">\n\t\t\t\t\t\t\t\t\t<p>LA BIBLIOTECA<\/p>\t\t\t\t\t\t\t\t<\/div>\n\t\t\t\t<div class=\"elementor-element elementor-element-86d6b02 elementor-widget elementor-widget-text-editor\" data-id=\"86d6b02\" data-element_type=\"widget\" data-e-type=\"widget\" data-settings=\"{&quot;_animation&quot;:&quot;none&quot;}\" data-widget_type=\"text-editor.default\">\n\t\t\t\t\t\t\t\t\tEste espacio tranquilo y acogedor, y con una gran pantalla para hacer presentaciones, es perfecto para sesiones de trabajo, reuniones, presentaciones de libro, o cenas y comidas, entre otros.\t\t\t\t\t\t\t\t<\/div>\n\t\t\t\t<\/div>\n\t\t\t\t<\/div>\n\t\t\t\t<\/div>\n\t\t<div class=\"elementor-element elementor-element-5fe583a e-con-full seccio-slider e-flex e-con e-parent\" data-id=\"5fe583a\" data-element_type=\"container\" data-e-type=\"container\" id=\"seccio-3\" data-settings=\"{&quot;background_background&quot;:&quot;classic&quot;}\">\n\t\t<div class=\"elementor-element elementor-element-948fc8b e-con-full e-flex e-con e-child\" data-id=\"948fc8b\" data-element_type=\"container\" data-e-type=\"container\">\n\t\t\t\t<div class=\"elementor-element elementor-element-d84708c elementor-widget elementor-widget-image\" data-id=\"d84708c\" data-element_type=\"widget\" data-e-type=\"widget\" data-widget_type=\"image.default\">\n\t\t\t\t\t\t\t\t\t\t\t\t\t\t\t<img loading=\"lazy\" decoding=\"async\" width=\"2000\" height=\"2000\" src=\"https:\/\/ficam.cat\/wp-content\/uploads\/2026\/02\/alquiler-casa-heras.jpg\" class=\"attachment-full size-full wp-image-15077\" alt=\"\" srcset=\"https:\/\/ficam.cat\/wp-content\/uploads\/2026\/02\/alquiler-casa-heras.jpg 2000w, https:\/\/ficam.cat\/wp-content\/uploads\/2026\/02\/alquiler-casa-heras-300x300.jpg 300w, https:\/\/ficam.cat\/wp-content\/uploads\/2026\/02\/alquiler-casa-heras-1024x1024.jpg 1024w, https:\/\/ficam.cat\/wp-content\/uploads\/2026\/02\/alquiler-casa-heras-150x150.jpg 150w, https:\/\/ficam.cat\/wp-content\/uploads\/2026\/02\/alquiler-casa-heras-768x768.jpg 768w, https:\/\/ficam.cat\/wp-content\/uploads\/2026\/02\/alquiler-casa-heras-1536x1536.jpg 1536w\" sizes=\"(max-width: 2000px) 100vw, 2000px\" \/>\t\t\t\t\t\t\t\t\t\t\t\t\t\t\t<\/div>\n\t\t\t\t<\/div>\n\t\t<div class=\"elementor-element elementor-element-bc81557 e-con-full e-flex e-con e-child\" data-id=\"bc81557\" data-element_type=\"container\" data-e-type=\"container\">\n\t\t\t\t<div class=\"elementor-element elementor-element-3da16ca elementor-widget elementor-widget-image\" data-id=\"3da16ca\" data-element_type=\"widget\" data-e-type=\"widget\" data-widget_type=\"image.default\">\n\t\t\t\t\t\t\t\t\t\t\t\t\t\t\t<img loading=\"lazy\" decoding=\"async\" width=\"768\" height=\"1024\" src=\"https:\/\/ficam.cat\/wp-content\/uploads\/2026\/02\/private-event-girona-palau-fugit-768x1024-1.jpg\" class=\"attachment-full size-full wp-image-15078\" alt=\"\" srcset=\"https:\/\/ficam.cat\/wp-content\/uploads\/2026\/02\/private-event-girona-palau-fugit-768x1024-1.jpg 768w, https:\/\/ficam.cat\/wp-content\/uploads\/2026\/02\/private-event-girona-palau-fugit-768x1024-1-225x300.jpg 225w\" sizes=\"(max-width: 768px) 100vw, 768px\" \/>\t\t\t\t\t\t\t\t\t\t\t\t\t\t\t<\/div>\n\t\t<div class=\"elementor-element elementor-element-0c22391 e-con-full e-flex e-con e-child\" data-id=\"0c22391\" data-element_type=\"container\" data-e-type=\"container\">\n\t\t\t\t<div class=\"elementor-element elementor-element-f2f2ab3 elementor-widget elementor-widget-text-editor\" data-id=\"f2f2ab3\" data-element_type=\"widget\" data-e-type=\"widget\" data-settings=\"{&quot;_animation&quot;:&quot;none&quot;}\" data-widget_type=\"text-editor.default\">\n\t\t\t\t\t\t\t\t\t<p>CASA HERAS<\/p>\t\t\t\t\t\t\t\t<\/div>\n\t\t\t\t<div class=\"elementor-element elementor-element-9ca9ec9 elementor-widget elementor-widget-text-editor\" data-id=\"9ca9ec9\" data-element_type=\"widget\" data-e-type=\"widget\" data-settings=\"{&quot;_animation&quot;:&quot;none&quot;}\" data-widget_type=\"text-editor.default\">\n\t\t\t\t\t\t\t\t\t<p>Casa Heras es un espacio moderno y acogedor situado dentro del hotel, justo al otro lado de La Placeta.<\/p>\t\t\t\t\t\t\t\t<\/div>\n\t\t\t\t<div class=\"elementor-element elementor-element-058622f elementor-widget elementor-widget-text-editor\" data-id=\"058622f\" data-element_type=\"widget\" data-e-type=\"widget\" data-settings=\"{&quot;_animation&quot;:&quot;none&quot;}\" data-widget_type=\"text-editor.default\">\n\t\t\t\t\t\t\t\t\tCasa Heras tambi\u00e9n est\u00e1 disponible para alquilar para comidas, cenas en grupo y eventos privados.\t\t\t\t\t\t\t\t<\/div>\n\t\t\t\t<\/div>\n\t\t\t\t<\/div>\n\t\t\t\t<\/div>\n\t\t<div class=\"elementor-element elementor-element-9538ea6 e-con-full elementor-hidden-mobile e-flex e-con e-parent\" data-id=\"9538ea6\" data-element_type=\"container\" data-e-type=\"container\" data-settings=\"{&quot;background_background&quot;:&quot;classic&quot;}\">\n\t\t\t\t<div class=\"elementor-element elementor-element-049b6a3 btn-slider-prev elementor-view-default elementor-widget elementor-widget-icon\" data-id=\"049b6a3\" data-element_type=\"widget\" data-e-type=\"widget\" data-widget_type=\"icon.default\">\n\t\t\t\t\t\t\t<div class=\"elementor-icon-wrapper\">\n\t\t\t<div class=\"elementor-icon\">\n\t\t\t<svg aria-hidden=\"true\" class=\"e-font-icon-svg e-fas-angle-left\" viewBox=\"0 0 256 512\" xmlns=\"http:\/\/www.w3.org\/2000\/svg\"><path d=\"M31.7 239l136-136c9.4-9.4 24.6-9.4 33.9 0l22.6 22.6c9.4 9.4 9.4 24.6 0 33.9L127.9 256l96.4 96.4c9.4 9.4 9.4 24.6 0 33.9L201.7 409c-9.4 9.4-24.6 9.4-33.9 0l-136-136c-9.5-9.4-9.5-24.6-.1-34z\"><\/path><\/svg>\t\t\t<\/div>\n\t\t<\/div>\n\t\t\t\t\t\t<\/div>\n\t\t\t\t<div class=\"elementor-element elementor-element-5348d64 btn-slider-next elementor-view-default elementor-widget elementor-widget-icon\" data-id=\"5348d64\" data-element_type=\"widget\" data-e-type=\"widget\" data-widget_type=\"icon.default\">\n\t\t\t\t\t\t\t<div class=\"elementor-icon-wrapper\">\n\t\t\t<div class=\"elementor-icon\">\n\t\t\t<svg aria-hidden=\"true\" class=\"e-font-icon-svg e-fas-angle-right\" viewBox=\"0 0 256 512\" xmlns=\"http:\/\/www.w3.org\/2000\/svg\"><path d=\"M224.3 273l-136 136c-9.4 9.4-24.6 9.4-33.9 0l-22.6-22.6c-9.4-9.4-9.4-24.6 0-33.9l96.4-96.4-96.4-96.4c-9.4-9.4-9.4-24.6 0-33.9L54.3 103c9.4-9.4 24.6-9.4 33.9 0l136 136c9.5 9.4 9.5 24.6.1 34z\"><\/path><\/svg>\t\t\t<\/div>\n\t\t<\/div>\n\t\t\t\t\t\t<\/div>\n\t\t\t\t<div class=\"elementor-element elementor-element-6823b99 elementor-widget elementor-widget-html\" data-id=\"6823b99\" data-element_type=\"widget\" data-e-type=\"widget\" data-widget_type=\"html.default\">\n\t\t\t\t\t<style>\r\n\/* Classe per amagar seccions sense trencar el disseny *\/\r\n.seccio-slider {\r\n    display: none;\r\n    width: 100%;\r\n}\r\n\r\n\/* La secci\u00f3 activa es mostra *\/\r\n.seccio-slider.activa {\r\n    display: flex !important;\r\n}\r\n\r\n\/* Cursors per als botons (ara fem servir classes) *\/\r\n.btn-slider-prev, .btn-slider-next {\r\n    cursor: pointer;\r\n    transition: opacity 0.3s;\r\n    user-select: none;\r\n}\r\n\r\n.btn-slider-prev:hover, .btn-slider-next:hover {\r\n    opacity: 0.7;\r\n}\r\n\r\n\/* Evitem el salt: Contenidor amb al\u00e7ada m\u00ednima si cal *\/\r\n.contenedor-slider-elementor {\r\n    min-height: 300px; \/* Ajusta-ho a l'al\u00e7ada mitjana de les teves seccions *\/\r\n    position: relative;\r\n}\r\n<\/style>\r\n\r\n<script>\r\njQuery(document).ready(function($) {\r\n    let seccioActual = 0;\r\n    \/\/ Seleccionem totes les seccions que comencin per \"seccio-\"\r\n    const $seccions = $('[id^=\"seccio-\"]');\r\n    const total = $seccions.length;\r\n\r\n    \/\/ Inicialitzaci\u00f3: Nom\u00e9s mostrem la primera\r\n    $seccions.hide().removeClass('activa');\r\n    $seccions.eq(0).show().addClass('activa');\r\n\r\n    function transicio(indexDesti) {\r\n        if (indexDesti === seccioActual) return;\r\n\r\n        const $actual = $seccions.eq(seccioActual);\r\n        const $seg\u00fcent = $seccions.eq(indexDesti);\r\n\r\n        \/\/ Per evitar el salt, fem que l'entrada sigui r\u00e0pida \r\n        \/\/ o usem fadeIn sense esperar que l'altre desaparegui del tot\r\n        $actual.fadeOut(200, function() {\r\n            $actual.removeClass('activa');\r\n            $seg\u00fcent.fadeIn(300).addClass('activa');\r\n            seccioActual = indexDesti;\r\n        });\r\n    }\r\n\r\n    \/\/ Click als botons (fem servir CLASSE en lloc d'ID)\r\n    $('.btn-slider-next').on('click', function() {\r\n        let seguent = (seccioActual + 1 < total) ? seccioActual + 1 : 0;\r\n        transicio(seguent);\r\n    });\r\n\r\n    $('.btn-slider-prev').on('click', function() {\r\n        let anterior = (seccioActual - 1 >= 0) ? seccioActual - 1 : total - 1;\r\n        transicio(anterior);\r\n    });\r\n});\r\n<\/script>\t\t\t\t<\/div>\n\t\t\t\t<\/div>\n\t\t<div class=\"elementor-element elementor-element-7fdf779 e-con-full e-flex e-con e-parent\" data-id=\"7fdf779\" data-element_type=\"container\" data-e-type=\"container\" data-settings=\"{&quot;background_background&quot;:&quot;classic&quot;}\">\n\t\t<div class=\"elementor-element elementor-element-796d19f e-con-full e-flex e-con e-child\" data-id=\"796d19f\" data-element_type=\"container\" data-e-type=\"container\">\n\t\t\t\t<div class=\"elementor-element elementor-element-8a355de elementor-hidden-desktop elementor-hidden-tablet elementor-widget elementor-widget-heading\" data-id=\"8a355de\" data-element_type=\"widget\" data-e-type=\"widget\" data-widget_type=\"heading.default\">\n\t\t\t\t\t<h2 class=\"elementor-heading-title elementor-size-default\">Un palacio para todas las ocasiones<\/h2>\t\t\t\t<\/div>\n\t\t\t\t<div class=\"elementor-element elementor-element-5eab494 elementor-widget elementor-widget-html\" data-id=\"5eab494\" data-element_type=\"widget\" data-e-type=\"widget\" data-widget_type=\"html.default\">\n\t\t\t\t\t<script>(function($) {\r\n    $(window).on('load', function() {\r\n        var $slider = $('#slider-esquerra');\r\n        var $columnes = $('.columna-interactiva');\r\n\r\n        function initSincroDoble() {\r\n            var swiperContainer = $slider.find('.elementor-main-swiper');\r\n            if (!swiperContainer.length) {\r\n                setTimeout(initSincroDoble, 500);\r\n                return;\r\n            }\r\n            \r\n            var swiperInstance = swiperContainer.data('swiper');\r\n            if (!swiperInstance) return;\r\n\r\n            \/\/ Funci\u00f3 per activar els canvis\r\n            function activarElement(index) {\r\n                swiperInstance.slideToLoop(index);\r\n                actualitzaVisual(index);\r\n            }\r\n\r\n            \/\/ HOVER per a ordinadors\r\n            $columnes.on('mouseenter', function() {\r\n                var index = treureIndex($(this));\r\n                activarElement(index);\r\n            });\r\n\r\n            \/\/ CLIC\/TAP per a m\u00f2bils i tablets\r\n            $columnes.on('click', function(e) {\r\n                \/\/ EVITA QUE LA P\u00c0GINA PUGI A DALT\r\n                e.preventDefault(); \r\n                e.stopPropagation();\r\n\r\n                var index = treureIndex($(this));\r\n                activarElement(index);\r\n            });\r\n\r\n            \/\/ Quan l'usuari arrossega el slider amb el dit (swipe)\r\n            swiperInstance.on('slideChange', function() {\r\n                actualitzaVisual(swiperInstance.realIndex);\r\n            });\r\n\r\n            function treureIndex($el) {\r\n                var classList = $el.attr('class').split(\/\\s+\/);\r\n                var index = 0;\r\n                $.each(classList, function(i, v) {\r\n                    if (v.indexOf('col-') === 0) {\r\n                        var parts = v.split('-');\r\n                        index = parseInt(parts[parts.length - 1]);\r\n                    }\r\n                });\r\n                return index;\r\n            }\r\n\r\n            function actualitzaVisual(index) {\r\n                $columnes.removeClass('activa');\r\n                \/\/ Busquem l'element que cont\u00e9 exactament la classe col-X\r\n                $('.columna-interactiva.col-' + index).addClass('activa');\r\n            }\r\n\r\n            actualitzaVisual(0);\r\n        }\r\n\r\n        initSincroDoble();\r\n    });\r\n})(jQuery);\r\n<\/script>\t\t\t\t<\/div>\n\t\t\t\t<div class=\"elementor-element elementor-element-8bf181b elementor--h-position-center elementor--v-position-middle elementor-widget elementor-widget-slides\" data-id=\"8bf181b\" data-element_type=\"widget\" data-e-type=\"widget\" id=\"slider-esquerra\" data-settings=\"{&quot;navigation&quot;:&quot;none&quot;,&quot;infinite&quot;:&quot;yes&quot;,&quot;transition&quot;:&quot;slide&quot;,&quot;transition_speed&quot;:500}\" data-widget_type=\"slides.default\">\n\t\t\t\t\t\t\t\t\t\t<div class=\"elementor-slides-wrapper elementor-main-swiper swiper\" role=\"region\" aria-roledescription=\"carousel\" aria-label=\"Slides\" dir=\"ltr\" data-animation=\"fadeInUp\">\n\t\t\t\t<div class=\"swiper-wrapper elementor-slides\">\n\t\t\t\t\t\t\t\t\t\t<div class=\"elementor-repeater-item-c34b0bd swiper-slide\" role=\"group\" aria-roledescription=\"slide\"><div class=\"swiper-slide-bg\" role=\"img\" aria-label=\"meetings3\"><\/div><div class=\"elementor-background-overlay\"><\/div><div class=\"swiper-slide-inner\" ><div class=\"swiper-slide-contents\"><\/div><\/div><\/div><div class=\"elementor-repeater-item-00d75b6 swiper-slide\" role=\"group\" aria-roledescription=\"slide\"><div class=\"swiper-slide-bg\" role=\"img\" aria-label=\"meetings3\"><\/div><div class=\"elementor-background-overlay\"><\/div><div class=\"swiper-slide-inner\" ><div class=\"swiper-slide-contents\"><\/div><\/div><\/div><div class=\"elementor-repeater-item-c672fe8 swiper-slide\" role=\"group\" aria-roledescription=\"slide\"><div class=\"swiper-slide-bg\" role=\"img\" aria-label=\"meetings3\"><\/div><div class=\"elementor-background-overlay\"><\/div><div class=\"swiper-slide-inner\" ><div class=\"swiper-slide-contents\"><\/div><\/div><\/div><div class=\"elementor-repeater-item-00df0fa swiper-slide\" role=\"group\" aria-roledescription=\"slide\"><div class=\"swiper-slide-bg\" role=\"img\" aria-label=\"meetings3\"><\/div><div class=\"elementor-background-overlay\"><\/div><div class=\"swiper-slide-inner\" ><div class=\"swiper-slide-contents\"><\/div><\/div><\/div><div class=\"elementor-repeater-item-d243ca0 swiper-slide\" role=\"group\" aria-roledescription=\"slide\"><div class=\"swiper-slide-bg\" role=\"img\" aria-label=\"meetings3\"><\/div><div class=\"elementor-background-overlay\"><\/div><div class=\"swiper-slide-inner\" ><div class=\"swiper-slide-contents\"><\/div><\/div><\/div>\t\t\t\t<\/div>\n\t\t\t\t\t\t\t\t\t\t\t\t\t\t\t\t\t\t\t\t\t<\/div>\n\t\t\t\t\t\t\t\t<\/div>\n\t\t\t\t<\/div>\n\t\t<div class=\"elementor-element elementor-element-20f5dce e-con-full e-flex e-con e-child\" data-id=\"20f5dce\" data-element_type=\"container\" data-e-type=\"container\">\n\t\t\t\t<div class=\"elementor-element elementor-element-a657c86 elementor-hidden-mobile elementor-widget elementor-widget-heading\" data-id=\"a657c86\" data-element_type=\"widget\" data-e-type=\"widget\" data-widget_type=\"heading.default\">\n\t\t\t\t\t<h2 class=\"elementor-heading-title elementor-size-default\">Un palacio para todas las ocasiones<\/h2>\t\t\t\t<\/div>\n\t\t<div class=\"elementor-element elementor-element-62c6fcb e-con-full e-flex e-con e-child\" data-id=\"62c6fcb\" data-element_type=\"container\" data-e-type=\"container\">\n\t\t<a class=\"elementor-element elementor-element-98938bc e-con-full columna-interactiva col-0 e-flex e-con e-child\" data-id=\"98938bc\" data-element_type=\"container\" data-e-type=\"container\" href=\"#\">\n\t\t\t\t<div class=\"elementor-element elementor-element-5939c63 elementor-widget__width-auto arrowhov elementor-widget elementor-widget-heading\" data-id=\"5939c63\" data-element_type=\"widget\" data-e-type=\"widget\" data-widget_type=\"heading.default\">\n\t\t\t\t\t<h3 class=\"elementor-heading-title elementor-size-default\">CENA PRIVADA<\/h3>\t\t\t\t<\/div>\n\t\t\t\t<\/a>\n\t\t<a class=\"elementor-element elementor-element-bf1634e e-con-full columna-interactiva col-1 e-flex e-con e-child\" data-id=\"bf1634e\" data-element_type=\"container\" data-e-type=\"container\" href=\"#\">\n\t\t\t\t<div class=\"elementor-element elementor-element-29424bc elementor-widget__width-auto arrowhov elementor-widget elementor-widget-heading\" data-id=\"29424bc\" data-element_type=\"widget\" data-e-type=\"widget\" data-widget_type=\"heading.default\">\n\t\t\t\t\t<h3 class=\"elementor-heading-title elementor-size-default\">BODA<\/h3>\t\t\t\t<\/div>\n\t\t\t\t<\/a>\n\t\t<a class=\"elementor-element elementor-element-42139bf e-con-full columna-interactiva col-2 e-flex e-con e-child\" data-id=\"42139bf\" data-element_type=\"container\" data-e-type=\"container\" href=\"#\">\n\t\t\t\t<div class=\"elementor-element elementor-element-89fd85a elementor-widget__width-auto arrowhov elementor-widget elementor-widget-heading\" data-id=\"89fd85a\" data-element_type=\"widget\" data-e-type=\"widget\" data-widget_type=\"heading.default\">\n\t\t\t\t\t<h3 class=\"elementor-heading-title elementor-size-default\">SESI\u00d3N DE TRABAJO<\/h3>\t\t\t\t<\/div>\n\t\t\t\t<\/a>\n\t\t<a class=\"elementor-element elementor-element-17f1416 e-con-full columna-interactiva col-3 e-flex e-con e-child\" data-id=\"17f1416\" data-element_type=\"container\" data-e-type=\"container\" href=\"#\">\n\t\t\t\t<div class=\"elementor-element elementor-element-f280460 elementor-widget__width-auto arrowhov elementor-widget elementor-widget-heading\" data-id=\"f280460\" data-element_type=\"widget\" data-e-type=\"widget\" data-widget_type=\"heading.default\">\n\t\t\t\t\t<h3 class=\"elementor-heading-title elementor-size-default\">PRESENTACI\u00d3N DE UN LIBRO<\/h3>\t\t\t\t<\/div>\n\t\t\t\t<\/a>\n\t\t<a class=\"elementor-element elementor-element-5d58e9c e-con-full columna-interactiva col-4 e-flex e-con e-child\" data-id=\"5d58e9c\" data-element_type=\"container\" data-e-type=\"container\" href=\"#\">\n\t\t\t\t<div class=\"elementor-element elementor-element-dd8e61c elementor-widget__width-auto arrowhov elementor-widget elementor-widget-heading\" data-id=\"dd8e61c\" data-element_type=\"widget\" data-e-type=\"widget\" data-widget_type=\"heading.default\">\n\t\t\t\t\t<h3 class=\"elementor-heading-title elementor-size-default\">EXPOSICI\u00d3N DE ARTE<\/h3>\t\t\t\t<\/div>\n\t\t\t\t<\/a>\n\t\t\t\t<\/div>\n\t\t\t\t<\/div>\n\t\t\t\t<\/div>\n\t\t<div class=\"elementor-element elementor-element-647258a e-flex e-con-boxed e-con e-parent\" data-id=\"647258a\" data-element_type=\"container\" data-e-type=\"container\" data-settings=\"{&quot;background_background&quot;:&quot;classic&quot;}\">\n\t\t\t\t\t<div class=\"e-con-inner\">\n\t\t<div class=\"elementor-element elementor-element-2d46e27 e-con-full e-flex elementor-invisible e-con e-child\" data-id=\"2d46e27\" data-element_type=\"container\" data-e-type=\"container\" data-settings=\"{&quot;animation&quot;:&quot;fadeInUp&quot;}\">\n\t\t\t\t<div class=\"elementor-element elementor-element-ac93d64 elementor-widget elementor-widget-heading\" data-id=\"ac93d64\" data-element_type=\"widget\" data-e-type=\"widget\" data-settings=\"{&quot;_animation&quot;:&quot;none&quot;}\" data-widget_type=\"heading.default\">\n\t\t\t\t\t<h2 class=\"elementor-heading-title elementor-size-default\">\u00bfTienes dudas?<br>Contacta con nosotros<br>y las resolveremos.<\/h2>\t\t\t\t<\/div>\n\t\t\t\t<\/div>\n\t\t<div class=\"elementor-element elementor-element-bd7a2a7 e-con-full e-flex elementor-invisible e-con e-child\" data-id=\"bd7a2a7\" data-element_type=\"container\" data-e-type=\"container\" data-settings=\"{&quot;animation&quot;:&quot;fadeInUp&quot;}\">\n\t\t\t\t<div class=\"elementor-element elementor-element-fe4b742 elementor-widget elementor-widget-text-editor\" data-id=\"fe4b742\" data-element_type=\"widget\" data-e-type=\"widget\" data-settings=\"{&quot;_animation&quot;:&quot;none&quot;}\" data-widget_type=\"text-editor.default\">\n\t\t\t\t\t\t\t\t\tSi no sabes qu\u00e9 ruta elegir, no tienes claros los horarios, los precios, la dificultad de cada itinerario o cualquier otra cuesti\u00f3n, no dudes en ponerte en contacto con nosotros. Estaremos encantados de ayudarte. \t\t\t\t\t\t\t\t<\/div>\n\t\t\t\t<div class=\"elementor-element elementor-element-613c499 elementor-align-start iconesrodonesb underli elementor-icon-list--layout-traditional elementor-list-item-link-full_width elementor-widget elementor-widget-icon-list\" data-id=\"613c499\" data-element_type=\"widget\" data-e-type=\"widget\" data-widget_type=\"icon-list.default\">\n\t\t\t\t\t\t\t<ul class=\"elementor-icon-list-items\">\n\t\t\t\t\t\t\t<li class=\"elementor-icon-list-item\">\n\t\t\t\t\t\t\t\t\t\t\t<a href=\"mailto:sales@palaufugit.com\" target=\"_blank\">\n\n\t\t\t\t\t\t\t\t\t\t\t\t<span class=\"elementor-icon-list-icon\">\n\t\t\t\t\t\t\t<svg aria-hidden=\"true\" class=\"e-font-icon-svg e-fas-envelope\" viewBox=\"0 0 512 512\" xmlns=\"http:\/\/www.w3.org\/2000\/svg\"><path d=\"M502.3 190.8c3.9-3.1 9.7-.2 9.7 4.7V400c0 26.5-21.5 48-48 48H48c-26.5 0-48-21.5-48-48V195.6c0-5 5.7-7.8 9.7-4.7 22.4 17.4 52.1 39.5 154.1 113.6 21.1 15.4 56.7 47.8 92.2 47.6 35.7.3 72-32.8 92.3-47.6 102-74.1 131.6-96.3 154-113.7zM256 320c23.2.4 56.6-29.2 73.4-41.4 132.7-96.3 142.8-104.7 173.4-128.7 5.8-4.5 9.2-11.5 9.2-18.9v-19c0-26.5-21.5-48-48-48H48C21.5 64 0 85.5 0 112v19c0 7.4 3.4 14.3 9.2 18.9 30.6 23.9 40.7 32.4 173.4 128.7 16.8 12.2 50.2 41.8 73.4 41.4z\"><\/path><\/svg>\t\t\t\t\t\t<\/span>\n\t\t\t\t\t\t\t\t\t\t<span class=\"elementor-icon-list-text\">sales@palaufugit.com<\/span>\n\t\t\t\t\t\t\t\t\t\t\t<\/a>\n\t\t\t\t\t\t\t\t\t<\/li>\n\t\t\t\t\t\t<\/ul>\n\t\t\t\t\t\t<\/div>\n\t\t\t\t<\/div>\n\t\t\t\t\t<\/div>\n\t\t\t\t<\/div>\n\t\t\t\t<\/div>\n\t\t","protected":false},"excerpt":{"rendered":"<p>Espacios para reuniones y celebraciones Espacios llenos de personalidadpara todo tipo de eventos Hay ocasiones que merecen un lugar especial. Una boda, una reuni\u00f3n importante, una sesi\u00f3n de trabajo, un rodaje, una fiesta de empresa, una presentaci\u00f3n de un libro, o muchas otras. En Palau Fugit tenemos espacios con una arquitectura y dise\u00f1o \u00fanicos, y [&hellip;]<\/p>\n","protected":false},"author":1,"featured_media":0,"parent":0,"menu_order":0,"comment_status":"closed","ping_status":"closed","template":"elementor_header_footer","meta":{"_acf_changed":false,"inline_featured_image":false,"footnotes":""},"class_list":["post-15080","page","type-page","status-publish","hentry"],"acf":[],"yoast_head":"<!-- This site is optimized with the Yoast SEO plugin v27.4 - https:\/\/yoast.com\/product\/yoast-seo-wordpress\/ -->\n<title>Eventos privados - Palau Fugit<\/title>\n<meta name=\"description\" content=\"Palau Fugit cuenta con espacios llenos de personalidad para todo tipo de eventos, bodas, sesiones de trabajo, reuniones y celebraciones.\" \/>\n<meta name=\"robots\" content=\"noindex, follow, max-snippet:-1, max-image-preview:large, max-video-preview:-1\" \/>\n<meta property=\"og:locale\" content=\"es_ES\" \/>\n<meta property=\"og:type\" content=\"article\" \/>\n<meta property=\"og:title\" content=\"Eventos privados - Palau Fugit\" \/>\n<meta property=\"og:description\" content=\"Palau Fugit cuenta con espacios llenos de personalidad para todo tipo de eventos, bodas, sesiones de trabajo, reuniones y celebraciones.\" \/>\n<meta property=\"og:url\" content=\"https:\/\/ficam.cat\/es\/reuniones-y-celebraciones\/\" \/>\n<meta property=\"og:site_name\" content=\"Palau Fugit\" \/>\n<meta property=\"article:modified_time\" content=\"2026-04-14T16:34:29+00:00\" \/>\n<meta property=\"og:image\" content=\"https:\/\/ficam.cat\/wp-content\/uploads\/2026\/02\/Diseno-sin-titulo-6.jpg\" \/>\n\t<meta property=\"og:image:width\" content=\"2000\" \/>\n\t<meta property=\"og:image:height\" content=\"2000\" \/>\n\t<meta property=\"og:image:type\" content=\"image\/jpeg\" \/>\n<meta name=\"twitter:card\" content=\"summary_large_image\" \/>\n<meta name=\"twitter:label1\" content=\"Tiempo de lectura\" \/>\n\t<meta name=\"twitter:data1\" content=\"1 minuto\" \/>\n<script type=\"application\/ld+json\" class=\"yoast-schema-graph\">{\"@context\":\"https:\\\/\\\/schema.org\",\"@graph\":[{\"@type\":\"WebPage\",\"@id\":\"https:\\\/\\\/ficam.cat\\\/es\\\/reuniones-y-celebraciones\\\/\",\"url\":\"https:\\\/\\\/ficam.cat\\\/es\\\/reuniones-y-celebraciones\\\/\",\"name\":\"Eventos privados - Palau Fugit\",\"isPartOf\":{\"@id\":\"https:\\\/\\\/ficam.cat\\\/es\\\/#website\"},\"primaryImageOfPage\":{\"@id\":\"https:\\\/\\\/ficam.cat\\\/es\\\/reuniones-y-celebraciones\\\/#primaryimage\"},\"image\":{\"@id\":\"https:\\\/\\\/ficam.cat\\\/es\\\/reuniones-y-celebraciones\\\/#primaryimage\"},\"thumbnailUrl\":\"https:\\\/\\\/ficam.cat\\\/wp-content\\\/uploads\\\/2026\\\/02\\\/Diseno-sin-titulo-6.jpg\",\"datePublished\":\"2026-01-26T12:13:19+00:00\",\"dateModified\":\"2026-04-14T16:34:29+00:00\",\"description\":\"Palau Fugit cuenta con espacios llenos de personalidad para todo tipo de eventos, bodas, sesiones de trabajo, reuniones y celebraciones.\",\"breadcrumb\":{\"@id\":\"https:\\\/\\\/ficam.cat\\\/es\\\/reuniones-y-celebraciones\\\/#breadcrumb\"},\"inLanguage\":\"es\",\"potentialAction\":[{\"@type\":\"ReadAction\",\"target\":[\"https:\\\/\\\/ficam.cat\\\/es\\\/reuniones-y-celebraciones\\\/\"]}]},{\"@type\":\"ImageObject\",\"inLanguage\":\"es\",\"@id\":\"https:\\\/\\\/ficam.cat\\\/es\\\/reuniones-y-celebraciones\\\/#primaryimage\",\"url\":\"https:\\\/\\\/ficam.cat\\\/wp-content\\\/uploads\\\/2026\\\/02\\\/Diseno-sin-titulo-6.jpg\",\"contentUrl\":\"https:\\\/\\\/ficam.cat\\\/wp-content\\\/uploads\\\/2026\\\/02\\\/Diseno-sin-titulo-6.jpg\"},{\"@type\":\"BreadcrumbList\",\"@id\":\"https:\\\/\\\/ficam.cat\\\/es\\\/reuniones-y-celebraciones\\\/#breadcrumb\",\"itemListElement\":[{\"@type\":\"ListItem\",\"position\":1,\"name\":\"Inici\",\"item\":\"https:\\\/\\\/ficam.cat\\\/es\\\/inicio\\\/\"},{\"@type\":\"ListItem\",\"position\":2,\"name\":\"Eventos privados\"}]},{\"@type\":\"WebSite\",\"@id\":\"https:\\\/\\\/ficam.cat\\\/es\\\/#website\",\"url\":\"https:\\\/\\\/ficam.cat\\\/es\\\/\",\"name\":\"Palau Fugit\",\"description\":\"Hotel Boutique en Girona\",\"publisher\":{\"@id\":\"https:\\\/\\\/ficam.cat\\\/es\\\/#organization\"},\"potentialAction\":[{\"@type\":\"SearchAction\",\"target\":{\"@type\":\"EntryPoint\",\"urlTemplate\":\"https:\\\/\\\/ficam.cat\\\/es\\\/?s={search_term_string}\"},\"query-input\":{\"@type\":\"PropertyValueSpecification\",\"valueRequired\":true,\"valueName\":\"search_term_string\"}}],\"inLanguage\":\"es\"},{\"@type\":\"Organization\",\"@id\":\"https:\\\/\\\/ficam.cat\\\/es\\\/#organization\",\"name\":\"Palau Fugit\",\"url\":\"https:\\\/\\\/ficam.cat\\\/es\\\/\",\"logo\":{\"@type\":\"ImageObject\",\"inLanguage\":\"es\",\"@id\":\"https:\\\/\\\/ficam.cat\\\/es\\\/#\\\/schema\\\/logo\\\/image\\\/\",\"url\":\"https:\\\/\\\/ficam.cat\\\/wp-content\\\/uploads\\\/2026\\\/02\\\/cropped-favicon_palaufugit-favicon.png\",\"contentUrl\":\"https:\\\/\\\/ficam.cat\\\/wp-content\\\/uploads\\\/2026\\\/02\\\/cropped-favicon_palaufugit-favicon.png\",\"width\":512,\"height\":512,\"caption\":\"Palau Fugit\"},\"image\":{\"@id\":\"https:\\\/\\\/ficam.cat\\\/es\\\/#\\\/schema\\\/logo\\\/image\\\/\"},\"sameAs\":[\"https:\\\/\\\/www.instagram.com\\\/palaufugitgirona\\\/\"]}]}<\/script>\n<!-- \/ Yoast SEO plugin. -->","yoast_head_json":{"title":"Eventos privados - Palau Fugit","description":"Palau Fugit cuenta con espacios llenos de personalidad para todo tipo de eventos, bodas, sesiones de trabajo, reuniones y celebraciones.","robots":{"index":"noindex","follow":"follow","max-snippet":"max-snippet:-1","max-image-preview":"max-image-preview:large","max-video-preview":"max-video-preview:-1"},"og_locale":"es_ES","og_type":"article","og_title":"Eventos privados - Palau Fugit","og_description":"Palau Fugit cuenta con espacios llenos de personalidad para todo tipo de eventos, bodas, sesiones de trabajo, reuniones y celebraciones.","og_url":"https:\/\/ficam.cat\/es\/reuniones-y-celebraciones\/","og_site_name":"Palau Fugit","article_modified_time":"2026-04-14T16:34:29+00:00","og_image":[{"width":2000,"height":2000,"url":"https:\/\/ficam.cat\/wp-content\/uploads\/2026\/02\/Diseno-sin-titulo-6.jpg","type":"image\/jpeg"}],"twitter_card":"summary_large_image","twitter_misc":{"Tiempo de lectura":"1 minuto"},"schema":{"@context":"https:\/\/schema.org","@graph":[{"@type":"WebPage","@id":"https:\/\/ficam.cat\/es\/reuniones-y-celebraciones\/","url":"https:\/\/ficam.cat\/es\/reuniones-y-celebraciones\/","name":"Eventos privados - Palau Fugit","isPartOf":{"@id":"https:\/\/ficam.cat\/es\/#website"},"primaryImageOfPage":{"@id":"https:\/\/ficam.cat\/es\/reuniones-y-celebraciones\/#primaryimage"},"image":{"@id":"https:\/\/ficam.cat\/es\/reuniones-y-celebraciones\/#primaryimage"},"thumbnailUrl":"https:\/\/ficam.cat\/wp-content\/uploads\/2026\/02\/Diseno-sin-titulo-6.jpg","datePublished":"2026-01-26T12:13:19+00:00","dateModified":"2026-04-14T16:34:29+00:00","description":"Palau Fugit cuenta con espacios llenos de personalidad para todo tipo de eventos, bodas, sesiones de trabajo, reuniones y celebraciones.","breadcrumb":{"@id":"https:\/\/ficam.cat\/es\/reuniones-y-celebraciones\/#breadcrumb"},"inLanguage":"es","potentialAction":[{"@type":"ReadAction","target":["https:\/\/ficam.cat\/es\/reuniones-y-celebraciones\/"]}]},{"@type":"ImageObject","inLanguage":"es","@id":"https:\/\/ficam.cat\/es\/reuniones-y-celebraciones\/#primaryimage","url":"https:\/\/ficam.cat\/wp-content\/uploads\/2026\/02\/Diseno-sin-titulo-6.jpg","contentUrl":"https:\/\/ficam.cat\/wp-content\/uploads\/2026\/02\/Diseno-sin-titulo-6.jpg"},{"@type":"BreadcrumbList","@id":"https:\/\/ficam.cat\/es\/reuniones-y-celebraciones\/#breadcrumb","itemListElement":[{"@type":"ListItem","position":1,"name":"Inici","item":"https:\/\/ficam.cat\/es\/inicio\/"},{"@type":"ListItem","position":2,"name":"Eventos privados"}]},{"@type":"WebSite","@id":"https:\/\/ficam.cat\/es\/#website","url":"https:\/\/ficam.cat\/es\/","name":"Palau Fugit","description":"Hotel Boutique en Girona","publisher":{"@id":"https:\/\/ficam.cat\/es\/#organization"},"potentialAction":[{"@type":"SearchAction","target":{"@type":"EntryPoint","urlTemplate":"https:\/\/ficam.cat\/es\/?s={search_term_string}"},"query-input":{"@type":"PropertyValueSpecification","valueRequired":true,"valueName":"search_term_string"}}],"inLanguage":"es"},{"@type":"Organization","@id":"https:\/\/ficam.cat\/es\/#organization","name":"Palau Fugit","url":"https:\/\/ficam.cat\/es\/","logo":{"@type":"ImageObject","inLanguage":"es","@id":"https:\/\/ficam.cat\/es\/#\/schema\/logo\/image\/","url":"https:\/\/ficam.cat\/wp-content\/uploads\/2026\/02\/cropped-favicon_palaufugit-favicon.png","contentUrl":"https:\/\/ficam.cat\/wp-content\/uploads\/2026\/02\/cropped-favicon_palaufugit-favicon.png","width":512,"height":512,"caption":"Palau Fugit"},"image":{"@id":"https:\/\/ficam.cat\/es\/#\/schema\/logo\/image\/"},"sameAs":["https:\/\/www.instagram.com\/palaufugitgirona\/"]}]}},"_links":{"self":[{"href":"https:\/\/ficam.cat\/es\/wp-json\/wp\/v2\/pages\/15080","targetHints":{"allow":["GET"]}}],"collection":[{"href":"https:\/\/ficam.cat\/es\/wp-json\/wp\/v2\/pages"}],"about":[{"href":"https:\/\/ficam.cat\/es\/wp-json\/wp\/v2\/types\/page"}],"author":[{"embeddable":true,"href":"https:\/\/ficam.cat\/es\/wp-json\/wp\/v2\/users\/1"}],"replies":[{"embeddable":true,"href":"https:\/\/ficam.cat\/es\/wp-json\/wp\/v2\/comments?post=15080"}],"version-history":[{"count":2,"href":"https:\/\/ficam.cat\/es\/wp-json\/wp\/v2\/pages\/15080\/revisions"}],"predecessor-version":[{"id":15837,"href":"https:\/\/ficam.cat\/es\/wp-json\/wp\/v2\/pages\/15080\/revisions\/15837"}],"wp:attachment":[{"href":"https:\/\/ficam.cat\/es\/wp-json\/wp\/v2\/media?parent=15080"}],"curies":[{"name":"wp","href":"https:\/\/api.w.org\/{rel}","templated":true}]}}