{"id":15286,"date":"2026-02-17T08:45:09","date_gmt":"2026-02-17T08:45:09","guid":{"rendered":"https:\/\/ficam.cat\/que-se-cuece-en-girona\/"},"modified":"2026-04-14T16:46:26","modified_gmt":"2026-04-14T16:46:26","slug":"que-se-cuece-en-girona","status":"publish","type":"page","link":"https:\/\/ficam.cat\/es\/que-se-cuece-en-girona\/","title":{"rendered":"\u00bfQu\u00e9 se cuece en Girona?"},"content":{"rendered":"\t\t<div data-elementor-type=\"wp-page\" data-elementor-id=\"15286\" class=\"elementor elementor-15286 elementor-13834\" data-elementor-post-type=\"page\">\n\t\t\t\t<div class=\"elementor-element elementor-element-06868c6 e-con-full e-flex e-con e-parent\" data-id=\"06868c6\" data-element_type=\"container\" data-e-type=\"container\" data-settings=\"{&quot;background_background&quot;:&quot;classic&quot;}\">\n\t\t\t\t<div class=\"elementor-element elementor-element-9ad6f1d elementor-invisible elementor-widget elementor-widget-heading\" data-id=\"9ad6f1d\" data-element_type=\"widget\" data-e-type=\"widget\" data-settings=\"{&quot;_animation&quot;:&quot;fadeInUp&quot;}\" data-widget_type=\"heading.default\">\n\t\t\t\t\t<h2 class=\"elementor-heading-title elementor-size-default\">\u00bfQu\u00e9 se cuece en Girona?<\/h2>\t\t\t\t<\/div>\n\t\t\t\t<div class=\"elementor-element elementor-element-2fb54e5 elementor-widget__width-initial elementor-widget-mobile__width-inherit elementor-widget elementor-widget-text-editor\" data-id=\"2fb54e5\" data-element_type=\"widget\" data-e-type=\"widget\" data-settings=\"{&quot;_animation&quot;:&quot;none&quot;}\" data-widget_type=\"text-editor.default\">\n\t\t\t\t\t\t\t\t\t<p>Desde exposiciones con artistas de renombre, a festivales de m\u00fasica y gastronom\u00eda, pasando por actividades al aire libre para todas las edades y p\u00fablicos. <\/p><p>Aqu\u00ed encontrar\u00e1s nuestra selecci\u00f3n para ti. \u00a1Curiosea, elige y saborea Girona! <\/p>\t\t\t\t\t\t\t\t<\/div>\n\t\t\t\t<div class=\"elementor-element elementor-element-88bb55a elementor-widget elementor-widget-taxonomy-filter\" data-id=\"88bb55a\" data-element_type=\"widget\" data-e-type=\"widget\" data-settings=\"{&quot;selected_element&quot;:&quot;c2ef166&quot;,&quot;taxonomy&quot;:&quot;category&quot;,&quot;item_alignment_horizontal&quot;:&quot;start&quot;,&quot;multiple_selection&quot;:&quot;no&quot;,&quot;horizontal_scroll&quot;:&quot;disable&quot;}\" data-widget_type=\"taxonomy-filter.default\">\n\t\t\t\t\t\t\t<search class=\"e-filter\" role=\"search\" data-base-url=\"https:\/\/ficam.cat\/es\/\" data-page-num=\"1\">\n\t\t\t\t\t\t\t<button class=\"e-filter-item\" data-filter=\"actividades-al-aire-libre\" aria-pressed=\"false\">Actividades al aire libre<\/button>\n\t\t\t\t\t\t\t<button class=\"e-filter-item\" data-filter=\"arte-cultura\" aria-pressed=\"false\">Arte &amp; Cultura<\/button>\n\t\t\t\t\t\t\t<button class=\"e-filter-item\" data-filter=\"gastronomia\" aria-pressed=\"false\">Gastronomia<\/button>\n\t\t\t\t\t\t\t<button class=\"e-filter-item\" data-filter=\"musica-festivales\" aria-pressed=\"false\">Musica &amp; Festivales<\/button>\n\t\t\t\n\t\t\t\t\t\t\t\t\t<button class=\"e-filter-item\" data-filter=\"__all\" aria-pressed=\"true\">\n\t\t\t\tTot\t\t\t<\/button>\n\t\t\t\t\t<\/search>\n\t\t\t\t\t\t<\/div>\n\t\t\t\t<div class=\"elementor-element elementor-element-c2ef166 elementor-grid-1 elementor-grid-tablet-1 elementor-grid-mobile-1 elementor-widget elementor-widget-loop-grid\" data-id=\"c2ef166\" data-element_type=\"widget\" data-e-type=\"widget\" data-settings=\"{&quot;template_id&quot;:13837,&quot;columns&quot;:1,&quot;pagination_type&quot;:&quot;load_more_on_click&quot;,&quot;columns_tablet&quot;:1,&quot;_skin&quot;:&quot;post&quot;,&quot;columns_mobile&quot;:&quot;1&quot;,&quot;edit_handle_selector&quot;:&quot;[data-elementor-type=\\&quot;loop-item\\&quot;]&quot;,&quot;load_more_spinner&quot;:{&quot;value&quot;:&quot;fas fa-spinner&quot;,&quot;library&quot;:&quot;fa-solid&quot;},&quot;row_gap&quot;:{&quot;unit&quot;:&quot;px&quot;,&quot;size&quot;:&quot;&quot;,&quot;sizes&quot;:[]},&quot;row_gap_tablet&quot;:{&quot;unit&quot;:&quot;px&quot;,&quot;size&quot;:&quot;&quot;,&quot;sizes&quot;:[]},&quot;row_gap_mobile&quot;:{&quot;unit&quot;:&quot;px&quot;,&quot;size&quot;:&quot;&quot;,&quot;sizes&quot;:[]}}\" data-widget_type=\"loop-grid.post\">\n\t\t\t\t<div class=\"elementor-widget-container\">\n\t\t\t\t\t\t\t<div class=\"elementor-loop-container elementor-grid\" role=\"list\">\n\t\t<style id=\"loop-dynamic-13837\">.e-loop-item-15701 .elementor-element.elementor-element-706c677:not(.elementor-motion-effects-element-type-background), .e-loop-item-15701 .elementor-element.elementor-element-706c677 > .elementor-motion-effects-container > .elementor-motion-effects-layer{background-image:url(\"https:\/\/ficam.cat\/wp-content\/uploads\/2026\/03\/Imagen-strenes-girona-palau-fugit-1.jpg\");}<\/style><style id=\"loop-13837\">.elementor-13837 .elementor-element.elementor-element-91ca135{--display:flex;--flex-direction:row;--container-widget-width:initial;--container-widget-height:100%;--container-widget-flex-grow:1;--container-widget-align-self:stretch;--flex-wrap-mobile:wrap;--gap:0px 25px;--row-gap:0px;--column-gap:25px;border-style:solid;--border-style:solid;border-width:0px 0px 1px 0px;--border-top-width:0px;--border-right-width:0px;--border-bottom-width:1px;--border-left-width:0px;border-color:#0000004D;--border-color:#0000004D;--padding-top:42px;--padding-bottom:46px;--padding-left:0px;--padding-right:0px;}.elementor-13837 .elementor-element.elementor-element-0592b3f{--display:flex;--flex-direction:column;--container-widget-width:100%;--container-widget-height:initial;--container-widget-flex-grow:0;--container-widget-align-self:initial;--flex-wrap-mobile:wrap;--justify-content:flex-start;--gap:0px 0px;--row-gap:0px;--column-gap:0px;--padding-top:0px;--padding-bottom:0px;--padding-left:0px;--padding-right:0px;}.elementor-13837 .elementor-element.elementor-element-59f03c3 .elementor-heading-title{font-family:\"Founders Grotesk\", Sans-serif;font-size:24px;line-height:1.22em;}.elementor-13837 .elementor-element.elementor-element-fb58128 .elementor-heading-title{font-family:\"Founders Grotesk\", Sans-serif;font-size:24px;line-height:1.22em;}.elementor-13837 .elementor-element.elementor-element-451cbf5 .elementor-icon-list-icon i{transition:color 0.3s;}.elementor-13837 .elementor-element.elementor-element-451cbf5 .elementor-icon-list-icon svg{transition:fill 0.3s;}.elementor-13837 .elementor-element.elementor-element-451cbf5{--e-icon-list-icon-size:14px;--icon-vertical-offset:0px;}.elementor-13837 .elementor-element.elementor-element-451cbf5 .elementor-icon-list-item > .elementor-icon-list-text, .elementor-13837 .elementor-element.elementor-element-451cbf5 .elementor-icon-list-item > a{font-family:\"Founders Grotesk\", Sans-serif;font-size:14px;line-height:1em;letter-spacing:-0.04em;}.elementor-13837 .elementor-element.elementor-element-451cbf5 .elementor-icon-list-text{transition:color 0.3s;}.elementor-13837 .elementor-element.elementor-element-cd30cd4{--display:flex;--flex-direction:column;--container-widget-width:100%;--container-widget-height:initial;--container-widget-flex-grow:0;--container-widget-align-self:initial;--flex-wrap-mobile:wrap;--padding-top:0px;--padding-bottom:0px;--padding-left:0px;--padding-right:0px;}.elementor-13837 .elementor-element.elementor-element-706c677{--display:flex;--min-height:50vh;--padding-top:0px;--padding-bottom:0px;--padding-left:0px;--padding-right:0px;}.elementor-13837 .elementor-element.elementor-element-706c677:not(.elementor-motion-effects-element-type-background), .elementor-13837 .elementor-element.elementor-element-706c677 > .elementor-motion-effects-container > .elementor-motion-effects-layer{background-position:center center;background-repeat:no-repeat;background-size:cover;}.elementor-13837 .elementor-element.elementor-element-39d334d{--display:flex;--flex-direction:column;--container-widget-width:calc( ( 1 - var( --container-widget-flex-grow ) ) * 100% );--container-widget-height:initial;--container-widget-flex-grow:0;--container-widget-align-self:initial;--flex-wrap-mobile:wrap;--align-items:flex-start;--padding-top:0px;--padding-bottom:0px;--padding-left:0px;--padding-right:0px;}.elementor-13837 .elementor-element.elementor-element-c9f6d2e .elementor-button{font-family:\"Founders Grotesk\", Sans-serif;font-size:14px;letter-spacing:-0.03em;fill:#000000;color:#000000;background-color:#02010100;border-style:solid;border-width:1px 1px 1px 1px;border-color:#0000004D;padding:3px 8px 0px 8px;}.elementor-13837 .elementor-element.elementor-element-5af3660{text-align:start;margin:0px 0px calc(var(--kit-widget-spacing, 0px) + 0px) 0px;padding:0px 0px 0px 0px;}.elementor-13837 .elementor-element.elementor-element-5af3660 .elementor-heading-title{font-family:\"Founders Grotesk\", Sans-serif;font-size:30px;line-height:1.05em;letter-spacing:-0.025em;color:#000000;}.elementor-13837 .elementor-element.elementor-element-5af3660 .elementor-heading-title a:hover, .elementor-13837 .elementor-element.elementor-element-5af3660 .elementor-heading-title a:focus{color:#FFFFFF;}.elementor-13837 .elementor-element.elementor-element-99e709b{text-align:start;font-family:\"Founders Grotesk\", Sans-serif;font-size:16px;line-height:1.6em;letter-spacing:-0.03em;color:#000000;margin:0px 0px calc(var(--kit-widget-spacing, 0px) + 0px) 0px;}@media(max-width:767px){.elementor-13837 .elementor-element.elementor-element-0592b3f{--margin-top:0px;--margin-bottom:16px;--margin-left:0px;--margin-right:0px;}.elementor-13837 .elementor-element.elementor-element-39d334d{--margin-top:24px;--margin-bottom:0px;--margin-left:0px;--margin-right:0px;}}@media(min-width:768px){.elementor-13837 .elementor-element.elementor-element-0592b3f{--width:16.6666%;}.elementor-13837 .elementor-element.elementor-element-cd30cd4{--width:41.6666%;}.elementor-13837 .elementor-element.elementor-element-39d334d{--width:41.66666%;}}\/* Start custom CSS for container, class: .elementor-element-706c677 *\/\/* Definim l'estat inicial del contenidor *\/\r\n.pindola{\r\n    border-radius: 0px;\r\n    transition: border-radius 0.5s linear;\r\n    \r\n    \/* Important: aix\u00f2 fa que el background respecti la forma del contenidor *\/\r\n    overflow: hidden; \r\n}\r\n\r\n\/* Efecte en fer hover sobre el contenidor *\/\r\n.pindola:hover {\r\n    \/* Valor alt per crear la forma de pastilla\/medicament *\/\r\n    border-radius: 500px;\r\n}\/* End custom CSS *\/<\/style>\t\t<div data-elementor-type=\"loop-item\" data-elementor-id=\"13837\" class=\"elementor elementor-13837 e-loop-item e-loop-item-15701 post-15701 post type-post status-publish format-standard has-post-thumbnail hentry category-musica-festivales\" data-elementor-post-type=\"elementor_library\" data-custom-edit-handle=\"1\">\n\t\t\t<div class=\"elementor-element elementor-element-91ca135 e-con-full e-flex e-con e-parent\" data-id=\"91ca135\" data-element_type=\"container\" data-e-type=\"container\">\n\t\t<div class=\"elementor-element elementor-element-0592b3f e-con-full e-flex e-con e-child\" data-id=\"0592b3f\" data-element_type=\"container\" data-e-type=\"container\">\n\t\t\t\t<div class=\"elementor-element elementor-element-59f03c3 elementor-widget elementor-widget-heading\" data-id=\"59f03c3\" data-element_type=\"widget\" data-e-type=\"widget\" data-widget_type=\"heading.default\">\n\t\t\t\t\t<p class=\"elementor-heading-title elementor-size-default\">27.03.2026<\/p>\t\t\t\t<\/div>\n\t\t\t\t<div class=\"elementor-element elementor-element-fb58128 elementor-widget elementor-widget-heading\" data-id=\"fb58128\" data-element_type=\"widget\" data-e-type=\"widget\" data-widget_type=\"heading.default\">\n\t\t\t\t\t<p class=\"elementor-heading-title elementor-size-default\">03.05.2026<\/p>\t\t\t\t<\/div>\n\t\t\t\t<div class=\"elementor-element elementor-element-451cbf5 elementor-icon-list--layout-traditional elementor-list-item-link-full_width elementor-widget elementor-widget-icon-list\" data-id=\"451cbf5\" data-element_type=\"widget\" data-e-type=\"widget\" data-widget_type=\"icon-list.default\">\n\t\t\t\t\t\t\t<ul class=\"elementor-icon-list-items\">\n\t\t\t\t\t\t\t<li class=\"elementor-icon-list-item\">\n\t\t\t\t\t\t\t\t\t\t\t<span class=\"elementor-icon-list-icon\">\n\t\t\t\t\t\t\t<svg aria-hidden=\"true\" class=\"e-font-icon-svg e-fas-map-marker\" viewBox=\"0 0 384 512\" xmlns=\"http:\/\/www.w3.org\/2000\/svg\"><path d=\"M172.268 501.67C26.97 291.031 0 269.413 0 192 0 85.961 85.961 0 192 0s192 85.961 192 192c0 77.413-26.97 99.031-172.268 309.67-9.535 13.774-29.93 13.773-39.464 0z\"><\/path><\/svg>\t\t\t\t\t\t<\/span>\n\t\t\t\t\t\t\t\t\t\t<span class=\"elementor-icon-list-text\">Girona<\/span>\n\t\t\t\t\t\t\t\t\t<\/li>\n\t\t\t\t\t\t<\/ul>\n\t\t\t\t\t\t<\/div>\n\t\t\t\t<\/div>\n\t\t<div class=\"elementor-element elementor-element-cd30cd4 e-con-full e-flex e-con e-child\" data-id=\"cd30cd4\" data-element_type=\"container\" data-e-type=\"container\">\n\t\t<div class=\"elementor-element elementor-element-706c677 e-con-full pindola e-flex e-con e-child\" data-id=\"706c677\" data-element_type=\"container\" data-e-type=\"container\" data-settings=\"{&quot;background_background&quot;:&quot;classic&quot;,&quot;animation&quot;:&quot;none&quot;}\">\n\t\t\t\t<\/div>\n\t\t\t\t<\/div>\n\t\t<div class=\"elementor-element elementor-element-39d334d e-con-full e-flex e-con e-child\" data-id=\"39d334d\" data-element_type=\"container\" data-e-type=\"container\">\n\t\t\t\t<div class=\"elementor-element elementor-element-c9f6d2e elementor-align-center elementor-widget elementor-widget-button\" data-id=\"c9f6d2e\" data-element_type=\"widget\" data-e-type=\"widget\" data-widget_type=\"button.default\">\n\t\t\t\t\t\t\t\t\t\t<a class=\"elementor-button elementor-button-link elementor-size-sm\" href=\"#\">\n\t\t\t\t\t\t<span class=\"elementor-button-content-wrapper\">\n\t\t\t\t\t\t\t\t\t<span class=\"elementor-button-text\"><span>Musica &amp; Festivales<\/span><\/span>\n\t\t\t\t\t<\/span>\n\t\t\t\t\t<\/a>\n\t\t\t\t\t\t\t\t<\/div>\n\t\t\t\t<div class=\"elementor-element elementor-element-5af3660 elementor-widget elementor-widget-heading\" data-id=\"5af3660\" data-element_type=\"widget\" data-e-type=\"widget\" data-settings=\"{&quot;_animation&quot;:&quot;none&quot;}\" data-widget_type=\"heading.default\">\n\t\t\t\t\t<h3 class=\"elementor-heading-title elementor-size-default\">Strenes Festival<\/h3>\t\t\t\t<\/div>\n\t\t\t\t<div class=\"elementor-element elementor-element-99e709b elementor-widget elementor-widget-text-editor\" data-id=\"99e709b\" data-element_type=\"widget\" data-e-type=\"widget\" data-settings=\"{&quot;_animation&quot;:&quot;none&quot;}\" data-widget_type=\"text-editor.default\">\n\t\t\t\t\t\t\t\t\tEs el festival de referencia donde los artistas catalanes presentan sus nuevos trabajos discogr\u00e1ficos, inician o cierran sus giras y estrenan espect\u00e1culos in\u00e9ditos.<br><br>El Festival convierte la ciudad de Girona en un gran espacio esc\u00e9nico, programando conciertos en espacios interiores como el Auditorio, el Teatro Municipal, el Centro Cultural La Merc\u00e8 o La Mirona de Salt, y tambi\u00e9n en lugares emblem\u00e1ticos y de los m\u00e1s visitados de la ciudad, como las Escaleras de la Catedral.\t\t\t\t\t\t\t\t<\/div>\n\t\t\t\t<\/div>\n\t\t\t\t<\/div>\n\t\t\t\t<\/div>\n\t\t<style id=\"loop-dynamic-13837\">.e-loop-item-15378 .elementor-element.elementor-element-706c677:not(.elementor-motion-effects-element-type-background), .e-loop-item-15378 .elementor-element.elementor-element-706c677 > .elementor-motion-effects-container > .elementor-motion-effects-layer{background-image:url(\"https:\/\/ficam.cat\/wp-content\/uploads\/2026\/01\/the-traka-2026.jpg\");}<\/style>\t\t<div data-elementor-type=\"loop-item\" data-elementor-id=\"13837\" class=\"elementor elementor-13837 e-loop-item e-loop-item-15378 post-15378 post type-post status-publish format-standard has-post-thumbnail hentry category-actividades-al-aire-libre\" data-elementor-post-type=\"elementor_library\" data-custom-edit-handle=\"1\">\n\t\t\t<div class=\"elementor-element elementor-element-91ca135 e-con-full e-flex e-con e-parent\" data-id=\"91ca135\" data-element_type=\"container\" data-e-type=\"container\">\n\t\t<div class=\"elementor-element elementor-element-0592b3f e-con-full e-flex e-con e-child\" data-id=\"0592b3f\" data-element_type=\"container\" data-e-type=\"container\">\n\t\t\t\t<div class=\"elementor-element elementor-element-59f03c3 elementor-widget elementor-widget-heading\" data-id=\"59f03c3\" data-element_type=\"widget\" data-e-type=\"widget\" data-widget_type=\"heading.default\">\n\t\t\t\t\t<p class=\"elementor-heading-title elementor-size-default\">29.04.2026<\/p>\t\t\t\t<\/div>\n\t\t\t\t<div class=\"elementor-element elementor-element-fb58128 elementor-widget elementor-widget-heading\" data-id=\"fb58128\" data-element_type=\"widget\" data-e-type=\"widget\" data-widget_type=\"heading.default\">\n\t\t\t\t\t<p class=\"elementor-heading-title elementor-size-default\">03.05.2026<\/p>\t\t\t\t<\/div>\n\t\t\t\t<div class=\"elementor-element elementor-element-451cbf5 elementor-icon-list--layout-traditional elementor-list-item-link-full_width elementor-widget elementor-widget-icon-list\" data-id=\"451cbf5\" data-element_type=\"widget\" data-e-type=\"widget\" data-widget_type=\"icon-list.default\">\n\t\t\t\t\t\t\t<ul class=\"elementor-icon-list-items\">\n\t\t\t\t\t\t\t<li class=\"elementor-icon-list-item\">\n\t\t\t\t\t\t\t\t\t\t\t<span class=\"elementor-icon-list-icon\">\n\t\t\t\t\t\t\t<svg aria-hidden=\"true\" class=\"e-font-icon-svg e-fas-map-marker\" viewBox=\"0 0 384 512\" xmlns=\"http:\/\/www.w3.org\/2000\/svg\"><path d=\"M172.268 501.67C26.97 291.031 0 269.413 0 192 0 85.961 85.961 0 192 0s192 85.961 192 192c0 77.413-26.97 99.031-172.268 309.67-9.535 13.774-29.93 13.773-39.464 0z\"><\/path><\/svg>\t\t\t\t\t\t<\/span>\n\t\t\t\t\t\t\t\t\t\t<span class=\"elementor-icon-list-text\">Girona<\/span>\n\t\t\t\t\t\t\t\t\t<\/li>\n\t\t\t\t\t\t<\/ul>\n\t\t\t\t\t\t<\/div>\n\t\t\t\t<\/div>\n\t\t<div class=\"elementor-element elementor-element-cd30cd4 e-con-full e-flex e-con e-child\" data-id=\"cd30cd4\" data-element_type=\"container\" data-e-type=\"container\">\n\t\t<div class=\"elementor-element elementor-element-706c677 e-con-full pindola e-flex e-con e-child\" data-id=\"706c677\" data-element_type=\"container\" data-e-type=\"container\" data-settings=\"{&quot;background_background&quot;:&quot;classic&quot;,&quot;animation&quot;:&quot;none&quot;}\">\n\t\t\t\t<\/div>\n\t\t\t\t<\/div>\n\t\t<div class=\"elementor-element elementor-element-39d334d e-con-full e-flex e-con e-child\" data-id=\"39d334d\" data-element_type=\"container\" data-e-type=\"container\">\n\t\t\t\t<div class=\"elementor-element elementor-element-c9f6d2e elementor-align-center elementor-widget elementor-widget-button\" data-id=\"c9f6d2e\" data-element_type=\"widget\" data-e-type=\"widget\" data-widget_type=\"button.default\">\n\t\t\t\t\t\t\t\t\t\t<a class=\"elementor-button elementor-button-link elementor-size-sm\" href=\"#\">\n\t\t\t\t\t\t<span class=\"elementor-button-content-wrapper\">\n\t\t\t\t\t\t\t\t\t<span class=\"elementor-button-text\"><span>Actividades al aire libre<\/span><\/span>\n\t\t\t\t\t<\/span>\n\t\t\t\t\t<\/a>\n\t\t\t\t\t\t\t\t<\/div>\n\t\t\t\t<div class=\"elementor-element elementor-element-5af3660 elementor-widget elementor-widget-heading\" data-id=\"5af3660\" data-element_type=\"widget\" data-e-type=\"widget\" data-settings=\"{&quot;_animation&quot;:&quot;none&quot;}\" data-widget_type=\"heading.default\">\n\t\t\t\t\t<h3 class=\"elementor-heading-title elementor-size-default\">THE TRAKA Gravel Girona 2026<\/h3>\t\t\t\t<\/div>\n\t\t\t\t<div class=\"elementor-element elementor-element-99e709b elementor-widget elementor-widget-text-editor\" data-id=\"99e709b\" data-element_type=\"widget\" data-e-type=\"widget\" data-settings=\"{&quot;_animation&quot;:&quot;none&quot;}\" data-widget_type=\"text-editor.default\">\n\t\t\t\t\t\t\t\t\tDel 29 de abril al 3 de mayo de 2026, Girona volver\u00e1 a convertirse en el epicentro del gravel con THE TRAKA, un evento con salida y llegada en la ciudad que re\u00fane a ciclistas de todo el mundo.\n\nLo que empez\u00f3 en Catalu\u00f1a como una celebraci\u00f3n de la comunidad, los paisajes salvajes y la inclusividad, hoy es un aut\u00e9ntico movimiento global sobre dos ruedas. La edici\u00f3n 2026 propone varios retos \u2014desde los 100 km y 200 km, hasta los recorridos m\u00e1s exigentes como el 360 km y la modalidad Adventure (560 km)\u2014 atravesando algunos de los tramos m\u00e1s ic\u00f3nicos del territorio. \t\t\t\t\t\t\t\t<\/div>\n\t\t\t\t<\/div>\n\t\t\t\t<\/div>\n\t\t\t\t<\/div>\n\t\t<style id=\"loop-dynamic-13837\">.e-loop-item-15376 .elementor-element.elementor-element-706c677:not(.elementor-motion-effects-element-type-background), .e-loop-item-15376 .elementor-element.elementor-element-706c677 > .elementor-motion-effects-container > .elementor-motion-effects-layer{background-image:url(\"https:\/\/ficam.cat\/wp-content\/uploads\/2026\/01\/Girona-Temps-de-Flors-2026.jpg\");}<\/style>\t\t<div data-elementor-type=\"loop-item\" data-elementor-id=\"13837\" class=\"elementor elementor-13837 e-loop-item e-loop-item-15376 post-15376 post type-post status-publish format-standard has-post-thumbnail hentry category-actividades-al-aire-libre\" data-elementor-post-type=\"elementor_library\" data-custom-edit-handle=\"1\">\n\t\t\t<div class=\"elementor-element elementor-element-91ca135 e-con-full e-flex e-con e-parent\" data-id=\"91ca135\" data-element_type=\"container\" data-e-type=\"container\">\n\t\t<div class=\"elementor-element elementor-element-0592b3f e-con-full e-flex e-con e-child\" data-id=\"0592b3f\" data-element_type=\"container\" data-e-type=\"container\">\n\t\t\t\t<div class=\"elementor-element elementor-element-59f03c3 elementor-widget elementor-widget-heading\" data-id=\"59f03c3\" data-element_type=\"widget\" data-e-type=\"widget\" data-widget_type=\"heading.default\">\n\t\t\t\t\t<p class=\"elementor-heading-title elementor-size-default\">09.05.2026<\/p>\t\t\t\t<\/div>\n\t\t\t\t<div class=\"elementor-element elementor-element-fb58128 elementor-widget elementor-widget-heading\" data-id=\"fb58128\" data-element_type=\"widget\" data-e-type=\"widget\" data-widget_type=\"heading.default\">\n\t\t\t\t\t<p class=\"elementor-heading-title elementor-size-default\">17.05.2026<\/p>\t\t\t\t<\/div>\n\t\t\t\t<div class=\"elementor-element elementor-element-451cbf5 elementor-icon-list--layout-traditional elementor-list-item-link-full_width elementor-widget elementor-widget-icon-list\" data-id=\"451cbf5\" data-element_type=\"widget\" data-e-type=\"widget\" data-widget_type=\"icon-list.default\">\n\t\t\t\t\t\t\t<ul class=\"elementor-icon-list-items\">\n\t\t\t\t\t\t\t<li class=\"elementor-icon-list-item\">\n\t\t\t\t\t\t\t\t\t\t\t<span class=\"elementor-icon-list-icon\">\n\t\t\t\t\t\t\t<svg aria-hidden=\"true\" class=\"e-font-icon-svg e-fas-map-marker\" viewBox=\"0 0 384 512\" xmlns=\"http:\/\/www.w3.org\/2000\/svg\"><path d=\"M172.268 501.67C26.97 291.031 0 269.413 0 192 0 85.961 85.961 0 192 0s192 85.961 192 192c0 77.413-26.97 99.031-172.268 309.67-9.535 13.774-29.93 13.773-39.464 0z\"><\/path><\/svg>\t\t\t\t\t\t<\/span>\n\t\t\t\t\t\t\t\t\t\t<span class=\"elementor-icon-list-text\">Girona<\/span>\n\t\t\t\t\t\t\t\t\t<\/li>\n\t\t\t\t\t\t<\/ul>\n\t\t\t\t\t\t<\/div>\n\t\t\t\t<\/div>\n\t\t<div class=\"elementor-element elementor-element-cd30cd4 e-con-full e-flex e-con e-child\" data-id=\"cd30cd4\" data-element_type=\"container\" data-e-type=\"container\">\n\t\t<div class=\"elementor-element elementor-element-706c677 e-con-full pindola e-flex e-con e-child\" data-id=\"706c677\" data-element_type=\"container\" data-e-type=\"container\" data-settings=\"{&quot;background_background&quot;:&quot;classic&quot;,&quot;animation&quot;:&quot;none&quot;}\">\n\t\t\t\t<\/div>\n\t\t\t\t<\/div>\n\t\t<div class=\"elementor-element elementor-element-39d334d e-con-full e-flex e-con e-child\" data-id=\"39d334d\" data-element_type=\"container\" data-e-type=\"container\">\n\t\t\t\t<div class=\"elementor-element elementor-element-c9f6d2e elementor-align-center elementor-widget elementor-widget-button\" data-id=\"c9f6d2e\" data-element_type=\"widget\" data-e-type=\"widget\" data-widget_type=\"button.default\">\n\t\t\t\t\t\t\t\t\t\t<a class=\"elementor-button elementor-button-link elementor-size-sm\" href=\"#\">\n\t\t\t\t\t\t<span class=\"elementor-button-content-wrapper\">\n\t\t\t\t\t\t\t\t\t<span class=\"elementor-button-text\"><span>Actividades al aire libre<\/span><\/span>\n\t\t\t\t\t<\/span>\n\t\t\t\t\t<\/a>\n\t\t\t\t\t\t\t\t<\/div>\n\t\t\t\t<div class=\"elementor-element elementor-element-5af3660 elementor-widget elementor-widget-heading\" data-id=\"5af3660\" data-element_type=\"widget\" data-e-type=\"widget\" data-settings=\"{&quot;_animation&quot;:&quot;none&quot;}\" data-widget_type=\"heading.default\">\n\t\t\t\t\t<h3 class=\"elementor-heading-title elementor-size-default\">Girona, Temps de Flors 2026<\/h3>\t\t\t\t<\/div>\n\t\t\t\t<div class=\"elementor-element elementor-element-99e709b elementor-widget elementor-widget-text-editor\" data-id=\"99e709b\" data-element_type=\"widget\" data-e-type=\"widget\" data-settings=\"{&quot;_animation&quot;:&quot;none&quot;}\" data-widget_type=\"text-editor.default\">\n\t\t\t\t\t\t\t\t\tDel 9 al 17 de mayo de 2026, Girona celebrar\u00e1 una nueva edici\u00f3n de Tiempo de Flores, la 71.\u00aa Exposici\u00f3n de flores, patios y jardines, que transforma la ciudad en un gran recorrido floral al aire libre.<br><br>Durante estos d\u00edas, el Barri Vell se llena de montajes ef\u00edmeros e intervenciones creativas que invitan a descubrir rincones \u00fanicos, patios interiores y espacios patrimoniales abiertos de manera excepcional. Una experiencia imprescindible para vivir Girona en la primavera, llena de vida y color.\t\t\t\t\t\t\t\t<\/div>\n\t\t\t\t<\/div>\n\t\t\t\t<\/div>\n\t\t\t\t<\/div>\n\t\t<style id=\"loop-dynamic-13837\">.e-loop-item-15374 .elementor-element.elementor-element-706c677:not(.elementor-motion-effects-element-type-background), .e-loop-item-15374 .elementor-element.elementor-element-706c677 > .elementor-motion-effects-container > .elementor-motion-effects-layer{background-image:url(\"https:\/\/ficam.cat\/wp-content\/uploads\/2026\/01\/festival-del-circ-elefant-d-or-Girona-Palau-Fugit.jpg\");}<\/style>\t\t<div data-elementor-type=\"loop-item\" data-elementor-id=\"13837\" class=\"elementor elementor-13837 e-loop-item e-loop-item-15374 post-15374 post type-post status-publish format-standard has-post-thumbnail hentry category-musica-festivales\" data-elementor-post-type=\"elementor_library\" data-custom-edit-handle=\"1\">\n\t\t\t<div class=\"elementor-element elementor-element-91ca135 e-con-full e-flex e-con e-parent\" data-id=\"91ca135\" data-element_type=\"container\" data-e-type=\"container\">\n\t\t<div class=\"elementor-element elementor-element-0592b3f e-con-full e-flex e-con e-child\" data-id=\"0592b3f\" data-element_type=\"container\" data-e-type=\"container\">\n\t\t\t\t<div class=\"elementor-element elementor-element-59f03c3 elementor-widget elementor-widget-heading\" data-id=\"59f03c3\" data-element_type=\"widget\" data-e-type=\"widget\" data-widget_type=\"heading.default\">\n\t\t\t\t\t<p class=\"elementor-heading-title elementor-size-default\">26.02.2026<\/p>\t\t\t\t<\/div>\n\t\t\t\t<div class=\"elementor-element elementor-element-fb58128 elementor-widget elementor-widget-heading\" data-id=\"fb58128\" data-element_type=\"widget\" data-e-type=\"widget\" data-widget_type=\"heading.default\">\n\t\t\t\t\t<p class=\"elementor-heading-title elementor-size-default\">02.03.2026<\/p>\t\t\t\t<\/div>\n\t\t\t\t<div class=\"elementor-element elementor-element-451cbf5 elementor-icon-list--layout-traditional elementor-list-item-link-full_width elementor-widget elementor-widget-icon-list\" data-id=\"451cbf5\" data-element_type=\"widget\" data-e-type=\"widget\" data-widget_type=\"icon-list.default\">\n\t\t\t\t\t\t\t<ul class=\"elementor-icon-list-items\">\n\t\t\t\t\t\t\t<li class=\"elementor-icon-list-item\">\n\t\t\t\t\t\t\t\t\t\t\t<span class=\"elementor-icon-list-icon\">\n\t\t\t\t\t\t\t<svg aria-hidden=\"true\" class=\"e-font-icon-svg e-fas-map-marker\" viewBox=\"0 0 384 512\" xmlns=\"http:\/\/www.w3.org\/2000\/svg\"><path d=\"M172.268 501.67C26.97 291.031 0 269.413 0 192 0 85.961 85.961 0 192 0s192 85.961 192 192c0 77.413-26.97 99.031-172.268 309.67-9.535 13.774-29.93 13.773-39.464 0z\"><\/path><\/svg>\t\t\t\t\t\t<\/span>\n\t\t\t\t\t\t\t\t\t\t<span class=\"elementor-icon-list-text\">Girona<\/span>\n\t\t\t\t\t\t\t\t\t<\/li>\n\t\t\t\t\t\t<\/ul>\n\t\t\t\t\t\t<\/div>\n\t\t\t\t<\/div>\n\t\t<div class=\"elementor-element elementor-element-cd30cd4 e-con-full e-flex e-con e-child\" data-id=\"cd30cd4\" data-element_type=\"container\" data-e-type=\"container\">\n\t\t<div class=\"elementor-element elementor-element-706c677 e-con-full pindola e-flex e-con e-child\" data-id=\"706c677\" data-element_type=\"container\" data-e-type=\"container\" data-settings=\"{&quot;background_background&quot;:&quot;classic&quot;,&quot;animation&quot;:&quot;none&quot;}\">\n\t\t\t\t<\/div>\n\t\t\t\t<\/div>\n\t\t<div class=\"elementor-element elementor-element-39d334d e-con-full e-flex e-con e-child\" data-id=\"39d334d\" data-element_type=\"container\" data-e-type=\"container\">\n\t\t\t\t<div class=\"elementor-element elementor-element-c9f6d2e elementor-align-center elementor-widget elementor-widget-button\" data-id=\"c9f6d2e\" data-element_type=\"widget\" data-e-type=\"widget\" data-widget_type=\"button.default\">\n\t\t\t\t\t\t\t\t\t\t<a class=\"elementor-button elementor-button-link elementor-size-sm\" href=\"#\">\n\t\t\t\t\t\t<span class=\"elementor-button-content-wrapper\">\n\t\t\t\t\t\t\t\t\t<span class=\"elementor-button-text\"><span>Musica &amp; Festivales<\/span><\/span>\n\t\t\t\t\t<\/span>\n\t\t\t\t\t<\/a>\n\t\t\t\t\t\t\t\t<\/div>\n\t\t\t\t<div class=\"elementor-element elementor-element-5af3660 elementor-widget elementor-widget-heading\" data-id=\"5af3660\" data-element_type=\"widget\" data-e-type=\"widget\" data-settings=\"{&quot;_animation&quot;:&quot;none&quot;}\" data-widget_type=\"heading.default\">\n\t\t\t\t\t<h3 class=\"elementor-heading-title elementor-size-default\">Festival Internacional del Circo Elefante de Oro<\/h3>\t\t\t\t<\/div>\n\t\t\t\t<div class=\"elementor-element elementor-element-99e709b elementor-widget elementor-widget-text-editor\" data-id=\"99e709b\" data-element_type=\"widget\" data-e-type=\"widget\" data-settings=\"{&quot;_animation&quot;:&quot;none&quot;}\" data-widget_type=\"text-editor.default\">\n\t\t\t\t\t\t\t\t\tDel 26 de febrero al 2 de marzo, Girona acoger\u00e1 la 14.\u00aa edici\u00f3n del Festival Internacional del Circo Elefante de Oro.\n\nEl certamen reunir\u00e1 a 76 artistas de 16 pa\u00edses y presentar\u00e1 24 n\u00fameros in\u00e9ditos en la pista de un circo en Europa occidental. En la programaci\u00f3n de este a\u00f1o destacan tres actuaciones grupales, con compa\u00f1\u00edas llegadas de China (11 acr\u00f3batas en trampol\u00edn), Mongolia (12 saltadores en b\u00e1scula) y Chile (10 acr\u00f3batas a\u00e9reos en trapecios volantes en cruz). \t\t\t\t\t\t\t\t<\/div>\n\t\t\t\t<\/div>\n\t\t\t\t<\/div>\n\t\t\t\t<\/div>\n\t\t<style id=\"loop-dynamic-13837\">.e-loop-item-15372 .elementor-element.elementor-element-706c677:not(.elementor-motion-effects-element-type-background), .e-loop-item-15372 .elementor-element.elementor-element-706c677 > .elementor-motion-effects-container > .elementor-motion-effects-layer{background-image:url(\"https:\/\/ficam.cat\/wp-content\/uploads\/2026\/01\/concert-Alverd-Oliva-Palau-Fugit-Girona.jpg\");}<\/style>\t\t<div data-elementor-type=\"loop-item\" data-elementor-id=\"13837\" class=\"elementor elementor-13837 e-loop-item e-loop-item-15372 post-15372 post type-post status-publish format-standard has-post-thumbnail hentry category-musica-festivales\" data-elementor-post-type=\"elementor_library\" data-custom-edit-handle=\"1\">\n\t\t\t<div class=\"elementor-element elementor-element-91ca135 e-con-full e-flex e-con e-parent\" data-id=\"91ca135\" data-element_type=\"container\" data-e-type=\"container\">\n\t\t<div class=\"elementor-element elementor-element-0592b3f e-con-full e-flex e-con e-child\" data-id=\"0592b3f\" data-element_type=\"container\" data-e-type=\"container\">\n\t\t\t\t<div class=\"elementor-element elementor-element-59f03c3 elementor-widget elementor-widget-heading\" data-id=\"59f03c3\" data-element_type=\"widget\" data-e-type=\"widget\" data-widget_type=\"heading.default\">\n\t\t\t\t\t<p class=\"elementor-heading-title elementor-size-default\">05.12.2025<\/p>\t\t\t\t<\/div>\n\t\t\t\t<div class=\"elementor-element elementor-element-fb58128 elementor-widget elementor-widget-heading\" data-id=\"fb58128\" data-element_type=\"widget\" data-e-type=\"widget\" data-widget_type=\"heading.default\">\n\t\t\t\t\t<p class=\"elementor-heading-title elementor-size-default\">18.12.2025<\/p>\t\t\t\t<\/div>\n\t\t\t\t<div class=\"elementor-element elementor-element-451cbf5 elementor-icon-list--layout-traditional elementor-list-item-link-full_width elementor-widget elementor-widget-icon-list\" data-id=\"451cbf5\" data-element_type=\"widget\" data-e-type=\"widget\" data-widget_type=\"icon-list.default\">\n\t\t\t\t\t\t\t<ul class=\"elementor-icon-list-items\">\n\t\t\t\t\t\t\t<li class=\"elementor-icon-list-item\">\n\t\t\t\t\t\t\t\t\t\t\t<span class=\"elementor-icon-list-icon\">\n\t\t\t\t\t\t\t<svg aria-hidden=\"true\" class=\"e-font-icon-svg e-fas-map-marker\" viewBox=\"0 0 384 512\" xmlns=\"http:\/\/www.w3.org\/2000\/svg\"><path d=\"M172.268 501.67C26.97 291.031 0 269.413 0 192 0 85.961 85.961 0 192 0s192 85.961 192 192c0 77.413-26.97 99.031-172.268 309.67-9.535 13.774-29.93 13.773-39.464 0z\"><\/path><\/svg>\t\t\t\t\t\t<\/span>\n\t\t\t\t\t\t\t\t\t\t<span class=\"elementor-icon-list-text\">Girona<\/span>\n\t\t\t\t\t\t\t\t\t<\/li>\n\t\t\t\t\t\t<\/ul>\n\t\t\t\t\t\t<\/div>\n\t\t\t\t<\/div>\n\t\t<div class=\"elementor-element elementor-element-cd30cd4 e-con-full e-flex e-con e-child\" data-id=\"cd30cd4\" data-element_type=\"container\" data-e-type=\"container\">\n\t\t<div class=\"elementor-element elementor-element-706c677 e-con-full pindola e-flex e-con e-child\" data-id=\"706c677\" data-element_type=\"container\" data-e-type=\"container\" data-settings=\"{&quot;background_background&quot;:&quot;classic&quot;,&quot;animation&quot;:&quot;none&quot;}\">\n\t\t\t\t<\/div>\n\t\t\t\t<\/div>\n\t\t<div class=\"elementor-element elementor-element-39d334d e-con-full e-flex e-con e-child\" data-id=\"39d334d\" data-element_type=\"container\" data-e-type=\"container\">\n\t\t\t\t<div class=\"elementor-element elementor-element-c9f6d2e elementor-align-center elementor-widget elementor-widget-button\" data-id=\"c9f6d2e\" data-element_type=\"widget\" data-e-type=\"widget\" data-widget_type=\"button.default\">\n\t\t\t\t\t\t\t\t\t\t<a class=\"elementor-button elementor-button-link elementor-size-sm\" href=\"#\">\n\t\t\t\t\t\t<span class=\"elementor-button-content-wrapper\">\n\t\t\t\t\t\t\t\t\t<span class=\"elementor-button-text\"><span>Musica &amp; Festivales<\/span><\/span>\n\t\t\t\t\t<\/span>\n\t\t\t\t\t<\/a>\n\t\t\t\t\t\t\t\t<\/div>\n\t\t\t\t<div class=\"elementor-element elementor-element-5af3660 elementor-widget elementor-widget-heading\" data-id=\"5af3660\" data-element_type=\"widget\" data-e-type=\"widget\" data-settings=\"{&quot;_animation&quot;:&quot;none&quot;}\" data-widget_type=\"heading.default\">\n\t\t\t\t\t<h3 class=\"elementor-heading-title elementor-size-default\">Ciclo de conciertos de Alverd Oliva<\/h3>\t\t\t\t<\/div>\n\t\t\t\t<div class=\"elementor-element elementor-element-99e709b elementor-widget elementor-widget-text-editor\" data-id=\"99e709b\" data-element_type=\"widget\" data-e-type=\"widget\" data-settings=\"{&quot;_animation&quot;:&quot;none&quot;}\" data-widget_type=\"text-editor.default\">\n\t\t\t\t\t\t\t\t\tEl artista figuerense presenta Flor de nit, su segundo \u00e1lbum: un recorrido por emociones y sensaciones que brotan de una m\u00fasica con alma de folk americano, vestida de rock, canci\u00f3n de autor y matices de reggae. \n\nVen a escucharlo en directo, en un formato \u00edntimo y cercano.\nFechas: 5 y 18 de diciembre\nHorario: de 18.30 h a 20.30 h\nLugar: Gipsy, en el Casco Antiguo de Girona, dentro de Palau Fugit\nEntrada: acceso libre hasta completar aforo.\t\t\t\t\t\t\t\t<\/div>\n\t\t\t\t<\/div>\n\t\t\t\t<\/div>\n\t\t\t\t<\/div>\n\t\t<style id=\"loop-dynamic-13837\">.e-loop-item-15370 .elementor-element.elementor-element-706c677:not(.elementor-motion-effects-element-type-background), .e-loop-item-15370 .elementor-element.elementor-element-706c677 > .elementor-motion-effects-container > .elementor-motion-effects-layer{background-image:url(\"https:\/\/ficam.cat\/wp-content\/uploads\/2026\/01\/fragments-teixits-palau-fugit-il\u00b7lacions.jpg\");}<\/style>\t\t<div data-elementor-type=\"loop-item\" data-elementor-id=\"13837\" class=\"elementor elementor-13837 e-loop-item e-loop-item-15370 post-15370 post type-post status-publish format-standard has-post-thumbnail hentry category-arte-cultura\" data-elementor-post-type=\"elementor_library\" data-custom-edit-handle=\"1\">\n\t\t\t<div class=\"elementor-element elementor-element-91ca135 e-con-full e-flex e-con e-parent\" data-id=\"91ca135\" data-element_type=\"container\" data-e-type=\"container\">\n\t\t<div class=\"elementor-element elementor-element-0592b3f e-con-full e-flex e-con e-child\" data-id=\"0592b3f\" data-element_type=\"container\" data-e-type=\"container\">\n\t\t\t\t<div class=\"elementor-element elementor-element-59f03c3 elementor-widget elementor-widget-heading\" data-id=\"59f03c3\" data-element_type=\"widget\" data-e-type=\"widget\" data-widget_type=\"heading.default\">\n\t\t\t\t\t<p class=\"elementor-heading-title elementor-size-default\">01.10.2025<\/p>\t\t\t\t<\/div>\n\t\t\t\t<div class=\"elementor-element elementor-element-fb58128 elementor-widget elementor-widget-heading\" data-id=\"fb58128\" data-element_type=\"widget\" data-e-type=\"widget\" data-widget_type=\"heading.default\">\n\t\t\t\t\t<p class=\"elementor-heading-title elementor-size-default\">07.01.2026<\/p>\t\t\t\t<\/div>\n\t\t\t\t<div class=\"elementor-element elementor-element-451cbf5 elementor-icon-list--layout-traditional elementor-list-item-link-full_width elementor-widget elementor-widget-icon-list\" data-id=\"451cbf5\" data-element_type=\"widget\" data-e-type=\"widget\" data-widget_type=\"icon-list.default\">\n\t\t\t\t\t\t\t<ul class=\"elementor-icon-list-items\">\n\t\t\t\t\t\t\t<li class=\"elementor-icon-list-item\">\n\t\t\t\t\t\t\t\t\t\t\t<span class=\"elementor-icon-list-icon\">\n\t\t\t\t\t\t\t<svg aria-hidden=\"true\" class=\"e-font-icon-svg e-fas-map-marker\" viewBox=\"0 0 384 512\" xmlns=\"http:\/\/www.w3.org\/2000\/svg\"><path d=\"M172.268 501.67C26.97 291.031 0 269.413 0 192 0 85.961 85.961 0 192 0s192 85.961 192 192c0 77.413-26.97 99.031-172.268 309.67-9.535 13.774-29.93 13.773-39.464 0z\"><\/path><\/svg>\t\t\t\t\t\t<\/span>\n\t\t\t\t\t\t\t\t\t\t<span class=\"elementor-icon-list-text\">Girona<\/span>\n\t\t\t\t\t\t\t\t\t<\/li>\n\t\t\t\t\t\t<\/ul>\n\t\t\t\t\t\t<\/div>\n\t\t\t\t<\/div>\n\t\t<div class=\"elementor-element elementor-element-cd30cd4 e-con-full e-flex e-con e-child\" data-id=\"cd30cd4\" data-element_type=\"container\" data-e-type=\"container\">\n\t\t<div class=\"elementor-element elementor-element-706c677 e-con-full pindola e-flex e-con e-child\" data-id=\"706c677\" data-element_type=\"container\" data-e-type=\"container\" data-settings=\"{&quot;background_background&quot;:&quot;classic&quot;,&quot;animation&quot;:&quot;none&quot;}\">\n\t\t\t\t<\/div>\n\t\t\t\t<\/div>\n\t\t<div class=\"elementor-element elementor-element-39d334d e-con-full e-flex e-con e-child\" data-id=\"39d334d\" data-element_type=\"container\" data-e-type=\"container\">\n\t\t\t\t<div class=\"elementor-element elementor-element-c9f6d2e elementor-align-center elementor-widget elementor-widget-button\" data-id=\"c9f6d2e\" data-element_type=\"widget\" data-e-type=\"widget\" data-widget_type=\"button.default\">\n\t\t\t\t\t\t\t\t\t\t<a class=\"elementor-button elementor-button-link elementor-size-sm\" href=\"#\">\n\t\t\t\t\t\t<span class=\"elementor-button-content-wrapper\">\n\t\t\t\t\t\t\t\t\t<span class=\"elementor-button-text\"><span>Arte &amp; Cultura<\/span><\/span>\n\t\t\t\t\t<\/span>\n\t\t\t\t\t<\/a>\n\t\t\t\t\t\t\t\t<\/div>\n\t\t\t\t<div class=\"elementor-element elementor-element-5af3660 elementor-widget elementor-widget-heading\" data-id=\"5af3660\" data-element_type=\"widget\" data-e-type=\"widget\" data-settings=\"{&quot;_animation&quot;:&quot;none&quot;}\" data-widget_type=\"heading.default\">\n\t\t\t\t\t<h3 class=\"elementor-heading-title elementor-size-default\">Muestra de arte \u201cFragments Teixits\u201d de Mariadela Araujo<\/h3>\t\t\t\t<\/div>\n\t\t\t\t<div class=\"elementor-element elementor-element-99e709b elementor-widget elementor-widget-text-editor\" data-id=\"99e709b\" data-element_type=\"widget\" data-e-type=\"widget\" data-settings=\"{&quot;_animation&quot;:&quot;none&quot;}\" data-widget_type=\"text-editor.default\">\n\t\t\t\t\t\t\t\t\tNueva muestra de arte en Palau Fugit junto a la galer\u00eda Il\u00b7lacions, dedicada a la obra de la artista Mariadela Araujo. \u201cFragments Teixits\u201d es una exposici\u00f3n multidisciplinaria que explora el dise\u00f1o textil desde la experimentaci\u00f3n y la innovaci\u00f3n, convirtiendo el material en lenguaje y el fragmento en relato. \n\nLa exposici\u00f3n estar\u00e1 abierta al p\u00fablico a partir del 1 de octubre. Para acceder, por favor, pregunta en la recepci\u00f3n de Palau Fugit. \t\t\t\t\t\t\t\t<\/div>\n\t\t\t\t<\/div>\n\t\t\t\t<\/div>\n\t\t\t\t<\/div>\n\t\t\t\t<\/div>\n\t\t\t\t\t<span class=\"e-load-more-spinner\">\n\t\t\t\t<svg aria-hidden=\"true\" class=\"e-font-icon-svg e-fas-spinner\" viewBox=\"0 0 512 512\" xmlns=\"http:\/\/www.w3.org\/2000\/svg\"><path d=\"M304 48c0 26.51-21.49 48-48 48s-48-21.49-48-48 21.49-48 48-48 48 21.49 48 48zm-48 368c-26.51 0-48 21.49-48 48s21.49 48 48 48 48-21.49 48-48-21.49-48-48-48zm208-208c-26.51 0-48 21.49-48 48s21.49 48 48 48 48-21.49 48-48-21.49-48-48-48zM96 256c0-26.51-21.49-48-48-48S0 229.49 0 256s21.49 48 48 48 48-21.49 48-48zm12.922 99.078c-26.51 0-48 21.49-48 48s21.49 48 48 48 48-21.49 48-48c0-26.509-21.491-48-48-48zm294.156 0c-26.51 0-48 21.49-48 48s21.49 48 48 48 48-21.49 48-48c0-26.509-21.49-48-48-48zM108.922 60.922c-26.51 0-48 21.49-48 48s21.49 48 48 48 48-21.49 48-48-21.491-48-48-48z\"><\/path><\/svg>\t\t\t<\/span>\n\t\t\n\t\t\t\t<div class=\"e-load-more-anchor\" data-page=\"1\" data-max-page=\"4\" data-next-page=\"https:\/\/ficam.cat\/es\/wp-json\/wp\/v2\/pages\/15286\/page\/2\/\"><\/div>\n\t\t\t\t<div class=\"e-loop__load-more elementor-button-wrapper\">\n\t\t\t<a class=\"elementor-button elementor-size-sm\" role=\"button\">\n\t\t\t\t\t\t<span class=\"elementor-button-content-wrapper\">\n\t\t\t\t\t\t\t\t\t<span class=\"elementor-button-text\">Cargar mas<\/span>\n\t\t\t\t\t<\/span>\n\t\t\t\t\t<\/a>\n\t\t<\/div>\n\t\t\t\t<div class=\"e-load-more-message\"><\/div>\n\t\t\t\t\t\t<\/div>\n\t\t\t\t<\/div>\n\t\t\t\t<\/div>\n\t\t\t\t<\/div>\n\t\t","protected":false},"excerpt":{"rendered":"<p>Desde exposiciones con artistas de renombre, a festivales de m\u00fasica y gastronom\u00eda, pasando por actividades al aire libre para todas las edades y p\u00fablicos. Aqu\u00ed encontrar\u00e1s nuestra selecci\u00f3n para ti. \u00a1Curiosea, elige y saborea Girona! Art &amp; Culture Gastronomy Music &amp; Festivals Outdoor activities Tot<\/p>\n","protected":false},"author":1,"featured_media":0,"parent":0,"menu_order":0,"comment_status":"closed","ping_status":"closed","template":"elementor_header_footer","meta":{"_acf_changed":false,"inline_featured_image":false,"footnotes":""},"class_list":["post-15286","page","type-page","status-publish","hentry"],"acf":[],"yoast_head":"<!-- This site is optimized with the Yoast SEO plugin v27.4 - https:\/\/yoast.com\/product\/yoast-seo-wordpress\/ -->\n<title>\u00bfQu\u00e9 se cuece en Girona? - Palau Fugit<\/title>\n<meta name=\"description\" content=\"\u00bfBuscas algo que hacer? En esta secci\u00f3n, hemos seleccionado eventos por toda la ciudad. Elige la Girona que m\u00e1s te guste.\" \/>\n<meta name=\"robots\" content=\"noindex, follow, max-snippet:-1, max-image-preview:large, max-video-preview:-1\" \/>\n<meta property=\"og:locale\" content=\"es_ES\" \/>\n<meta property=\"og:type\" content=\"article\" \/>\n<meta property=\"og:title\" content=\"\u00bfQu\u00e9 se cuece en Girona? - Palau Fugit\" \/>\n<meta property=\"og:description\" content=\"\u00bfBuscas algo que hacer? En esta secci\u00f3n, hemos seleccionado eventos por toda la ciudad. Elige la Girona que m\u00e1s te guste.\" \/>\n<meta property=\"og:url\" content=\"https:\/\/ficam.cat\/es\/que-se-cuece-en-girona\/\" \/>\n<meta property=\"og:site_name\" content=\"Palau Fugit\" \/>\n<meta property=\"article:modified_time\" content=\"2026-04-14T16:46:26+00:00\" \/>\n<meta name=\"twitter:card\" content=\"summary_large_image\" \/>\n<script type=\"application\/ld+json\" class=\"yoast-schema-graph\">{\"@context\":\"https:\\\/\\\/schema.org\",\"@graph\":[{\"@type\":\"WebPage\",\"@id\":\"https:\\\/\\\/ficam.cat\\\/es\\\/que-se-cuece-en-girona\\\/\",\"url\":\"https:\\\/\\\/ficam.cat\\\/es\\\/que-se-cuece-en-girona\\\/\",\"name\":\"\u00bfQu\u00e9 se cuece en Girona? - Palau Fugit\",\"isPartOf\":{\"@id\":\"https:\\\/\\\/ficam.cat\\\/es\\\/#website\"},\"datePublished\":\"2026-02-17T08:45:09+00:00\",\"dateModified\":\"2026-04-14T16:46:26+00:00\",\"description\":\"\u00bfBuscas algo que hacer? En esta secci\u00f3n, hemos seleccionado eventos por toda la ciudad. Elige la Girona que m\u00e1s te guste.\",\"breadcrumb\":{\"@id\":\"https:\\\/\\\/ficam.cat\\\/es\\\/que-se-cuece-en-girona\\\/#breadcrumb\"},\"inLanguage\":\"es\",\"potentialAction\":[{\"@type\":\"ReadAction\",\"target\":[\"https:\\\/\\\/ficam.cat\\\/es\\\/que-se-cuece-en-girona\\\/\"]}]},{\"@type\":\"BreadcrumbList\",\"@id\":\"https:\\\/\\\/ficam.cat\\\/es\\\/que-se-cuece-en-girona\\\/#breadcrumb\",\"itemListElement\":[{\"@type\":\"ListItem\",\"position\":1,\"name\":\"Inici\",\"item\":\"https:\\\/\\\/ficam.cat\\\/es\\\/inicio\\\/\"},{\"@type\":\"ListItem\",\"position\":2,\"name\":\"\u00bfQu\u00e9 se cuece en Girona?\"}]},{\"@type\":\"WebSite\",\"@id\":\"https:\\\/\\\/ficam.cat\\\/es\\\/#website\",\"url\":\"https:\\\/\\\/ficam.cat\\\/es\\\/\",\"name\":\"Palau Fugit\",\"description\":\"Hotel Boutique en Girona\",\"publisher\":{\"@id\":\"https:\\\/\\\/ficam.cat\\\/es\\\/#organization\"},\"potentialAction\":[{\"@type\":\"SearchAction\",\"target\":{\"@type\":\"EntryPoint\",\"urlTemplate\":\"https:\\\/\\\/ficam.cat\\\/es\\\/?s={search_term_string}\"},\"query-input\":{\"@type\":\"PropertyValueSpecification\",\"valueRequired\":true,\"valueName\":\"search_term_string\"}}],\"inLanguage\":\"es\"},{\"@type\":\"Organization\",\"@id\":\"https:\\\/\\\/ficam.cat\\\/es\\\/#organization\",\"name\":\"Palau Fugit\",\"url\":\"https:\\\/\\\/ficam.cat\\\/es\\\/\",\"logo\":{\"@type\":\"ImageObject\",\"inLanguage\":\"es\",\"@id\":\"https:\\\/\\\/ficam.cat\\\/es\\\/#\\\/schema\\\/logo\\\/image\\\/\",\"url\":\"https:\\\/\\\/ficam.cat\\\/wp-content\\\/uploads\\\/2026\\\/02\\\/cropped-favicon_palaufugit-favicon.png\",\"contentUrl\":\"https:\\\/\\\/ficam.cat\\\/wp-content\\\/uploads\\\/2026\\\/02\\\/cropped-favicon_palaufugit-favicon.png\",\"width\":512,\"height\":512,\"caption\":\"Palau Fugit\"},\"image\":{\"@id\":\"https:\\\/\\\/ficam.cat\\\/es\\\/#\\\/schema\\\/logo\\\/image\\\/\"},\"sameAs\":[\"https:\\\/\\\/www.instagram.com\\\/palaufugitgirona\\\/\"]}]}<\/script>\n<!-- \/ Yoast SEO plugin. -->","yoast_head_json":{"title":"\u00bfQu\u00e9 se cuece en Girona? - Palau Fugit","description":"\u00bfBuscas algo que hacer? En esta secci\u00f3n, hemos seleccionado eventos por toda la ciudad. Elige la Girona que m\u00e1s te guste.","robots":{"index":"noindex","follow":"follow","max-snippet":"max-snippet:-1","max-image-preview":"max-image-preview:large","max-video-preview":"max-video-preview:-1"},"og_locale":"es_ES","og_type":"article","og_title":"\u00bfQu\u00e9 se cuece en Girona? - Palau Fugit","og_description":"\u00bfBuscas algo que hacer? En esta secci\u00f3n, hemos seleccionado eventos por toda la ciudad. Elige la Girona que m\u00e1s te guste.","og_url":"https:\/\/ficam.cat\/es\/que-se-cuece-en-girona\/","og_site_name":"Palau Fugit","article_modified_time":"2026-04-14T16:46:26+00:00","twitter_card":"summary_large_image","schema":{"@context":"https:\/\/schema.org","@graph":[{"@type":"WebPage","@id":"https:\/\/ficam.cat\/es\/que-se-cuece-en-girona\/","url":"https:\/\/ficam.cat\/es\/que-se-cuece-en-girona\/","name":"\u00bfQu\u00e9 se cuece en Girona? - Palau Fugit","isPartOf":{"@id":"https:\/\/ficam.cat\/es\/#website"},"datePublished":"2026-02-17T08:45:09+00:00","dateModified":"2026-04-14T16:46:26+00:00","description":"\u00bfBuscas algo que hacer? En esta secci\u00f3n, hemos seleccionado eventos por toda la ciudad. Elige la Girona que m\u00e1s te guste.","breadcrumb":{"@id":"https:\/\/ficam.cat\/es\/que-se-cuece-en-girona\/#breadcrumb"},"inLanguage":"es","potentialAction":[{"@type":"ReadAction","target":["https:\/\/ficam.cat\/es\/que-se-cuece-en-girona\/"]}]},{"@type":"BreadcrumbList","@id":"https:\/\/ficam.cat\/es\/que-se-cuece-en-girona\/#breadcrumb","itemListElement":[{"@type":"ListItem","position":1,"name":"Inici","item":"https:\/\/ficam.cat\/es\/inicio\/"},{"@type":"ListItem","position":2,"name":"\u00bfQu\u00e9 se cuece en Girona?"}]},{"@type":"WebSite","@id":"https:\/\/ficam.cat\/es\/#website","url":"https:\/\/ficam.cat\/es\/","name":"Palau Fugit","description":"Hotel Boutique en Girona","publisher":{"@id":"https:\/\/ficam.cat\/es\/#organization"},"potentialAction":[{"@type":"SearchAction","target":{"@type":"EntryPoint","urlTemplate":"https:\/\/ficam.cat\/es\/?s={search_term_string}"},"query-input":{"@type":"PropertyValueSpecification","valueRequired":true,"valueName":"search_term_string"}}],"inLanguage":"es"},{"@type":"Organization","@id":"https:\/\/ficam.cat\/es\/#organization","name":"Palau Fugit","url":"https:\/\/ficam.cat\/es\/","logo":{"@type":"ImageObject","inLanguage":"es","@id":"https:\/\/ficam.cat\/es\/#\/schema\/logo\/image\/","url":"https:\/\/ficam.cat\/wp-content\/uploads\/2026\/02\/cropped-favicon_palaufugit-favicon.png","contentUrl":"https:\/\/ficam.cat\/wp-content\/uploads\/2026\/02\/cropped-favicon_palaufugit-favicon.png","width":512,"height":512,"caption":"Palau Fugit"},"image":{"@id":"https:\/\/ficam.cat\/es\/#\/schema\/logo\/image\/"},"sameAs":["https:\/\/www.instagram.com\/palaufugitgirona\/"]}]}},"_links":{"self":[{"href":"https:\/\/ficam.cat\/es\/wp-json\/wp\/v2\/pages\/15286","targetHints":{"allow":["GET"]}}],"collection":[{"href":"https:\/\/ficam.cat\/es\/wp-json\/wp\/v2\/pages"}],"about":[{"href":"https:\/\/ficam.cat\/es\/wp-json\/wp\/v2\/types\/page"}],"author":[{"embeddable":true,"href":"https:\/\/ficam.cat\/es\/wp-json\/wp\/v2\/users\/1"}],"replies":[{"embeddable":true,"href":"https:\/\/ficam.cat\/es\/wp-json\/wp\/v2\/comments?post=15286"}],"version-history":[{"count":1,"href":"https:\/\/ficam.cat\/es\/wp-json\/wp\/v2\/pages\/15286\/revisions"}],"predecessor-version":[{"id":15287,"href":"https:\/\/ficam.cat\/es\/wp-json\/wp\/v2\/pages\/15286\/revisions\/15287"}],"wp:attachment":[{"href":"https:\/\/ficam.cat\/es\/wp-json\/wp\/v2\/media?parent=15286"}],"curies":[{"name":"wp","href":"https:\/\/api.w.org\/{rel}","templated":true}]}}