{"id":14641,"date":"2026-01-26T12:14:41","date_gmt":"2026-01-26T12:14:41","guid":{"rendered":"https:\/\/ficam.cat\/a-propos-de-nous\/"},"modified":"2026-04-14T15:13:11","modified_gmt":"2026-04-14T15:13:11","slug":"a-propos-de-nous","status":"publish","type":"page","link":"https:\/\/ficam.cat\/fr\/a-propos-de-nous\/","title":{"rendered":"\u00c0 propos de nous"},"content":{"rendered":"\t\t<div data-elementor-type=\"wp-page\" data-elementor-id=\"14641\" class=\"elementor elementor-14641 elementor-12888\" data-elementor-post-type=\"page\">\n\t\t\t\t<div class=\"elementor-element elementor-element-58b2c4b e-con-full e-flex e-con e-parent\" data-id=\"58b2c4b\" data-element_type=\"container\" data-e-type=\"container\" data-settings=\"{&quot;background_background&quot;:&quot;classic&quot;}\">\n\t\t\t\t<div class=\"elementor-element elementor-element-6798a2f elementor-invisible elementor-widget elementor-widget-heading\" data-id=\"6798a2f\" data-element_type=\"widget\" data-e-type=\"widget\" data-settings=\"{&quot;_animation&quot;:&quot;fadeInUp&quot;}\" data-widget_type=\"heading.default\">\n\t\t\t\t\t<h1 class=\"elementor-heading-title elementor-size-default\">D\u2019un palais du XVIIIe si\u00e8cle \u00e0 un espace ouvert \u00e0 l\u2019art, \u00e0 la nature, aux traditions, \u00e0 G\u00e9rone, au monde et \u00e0 vous. Un espace o\u00f9 vous pouvez vous \u00e9vader et profiter de toutes ces petites choses qui vous remplissent, qui font de votre vie une vie pleine. <\/h1>\t\t\t\t<\/div>\n\t\t\t\t<\/div>\n\t\t<div class=\"elementor-element elementor-element-2ceffe2 e-con-full e-flex e-con e-parent\" data-id=\"2ceffe2\" data-element_type=\"container\" data-e-type=\"container\" data-settings=\"{&quot;background_background&quot;:&quot;classic&quot;}\">\n\t\t<div class=\"elementor-element elementor-element-1a94648 e-con-full e-flex e-con e-child\" data-id=\"1a94648\" data-element_type=\"container\" data-e-type=\"container\">\n\t\t\t\t<div class=\"elementor-element elementor-element-0117ab4 elementor-widget elementor-widget-image\" data-id=\"0117ab4\" data-element_type=\"widget\" data-e-type=\"widget\" data-widget_type=\"image.default\">\n\t\t\t\t\t\t\t\t\t\t\t\t\t\t\t<img fetchpriority=\"high\" decoding=\"async\" width=\"1920\" height=\"2560\" src=\"https:\/\/ficam.cat\/wp-content\/uploads\/2026\/02\/detalle_3-scaled-1.jpg\" class=\"attachment-full size-full wp-image-14629\" alt=\"\" srcset=\"https:\/\/ficam.cat\/wp-content\/uploads\/2026\/02\/detalle_3-scaled-1.jpg 1920w, https:\/\/ficam.cat\/wp-content\/uploads\/2026\/02\/detalle_3-scaled-1-225x300.jpg 225w, https:\/\/ficam.cat\/wp-content\/uploads\/2026\/02\/detalle_3-scaled-1-768x1024.jpg 768w, https:\/\/ficam.cat\/wp-content\/uploads\/2026\/02\/detalle_3-scaled-1-1152x1536.jpg 1152w, https:\/\/ficam.cat\/wp-content\/uploads\/2026\/02\/detalle_3-scaled-1-1536x2048.jpg 1536w\" sizes=\"(max-width: 1920px) 100vw, 1920px\" \/>\t\t\t\t\t\t\t\t\t\t\t\t\t\t\t<\/div>\n\t\t\t\t<\/div>\n\t\t<div class=\"elementor-element elementor-element-9eeaf66 e-con-full e-flex e-con e-child\" data-id=\"9eeaf66\" data-element_type=\"container\" data-e-type=\"container\">\n\t\t\t\t<div class=\"elementor-element elementor-element-b5c7804 elementor-widget elementor-widget-image\" data-id=\"b5c7804\" data-element_type=\"widget\" data-e-type=\"widget\" data-widget_type=\"image.default\">\n\t\t\t\t\t\t\t\t\t\t\t\t\t\t\t<img decoding=\"async\" width=\"768\" height=\"1024\" src=\"https:\/\/ficam.cat\/wp-content\/uploads\/2026\/02\/detalle-768x1024-1.jpg\" class=\"attachment-full size-full wp-image-14630\" alt=\"\" srcset=\"https:\/\/ficam.cat\/wp-content\/uploads\/2026\/02\/detalle-768x1024-1.jpg 768w, https:\/\/ficam.cat\/wp-content\/uploads\/2026\/02\/detalle-768x1024-1-225x300.jpg 225w\" sizes=\"(max-width: 768px) 100vw, 768px\" \/>\t\t\t\t\t\t\t\t\t\t\t\t\t\t\t<\/div>\n\t\t<div class=\"elementor-element elementor-element-0ca8fc0 e-con-full e-flex e-con e-child\" data-id=\"0ca8fc0\" data-element_type=\"container\" data-e-type=\"container\">\n\t\t\t\t<div class=\"elementor-element elementor-element-b5a6a8b elementor-widget elementor-widget-text-editor\" data-id=\"b5a6a8b\" data-element_type=\"widget\" data-e-type=\"widget\" data-settings=\"{&quot;_animation&quot;:&quot;none&quot;}\" data-widget_type=\"text-editor.default\">\n\t\t\t\t\t\t\t\t\t<p>Situ\u00e9 au c\u0153ur du Barri Vell de G\u00e9rone, Palau Fugit est un ancien palais baroque du XVIIIe si\u00e8cle, qui s\u2019appelait Casa Heras de Puig. En 2022, il a \u00e9t\u00e9 enti\u00e8rement r\u00e9nov\u00e9 et, pour la premi\u00e8re fois, il ouvre ses portes \u00e0 tous : aux \u00e9trangers, aux locaux et, bien s\u00fbr, \u00e0 vous. <\/p>\t\t\t\t\t\t\t\t<\/div>\n\t\t\t\t<\/div>\n\t\t\t\t<\/div>\n\t\t\t\t<\/div>\n\t\t<div class=\"elementor-element elementor-element-91ac9f3 e-con-full e-flex e-con e-parent\" data-id=\"91ac9f3\" data-element_type=\"container\" data-e-type=\"container\" data-settings=\"{&quot;background_background&quot;:&quot;classic&quot;}\">\n\t\t\t\t<div class=\"elementor-element elementor-element-af662b6 elementor-invisible elementor-widget elementor-widget-heading\" data-id=\"af662b6\" data-element_type=\"widget\" data-e-type=\"widget\" data-settings=\"{&quot;_animation&quot;:&quot;fadeInUp&quot;}\" data-widget_type=\"heading.default\">\n\t\t\t\t\t<h2 class=\"elementor-heading-title elementor-size-default\">Les architectes, artistes et artisans de Palau Fugit\n<\/h2>\t\t\t\t<\/div>\n\t\t\t\t<\/div>\n\t\t<div class=\"elementor-element elementor-element-4bb4d9c e-con-full elementor-hidden-tablet elementor-hidden-mobile e-flex e-con e-parent\" data-id=\"4bb4d9c\" data-element_type=\"container\" data-e-type=\"container\" data-settings=\"{&quot;background_background&quot;:&quot;classic&quot;,&quot;animation&quot;:&quot;none&quot;}\">\n\t\t<div class=\"elementor-element elementor-element-a283d43 e-flex e-con-boxed elementor-invisible e-con e-child\" data-id=\"a283d43\" data-element_type=\"container\" data-e-type=\"container\" data-settings=\"{&quot;animation&quot;:&quot;fadeInUp&quot;}\">\n\t\t\t\t\t<div class=\"e-con-inner\">\n\t\t<div class=\"elementor-element elementor-element-3fbc023 e-con-full e-flex e-con e-child\" data-id=\"3fbc023\" data-element_type=\"container\" data-e-type=\"container\" data-settings=\"{&quot;background_background&quot;:&quot;classic&quot;}\">\n\t\t\t\t<\/div>\n\t\t<div class=\"elementor-element elementor-element-9316361 e-con-full e-flex e-con e-child\" data-id=\"9316361\" data-element_type=\"container\" data-e-type=\"container\">\n\t\t\t\t<div class=\"elementor-element elementor-element-f7dbff4 elementor-widget elementor-widget-heading\" data-id=\"f7dbff4\" data-element_type=\"widget\" data-e-type=\"widget\" data-settings=\"{&quot;_animation&quot;:&quot;none&quot;}\" data-widget_type=\"heading.default\">\n\t\t\t\t\t<h3 class=\"elementor-heading-title elementor-size-default\">Frederic Amat, artiste conceptuel<\/h3>\t\t\t\t<\/div>\n\t\t\t\t<div class=\"elementor-element elementor-element-6ec2d63 elementor-widget elementor-widget-text-editor\" data-id=\"6ec2d63\" data-element_type=\"widget\" data-e-type=\"widget\" data-settings=\"{&quot;_animation&quot;:&quot;none&quot;}\" data-widget_type=\"text-editor.default\">\n\t\t\t\t\t\t\t\t\tFont de Garotes\t\t\t\t\t\t\t\t<\/div>\n\t\t\t\t<div class=\"elementor-element elementor-element-43413b5 elementor-widget elementor-widget-text-editor\" data-id=\"43413b5\" data-element_type=\"widget\" data-e-type=\"widget\" data-settings=\"{&quot;_animation&quot;:&quot;none&quot;}\" data-widget_type=\"text-editor.default\">\n\t\t\t\t\t\t\t\t\tLe c\u00e9l\u00e8bre artiste catalan est le cr\u00e9ateur de la Font de Garotes, situ\u00e9e dans le Pati du palais. Cette sculpture, haute de pr\u00e8s de trois m\u00e8tres et compos\u00e9e de sept pi\u00e8ces de c\u00e9ramique, est le r\u00e9sultat d\u2019une intuition profonde de l\u2019artiste lorsqu\u2019il a vu le Pati pour la premi\u00e8re fois. Les c\u00e9ramiques ont \u00e9t\u00e9 \u00e9maill\u00e9es et travaill\u00e9es dans les ateliers de la Fundaci\u00f3 Lloren\u00e7 Artigas \u00e0 Gallifa et le r\u00e9sultat final est le joyau du palais : la Font de Garotes.   \t\t\t\t\t\t\t\t<\/div>\n\t\t\t\t<\/div>\n\t\t\t\t\t<\/div>\n\t\t\t\t<\/div>\n\t\t<div class=\"elementor-element elementor-element-1d1c027 e-flex e-con-boxed elementor-invisible e-con e-child\" data-id=\"1d1c027\" data-element_type=\"container\" data-e-type=\"container\" data-settings=\"{&quot;animation&quot;:&quot;fadeInUp&quot;}\">\n\t\t\t\t\t<div class=\"e-con-inner\">\n\t\t<div class=\"elementor-element elementor-element-88904ed e-con-full e-flex e-con e-child\" data-id=\"88904ed\" data-element_type=\"container\" data-e-type=\"container\" data-settings=\"{&quot;background_background&quot;:&quot;classic&quot;,&quot;animation&quot;:&quot;none&quot;}\">\n\t\t\t\t<\/div>\n\t\t<div class=\"elementor-element elementor-element-cd890c5 e-con-full e-flex e-con e-child\" data-id=\"cd890c5\" data-element_type=\"container\" data-e-type=\"container\">\n\t\t\t\t<div class=\"elementor-element elementor-element-ddf2a78 elementor-widget elementor-widget-heading\" data-id=\"ddf2a78\" data-element_type=\"widget\" data-e-type=\"widget\" data-settings=\"{&quot;_animation&quot;:&quot;none&quot;}\" data-widget_type=\"heading.default\">\n\t\t\t\t\t<h3 class=\"elementor-heading-title elementor-size-default\">Dani Isern, Isern Associats<\/h3>\t\t\t\t<\/div>\n\t\t\t\t<div class=\"elementor-element elementor-element-c1e8391 elementor-widget elementor-widget-text-editor\" data-id=\"c1e8391\" data-element_type=\"widget\" data-e-type=\"widget\" data-settings=\"{&quot;_animation&quot;:&quot;none&quot;}\" data-widget_type=\"text-editor.default\">\n\t\t\t\t\t\t\t\t\tR\u00e9forme architectonique\t\t\t\t\t\t\t\t<\/div>\n\t\t\t\t<div class=\"elementor-element elementor-element-2cf0b26 elementor-widget elementor-widget-text-editor\" data-id=\"2cf0b26\" data-element_type=\"widget\" data-e-type=\"widget\" data-settings=\"{&quot;_animation&quot;:&quot;none&quot;}\" data-widget_type=\"text-editor.default\">\n\t\t\t\t\t\t\t\t\tCe studio d\u2019architecture et de design ind\u00e9pendant et distingu\u00e9 a \u00e9t\u00e9 charg\u00e9 de r\u00e9nover l\u2019ancien palais baroque et de le convertir en l\u2019actuel Palau Fugit. Le d\u00e9fi consistait \u00e0 conserver l\u2019\u00e2me originale du b\u00e2timent, en \u00e9tablissant un dialogue entre l\u2019histoire et la modernit\u00e9, la ville et le calme, le vert et la pierre, les espaces publics et priv\u00e9s. Le travail qui en r\u00e9sulte\u2026 Il faut en faire l\u2019exp\u00e9rience.  \t\t\t\t\t\t\t\t<\/div>\n\t\t\t\t<\/div>\n\t\t\t\t\t<\/div>\n\t\t\t\t<\/div>\n\t\t<div class=\"elementor-element elementor-element-5bc014f e-flex e-con-boxed elementor-invisible e-con e-child\" data-id=\"5bc014f\" data-element_type=\"container\" data-e-type=\"container\" data-settings=\"{&quot;animation&quot;:&quot;fadeInUp&quot;}\">\n\t\t\t\t\t<div class=\"e-con-inner\">\n\t\t<div class=\"elementor-element elementor-element-0cbd5f4 e-con-full e-flex e-con e-child\" data-id=\"0cbd5f4\" data-element_type=\"container\" data-e-type=\"container\" data-settings=\"{&quot;background_background&quot;:&quot;classic&quot;,&quot;animation&quot;:&quot;none&quot;}\">\n\t\t\t\t<\/div>\n\t\t<div class=\"elementor-element elementor-element-cfd61a2 e-con-full e-flex e-con e-child\" data-id=\"cfd61a2\" data-element_type=\"container\" data-e-type=\"container\">\n\t\t\t\t<div class=\"elementor-element elementor-element-7664b3a elementor-widget elementor-widget-heading\" data-id=\"7664b3a\" data-element_type=\"widget\" data-e-type=\"widget\" data-settings=\"{&quot;_animation&quot;:&quot;none&quot;}\" data-widget_type=\"heading.default\">\n\t\t\t\t\t<h3 class=\"elementor-heading-title elementor-size-default\">Oliver Franz Schmidt, Natali Canas del Pozo et Lucas Echeveste Lacy, El Equipo Creativo<\/h3>\t\t\t\t<\/div>\n\t\t\t\t<div class=\"elementor-element elementor-element-5a0a644 elementor-widget elementor-widget-text-editor\" data-id=\"5a0a644\" data-element_type=\"widget\" data-e-type=\"widget\" data-settings=\"{&quot;_animation&quot;:&quot;none&quot;}\" data-widget_type=\"text-editor.default\">\n\t\t\t\t\t\t\t\t\tDesign int\u00e9rieur\n\t\t\t\t\t\t\t\t<\/div>\n\t\t\t\t<div class=\"elementor-element elementor-element-bc97aba elementor-widget elementor-widget-text-editor\" data-id=\"bc97aba\" data-element_type=\"widget\" data-e-type=\"widget\" data-settings=\"{&quot;_animation&quot;:&quot;none&quot;}\" data-widget_type=\"text-editor.default\">\n\t\t\t\t\t\t\t\t\t<p>El Equipo Creativo est un studio d\u2019architecture d\u2019int\u00e9rieur sp\u00e9cialis\u00e9 dans le secteur h\u00f4telier qui a remport\u00e9 de nombreux prix. En jouant avec des \u00e9l\u00e9ments de l\u2019architecture d\u2019origine et des \u00e9l\u00e9ments contemporains, ils ont con\u00e7u les diff\u00e9rents espaces du palais, r\u00e9ussissant \u00e0 cr\u00e9er un int\u00e9rieur \u00e9l\u00e9gant et accueillant, mais en m\u00eame temps frais et d\u00e9contract\u00e9.  <\/p>\t\t\t\t\t\t\t\t<\/div>\n\t\t\t\t<\/div>\n\t\t\t\t\t<\/div>\n\t\t\t\t<\/div>\n\t\t\t\t<\/div>\n\t\t<div class=\"elementor-element elementor-element-5b4d552 e-con-full elementor-hidden-desktop e-flex e-con e-parent\" data-id=\"5b4d552\" data-element_type=\"container\" data-e-type=\"container\" data-settings=\"{&quot;background_background&quot;:&quot;classic&quot;,&quot;animation&quot;:&quot;none&quot;}\">\n\t\t<div class=\"elementor-element elementor-element-bccb7a8 e-flex e-con-boxed elementor-invisible e-con e-child\" data-id=\"bccb7a8\" data-element_type=\"container\" data-e-type=\"container\" data-settings=\"{&quot;animation&quot;:&quot;fadeInUp&quot;}\">\n\t\t\t\t\t<div class=\"e-con-inner\">\n\t\t<div class=\"elementor-element elementor-element-16131f9 e-con-full e-flex e-con e-child\" data-id=\"16131f9\" data-element_type=\"container\" data-e-type=\"container\" data-settings=\"{&quot;background_background&quot;:&quot;classic&quot;}\">\n\t\t\t\t<\/div>\n\t\t<div class=\"elementor-element elementor-element-96d9238 e-con-full e-flex e-con e-child\" data-id=\"96d9238\" data-element_type=\"container\" data-e-type=\"container\">\n\t\t\t\t<div class=\"elementor-element elementor-element-10ac68d elementor-widget elementor-widget-heading\" data-id=\"10ac68d\" data-element_type=\"widget\" data-e-type=\"widget\" data-settings=\"{&quot;_animation&quot;:&quot;none&quot;}\" data-widget_type=\"heading.default\">\n\t\t\t\t\t<h3 class=\"elementor-heading-title elementor-size-default\">Frederic Amat, artiste conceptuel<\/h3>\t\t\t\t<\/div>\n\t\t\t\t<div class=\"elementor-element elementor-element-4827fe2 elementor-widget elementor-widget-text-editor\" data-id=\"4827fe2\" data-element_type=\"widget\" data-e-type=\"widget\" data-settings=\"{&quot;_animation&quot;:&quot;none&quot;}\" data-widget_type=\"text-editor.default\">\n\t\t\t\t\t\t\t\t\tFont de Garotes\t\t\t\t\t\t\t\t<\/div>\n\t\t\t\t<div class=\"elementor-element elementor-element-8475286 elementor-widget elementor-widget-text-editor\" data-id=\"8475286\" data-element_type=\"widget\" data-e-type=\"widget\" data-settings=\"{&quot;_animation&quot;:&quot;none&quot;}\" data-widget_type=\"text-editor.default\">\n\t\t\t\t\t\t\t\t\tLe c\u00e9l\u00e8bre artiste catalan est le cr\u00e9ateur de la Font de Garotes, situ\u00e9e dans le Pati du palais. Cette sculpture, haute de pr\u00e8s de trois m\u00e8tres et compos\u00e9e de sept pi\u00e8ces de c\u00e9ramique, est le r\u00e9sultat d\u2019une intuition profonde de l\u2019artiste lorsqu\u2019il a vu le Pati pour la premi\u00e8re fois. Les c\u00e9ramiques ont \u00e9t\u00e9 \u00e9maill\u00e9es et travaill\u00e9es dans les ateliers de la Fundaci\u00f3 Lloren\u00e7 Artigas \u00e0 Gallifa et le r\u00e9sultat final est le joyau du palais : la Font de Garotes.   \t\t\t\t\t\t\t\t<\/div>\n\t\t\t\t<\/div>\n\t\t\t\t\t<\/div>\n\t\t\t\t<\/div>\n\t\t<div class=\"elementor-element elementor-element-1e77024 e-flex e-con-boxed elementor-invisible e-con e-child\" data-id=\"1e77024\" data-element_type=\"container\" data-e-type=\"container\" data-settings=\"{&quot;animation&quot;:&quot;fadeInUp&quot;}\">\n\t\t\t\t\t<div class=\"e-con-inner\">\n\t\t<div class=\"elementor-element elementor-element-4c40459 e-con-full e-flex e-con e-child\" data-id=\"4c40459\" data-element_type=\"container\" data-e-type=\"container\" data-settings=\"{&quot;background_background&quot;:&quot;classic&quot;,&quot;animation&quot;:&quot;none&quot;}\">\n\t\t\t\t<\/div>\n\t\t<div class=\"elementor-element elementor-element-6b2eab8 e-con-full e-flex e-con e-child\" data-id=\"6b2eab8\" data-element_type=\"container\" data-e-type=\"container\">\n\t\t\t\t<div class=\"elementor-element elementor-element-63d2db8 elementor-widget elementor-widget-heading\" data-id=\"63d2db8\" data-element_type=\"widget\" data-e-type=\"widget\" data-settings=\"{&quot;_animation&quot;:&quot;none&quot;}\" data-widget_type=\"heading.default\">\n\t\t\t\t\t<h3 class=\"elementor-heading-title elementor-size-default\">Dani Isern, Isern Associats<\/h3>\t\t\t\t<\/div>\n\t\t\t\t<div class=\"elementor-element elementor-element-d13f8dc elementor-widget elementor-widget-text-editor\" data-id=\"d13f8dc\" data-element_type=\"widget\" data-e-type=\"widget\" data-settings=\"{&quot;_animation&quot;:&quot;none&quot;}\" data-widget_type=\"text-editor.default\">\n\t\t\t\t\t\t\t\t\tR\u00e9forme architectonique\t\t\t\t\t\t\t\t<\/div>\n\t\t\t\t<div class=\"elementor-element elementor-element-b8c0f29 elementor-widget elementor-widget-text-editor\" data-id=\"b8c0f29\" data-element_type=\"widget\" data-e-type=\"widget\" data-settings=\"{&quot;_animation&quot;:&quot;none&quot;}\" data-widget_type=\"text-editor.default\">\n\t\t\t\t\t\t\t\t\tCe studio d\u2019architecture et de design ind\u00e9pendant et distingu\u00e9 a \u00e9t\u00e9 charg\u00e9 de r\u00e9nover l\u2019ancien palais baroque et de le convertir en l\u2019actuel Palau Fugit. Le d\u00e9fi consistait \u00e0 conserver l\u2019\u00e2me originale du b\u00e2timent, en \u00e9tablissant un dialogue entre l\u2019histoire et la modernit\u00e9, la ville et le calme, le vert et la pierre, les espaces publics et priv\u00e9s. Le travail qui en r\u00e9sulte\u2026 Il faut en faire l\u2019exp\u00e9rience.  \t\t\t\t\t\t\t\t<\/div>\n\t\t\t\t<\/div>\n\t\t\t\t\t<\/div>\n\t\t\t\t<\/div>\n\t\t\t\t<\/div>\n\t\t<div class=\"elementor-element elementor-element-d2798e1 e-con-full elementor-hidden-desktop e-flex e-con e-parent\" data-id=\"d2798e1\" data-element_type=\"container\" data-e-type=\"container\" data-settings=\"{&quot;background_background&quot;:&quot;classic&quot;,&quot;animation&quot;:&quot;none&quot;}\">\n\t\t<div class=\"elementor-element elementor-element-93b3400 e-flex e-con-boxed elementor-invisible e-con e-child\" data-id=\"93b3400\" data-element_type=\"container\" data-e-type=\"container\" data-settings=\"{&quot;animation&quot;:&quot;fadeInUp&quot;}\">\n\t\t\t\t\t<div class=\"e-con-inner\">\n\t\t<div class=\"elementor-element elementor-element-78d49be e-con-full e-flex e-con e-child\" data-id=\"78d49be\" data-element_type=\"container\" data-e-type=\"container\" data-settings=\"{&quot;background_background&quot;:&quot;classic&quot;,&quot;animation&quot;:&quot;none&quot;}\">\n\t\t\t\t<\/div>\n\t\t<div class=\"elementor-element elementor-element-9b7c3c6 e-con-full e-flex e-con e-child\" data-id=\"9b7c3c6\" data-element_type=\"container\" data-e-type=\"container\">\n\t\t\t\t<div class=\"elementor-element elementor-element-e30c308 elementor-widget elementor-widget-heading\" data-id=\"e30c308\" data-element_type=\"widget\" data-e-type=\"widget\" data-settings=\"{&quot;_animation&quot;:&quot;none&quot;}\" data-widget_type=\"heading.default\">\n\t\t\t\t\t<h3 class=\"elementor-heading-title elementor-size-default\">Oliver Franz Schmidt, Natali Canas del Pozo et Lucas Echeveste Lacy, El Equipo Creativo<\/h3>\t\t\t\t<\/div>\n\t\t\t\t<div class=\"elementor-element elementor-element-7017dc2 elementor-widget elementor-widget-text-editor\" data-id=\"7017dc2\" data-element_type=\"widget\" data-e-type=\"widget\" data-settings=\"{&quot;_animation&quot;:&quot;none&quot;}\" data-widget_type=\"text-editor.default\">\n\t\t\t\t\t\t\t\t\tDesign int\u00e9rieur\n\t\t\t\t\t\t\t\t<\/div>\n\t\t\t\t<div class=\"elementor-element elementor-element-1f4f851 elementor-widget elementor-widget-text-editor\" data-id=\"1f4f851\" data-element_type=\"widget\" data-e-type=\"widget\" data-settings=\"{&quot;_animation&quot;:&quot;none&quot;}\" data-widget_type=\"text-editor.default\">\n\t\t\t\t\t\t\t\t\t<p>El Equipo Creativo est un studio d\u2019architecture d\u2019int\u00e9rieur sp\u00e9cialis\u00e9 dans le secteur h\u00f4telier qui a remport\u00e9 de nombreux prix. En jouant avec des \u00e9l\u00e9ments de l\u2019architecture d\u2019origine et des \u00e9l\u00e9ments contemporains, ils ont con\u00e7u les diff\u00e9rents espaces du palais, r\u00e9ussissant \u00e0 cr\u00e9er un int\u00e9rieur \u00e9l\u00e9gant et accueillant, mais en m\u00eame temps frais et d\u00e9contract\u00e9.  <\/p>\t\t\t\t\t\t\t\t<\/div>\n\t\t\t\t<\/div>\n\t\t\t\t\t<\/div>\n\t\t\t\t<\/div>\n\t\t<div class=\"elementor-element elementor-element-485ffde e-flex e-con-boxed elementor-invisible e-con e-child\" data-id=\"485ffde\" data-element_type=\"container\" data-e-type=\"container\" data-settings=\"{&quot;animation&quot;:&quot;fadeInUp&quot;}\">\n\t\t\t\t\t<div class=\"e-con-inner\">\n\t\t<div class=\"elementor-element elementor-element-bd6c86e e-con-full e-flex e-con e-child\" data-id=\"bd6c86e\" data-element_type=\"container\" data-e-type=\"container\" data-settings=\"{&quot;background_background&quot;:&quot;classic&quot;}\">\n\t\t\t\t<\/div>\n\t\t<div class=\"elementor-element elementor-element-4354616 e-con-full e-flex e-con e-child\" data-id=\"4354616\" data-element_type=\"container\" data-e-type=\"container\">\n\t\t\t\t<div class=\"elementor-element elementor-element-19b97ea elementor-widget elementor-widget-heading\" data-id=\"19b97ea\" data-element_type=\"widget\" data-e-type=\"widget\" data-settings=\"{&quot;_animation&quot;:&quot;none&quot;}\" data-widget_type=\"heading.default\">\n\t\t\t\t\t<h3 class=\"elementor-heading-title elementor-size-default\">Ivon Reijers, Olively<\/h3>\t\t\t\t<\/div>\n\t\t\t\t<div class=\"elementor-element elementor-element-519f3b0 elementor-widget elementor-widget-text-editor\" data-id=\"519f3b0\" data-element_type=\"widget\" data-e-type=\"widget\" data-settings=\"{&quot;_animation&quot;:&quot;none&quot;}\" data-widget_type=\"text-editor.default\">\n\t\t\t\t\t\t\t\t\tProduits de bain naturels\t\t\t\t\t\t\t\t<\/div>\n\t\t\t\t<div class=\"elementor-element elementor-element-d521314 elementor-widget elementor-widget-text-editor\" data-id=\"d521314\" data-element_type=\"widget\" data-e-type=\"widget\" data-settings=\"{&quot;_animation&quot;:&quot;none&quot;}\" data-widget_type=\"text-editor.default\">\n\t\t\t\t\t\t\t\t\t<p>Olively est une entreprise locale de produits naturels \u00e0 base d\u2019huile d\u2019olive produite dans l\u2019Alt Empord\u00e0. Les multiples bienfaits qu\u2019elle apporte \u00e0 la peau, la haute qualit\u00e9 de ses ingr\u00e9dients et son processus de production \u00e9thique et durable co\u00efncident parfaitement avec les valeurs de Palau Fugit. Pour toutes ces raisons, vous trouverez ses produits dans toutes les chambres de l\u2019h\u00f4tel.  <\/p>\t\t\t\t\t\t\t\t<\/div>\n\t\t\t\t<\/div>\n\t\t\t\t\t<\/div>\n\t\t\t\t<\/div>\n\t\t\t\t<\/div>\n\t\t<div class=\"elementor-element elementor-element-4d82e96 e-con-full elementor-hidden-tablet elementor-hidden-mobile e-flex e-con e-parent\" data-id=\"4d82e96\" data-element_type=\"container\" data-e-type=\"container\" data-settings=\"{&quot;background_background&quot;:&quot;classic&quot;,&quot;animation&quot;:&quot;none&quot;}\">\n\t\t<div class=\"elementor-element elementor-element-8610acc e-flex e-con-boxed elementor-invisible e-con e-child\" data-id=\"8610acc\" data-element_type=\"container\" data-e-type=\"container\" data-settings=\"{&quot;animation&quot;:&quot;fadeInUp&quot;}\">\n\t\t\t\t\t<div class=\"e-con-inner\">\n\t\t<div class=\"elementor-element elementor-element-702b1f7 e-con-full e-flex e-con e-child\" data-id=\"702b1f7\" data-element_type=\"container\" data-e-type=\"container\" data-settings=\"{&quot;background_background&quot;:&quot;classic&quot;}\">\n\t\t\t\t<\/div>\n\t\t<div class=\"elementor-element elementor-element-9ca7aed e-con-full e-flex e-con e-child\" data-id=\"9ca7aed\" data-element_type=\"container\" data-e-type=\"container\">\n\t\t\t\t<div class=\"elementor-element elementor-element-bdbf8a5 elementor-widget elementor-widget-heading\" data-id=\"bdbf8a5\" data-element_type=\"widget\" data-e-type=\"widget\" data-settings=\"{&quot;_animation&quot;:&quot;none&quot;}\" data-widget_type=\"heading.default\">\n\t\t\t\t\t<h3 class=\"elementor-heading-title elementor-size-default\">Ivon Reijers, Olively<\/h3>\t\t\t\t<\/div>\n\t\t\t\t<div class=\"elementor-element elementor-element-d24a6f9 elementor-widget elementor-widget-text-editor\" data-id=\"d24a6f9\" data-element_type=\"widget\" data-e-type=\"widget\" data-settings=\"{&quot;_animation&quot;:&quot;none&quot;}\" data-widget_type=\"text-editor.default\">\n\t\t\t\t\t\t\t\t\tProduits de bain naturels\t\t\t\t\t\t\t\t<\/div>\n\t\t\t\t<div class=\"elementor-element elementor-element-1c00c82 elementor-widget elementor-widget-text-editor\" data-id=\"1c00c82\" data-element_type=\"widget\" data-e-type=\"widget\" data-settings=\"{&quot;_animation&quot;:&quot;none&quot;}\" data-widget_type=\"text-editor.default\">\n\t\t\t\t\t\t\t\t\t<p>Olively est une entreprise locale de produits naturels \u00e0 base d\u2019huile d\u2019olive produite dans l\u2019Alt Empord\u00e0. Les multiples bienfaits qu\u2019elle apporte \u00e0 la peau, la haute qualit\u00e9 de ses ingr\u00e9dients et son processus de production \u00e9thique et durable co\u00efncident parfaitement avec les valeurs de Palau Fugit. Pour toutes ces raisons, vous trouverez ses produits dans toutes les chambres de l\u2019h\u00f4tel.  <\/p>\t\t\t\t\t\t\t\t<\/div>\n\t\t\t\t<\/div>\n\t\t\t\t\t<\/div>\n\t\t\t\t<\/div>\n\t\t<div class=\"elementor-element elementor-element-4817041 e-flex e-con-boxed elementor-invisible e-con e-child\" data-id=\"4817041\" data-element_type=\"container\" data-e-type=\"container\" data-settings=\"{&quot;animation&quot;:&quot;fadeInUp&quot;}\">\n\t\t\t\t\t<div class=\"e-con-inner\">\n\t\t<div class=\"elementor-element elementor-element-d1ab53d e-con-full e-flex e-con e-child\" data-id=\"d1ab53d\" data-element_type=\"container\" data-e-type=\"container\" data-settings=\"{&quot;background_background&quot;:&quot;classic&quot;,&quot;animation&quot;:&quot;none&quot;}\">\n\t\t\t\t<\/div>\n\t\t<div class=\"elementor-element elementor-element-e15bbd4 e-con-full e-flex e-con e-child\" data-id=\"e15bbd4\" data-element_type=\"container\" data-e-type=\"container\">\n\t\t\t\t<div class=\"elementor-element elementor-element-62e1ff5 elementor-widget elementor-widget-heading\" data-id=\"62e1ff5\" data-element_type=\"widget\" data-e-type=\"widget\" data-settings=\"{&quot;_animation&quot;:&quot;none&quot;}\" data-widget_type=\"heading.default\">\n\t\t\t\t\t<h3 class=\"elementor-heading-title elementor-size-default\">Judith Bern\u00e0cer, My Mother\u2019s Garden<\/h3>\t\t\t\t<\/div>\n\t\t\t\t<div class=\"elementor-element elementor-element-dac6155 elementor-widget elementor-widget-text-editor\" data-id=\"dac6155\" data-element_type=\"widget\" data-e-type=\"widget\" data-settings=\"{&quot;_animation&quot;:&quot;none&quot;}\" data-widget_type=\"text-editor.default\">\n\t\t\t\t\t\t\t\t\tArt floral\t\t\t\t\t\t\t\t<\/div>\n\t\t\t\t<div class=\"elementor-element elementor-element-bfb09eb elementor-widget elementor-widget-text-editor\" data-id=\"bfb09eb\" data-element_type=\"widget\" data-e-type=\"widget\" data-settings=\"{&quot;_animation&quot;:&quot;none&quot;}\" data-widget_type=\"text-editor.default\">\n\t\t\t\t\t\t\t\t\t<p>N\u00e9e \u00e0 G\u00e9rone, cette sp\u00e9cialiste de l\u2019art floral choisit les fleurs dans les diff\u00e9rents espaces du palais pour apporter fra\u00eecheur, couleur et parfum. Et aussi pour rappeler que chaque moment est unique, mais \u00e9ph\u00e9m\u00e8re. Pour elle et pour l\u2019\u00e9quipe de Palau Fugit, il est tr\u00e8s important que les fleurs soient r\u00e9colt\u00e9es tr\u00e8s pr\u00e8s de l\u2019h\u00f4tel, qu\u2019elles se combinent parfaitement avec les pi\u00e8ces de c\u00e9ramique o\u00f9 elles sont plac\u00e9es et qu\u2019elles mettent en valeur l\u2019espace o\u00f9 elles se trouvent.  <\/p>\t\t\t\t\t\t\t\t<\/div>\n\t\t\t\t<\/div>\n\t\t\t\t\t<\/div>\n\t\t\t\t<\/div>\n\t\t<div class=\"elementor-element elementor-element-4d6b0c3 e-flex e-con-boxed elementor-invisible e-con e-child\" data-id=\"4d6b0c3\" data-element_type=\"container\" data-e-type=\"container\" data-settings=\"{&quot;animation&quot;:&quot;fadeInUp&quot;}\">\n\t\t\t\t\t<div class=\"e-con-inner\">\n\t\t<div class=\"elementor-element elementor-element-aadd54b e-con-full e-flex e-con e-child\" data-id=\"aadd54b\" data-element_type=\"container\" data-e-type=\"container\" data-settings=\"{&quot;background_background&quot;:&quot;classic&quot;,&quot;animation&quot;:&quot;none&quot;}\">\n\t\t\t\t<\/div>\n\t\t<div class=\"elementor-element elementor-element-d2c9330 e-con-full e-flex e-con e-child\" data-id=\"d2c9330\" data-element_type=\"container\" data-e-type=\"container\">\n\t\t\t\t<div class=\"elementor-element elementor-element-a7eb4ef elementor-widget elementor-widget-heading\" data-id=\"a7eb4ef\" data-element_type=\"widget\" data-e-type=\"widget\" data-settings=\"{&quot;_animation&quot;:&quot;none&quot;}\" data-widget_type=\"heading.default\">\n\t\t\t\t\t<h3 class=\"elementor-heading-title elementor-size-default\">N\u00faria Gimbernat, artiste<\/h3>\t\t\t\t<\/div>\n\t\t\t\t<div class=\"elementor-element elementor-element-67588fb elementor-widget elementor-widget-text-editor\" data-id=\"67588fb\" data-element_type=\"widget\" data-e-type=\"widget\" data-settings=\"{&quot;_animation&quot;:&quot;none&quot;}\" data-widget_type=\"text-editor.default\">\n\t\t\t\t\t\t\t\t\tPi\u00e8ces en c\u00e9ramique\t\t\t\t\t\t\t\t<\/div>\n\t\t\t\t<div class=\"elementor-element elementor-element-d14541a elementor-widget elementor-widget-text-editor\" data-id=\"d14541a\" data-element_type=\"widget\" data-e-type=\"widget\" data-settings=\"{&quot;_animation&quot;:&quot;none&quot;}\" data-widget_type=\"text-editor.default\">\n\t\t\t\t\t\t\t\t\t<p>Tout au long de sa carri\u00e8re, N\u00faria Gimbernat s\u2019est inspir\u00e9e de sa ville natale, G\u00e9rone. C\u2019est \u00e9galement le cas pour la conception de toutes les pi\u00e8ces en c\u00e9ramique du palais. Travaillant chacune d\u2019entre elles \u00e0 la main, elle a pens\u00e9 \u00e0 chaque d\u00e9tail de ses cr\u00e9ations pour qu\u2019elles transmettent la puret\u00e9 et se compl\u00e8tent parfaitement avec les autres \u00e9l\u00e9ments de l\u2019espace.  <\/p>\t\t\t\t\t\t\t\t<\/div>\n\t\t\t\t<\/div>\n\t\t\t\t\t<\/div>\n\t\t\t\t<\/div>\n\t\t\t\t<\/div>\n\t\t<div class=\"elementor-element elementor-element-e7adfc8 e-con-full elementor-hidden-desktop e-flex e-con e-parent\" data-id=\"e7adfc8\" data-element_type=\"container\" data-e-type=\"container\" data-settings=\"{&quot;background_background&quot;:&quot;classic&quot;,&quot;animation&quot;:&quot;none&quot;}\">\n\t\t<div class=\"elementor-element elementor-element-5618690 e-flex e-con-boxed elementor-invisible e-con e-child\" data-id=\"5618690\" data-element_type=\"container\" data-e-type=\"container\" data-settings=\"{&quot;animation&quot;:&quot;fadeInUp&quot;}\">\n\t\t\t\t\t<div class=\"e-con-inner\">\n\t\t<div class=\"elementor-element elementor-element-70d6c90 e-con-full e-flex e-con e-child\" data-id=\"70d6c90\" data-element_type=\"container\" data-e-type=\"container\" data-settings=\"{&quot;background_background&quot;:&quot;classic&quot;,&quot;animation&quot;:&quot;none&quot;}\">\n\t\t\t\t<\/div>\n\t\t<div class=\"elementor-element elementor-element-63db777 e-con-full e-flex e-con e-child\" data-id=\"63db777\" data-element_type=\"container\" data-e-type=\"container\">\n\t\t\t\t<div class=\"elementor-element elementor-element-c696626 elementor-widget elementor-widget-heading\" data-id=\"c696626\" data-element_type=\"widget\" data-e-type=\"widget\" data-settings=\"{&quot;_animation&quot;:&quot;none&quot;}\" data-widget_type=\"heading.default\">\n\t\t\t\t\t<h3 class=\"elementor-heading-title elementor-size-default\">Judith Bern\u00e0cer, My Mother\u2019s Garden<\/h3>\t\t\t\t<\/div>\n\t\t\t\t<div class=\"elementor-element elementor-element-2d2bf77 elementor-widget elementor-widget-text-editor\" data-id=\"2d2bf77\" data-element_type=\"widget\" data-e-type=\"widget\" data-settings=\"{&quot;_animation&quot;:&quot;none&quot;}\" data-widget_type=\"text-editor.default\">\n\t\t\t\t\t\t\t\t\tArt floral\t\t\t\t\t\t\t\t<\/div>\n\t\t\t\t<div class=\"elementor-element elementor-element-c4e218b elementor-widget elementor-widget-text-editor\" data-id=\"c4e218b\" data-element_type=\"widget\" data-e-type=\"widget\" data-settings=\"{&quot;_animation&quot;:&quot;none&quot;}\" data-widget_type=\"text-editor.default\">\n\t\t\t\t\t\t\t\t\t<p>N\u00e9e \u00e0 G\u00e9rone, cette sp\u00e9cialiste de l\u2019art floral choisit les fleurs dans les diff\u00e9rents espaces du palais pour apporter fra\u00eecheur, couleur et parfum. Et aussi pour rappeler que chaque moment est unique, mais \u00e9ph\u00e9m\u00e8re. Pour elle et pour l\u2019\u00e9quipe de Palau Fugit, il est tr\u00e8s important que les fleurs soient r\u00e9colt\u00e9es tr\u00e8s pr\u00e8s de l\u2019h\u00f4tel, qu\u2019elles se combinent parfaitement avec les pi\u00e8ces de c\u00e9ramique o\u00f9 elles sont plac\u00e9es et qu\u2019elles mettent en valeur l\u2019espace o\u00f9 elles se trouvent.  <\/p>\t\t\t\t\t\t\t\t<\/div>\n\t\t\t\t<\/div>\n\t\t\t\t\t<\/div>\n\t\t\t\t<\/div>\n\t\t<div class=\"elementor-element elementor-element-e319007 e-flex e-con-boxed elementor-invisible e-con e-child\" data-id=\"e319007\" data-element_type=\"container\" data-e-type=\"container\" data-settings=\"{&quot;animation&quot;:&quot;fadeInUp&quot;}\">\n\t\t\t\t\t<div class=\"e-con-inner\">\n\t\t<div class=\"elementor-element elementor-element-849429b e-con-full e-flex e-con e-child\" data-id=\"849429b\" data-element_type=\"container\" data-e-type=\"container\" data-settings=\"{&quot;background_background&quot;:&quot;classic&quot;,&quot;animation&quot;:&quot;none&quot;}\">\n\t\t\t\t<\/div>\n\t\t<div class=\"elementor-element elementor-element-a38f260 e-con-full e-flex e-con e-child\" data-id=\"a38f260\" data-element_type=\"container\" data-e-type=\"container\">\n\t\t\t\t<div class=\"elementor-element elementor-element-83f2d0d elementor-widget elementor-widget-heading\" data-id=\"83f2d0d\" data-element_type=\"widget\" data-e-type=\"widget\" data-settings=\"{&quot;_animation&quot;:&quot;none&quot;}\" data-widget_type=\"heading.default\">\n\t\t\t\t\t<h3 class=\"elementor-heading-title elementor-size-default\">N\u00faria Gimbernat, artiste<\/h3>\t\t\t\t<\/div>\n\t\t\t\t<div class=\"elementor-element elementor-element-c593725 elementor-widget elementor-widget-text-editor\" data-id=\"c593725\" data-element_type=\"widget\" data-e-type=\"widget\" data-settings=\"{&quot;_animation&quot;:&quot;none&quot;}\" data-widget_type=\"text-editor.default\">\n\t\t\t\t\t\t\t\t\tPi\u00e8ces en c\u00e9ramique\t\t\t\t\t\t\t\t<\/div>\n\t\t\t\t<div class=\"elementor-element elementor-element-dcb58ec elementor-widget elementor-widget-text-editor\" data-id=\"dcb58ec\" data-element_type=\"widget\" data-e-type=\"widget\" data-settings=\"{&quot;_animation&quot;:&quot;none&quot;}\" data-widget_type=\"text-editor.default\">\n\t\t\t\t\t\t\t\t\t<p>Tout au long de sa carri\u00e8re, N\u00faria Gimbernat s\u2019est inspir\u00e9e de sa ville natale, G\u00e9rone. C\u2019est \u00e9galement le cas pour la conception de toutes les pi\u00e8ces en c\u00e9ramique du palais. Travaillant chacune d\u2019entre elles \u00e0 la main, elle a pens\u00e9 \u00e0 chaque d\u00e9tail de ses cr\u00e9ations pour qu\u2019elles transmettent la puret\u00e9 et se compl\u00e8tent parfaitement avec les autres \u00e9l\u00e9ments de l\u2019espace.  <\/p>\t\t\t\t\t\t\t\t<\/div>\n\t\t\t\t<\/div>\n\t\t\t\t\t<\/div>\n\t\t\t\t<\/div>\n\t\t\t\t<\/div>\n\t\t<div class=\"elementor-element elementor-element-937f40d e-con-full elementor-hidden-tablet elementor-hidden-mobile e-flex e-con e-parent\" data-id=\"937f40d\" data-element_type=\"container\" data-e-type=\"container\" data-settings=\"{&quot;background_background&quot;:&quot;classic&quot;,&quot;animation&quot;:&quot;none&quot;}\">\n\t\t<div class=\"elementor-element elementor-element-e82e1e0 e-flex e-con-boxed elementor-invisible e-con e-child\" data-id=\"e82e1e0\" data-element_type=\"container\" data-e-type=\"container\" data-settings=\"{&quot;animation&quot;:&quot;fadeInUp&quot;}\">\n\t\t\t\t\t<div class=\"e-con-inner\">\n\t\t<div class=\"elementor-element elementor-element-c6d53f3 e-con-full e-flex e-con e-child\" data-id=\"c6d53f3\" data-element_type=\"container\" data-e-type=\"container\" data-settings=\"{&quot;background_background&quot;:&quot;classic&quot;}\">\n\t\t\t\t<\/div>\n\t\t<div class=\"elementor-element elementor-element-b259597 e-con-full e-flex e-con e-child\" data-id=\"b259597\" data-element_type=\"container\" data-e-type=\"container\">\n\t\t\t\t<div class=\"elementor-element elementor-element-241029e elementor-widget elementor-widget-heading\" data-id=\"241029e\" data-element_type=\"widget\" data-e-type=\"widget\" data-settings=\"{&quot;_animation&quot;:&quot;none&quot;}\" data-widget_type=\"heading.default\">\n\t\t\t\t\t<h3 class=\"elementor-heading-title elementor-size-default\">Montse Nart, Shizen\u2019na<\/h3>\t\t\t\t<\/div>\n\t\t\t\t<div class=\"elementor-element elementor-element-1912285 elementor-widget elementor-widget-text-editor\" data-id=\"1912285\" data-element_type=\"widget\" data-e-type=\"widget\" data-settings=\"{&quot;_animation&quot;:&quot;none&quot;}\" data-widget_type=\"text-editor.default\">\n\t\t\t\t\t\t\t\t\tAr\u00f4me de Palau Fugit\t\t\t\t\t\t\t\t<\/div>\n\t\t\t\t<div class=\"elementor-element elementor-element-07374db elementor-widget elementor-widget-text-editor\" data-id=\"07374db\" data-element_type=\"widget\" data-e-type=\"widget\" data-settings=\"{&quot;_animation&quot;:&quot;none&quot;}\" data-widget_type=\"text-editor.default\">\n\t\t\t\t\t\t\t\t\tL\u2019aromatologue et parfumeuse Montse Nart, de l\u2019entreprise locale Shizen\u2019na, a une longue exp\u00e9rience et un go\u00fbt exquis dans la cr\u00e9ation de parfums et l\u2019aromatisation des espaces. Avec l\u2019\u00e9quipe de Palau Fugit, elle a cr\u00e9\u00e9 le parfum de l\u2019h\u00f4tel, un parfum naturel et \u00e9quilibr\u00e9 aux senteurs des terres de G\u00e9rone. Il s\u2019agit d\u2019un parfum bois\u00e9 et floral qui repr\u00e9sente les racines du palais.   \t\t\t\t\t\t\t\t<\/div>\n\t\t\t\t<\/div>\n\t\t\t\t\t<\/div>\n\t\t\t\t<\/div>\n\t\t<div class=\"elementor-element elementor-element-d52e324 e-flex e-con-boxed elementor-invisible e-con e-child\" data-id=\"d52e324\" data-element_type=\"container\" data-e-type=\"container\" data-settings=\"{&quot;animation&quot;:&quot;fadeInUp&quot;}\">\n\t\t\t\t\t<div class=\"e-con-inner\">\n\t\t<div class=\"elementor-element elementor-element-161e9e9 e-con-full e-flex e-con e-child\" data-id=\"161e9e9\" data-element_type=\"container\" data-e-type=\"container\" data-settings=\"{&quot;background_background&quot;:&quot;classic&quot;,&quot;animation&quot;:&quot;none&quot;}\">\n\t\t\t\t<\/div>\n\t\t<div class=\"elementor-element elementor-element-d4cbc53 e-con-full e-flex e-con e-child\" data-id=\"d4cbc53\" data-element_type=\"container\" data-e-type=\"container\">\n\t\t\t\t<div class=\"elementor-element elementor-element-0edaea9 elementor-widget elementor-widget-heading\" data-id=\"0edaea9\" data-element_type=\"widget\" data-e-type=\"widget\" data-settings=\"{&quot;_animation&quot;:&quot;none&quot;}\" data-widget_type=\"heading.default\">\n\t\t\t\t\t<h3 class=\"elementor-heading-title elementor-size-default\">Sonia Est\u00e9vez, illustratrice<\/h3>\t\t\t\t<\/div>\n\t\t\t\t<div class=\"elementor-element elementor-element-ee99a44 elementor-widget elementor-widget-text-editor\" data-id=\"ee99a44\" data-element_type=\"widget\" data-e-type=\"widget\" data-settings=\"{&quot;_animation&quot;:&quot;none&quot;}\" data-widget_type=\"text-editor.default\">\n\t\t\t\t\t\t\t\t\tIllustrations\t\t\t\t\t\t\t\t<\/div>\n\t\t\t\t<div class=\"elementor-element elementor-element-5cab76f elementor-widget elementor-widget-text-editor\" data-id=\"5cab76f\" data-element_type=\"widget\" data-e-type=\"widget\" data-settings=\"{&quot;_animation&quot;:&quot;none&quot;}\" data-widget_type=\"text-editor.default\">\n\t\t\t\t\t\t\t\t\t<p>N\u00e9e dans l\u2019Empord\u00e0, Sonia Est\u00e9vez a dessin\u00e9 les illustrations que l\u2019on trouve dans diff\u00e9rents recoins du palais. Elle y r\u00e9fl\u00e9chit \u00e0 la fugacit\u00e9 du temps et au besoin de vivre \u00ab ici et maintenant \u00bb. Elle montre \u00e9galement que, bien que le temps passe, Palau Fugit vous invite \u00e0 vous arr\u00eater un instant et \u00e0 en profiter.  <\/p>\t\t\t\t\t\t\t\t<\/div>\n\t\t\t\t<\/div>\n\t\t\t\t\t<\/div>\n\t\t\t\t<\/div>\n\t\t<div class=\"elementor-element elementor-element-abe25b7 e-flex e-con-boxed elementor-invisible e-con e-child\" data-id=\"abe25b7\" data-element_type=\"container\" data-e-type=\"container\" data-settings=\"{&quot;animation&quot;:&quot;fadeInUp&quot;}\">\n\t\t\t\t\t<div class=\"e-con-inner\">\n\t\t<div class=\"elementor-element elementor-element-edee993 e-con-full e-flex e-con e-child\" data-id=\"edee993\" data-element_type=\"container\" data-e-type=\"container\" data-settings=\"{&quot;background_background&quot;:&quot;classic&quot;,&quot;animation&quot;:&quot;none&quot;}\">\n\t\t\t\t<\/div>\n\t\t<div class=\"elementor-element elementor-element-da50564 e-con-full e-flex e-con e-child\" data-id=\"da50564\" data-element_type=\"container\" data-e-type=\"container\">\n\t\t\t\t<div class=\"elementor-element elementor-element-d71f654 elementor-widget elementor-widget-heading\" data-id=\"d71f654\" data-element_type=\"widget\" data-e-type=\"widget\" data-settings=\"{&quot;_animation&quot;:&quot;none&quot;}\" data-widget_type=\"heading.default\">\n\t\t\t\t\t<h3 class=\"elementor-heading-title elementor-size-default\">Joana Santamans<\/h3>\t\t\t\t<\/div>\n\t\t\t\t<div class=\"elementor-element elementor-element-841289f elementor-widget elementor-widget-text-editor\" data-id=\"841289f\" data-element_type=\"widget\" data-e-type=\"widget\" data-settings=\"{&quot;_animation&quot;:&quot;none&quot;}\" data-widget_type=\"text-editor.default\">\n\t\t\t\t\t\t\t\t\tPeintures murales\t\t\t\t\t\t\t\t<\/div>\n\t\t\t\t<div class=\"elementor-element elementor-element-984a401 elementor-widget elementor-widget-text-editor\" data-id=\"984a401\" data-element_type=\"widget\" data-e-type=\"widget\" data-settings=\"{&quot;_animation&quot;:&quot;none&quot;}\" data-widget_type=\"text-editor.default\">\n\t\t\t\t\t\t\t\t\t<p>Cette peintre, illustratrice et directrice artistique observe les plantes et les arbres comme une naturaliste professionnelle. Elle a travaill\u00e9 sur de grands projets \u00e0 Londres, New York et San Francisco, mais vit actuellement entre Barcelone et l\u2019Empord\u00e0. \u00c0 Palau Fugit, elle a peint les murs de l\u2019h\u00f4tel avec des peintures murales d\u2019arbres, de plantes et de fleurs typiques de la r\u00e9gion de G\u00e9rone.  <\/p>\t\t\t\t\t\t\t\t<\/div>\n\t\t\t\t<\/div>\n\t\t\t\t\t<\/div>\n\t\t\t\t<\/div>\n\t\t\t\t<\/div>\n\t\t<div class=\"elementor-element elementor-element-5ec57e3 e-con-full elementor-hidden-desktop e-flex e-con e-parent\" data-id=\"5ec57e3\" data-element_type=\"container\" data-e-type=\"container\" data-settings=\"{&quot;background_background&quot;:&quot;classic&quot;,&quot;animation&quot;:&quot;none&quot;}\">\n\t\t<div class=\"elementor-element elementor-element-0b66889 e-flex e-con-boxed elementor-invisible e-con e-child\" data-id=\"0b66889\" data-element_type=\"container\" data-e-type=\"container\" data-settings=\"{&quot;animation&quot;:&quot;fadeInUp&quot;}\">\n\t\t\t\t\t<div class=\"e-con-inner\">\n\t\t<div class=\"elementor-element elementor-element-fc06712 e-con-full e-flex e-con e-child\" data-id=\"fc06712\" data-element_type=\"container\" data-e-type=\"container\" data-settings=\"{&quot;background_background&quot;:&quot;classic&quot;}\">\n\t\t\t\t<\/div>\n\t\t<div class=\"elementor-element elementor-element-e495cc2 e-con-full e-flex e-con e-child\" data-id=\"e495cc2\" data-element_type=\"container\" data-e-type=\"container\">\n\t\t\t\t<div class=\"elementor-element elementor-element-a0ffa99 elementor-widget elementor-widget-heading\" data-id=\"a0ffa99\" data-element_type=\"widget\" data-e-type=\"widget\" data-settings=\"{&quot;_animation&quot;:&quot;none&quot;}\" data-widget_type=\"heading.default\">\n\t\t\t\t\t<h3 class=\"elementor-heading-title elementor-size-default\">Montse Nart, Shizen\u2019na<\/h3>\t\t\t\t<\/div>\n\t\t\t\t<div class=\"elementor-element elementor-element-2f06e51 elementor-widget elementor-widget-text-editor\" data-id=\"2f06e51\" data-element_type=\"widget\" data-e-type=\"widget\" data-settings=\"{&quot;_animation&quot;:&quot;none&quot;}\" data-widget_type=\"text-editor.default\">\n\t\t\t\t\t\t\t\t\tAr\u00f4me de Palau Fugit\t\t\t\t\t\t\t\t<\/div>\n\t\t\t\t<div class=\"elementor-element elementor-element-a258d81 elementor-widget elementor-widget-text-editor\" data-id=\"a258d81\" data-element_type=\"widget\" data-e-type=\"widget\" data-settings=\"{&quot;_animation&quot;:&quot;none&quot;}\" data-widget_type=\"text-editor.default\">\n\t\t\t\t\t\t\t\t\tL\u2019aromatologue et parfumeuse Montse Nart, de l\u2019entreprise locale Shizen\u2019na, a une longue exp\u00e9rience et un go\u00fbt exquis dans la cr\u00e9ation de parfums et l\u2019aromatisation des espaces. Avec l\u2019\u00e9quipe de Palau Fugit, elle a cr\u00e9\u00e9 le parfum de l\u2019h\u00f4tel, un parfum naturel et \u00e9quilibr\u00e9 aux senteurs des terres de G\u00e9rone. Il s\u2019agit d\u2019un parfum bois\u00e9 et floral qui repr\u00e9sente les racines du palais.   \t\t\t\t\t\t\t\t<\/div>\n\t\t\t\t<\/div>\n\t\t\t\t\t<\/div>\n\t\t\t\t<\/div>\n\t\t<div class=\"elementor-element elementor-element-5d754a1 e-flex e-con-boxed elementor-invisible e-con e-child\" data-id=\"5d754a1\" data-element_type=\"container\" data-e-type=\"container\" data-settings=\"{&quot;animation&quot;:&quot;fadeInUp&quot;}\">\n\t\t\t\t\t<div class=\"e-con-inner\">\n\t\t<div class=\"elementor-element elementor-element-ff73557 e-con-full e-flex e-con e-child\" data-id=\"ff73557\" data-element_type=\"container\" data-e-type=\"container\" data-settings=\"{&quot;background_background&quot;:&quot;classic&quot;,&quot;animation&quot;:&quot;none&quot;}\">\n\t\t\t\t<\/div>\n\t\t<div class=\"elementor-element elementor-element-1dcfb30 e-con-full e-flex e-con e-child\" data-id=\"1dcfb30\" data-element_type=\"container\" data-e-type=\"container\">\n\t\t\t\t<div class=\"elementor-element elementor-element-b0bdca6 elementor-widget elementor-widget-heading\" data-id=\"b0bdca6\" data-element_type=\"widget\" data-e-type=\"widget\" data-settings=\"{&quot;_animation&quot;:&quot;none&quot;}\" data-widget_type=\"heading.default\">\n\t\t\t\t\t<h3 class=\"elementor-heading-title elementor-size-default\">Sonia Est\u00e9vez, illustratrice<\/h3>\t\t\t\t<\/div>\n\t\t\t\t<div class=\"elementor-element elementor-element-f818c63 elementor-widget elementor-widget-text-editor\" data-id=\"f818c63\" data-element_type=\"widget\" data-e-type=\"widget\" data-settings=\"{&quot;_animation&quot;:&quot;none&quot;}\" data-widget_type=\"text-editor.default\">\n\t\t\t\t\t\t\t\t\tIllustrations\t\t\t\t\t\t\t\t<\/div>\n\t\t\t\t<div class=\"elementor-element elementor-element-a4ad412 elementor-widget elementor-widget-text-editor\" data-id=\"a4ad412\" data-element_type=\"widget\" data-e-type=\"widget\" data-settings=\"{&quot;_animation&quot;:&quot;none&quot;}\" data-widget_type=\"text-editor.default\">\n\t\t\t\t\t\t\t\t\t<p>N\u00e9e dans l\u2019Empord\u00e0, Sonia Est\u00e9vez a dessin\u00e9 les illustrations que l\u2019on trouve dans diff\u00e9rents recoins du palais. Elle y r\u00e9fl\u00e9chit \u00e0 la fugacit\u00e9 du temps et au besoin de vivre \u00ab ici et maintenant \u00bb. Elle montre \u00e9galement que, bien que le temps passe, Palau Fugit vous invite \u00e0 vous arr\u00eater un instant et \u00e0 en profiter.  <\/p>\t\t\t\t\t\t\t\t<\/div>\n\t\t\t\t<\/div>\n\t\t\t\t\t<\/div>\n\t\t\t\t<\/div>\n\t\t\t\t<\/div>\n\t\t<div class=\"elementor-element elementor-element-7bb1338 e-con-full elementor-hidden-tablet elementor-hidden-mobile e-flex e-con e-parent\" data-id=\"7bb1338\" data-element_type=\"container\" data-e-type=\"container\" data-settings=\"{&quot;background_background&quot;:&quot;classic&quot;,&quot;animation&quot;:&quot;none&quot;}\">\n\t\t<div class=\"elementor-element elementor-element-d57f926 e-flex e-con-boxed elementor-invisible e-con e-child\" data-id=\"d57f926\" data-element_type=\"container\" data-e-type=\"container\" data-settings=\"{&quot;animation&quot;:&quot;fadeInUp&quot;}\">\n\t\t\t\t\t<div class=\"e-con-inner\">\n\t\t<div class=\"elementor-element elementor-element-f2781d1 e-con-full e-flex elementor-invisible e-con e-child\" data-id=\"f2781d1\" data-element_type=\"container\" data-e-type=\"container\" data-settings=\"{&quot;background_background&quot;:&quot;classic&quot;,&quot;animation&quot;:&quot;fadeInUp&quot;}\">\n\t\t\t\t<\/div>\n\t\t<div class=\"elementor-element elementor-element-ce16295 e-con-full e-flex e-con e-child\" data-id=\"ce16295\" data-element_type=\"container\" data-e-type=\"container\">\n\t\t\t\t<div class=\"elementor-element elementor-element-13e3c28 elementor-widget elementor-widget-heading\" data-id=\"13e3c28\" data-element_type=\"widget\" data-e-type=\"widget\" data-settings=\"{&quot;_animation&quot;:&quot;none&quot;}\" data-widget_type=\"heading.default\">\n\t\t\t\t\t<h3 class=\"elementor-heading-title elementor-size-default\">Firma, agence de branding et d\u2019innovation<\/h3>\t\t\t\t<\/div>\n\t\t\t\t<div class=\"elementor-element elementor-element-3c4b75a elementor-widget elementor-widget-text-editor\" data-id=\"3c4b75a\" data-element_type=\"widget\" data-e-type=\"widget\" data-settings=\"{&quot;_animation&quot;:&quot;none&quot;}\" data-widget_type=\"text-editor.default\">\n\t\t\t\t\t\t\t\t\tCr\u00e9ation de la marque Palau Fugit\t\t\t\t\t\t\t\t<\/div>\n\t\t\t\t<div class=\"elementor-element elementor-element-8e21d42 elementor-widget elementor-widget-text-editor\" data-id=\"8e21d42\" data-element_type=\"widget\" data-e-type=\"widget\" data-settings=\"{&quot;_animation&quot;:&quot;none&quot;}\" data-widget_type=\"text-editor.default\">\n\t\t\t\t\t\t\t\t\tFirma travaille depuis longtemps pour de prestigieuses marques locales et internationales, de grandes entreprises \u00e0 des startups et des projets d\u2019auteur. D\u00e8s le d\u00e9but, elle a travaill\u00e9 en \u00e9troite collaboration avec l\u2019\u00e9quipe de l\u2019h\u00f4tel pour cr\u00e9er la marque Palau Fugit : le nom, la strat\u00e9gie de communication, ce site Web et l\u2019identit\u00e9 visuelle et verbale des multiples supports de communication. \t\t\t\t\t\t\t\t<\/div>\n\t\t\t\t<\/div>\n\t\t\t\t\t<\/div>\n\t\t\t\t<\/div>\n\t\t<div class=\"elementor-element elementor-element-6f87edb e-flex e-con-boxed elementor-invisible e-con e-child\" data-id=\"6f87edb\" data-element_type=\"container\" data-e-type=\"container\" data-settings=\"{&quot;animation&quot;:&quot;fadeInUp&quot;}\">\n\t\t\t\t\t<div class=\"e-con-inner\">\n\t\t\t\t\t<\/div>\n\t\t\t\t<\/div>\n\t\t<div class=\"elementor-element elementor-element-4882dd8 e-flex e-con-boxed elementor-invisible e-con e-child\" data-id=\"4882dd8\" data-element_type=\"container\" data-e-type=\"container\" data-settings=\"{&quot;animation&quot;:&quot;fadeInUp&quot;}\">\n\t\t\t\t\t<div class=\"e-con-inner\">\n\t\t\t\t\t<\/div>\n\t\t\t\t<\/div>\n\t\t\t\t<\/div>\n\t\t<div class=\"elementor-element elementor-element-3573800 e-con-full elementor-hidden-desktop e-flex e-con e-parent\" data-id=\"3573800\" data-element_type=\"container\" data-e-type=\"container\" data-settings=\"{&quot;background_background&quot;:&quot;classic&quot;,&quot;animation&quot;:&quot;none&quot;}\">\n\t\t<div class=\"elementor-element elementor-element-b866aa7 e-flex e-con-boxed elementor-invisible e-con e-child\" data-id=\"b866aa7\" data-element_type=\"container\" data-e-type=\"container\" data-settings=\"{&quot;animation&quot;:&quot;fadeInUp&quot;}\">\n\t\t\t\t\t<div class=\"e-con-inner\">\n\t\t<div class=\"elementor-element elementor-element-ec9f9d3 e-con-full e-flex e-con e-child\" data-id=\"ec9f9d3\" data-element_type=\"container\" data-e-type=\"container\" data-settings=\"{&quot;background_background&quot;:&quot;classic&quot;,&quot;animation&quot;:&quot;none&quot;}\">\n\t\t\t\t<\/div>\n\t\t<div class=\"elementor-element elementor-element-7852438 e-con-full e-flex e-con e-child\" data-id=\"7852438\" data-element_type=\"container\" data-e-type=\"container\">\n\t\t\t\t<div class=\"elementor-element elementor-element-5836666 elementor-widget elementor-widget-heading\" data-id=\"5836666\" data-element_type=\"widget\" data-e-type=\"widget\" data-settings=\"{&quot;_animation&quot;:&quot;none&quot;}\" data-widget_type=\"heading.default\">\n\t\t\t\t\t<h3 class=\"elementor-heading-title elementor-size-default\">Joana Santamans<\/h3>\t\t\t\t<\/div>\n\t\t\t\t<div class=\"elementor-element elementor-element-7c330b4 elementor-widget elementor-widget-text-editor\" data-id=\"7c330b4\" data-element_type=\"widget\" data-e-type=\"widget\" data-settings=\"{&quot;_animation&quot;:&quot;none&quot;}\" data-widget_type=\"text-editor.default\">\n\t\t\t\t\t\t\t\t\tPeintures murales\t\t\t\t\t\t\t\t<\/div>\n\t\t\t\t<div class=\"elementor-element elementor-element-1dc0d61 elementor-widget elementor-widget-text-editor\" data-id=\"1dc0d61\" data-element_type=\"widget\" data-e-type=\"widget\" data-settings=\"{&quot;_animation&quot;:&quot;none&quot;}\" data-widget_type=\"text-editor.default\">\n\t\t\t\t\t\t\t\t\t<p>Cette peintre, illustratrice et directrice artistique observe les plantes et les arbres comme une naturaliste professionnelle. Elle a travaill\u00e9 sur de grands projets \u00e0 Londres, New York et San Francisco, mais vit actuellement entre Barcelone et l\u2019Empord\u00e0. \u00c0 Palau Fugit, elle a peint les murs de l\u2019h\u00f4tel avec des peintures murales d\u2019arbres, de plantes et de fleurs typiques de la r\u00e9gion de G\u00e9rone.  <\/p>\t\t\t\t\t\t\t\t<\/div>\n\t\t\t\t<\/div>\n\t\t\t\t\t<\/div>\n\t\t\t\t<\/div>\n\t\t<div class=\"elementor-element elementor-element-2333478 e-flex e-con-boxed elementor-invisible e-con e-child\" data-id=\"2333478\" data-element_type=\"container\" data-e-type=\"container\" data-settings=\"{&quot;animation&quot;:&quot;fadeInUp&quot;}\">\n\t\t\t\t\t<div class=\"e-con-inner\">\n\t\t<div class=\"elementor-element elementor-element-6f7450f e-con-full e-flex e-con e-child\" data-id=\"6f7450f\" data-element_type=\"container\" data-e-type=\"container\" data-settings=\"{&quot;background_background&quot;:&quot;classic&quot;}\">\n\t\t\t\t<\/div>\n\t\t<div class=\"elementor-element elementor-element-ea20f64 e-con-full e-flex e-con e-child\" data-id=\"ea20f64\" data-element_type=\"container\" data-e-type=\"container\">\n\t\t\t\t<div class=\"elementor-element elementor-element-a5dc8d2 elementor-widget elementor-widget-heading\" data-id=\"a5dc8d2\" data-element_type=\"widget\" data-e-type=\"widget\" data-settings=\"{&quot;_animation&quot;:&quot;none&quot;}\" data-widget_type=\"heading.default\">\n\t\t\t\t\t<h3 class=\"elementor-heading-title elementor-size-default\">Firma, agence de branding et d\u2019innovation<\/h3>\t\t\t\t<\/div>\n\t\t\t\t<div class=\"elementor-element elementor-element-037de25 elementor-widget elementor-widget-text-editor\" data-id=\"037de25\" data-element_type=\"widget\" data-e-type=\"widget\" data-settings=\"{&quot;_animation&quot;:&quot;none&quot;}\" data-widget_type=\"text-editor.default\">\n\t\t\t\t\t\t\t\t\tCr\u00e9ation de la marque Palau Fugit\t\t\t\t\t\t\t\t<\/div>\n\t\t\t\t<div class=\"elementor-element elementor-element-8e90b9a elementor-widget elementor-widget-text-editor\" data-id=\"8e90b9a\" data-element_type=\"widget\" data-e-type=\"widget\" data-settings=\"{&quot;_animation&quot;:&quot;none&quot;}\" data-widget_type=\"text-editor.default\">\n\t\t\t\t\t\t\t\t\tFirma travaille depuis longtemps pour de prestigieuses marques locales et internationales, de grandes entreprises \u00e0 des startups et des projets d\u2019auteur. D\u00e8s le d\u00e9but, elle a travaill\u00e9 en \u00e9troite collaboration avec l\u2019\u00e9quipe de l\u2019h\u00f4tel pour cr\u00e9er la marque Palau Fugit : le nom, la strat\u00e9gie de communication, ce site Web et l\u2019identit\u00e9 visuelle et verbale des multiples supports de communication. \t\t\t\t\t\t\t\t<\/div>\n\t\t\t\t<\/div>\n\t\t\t\t\t<\/div>\n\t\t\t\t<\/div>\n\t\t\t\t<\/div>\n\t\t\t\t<\/div>\n\t\t","protected":false},"excerpt":{"rendered":"<p>D\u2019un palais du XVIIIe si\u00e8cle \u00e0 un espace ouvert \u00e0 l\u2019art, \u00e0 la nature, aux traditions, \u00e0 G\u00e9rone, au monde et \u00e0 vous. Un espace o\u00f9 vous pouvez vous \u00e9vader et profiter de toutes ces petites choses qui vous remplissent, qui font de votre vie une vie pleine. Situ\u00e9 au c\u0153ur du Barri Vell de [&hellip;]<\/p>\n","protected":false},"author":1,"featured_media":0,"parent":0,"menu_order":0,"comment_status":"closed","ping_status":"closed","template":"elementor_header_footer","meta":{"_acf_changed":false,"inline_featured_image":false,"footnotes":""},"class_list":["post-14641","page","type-page","status-publish","hentry"],"acf":[],"yoast_head":"<!-- This site is optimized with the Yoast SEO plugin v27.4 - https:\/\/yoast.com\/product\/yoast-seo-wordpress\/ -->\n<title>\u00c0 propos de nous - Palau Fugit Hotel<\/title>\n<meta name=\"description\" content=\"Situ\u00e9 au c\u0153ur du Barri Vell de G\u00e9rone, le Palau Fugit est un ancien palais baroque du XVIIIe si\u00e8cle.\" \/>\n<meta name=\"robots\" content=\"noindex, follow, max-snippet:-1, max-image-preview:large, max-video-preview:-1\" \/>\n<meta property=\"og:locale\" content=\"fr_FR\" \/>\n<meta property=\"og:type\" content=\"article\" \/>\n<meta property=\"og:title\" content=\"\u00c0 propos de nous - Palau Fugit Hotel\" \/>\n<meta property=\"og:description\" content=\"Situ\u00e9 au c\u0153ur du Barri Vell de G\u00e9rone, le Palau Fugit est un ancien palais baroque du XVIIIe si\u00e8cle.\" \/>\n<meta property=\"og:url\" content=\"https:\/\/ficam.cat\/fr\/a-propos-de-nous\/\" \/>\n<meta property=\"og:site_name\" content=\"Palau Fugit\" \/>\n<meta property=\"article:modified_time\" content=\"2026-04-14T15:13:11+00:00\" \/>\n<meta property=\"og:image\" content=\"https:\/\/ficam.cat\/wp-content\/uploads\/2026\/02\/detalle_3-scaled-1.jpg\" \/>\n\t<meta property=\"og:image:width\" content=\"1920\" \/>\n\t<meta property=\"og:image:height\" content=\"2560\" \/>\n\t<meta property=\"og:image:type\" content=\"image\/jpeg\" \/>\n<meta name=\"twitter:card\" content=\"summary_large_image\" \/>\n<meta name=\"twitter:label1\" content=\"Dur\u00e9e de lecture estim\u00e9e\" \/>\n\t<meta name=\"twitter:data1\" content=\"9 minutes\" \/>\n<script type=\"application\/ld+json\" class=\"yoast-schema-graph\">{\"@context\":\"https:\\\/\\\/schema.org\",\"@graph\":[{\"@type\":\"WebPage\",\"@id\":\"https:\\\/\\\/ficam.cat\\\/fr\\\/a-propos-de-nous\\\/\",\"url\":\"https:\\\/\\\/ficam.cat\\\/fr\\\/a-propos-de-nous\\\/\",\"name\":\"\u00c0 propos de nous - Palau Fugit Hotel\",\"isPartOf\":{\"@id\":\"https:\\\/\\\/ficam.cat\\\/fr\\\/#website\"},\"primaryImageOfPage\":{\"@id\":\"https:\\\/\\\/ficam.cat\\\/fr\\\/a-propos-de-nous\\\/#primaryimage\"},\"image\":{\"@id\":\"https:\\\/\\\/ficam.cat\\\/fr\\\/a-propos-de-nous\\\/#primaryimage\"},\"thumbnailUrl\":\"https:\\\/\\\/ficam.cat\\\/wp-content\\\/uploads\\\/2026\\\/02\\\/detalle_3-scaled-1.jpg\",\"datePublished\":\"2026-01-26T12:14:41+00:00\",\"dateModified\":\"2026-04-14T15:13:11+00:00\",\"description\":\"Situ\u00e9 au c\u0153ur du Barri Vell de G\u00e9rone, le Palau Fugit est un ancien palais baroque du XVIIIe si\u00e8cle.\",\"breadcrumb\":{\"@id\":\"https:\\\/\\\/ficam.cat\\\/fr\\\/a-propos-de-nous\\\/#breadcrumb\"},\"inLanguage\":\"fr-FR\",\"potentialAction\":[{\"@type\":\"ReadAction\",\"target\":[\"https:\\\/\\\/ficam.cat\\\/fr\\\/a-propos-de-nous\\\/\"]}]},{\"@type\":\"ImageObject\",\"inLanguage\":\"fr-FR\",\"@id\":\"https:\\\/\\\/ficam.cat\\\/fr\\\/a-propos-de-nous\\\/#primaryimage\",\"url\":\"https:\\\/\\\/ficam.cat\\\/wp-content\\\/uploads\\\/2026\\\/02\\\/detalle_3-scaled-1.jpg\",\"contentUrl\":\"https:\\\/\\\/ficam.cat\\\/wp-content\\\/uploads\\\/2026\\\/02\\\/detalle_3-scaled-1.jpg\"},{\"@type\":\"BreadcrumbList\",\"@id\":\"https:\\\/\\\/ficam.cat\\\/fr\\\/a-propos-de-nous\\\/#breadcrumb\",\"itemListElement\":[{\"@type\":\"ListItem\",\"position\":1,\"name\":\"Inici\",\"item\":\"https:\\\/\\\/ficam.cat\\\/fr\\\/accueil\\\/\"},{\"@type\":\"ListItem\",\"position\":2,\"name\":\"\u00c0 propos de nous\"}]},{\"@type\":\"WebSite\",\"@id\":\"https:\\\/\\\/ficam.cat\\\/fr\\\/#website\",\"url\":\"https:\\\/\\\/ficam.cat\\\/fr\\\/\",\"name\":\"Palau Fugit\",\"description\":\"Hotel Boutique en Girona\",\"publisher\":{\"@id\":\"https:\\\/\\\/ficam.cat\\\/fr\\\/#organization\"},\"potentialAction\":[{\"@type\":\"SearchAction\",\"target\":{\"@type\":\"EntryPoint\",\"urlTemplate\":\"https:\\\/\\\/ficam.cat\\\/fr\\\/?s={search_term_string}\"},\"query-input\":{\"@type\":\"PropertyValueSpecification\",\"valueRequired\":true,\"valueName\":\"search_term_string\"}}],\"inLanguage\":\"fr-FR\"},{\"@type\":\"Organization\",\"@id\":\"https:\\\/\\\/ficam.cat\\\/fr\\\/#organization\",\"name\":\"Palau Fugit\",\"url\":\"https:\\\/\\\/ficam.cat\\\/fr\\\/\",\"logo\":{\"@type\":\"ImageObject\",\"inLanguage\":\"fr-FR\",\"@id\":\"https:\\\/\\\/ficam.cat\\\/fr\\\/#\\\/schema\\\/logo\\\/image\\\/\",\"url\":\"https:\\\/\\\/ficam.cat\\\/wp-content\\\/uploads\\\/2026\\\/02\\\/cropped-favicon_palaufugit-favicon.png\",\"contentUrl\":\"https:\\\/\\\/ficam.cat\\\/wp-content\\\/uploads\\\/2026\\\/02\\\/cropped-favicon_palaufugit-favicon.png\",\"width\":512,\"height\":512,\"caption\":\"Palau Fugit\"},\"image\":{\"@id\":\"https:\\\/\\\/ficam.cat\\\/fr\\\/#\\\/schema\\\/logo\\\/image\\\/\"},\"sameAs\":[\"https:\\\/\\\/www.instagram.com\\\/palaufugitgirona\\\/\"]}]}<\/script>\n<!-- \/ Yoast SEO plugin. -->","yoast_head_json":{"title":"\u00c0 propos de nous - Palau Fugit Hotel","description":"Situ\u00e9 au c\u0153ur du Barri Vell de G\u00e9rone, le Palau Fugit est un ancien palais baroque du XVIIIe si\u00e8cle.","robots":{"index":"noindex","follow":"follow","max-snippet":"max-snippet:-1","max-image-preview":"max-image-preview:large","max-video-preview":"max-video-preview:-1"},"og_locale":"fr_FR","og_type":"article","og_title":"\u00c0 propos de nous - Palau Fugit Hotel","og_description":"Situ\u00e9 au c\u0153ur du Barri Vell de G\u00e9rone, le Palau Fugit est un ancien palais baroque du XVIIIe si\u00e8cle.","og_url":"https:\/\/ficam.cat\/fr\/a-propos-de-nous\/","og_site_name":"Palau Fugit","article_modified_time":"2026-04-14T15:13:11+00:00","og_image":[{"width":1920,"height":2560,"url":"https:\/\/ficam.cat\/wp-content\/uploads\/2026\/02\/detalle_3-scaled-1.jpg","type":"image\/jpeg"}],"twitter_card":"summary_large_image","twitter_misc":{"Dur\u00e9e de lecture estim\u00e9e":"9 minutes"},"schema":{"@context":"https:\/\/schema.org","@graph":[{"@type":"WebPage","@id":"https:\/\/ficam.cat\/fr\/a-propos-de-nous\/","url":"https:\/\/ficam.cat\/fr\/a-propos-de-nous\/","name":"\u00c0 propos de nous - Palau Fugit Hotel","isPartOf":{"@id":"https:\/\/ficam.cat\/fr\/#website"},"primaryImageOfPage":{"@id":"https:\/\/ficam.cat\/fr\/a-propos-de-nous\/#primaryimage"},"image":{"@id":"https:\/\/ficam.cat\/fr\/a-propos-de-nous\/#primaryimage"},"thumbnailUrl":"https:\/\/ficam.cat\/wp-content\/uploads\/2026\/02\/detalle_3-scaled-1.jpg","datePublished":"2026-01-26T12:14:41+00:00","dateModified":"2026-04-14T15:13:11+00:00","description":"Situ\u00e9 au c\u0153ur du Barri Vell de G\u00e9rone, le Palau Fugit est un ancien palais baroque du XVIIIe si\u00e8cle.","breadcrumb":{"@id":"https:\/\/ficam.cat\/fr\/a-propos-de-nous\/#breadcrumb"},"inLanguage":"fr-FR","potentialAction":[{"@type":"ReadAction","target":["https:\/\/ficam.cat\/fr\/a-propos-de-nous\/"]}]},{"@type":"ImageObject","inLanguage":"fr-FR","@id":"https:\/\/ficam.cat\/fr\/a-propos-de-nous\/#primaryimage","url":"https:\/\/ficam.cat\/wp-content\/uploads\/2026\/02\/detalle_3-scaled-1.jpg","contentUrl":"https:\/\/ficam.cat\/wp-content\/uploads\/2026\/02\/detalle_3-scaled-1.jpg"},{"@type":"BreadcrumbList","@id":"https:\/\/ficam.cat\/fr\/a-propos-de-nous\/#breadcrumb","itemListElement":[{"@type":"ListItem","position":1,"name":"Inici","item":"https:\/\/ficam.cat\/fr\/accueil\/"},{"@type":"ListItem","position":2,"name":"\u00c0 propos de nous"}]},{"@type":"WebSite","@id":"https:\/\/ficam.cat\/fr\/#website","url":"https:\/\/ficam.cat\/fr\/","name":"Palau Fugit","description":"Hotel Boutique en Girona","publisher":{"@id":"https:\/\/ficam.cat\/fr\/#organization"},"potentialAction":[{"@type":"SearchAction","target":{"@type":"EntryPoint","urlTemplate":"https:\/\/ficam.cat\/fr\/?s={search_term_string}"},"query-input":{"@type":"PropertyValueSpecification","valueRequired":true,"valueName":"search_term_string"}}],"inLanguage":"fr-FR"},{"@type":"Organization","@id":"https:\/\/ficam.cat\/fr\/#organization","name":"Palau Fugit","url":"https:\/\/ficam.cat\/fr\/","logo":{"@type":"ImageObject","inLanguage":"fr-FR","@id":"https:\/\/ficam.cat\/fr\/#\/schema\/logo\/image\/","url":"https:\/\/ficam.cat\/wp-content\/uploads\/2026\/02\/cropped-favicon_palaufugit-favicon.png","contentUrl":"https:\/\/ficam.cat\/wp-content\/uploads\/2026\/02\/cropped-favicon_palaufugit-favicon.png","width":512,"height":512,"caption":"Palau Fugit"},"image":{"@id":"https:\/\/ficam.cat\/fr\/#\/schema\/logo\/image\/"},"sameAs":["https:\/\/www.instagram.com\/palaufugitgirona\/"]}]}},"_links":{"self":[{"href":"https:\/\/ficam.cat\/fr\/wp-json\/wp\/v2\/pages\/14641","targetHints":{"allow":["GET"]}}],"collection":[{"href":"https:\/\/ficam.cat\/fr\/wp-json\/wp\/v2\/pages"}],"about":[{"href":"https:\/\/ficam.cat\/fr\/wp-json\/wp\/v2\/types\/page"}],"author":[{"embeddable":true,"href":"https:\/\/ficam.cat\/fr\/wp-json\/wp\/v2\/users\/1"}],"replies":[{"embeddable":true,"href":"https:\/\/ficam.cat\/fr\/wp-json\/wp\/v2\/comments?post=14641"}],"version-history":[{"count":1,"href":"https:\/\/ficam.cat\/fr\/wp-json\/wp\/v2\/pages\/14641\/revisions"}],"predecessor-version":[{"id":14642,"href":"https:\/\/ficam.cat\/fr\/wp-json\/wp\/v2\/pages\/14641\/revisions\/14642"}],"wp:attachment":[{"href":"https:\/\/ficam.cat\/fr\/wp-json\/wp\/v2\/media?parent=14641"}],"curies":[{"name":"wp","href":"https:\/\/api.w.org\/{rel}","templated":true}]}}