{"id":15007,"date":"2026-01-28T10:56:14","date_gmt":"2026-01-28T10:56:14","guid":{"rendered":"https:\/\/ficam.cat\/la-placeta\/"},"modified":"2026-04-14T15:06:52","modified_gmt":"2026-04-14T15:06:52","slug":"la-placeta","status":"publish","type":"page","link":"https:\/\/ficam.cat\/fr\/la-placeta\/","title":{"rendered":"La Placeta"},"content":{"rendered":"\t\t<div data-elementor-type=\"wp-page\" data-elementor-id=\"15007\" class=\"elementor elementor-15007 elementor-13129\" data-elementor-post-type=\"page\">\n\t\t\t\t<div class=\"elementor-element elementor-element-ca2857d e-con-full e-flex e-con e-parent\" data-id=\"ca2857d\" data-element_type=\"container\" data-e-type=\"container\" data-settings=\"{&quot;background_background&quot;:&quot;classic&quot;}\">\n\t\t\t\t<div class=\"elementor-element elementor-element-7d966b3 elementor-widget elementor-widget-heading\" data-id=\"7d966b3\" data-element_type=\"widget\" data-e-type=\"widget\" data-settings=\"{&quot;_animation&quot;:&quot;none&quot;}\" data-widget_type=\"heading.default\">\n\t\t\t\t\t<h2 class=\"elementor-heading-title elementor-size-default\">La Placeta<\/h2>\t\t\t\t<\/div>\n\t\t\t\t<\/div>\n\t\t<div class=\"elementor-element elementor-element-1145ae0 e-con-full e-flex e-con e-parent\" data-id=\"1145ae0\" data-element_type=\"container\" data-e-type=\"container\" data-settings=\"{&quot;background_background&quot;:&quot;classic&quot;}\">\n\t\t\t\t<\/div>\n\t\t<div class=\"elementor-element elementor-element-2a0a006 e-con-full e-flex e-con e-parent\" data-id=\"2a0a006\" data-element_type=\"container\" data-e-type=\"container\" data-settings=\"{&quot;background_background&quot;:&quot;classic&quot;}\">\n\t\t<div class=\"elementor-element elementor-element-ceefc1e e-con-full e-flex elementor-invisible e-con e-child\" data-id=\"ceefc1e\" data-element_type=\"container\" data-e-type=\"container\" data-settings=\"{&quot;animation&quot;:&quot;fadeInUp&quot;}\">\n\t\t\t\t<div class=\"elementor-element elementor-element-adb4e40 elementor-widget elementor-widget-heading\" data-id=\"adb4e40\" data-element_type=\"widget\" data-e-type=\"widget\" data-settings=\"{&quot;_animation&quot;:&quot;none&quot;}\" data-widget_type=\"heading.default\">\n\t\t\t\t\t<h2 class=\"elementor-heading-title elementor-size-default\">La vie du palais commence<br>sur la Placeta<\/h2>\t\t\t\t<\/div>\n\t\t\t\t<div class=\"elementor-element elementor-element-b4bc96a elementor-widget elementor-widget-text-editor\" data-id=\"b4bc96a\" data-element_type=\"widget\" data-e-type=\"widget\" data-settings=\"{&quot;_animation&quot;:&quot;none&quot;}\" data-widget_type=\"text-editor.default\">\n\t\t\t\t\t\t\t\t\t<p>Les places sont des lieux pour discuter, rire, prendre un caf\u00e9 ou manger de bonnes tapas. Et la Placeta est exactement cela, la place de Palau Fugit, un espace polyvalent et lumineux, ouvert aux h\u00f4tes, aux visiteurs et aux habitants. Ouverte \u00e0 vous.  <\/p><p>Venez pour vous d\u00e9tendre, socialiser, fer el toc* ou simplement vivre l\u2019exp\u00e9rience.<\/p>\t\t\t\t\t\t\t\t<\/div>\n\t\t\t\t<\/div>\n\t\t<div class=\"elementor-element elementor-element-1391c63 e-con-full e-flex elementor-invisible e-con e-child\" data-id=\"1391c63\" data-element_type=\"container\" data-e-type=\"container\" data-settings=\"{&quot;animation&quot;:&quot;fadeInUp&quot;}\">\n\t\t\t\t<div class=\"elementor-element elementor-element-4fbd5ef elementor-widget elementor-widget-heading\" data-id=\"4fbd5ef\" data-element_type=\"widget\" data-e-type=\"widget\" data-widget_type=\"heading.default\">\n\t\t\t\t\t<h3 class=\"elementor-heading-title elementor-size-default\">CONTACT<\/h3>\t\t\t\t<\/div>\n\t\t\t\t<div class=\"elementor-element elementor-element-86e2866 elementor-align-start iconesrodones underli elementor-icon-list--layout-traditional elementor-list-item-link-full_width elementor-widget elementor-widget-icon-list\" data-id=\"86e2866\" data-element_type=\"widget\" data-e-type=\"widget\" data-widget_type=\"icon-list.default\">\n\t\t\t\t\t\t\t<ul class=\"elementor-icon-list-items\">\n\t\t\t\t\t\t\t<li class=\"elementor-icon-list-item\">\n\t\t\t\t\t\t\t\t\t\t\t<a href=\"mailto:fb@palaufugit.com\" target=\"_blank\">\n\n\t\t\t\t\t\t\t\t\t\t\t\t<span class=\"elementor-icon-list-icon\">\n\t\t\t\t\t\t\t<svg aria-hidden=\"true\" class=\"e-font-icon-svg e-fas-envelope\" viewBox=\"0 0 512 512\" xmlns=\"http:\/\/www.w3.org\/2000\/svg\"><path d=\"M502.3 190.8c3.9-3.1 9.7-.2 9.7 4.7V400c0 26.5-21.5 48-48 48H48c-26.5 0-48-21.5-48-48V195.6c0-5 5.7-7.8 9.7-4.7 22.4 17.4 52.1 39.5 154.1 113.6 21.1 15.4 56.7 47.8 92.2 47.6 35.7.3 72-32.8 92.3-47.6 102-74.1 131.6-96.3 154-113.7zM256 320c23.2.4 56.6-29.2 73.4-41.4 132.7-96.3 142.8-104.7 173.4-128.7 5.8-4.5 9.2-11.5 9.2-18.9v-19c0-26.5-21.5-48-48-48H48C21.5 64 0 85.5 0 112v19c0 7.4 3.4 14.3 9.2 18.9 30.6 23.9 40.7 32.4 173.4 128.7 16.8 12.2 50.2 41.8 73.4 41.4z\"><\/path><\/svg>\t\t\t\t\t\t<\/span>\n\t\t\t\t\t\t\t\t\t\t<span class=\"elementor-icon-list-text\">hola@palaufugit.com<\/span>\n\t\t\t\t\t\t\t\t\t\t\t<\/a>\n\t\t\t\t\t\t\t\t\t<\/li>\n\t\t\t\t\t\t<\/ul>\n\t\t\t\t\t\t<\/div>\n\t\t\t\t<\/div>\n\t\t\t\t<\/div>\n\t\t<div class=\"elementor-element elementor-element-0a2352c e-con-full e-flex e-con e-parent\" data-id=\"0a2352c\" data-element_type=\"container\" data-e-type=\"container\" data-settings=\"{&quot;background_background&quot;:&quot;classic&quot;}\">\n\t\t<div class=\"elementor-element elementor-element-c3ee8dd e-con-full e-flex e-con e-child\" data-id=\"c3ee8dd\" data-element_type=\"container\" data-e-type=\"container\">\n\t\t\t\t<div class=\"elementor-element elementor-element-1055673 elementor-widget elementor-widget-image\" data-id=\"1055673\" data-element_type=\"widget\" data-e-type=\"widget\" data-widget_type=\"image.default\">\n\t\t\t\t\t\t\t\t\t\t\t\t\t\t\t<img fetchpriority=\"high\" decoding=\"async\" width=\"2560\" height=\"1920\" src=\"https:\/\/ficam.cat\/wp-content\/uploads\/2026\/02\/placeta_2-scaled-1.jpg\" class=\"attachment-full size-full wp-image-15005\" alt=\"\" srcset=\"https:\/\/ficam.cat\/wp-content\/uploads\/2026\/02\/placeta_2-scaled-1.jpg 2560w, https:\/\/ficam.cat\/wp-content\/uploads\/2026\/02\/placeta_2-scaled-1-300x225.jpg 300w, https:\/\/ficam.cat\/wp-content\/uploads\/2026\/02\/placeta_2-scaled-1-1024x768.jpg 1024w, https:\/\/ficam.cat\/wp-content\/uploads\/2026\/02\/placeta_2-scaled-1-768x576.jpg 768w, https:\/\/ficam.cat\/wp-content\/uploads\/2026\/02\/placeta_2-scaled-1-1536x1152.jpg 1536w, https:\/\/ficam.cat\/wp-content\/uploads\/2026\/02\/placeta_2-scaled-1-2048x1536.jpg 2048w\" sizes=\"(max-width: 2560px) 100vw, 2560px\" \/>\t\t\t\t\t\t\t\t\t\t\t\t\t\t\t<\/div>\n\t\t\t\t<\/div>\n\t\t<div class=\"elementor-element elementor-element-8144a25 e-con-full e-flex e-con e-child\" data-id=\"8144a25\" data-element_type=\"container\" data-e-type=\"container\">\n\t\t\t\t<div class=\"elementor-element elementor-element-34d5547 elementor-widget elementor-widget-image\" data-id=\"34d5547\" data-element_type=\"widget\" data-e-type=\"widget\" data-widget_type=\"image.default\">\n\t\t\t\t\t\t\t\t\t\t\t\t\t\t\t<img decoding=\"async\" width=\"830\" height=\"1024\" src=\"https:\/\/ficam.cat\/wp-content\/uploads\/2026\/02\/placeta-menu-830x1024-1.jpg\" class=\"attachment-full size-full wp-image-15006\" alt=\"\" srcset=\"https:\/\/ficam.cat\/wp-content\/uploads\/2026\/02\/placeta-menu-830x1024-1.jpg 830w, https:\/\/ficam.cat\/wp-content\/uploads\/2026\/02\/placeta-menu-830x1024-1-243x300.jpg 243w, https:\/\/ficam.cat\/wp-content\/uploads\/2026\/02\/placeta-menu-830x1024-1-768x948.jpg 768w\" sizes=\"(max-width: 830px) 100vw, 830px\" \/>\t\t\t\t\t\t\t\t\t\t\t\t\t\t\t<\/div>\n\t\t<div class=\"elementor-element elementor-element-df122f5 e-con-full e-flex e-con e-child\" data-id=\"df122f5\" data-element_type=\"container\" data-e-type=\"container\">\n\t\t\t\t<div class=\"elementor-element elementor-element-e9e62a8 elementor-widget elementor-widget-text-editor\" data-id=\"e9e62a8\" data-element_type=\"widget\" data-e-type=\"widget\" data-settings=\"{&quot;_animation&quot;:&quot;none&quot;}\" data-widget_type=\"text-editor.default\">\n\t\t\t\t\t\t\t\t\tLa Placeta accueille \u00e9galement diff\u00e9rentes exp\u00e9riences culturelles. Pour conna\u00eetre celles qui sont organis\u00e9es pendant votre s\u00e9jour, rendez-vous sur nos r\u00e9seaux sociaux <a style=\"color: #ff8855; text-transform: uppercase;\" href=\"https:\/\/www.instagram.com\/palaufugitgirona\">@hotelpalaufugit<\/a> \t\t\t\t\t\t\t\t<\/div>\n\t\t\t\t<\/div>\n\t\t\t\t<\/div>\n\t\t\t\t<\/div>\n\t\t<div class=\"elementor-element elementor-element-26d35ad e-con-full e-flex e-con e-parent\" data-id=\"26d35ad\" data-element_type=\"container\" data-e-type=\"container\" data-settings=\"{&quot;background_background&quot;:&quot;classic&quot;}\">\n\t\t<div class=\"elementor-element elementor-element-28fb125 e-con-full e-flex e-con e-child\" data-id=\"28fb125\" data-element_type=\"container\" data-e-type=\"container\">\n\t\t\t\t<div class=\"elementor-element elementor-element-5805b01 elementor-hidden-desktop elementor-hidden-tablet elementor-widget elementor-widget-heading\" data-id=\"5805b01\" data-element_type=\"widget\" data-e-type=\"widget\" data-widget_type=\"heading.default\">\n\t\t\t\t\t<h2 class=\"elementor-heading-title elementor-size-default\">Manger et boire<\/h2>\t\t\t\t<\/div>\n\t\t\t\t<div class=\"elementor-element elementor-element-0f93ffe elementor-widget elementor-widget-html\" data-id=\"0f93ffe\" data-element_type=\"widget\" data-e-type=\"widget\" data-widget_type=\"html.default\">\n\t\t\t\t\t<script>(function($) {\r\n    $(window).on('load', function() {\r\n        var $slider = $('#slider-esquerra');\r\n        var $columnes = $('.columna-interactiva');\r\n\r\n        function initSincroDoble() {\r\n            var swiperContainer = $slider.find('.elementor-main-swiper');\r\n            if (!swiperContainer.length) {\r\n                setTimeout(initSincroDoble, 500);\r\n                return;\r\n            }\r\n            \r\n            var swiperInstance = swiperContainer.data('swiper');\r\n            if (!swiperInstance) return;\r\n\r\n            function activarElement(index) {\r\n                swiperInstance.slideToLoop(index);\r\n                actualitzaVisual(index);\r\n            }\r\n\r\n            \/\/ HOVER per a ordinadors (PC)\r\n            $columnes.on('mouseenter', function() {\r\n                var index = treureIndex($(this));\r\n                activarElement(index);\r\n            });\r\n\r\n            \/\/ CLIC\/TAP per a tots els dispositius\r\n            $columnes.on('click', function(e) {\r\n                \/\/ Detectem si \u00e9s tablet o m\u00f2bil (amplada inferior a 1025px, est\u00e0ndard d'Elementor)\r\n                if (window.innerWidth < 1025) {\r\n                    \/\/ Aturem el link completament\r\n                    e.preventDefault();\r\n                    e.stopPropagation();\r\n                }\r\n\r\n                var index = treureIndex($(this));\r\n                activarElement(index);\r\n            });\r\n\r\n            \/\/ Tamb\u00e9 bloquegem els links interns (t\u00edtols <a>) en m\u00f2bil per seguretat extra\r\n            $columnes.find('a').on('click', function(e) {\r\n                if (window.innerWidth < 1025) {\r\n                    e.preventDefault();\r\n                }\r\n            });\r\n\r\n            swiperInstance.on('slideChange', function() {\r\n                actualitzaVisual(swiperInstance.realIndex);\r\n            });\r\n\r\n            function treureIndex($el) {\r\n                var classList = $el.attr('class').split(\/\\s+\/);\r\n                var index = 0;\r\n                $.each(classList, function(i, v) {\r\n                    if (v.indexOf('col-') === 0) {\r\n                        index = parseInt(v.split('-')[1]);\r\n                    }\r\n                });\r\n                return index;\r\n            }\r\n\r\n            function actualitzaVisual(index) {\r\n                $columnes.removeClass('activa');\r\n                $('.columna-interactiva.col-' + index).addClass('activa');\r\n            }\r\n\r\n            actualitzaVisual(0);\r\n        }\r\n\r\n        initSincroDoble();\r\n    });\r\n})(jQuery);\r\n<\/script>\t\t\t\t<\/div>\n\t\t\t\t<div class=\"elementor-element elementor-element-c9ea7a3 elementor--h-position-center elementor--v-position-middle elementor-widget elementor-widget-slides\" data-id=\"c9ea7a3\" data-element_type=\"widget\" data-e-type=\"widget\" id=\"slider-esquerra\" data-settings=\"{&quot;navigation&quot;:&quot;none&quot;,&quot;infinite&quot;:&quot;yes&quot;,&quot;transition&quot;:&quot;slide&quot;,&quot;transition_speed&quot;:500}\" data-widget_type=\"slides.default\">\n\t\t\t\t\t\t\t\t\t\t<div class=\"elementor-slides-wrapper elementor-main-swiper swiper\" role=\"region\" aria-roledescription=\"carousel\" aria-label=\"Slides\" dir=\"ltr\" data-animation=\"fadeInUp\">\n\t\t\t\t<div class=\"swiper-wrapper elementor-slides\">\n\t\t\t\t\t\t\t\t\t\t<div class=\"elementor-repeater-item-a72b7af swiper-slide\" role=\"group\" aria-roledescription=\"slide\"><div class=\"swiper-slide-bg\" role=\"img\" aria-label=\"casa-heras_eat\"><\/div><div class=\"elementor-background-overlay\"><\/div><div class=\"swiper-slide-inner\" ><div class=\"swiper-slide-contents\"><\/div><\/div><\/div><div class=\"elementor-repeater-item-c34b0bd swiper-slide\" role=\"group\" aria-roledescription=\"slide\"><div class=\"swiper-slide-bg\" role=\"img\" aria-label=\"gipsy_eat\"><\/div><div class=\"elementor-background-overlay\"><\/div><div class=\"swiper-slide-inner\" ><div class=\"swiper-slide-contents\"><\/div><\/div><\/div><div class=\"elementor-repeater-item-00d75b6 swiper-slide\" role=\"group\" aria-roledescription=\"slide\"><div class=\"swiper-slide-bg\" role=\"img\" aria-label=\"terrat_eat\"><\/div><div class=\"elementor-background-overlay\"><\/div><div class=\"swiper-slide-inner\" ><div class=\"swiper-slide-contents\"><\/div><\/div><\/div>\t\t\t\t<\/div>\n\t\t\t\t\t\t\t\t\t\t\t\t\t\t\t\t\t\t\t\t\t<\/div>\n\t\t\t\t\t\t\t\t<\/div>\n\t\t\t\t<\/div>\n\t\t<div class=\"elementor-element elementor-element-1a1a974 e-con-full e-flex e-con e-child\" data-id=\"1a1a974\" data-element_type=\"container\" data-e-type=\"container\">\n\t\t\t\t<div class=\"elementor-element elementor-element-2d40f1b elementor-hidden-mobile elementor-widget elementor-widget-heading\" data-id=\"2d40f1b\" data-element_type=\"widget\" data-e-type=\"widget\" data-widget_type=\"heading.default\">\n\t\t\t\t\t<h2 class=\"elementor-heading-title elementor-size-default\">Manger et boire<\/h2>\t\t\t\t<\/div>\n\t\t<div class=\"elementor-element elementor-element-d2dd3b7 e-con-full e-flex e-con e-child\" data-id=\"d2dd3b7\" data-element_type=\"container\" data-e-type=\"container\">\n\t\t<a class=\"elementor-element elementor-element-51d6075 e-con-full columna-interactiva col-0 e-flex e-con e-child\" data-id=\"51d6075\" data-element_type=\"container\" data-e-type=\"container\" href=\"https:\/\/ficam.cat\/casa-heras\/\">\n\t\t\t\t<div class=\"elementor-element elementor-element-72e89fd elementor-widget__width-auto arrowhov elementor-widget elementor-widget-heading\" data-id=\"72e89fd\" data-element_type=\"widget\" data-e-type=\"widget\" data-widget_type=\"heading.default\">\n\t\t\t\t\t<h3 class=\"elementor-heading-title elementor-size-default\">Casa Heras<\/h3>\t\t\t\t<\/div>\n\t\t\t\t<div class=\"elementor-element elementor-element-be235ac elementor-widget__width-initial text-desplegable elementor-widget elementor-widget-text-editor\" data-id=\"be235ac\" data-element_type=\"widget\" data-e-type=\"widget\" data-settings=\"{&quot;_animation&quot;:&quot;none&quot;}\" data-widget_type=\"text-editor.default\">\n\t\t\t\t\t\t\t\t\t<p>Installez-vous pour le petit-d\u00e9jeuner, le d\u00e9jeuner ou le d\u00eener dans notre restaurant qui sert une cuisine m\u00e9diterran\u00e9enne alliant tradition, modernit\u00e9 et produits locaux frais et de qualit\u00e9. <\/p>\t\t\t\t\t\t\t\t<\/div>\n\t\t\t\t<\/a>\n\t\t<a class=\"elementor-element elementor-element-152c142 e-con-full columna-interactiva col-1 e-flex e-con e-child\" data-id=\"152c142\" data-element_type=\"container\" data-e-type=\"container\" href=\"https:\/\/ficam.cat\/gipsy\/\">\n\t\t\t\t<div class=\"elementor-element elementor-element-c8ca036 elementor-widget__width-auto arrowhov elementor-widget elementor-widget-heading\" data-id=\"c8ca036\" data-element_type=\"widget\" data-e-type=\"widget\" data-widget_type=\"heading.default\">\n\t\t\t\t\t<h3 class=\"elementor-heading-title elementor-size-default\">GIPSY<\/h3>\t\t\t\t<\/div>\n\t\t\t\t<div class=\"elementor-element elementor-element-926c9bb elementor-widget__width-initial text-desplegable elementor-widget elementor-widget-text-editor\" data-id=\"926c9bb\" data-element_type=\"widget\" data-e-type=\"widget\" data-settings=\"{&quot;_animation&quot;:&quot;none&quot;}\" data-widget_type=\"text-editor.default\">\n\t\t\t\t\t\t\t\t\t<p>Savourez les meilleurs cocktails de la ville dans une atmosph\u00e8re d\u00e9tendue et sophistiqu\u00e9e qui vous transportera dans le vieux G\u00e9rone.<\/p>\t\t\t\t\t\t\t\t<\/div>\n\t\t\t\t<\/a>\n\t\t<a class=\"elementor-element elementor-element-0704f47 e-con-full columna-interactiva col-2 e-flex e-con e-child\" data-id=\"0704f47\" data-element_type=\"container\" data-e-type=\"container\" href=\"https:\/\/ficam.cat\/el-terrat\/\">\n\t\t\t\t<div class=\"elementor-element elementor-element-1cb93e8 elementor-widget__width-auto arrowhov elementor-widget elementor-widget-heading\" data-id=\"1cb93e8\" data-element_type=\"widget\" data-e-type=\"widget\" data-widget_type=\"heading.default\">\n\t\t\t\t\t<h3 class=\"elementor-heading-title elementor-size-default\">EL TERRAT<\/h3>\t\t\t\t<\/div>\n\t\t\t\t<div class=\"elementor-element elementor-element-b24d864 elementor-widget__width-initial text-desplegable elementor-widget elementor-widget-text-editor\" data-id=\"b24d864\" data-element_type=\"widget\" data-e-type=\"widget\" data-settings=\"{&quot;_animation&quot;:&quot;none&quot;}\" data-widget_type=\"text-editor.default\">\n\t\t\t\t\t\t\t\t\t<p>Savourez un vermouth dans les hauteurs tout en d\u00e9gustant les amuse-gueules pr\u00e9par\u00e9s avec des produits de grande qualit\u00e9, une s\u00e9lection exclusive de vins et notre bi\u00e8re artisanale Rispa.<\/p>\t\t\t\t\t\t\t\t<\/div>\n\t\t\t\t<\/a>\n\t\t\t\t<\/div>\n\t\t\t\t<\/div>\n\t\t\t\t<\/div>\n\t\t\t\t<\/div>\n\t\t","protected":false},"excerpt":{"rendered":"<p>La Placeta La vie du palais commencesur la Placeta Les places sont des lieux pour discuter, rire, prendre un caf\u00e9 ou manger de bonnes tapas. Et la Placeta est exactement cela, la place de Palau Fugit, un espace polyvalent et lumineux, ouvert aux h\u00f4tes, aux visiteurs et aux habitants. Ouverte \u00e0 vous. Venez pour vous [&hellip;]<\/p>\n","protected":false},"author":1,"featured_media":0,"parent":0,"menu_order":0,"comment_status":"closed","ping_status":"closed","template":"elementor_header_footer","meta":{"_acf_changed":false,"inline_featured_image":false,"footnotes":""},"class_list":["post-15007","page","type-page","status-publish","hentry"],"acf":[],"yoast_head":"<!-- This site is optimized with the Yoast SEO plugin v27.4 - https:\/\/yoast.com\/product\/yoast-seo-wordpress\/ -->\n<title>La Placeta - Palau Fugit Hotel<\/title>\n<meta name=\"description\" content=\"La Placeta, la place de Palau, est un espace polyvalent et lumineux, ouvert aux clients, aux visiteurs et aux habitants pour se reposer, socialiser ou prendre un verre.\" \/>\n<meta name=\"robots\" content=\"noindex, follow, max-snippet:-1, max-image-preview:large, max-video-preview:-1\" \/>\n<meta property=\"og:locale\" content=\"fr_FR\" \/>\n<meta property=\"og:type\" content=\"article\" \/>\n<meta property=\"og:title\" content=\"La Placeta - Palau Fugit Hotel\" \/>\n<meta property=\"og:description\" content=\"La Placeta, la place de Palau, est un espace polyvalent et lumineux, ouvert aux clients, aux visiteurs et aux habitants pour se reposer, socialiser ou prendre un verre.\" \/>\n<meta property=\"og:url\" content=\"https:\/\/ficam.cat\/fr\/la-placeta\/\" \/>\n<meta property=\"og:site_name\" content=\"Palau Fugit\" \/>\n<meta property=\"article:modified_time\" content=\"2026-04-14T15:06:52+00:00\" \/>\n<meta property=\"og:image\" content=\"https:\/\/ficam.cat\/wp-content\/uploads\/2026\/02\/placeta_2-scaled-1.jpg\" \/>\n\t<meta property=\"og:image:width\" content=\"2560\" \/>\n\t<meta property=\"og:image:height\" content=\"1920\" \/>\n\t<meta property=\"og:image:type\" content=\"image\/jpeg\" \/>\n<meta name=\"twitter:card\" content=\"summary_large_image\" \/>\n<meta name=\"twitter:label1\" content=\"Dur\u00e9e de lecture estim\u00e9e\" \/>\n\t<meta name=\"twitter:data1\" content=\"1 minute\" \/>\n<script type=\"application\/ld+json\" class=\"yoast-schema-graph\">{\"@context\":\"https:\\\/\\\/schema.org\",\"@graph\":[{\"@type\":\"WebPage\",\"@id\":\"https:\\\/\\\/ficam.cat\\\/fr\\\/la-placeta\\\/\",\"url\":\"https:\\\/\\\/ficam.cat\\\/fr\\\/la-placeta\\\/\",\"name\":\"La Placeta - Palau Fugit Hotel\",\"isPartOf\":{\"@id\":\"https:\\\/\\\/ficam.cat\\\/fr\\\/#website\"},\"primaryImageOfPage\":{\"@id\":\"https:\\\/\\\/ficam.cat\\\/fr\\\/la-placeta\\\/#primaryimage\"},\"image\":{\"@id\":\"https:\\\/\\\/ficam.cat\\\/fr\\\/la-placeta\\\/#primaryimage\"},\"thumbnailUrl\":\"https:\\\/\\\/ficam.cat\\\/wp-content\\\/uploads\\\/2026\\\/02\\\/placeta_2-scaled-1.jpg\",\"datePublished\":\"2026-01-28T10:56:14+00:00\",\"dateModified\":\"2026-04-14T15:06:52+00:00\",\"description\":\"La Placeta, la place de Palau, est un espace polyvalent et lumineux, ouvert aux clients, aux visiteurs et aux habitants pour se reposer, socialiser ou prendre un verre.\",\"breadcrumb\":{\"@id\":\"https:\\\/\\\/ficam.cat\\\/fr\\\/la-placeta\\\/#breadcrumb\"},\"inLanguage\":\"fr-FR\",\"potentialAction\":[{\"@type\":\"ReadAction\",\"target\":[\"https:\\\/\\\/ficam.cat\\\/fr\\\/la-placeta\\\/\"]}]},{\"@type\":\"ImageObject\",\"inLanguage\":\"fr-FR\",\"@id\":\"https:\\\/\\\/ficam.cat\\\/fr\\\/la-placeta\\\/#primaryimage\",\"url\":\"https:\\\/\\\/ficam.cat\\\/wp-content\\\/uploads\\\/2026\\\/02\\\/placeta_2-scaled-1.jpg\",\"contentUrl\":\"https:\\\/\\\/ficam.cat\\\/wp-content\\\/uploads\\\/2026\\\/02\\\/placeta_2-scaled-1.jpg\"},{\"@type\":\"BreadcrumbList\",\"@id\":\"https:\\\/\\\/ficam.cat\\\/fr\\\/la-placeta\\\/#breadcrumb\",\"itemListElement\":[{\"@type\":\"ListItem\",\"position\":1,\"name\":\"Inici\",\"item\":\"https:\\\/\\\/ficam.cat\\\/fr\\\/accueil\\\/\"},{\"@type\":\"ListItem\",\"position\":2,\"name\":\"La Placeta\"}]},{\"@type\":\"WebSite\",\"@id\":\"https:\\\/\\\/ficam.cat\\\/fr\\\/#website\",\"url\":\"https:\\\/\\\/ficam.cat\\\/fr\\\/\",\"name\":\"Palau Fugit\",\"description\":\"Hotel Boutique en Girona\",\"publisher\":{\"@id\":\"https:\\\/\\\/ficam.cat\\\/fr\\\/#organization\"},\"potentialAction\":[{\"@type\":\"SearchAction\",\"target\":{\"@type\":\"EntryPoint\",\"urlTemplate\":\"https:\\\/\\\/ficam.cat\\\/fr\\\/?s={search_term_string}\"},\"query-input\":{\"@type\":\"PropertyValueSpecification\",\"valueRequired\":true,\"valueName\":\"search_term_string\"}}],\"inLanguage\":\"fr-FR\"},{\"@type\":\"Organization\",\"@id\":\"https:\\\/\\\/ficam.cat\\\/fr\\\/#organization\",\"name\":\"Palau Fugit\",\"url\":\"https:\\\/\\\/ficam.cat\\\/fr\\\/\",\"logo\":{\"@type\":\"ImageObject\",\"inLanguage\":\"fr-FR\",\"@id\":\"https:\\\/\\\/ficam.cat\\\/fr\\\/#\\\/schema\\\/logo\\\/image\\\/\",\"url\":\"https:\\\/\\\/ficam.cat\\\/wp-content\\\/uploads\\\/2026\\\/02\\\/cropped-favicon_palaufugit-favicon.png\",\"contentUrl\":\"https:\\\/\\\/ficam.cat\\\/wp-content\\\/uploads\\\/2026\\\/02\\\/cropped-favicon_palaufugit-favicon.png\",\"width\":512,\"height\":512,\"caption\":\"Palau Fugit\"},\"image\":{\"@id\":\"https:\\\/\\\/ficam.cat\\\/fr\\\/#\\\/schema\\\/logo\\\/image\\\/\"},\"sameAs\":[\"https:\\\/\\\/www.instagram.com\\\/palaufugitgirona\\\/\"]}]}<\/script>\n<!-- \/ Yoast SEO plugin. -->","yoast_head_json":{"title":"La Placeta - Palau Fugit Hotel","description":"La Placeta, la place de Palau, est un espace polyvalent et lumineux, ouvert aux clients, aux visiteurs et aux habitants pour se reposer, socialiser ou prendre un verre.","robots":{"index":"noindex","follow":"follow","max-snippet":"max-snippet:-1","max-image-preview":"max-image-preview:large","max-video-preview":"max-video-preview:-1"},"og_locale":"fr_FR","og_type":"article","og_title":"La Placeta - Palau Fugit Hotel","og_description":"La Placeta, la place de Palau, est un espace polyvalent et lumineux, ouvert aux clients, aux visiteurs et aux habitants pour se reposer, socialiser ou prendre un verre.","og_url":"https:\/\/ficam.cat\/fr\/la-placeta\/","og_site_name":"Palau Fugit","article_modified_time":"2026-04-14T15:06:52+00:00","og_image":[{"width":2560,"height":1920,"url":"https:\/\/ficam.cat\/wp-content\/uploads\/2026\/02\/placeta_2-scaled-1.jpg","type":"image\/jpeg"}],"twitter_card":"summary_large_image","twitter_misc":{"Dur\u00e9e de lecture estim\u00e9e":"1 minute"},"schema":{"@context":"https:\/\/schema.org","@graph":[{"@type":"WebPage","@id":"https:\/\/ficam.cat\/fr\/la-placeta\/","url":"https:\/\/ficam.cat\/fr\/la-placeta\/","name":"La Placeta - Palau Fugit Hotel","isPartOf":{"@id":"https:\/\/ficam.cat\/fr\/#website"},"primaryImageOfPage":{"@id":"https:\/\/ficam.cat\/fr\/la-placeta\/#primaryimage"},"image":{"@id":"https:\/\/ficam.cat\/fr\/la-placeta\/#primaryimage"},"thumbnailUrl":"https:\/\/ficam.cat\/wp-content\/uploads\/2026\/02\/placeta_2-scaled-1.jpg","datePublished":"2026-01-28T10:56:14+00:00","dateModified":"2026-04-14T15:06:52+00:00","description":"La Placeta, la place de Palau, est un espace polyvalent et lumineux, ouvert aux clients, aux visiteurs et aux habitants pour se reposer, socialiser ou prendre un verre.","breadcrumb":{"@id":"https:\/\/ficam.cat\/fr\/la-placeta\/#breadcrumb"},"inLanguage":"fr-FR","potentialAction":[{"@type":"ReadAction","target":["https:\/\/ficam.cat\/fr\/la-placeta\/"]}]},{"@type":"ImageObject","inLanguage":"fr-FR","@id":"https:\/\/ficam.cat\/fr\/la-placeta\/#primaryimage","url":"https:\/\/ficam.cat\/wp-content\/uploads\/2026\/02\/placeta_2-scaled-1.jpg","contentUrl":"https:\/\/ficam.cat\/wp-content\/uploads\/2026\/02\/placeta_2-scaled-1.jpg"},{"@type":"BreadcrumbList","@id":"https:\/\/ficam.cat\/fr\/la-placeta\/#breadcrumb","itemListElement":[{"@type":"ListItem","position":1,"name":"Inici","item":"https:\/\/ficam.cat\/fr\/accueil\/"},{"@type":"ListItem","position":2,"name":"La Placeta"}]},{"@type":"WebSite","@id":"https:\/\/ficam.cat\/fr\/#website","url":"https:\/\/ficam.cat\/fr\/","name":"Palau Fugit","description":"Hotel Boutique en Girona","publisher":{"@id":"https:\/\/ficam.cat\/fr\/#organization"},"potentialAction":[{"@type":"SearchAction","target":{"@type":"EntryPoint","urlTemplate":"https:\/\/ficam.cat\/fr\/?s={search_term_string}"},"query-input":{"@type":"PropertyValueSpecification","valueRequired":true,"valueName":"search_term_string"}}],"inLanguage":"fr-FR"},{"@type":"Organization","@id":"https:\/\/ficam.cat\/fr\/#organization","name":"Palau Fugit","url":"https:\/\/ficam.cat\/fr\/","logo":{"@type":"ImageObject","inLanguage":"fr-FR","@id":"https:\/\/ficam.cat\/fr\/#\/schema\/logo\/image\/","url":"https:\/\/ficam.cat\/wp-content\/uploads\/2026\/02\/cropped-favicon_palaufugit-favicon.png","contentUrl":"https:\/\/ficam.cat\/wp-content\/uploads\/2026\/02\/cropped-favicon_palaufugit-favicon.png","width":512,"height":512,"caption":"Palau Fugit"},"image":{"@id":"https:\/\/ficam.cat\/fr\/#\/schema\/logo\/image\/"},"sameAs":["https:\/\/www.instagram.com\/palaufugitgirona\/"]}]}},"_links":{"self":[{"href":"https:\/\/ficam.cat\/fr\/wp-json\/wp\/v2\/pages\/15007","targetHints":{"allow":["GET"]}}],"collection":[{"href":"https:\/\/ficam.cat\/fr\/wp-json\/wp\/v2\/pages"}],"about":[{"href":"https:\/\/ficam.cat\/fr\/wp-json\/wp\/v2\/types\/page"}],"author":[{"embeddable":true,"href":"https:\/\/ficam.cat\/fr\/wp-json\/wp\/v2\/users\/1"}],"replies":[{"embeddable":true,"href":"https:\/\/ficam.cat\/fr\/wp-json\/wp\/v2\/comments?post=15007"}],"version-history":[{"count":2,"href":"https:\/\/ficam.cat\/fr\/wp-json\/wp\/v2\/pages\/15007\/revisions"}],"predecessor-version":[{"id":15811,"href":"https:\/\/ficam.cat\/fr\/wp-json\/wp\/v2\/pages\/15007\/revisions\/15811"}],"wp:attachment":[{"href":"https:\/\/ficam.cat\/fr\/wp-json\/wp\/v2\/media?parent=15007"}],"curies":[{"name":"wp","href":"https:\/\/api.w.org\/{rel}","templated":true}]}}