{"id":15060,"date":"2026-02-17T16:18:58","date_gmt":"2026-02-17T16:18:58","guid":{"rendered":"https:\/\/ficam.cat\/accords-mets-et-vins-et-degustations\/"},"modified":"2026-04-14T16:25:42","modified_gmt":"2026-04-14T16:25:42","slug":"accords-mets-et-vins-et-degustations","status":"publish","type":"page","link":"https:\/\/ficam.cat\/fr\/accords-mets-et-vins-et-degustations\/","title":{"rendered":"Accords mets et vins et d\u00e9gustations"},"content":{"rendered":"\t\t<div data-elementor-type=\"wp-page\" data-elementor-id=\"15060\" class=\"elementor elementor-15060 elementor-13929\" data-elementor-post-type=\"page\">\n\t\t\t\t<div class=\"elementor-element elementor-element-8151dee e-con-full e-flex e-con e-parent\" data-id=\"8151dee\" data-element_type=\"container\" data-e-type=\"container\" data-settings=\"{&quot;background_background&quot;:&quot;classic&quot;}\">\n\t\t\t\t<div class=\"elementor-element elementor-element-e06c920 elementor-widget elementor-widget-heading\" data-id=\"e06c920\" data-element_type=\"widget\" data-e-type=\"widget\" data-settings=\"{&quot;_animation&quot;:&quot;none&quot;}\" data-widget_type=\"heading.default\">\n\t\t\t\t\t<h1 class=\"elementor-heading-title elementor-size-default\">Accords mets et vins et d\u00e9gustations<\/h1>\t\t\t\t<\/div>\n\t\t\t\t<\/div>\n\t\t<div class=\"elementor-element elementor-element-d64a2c7 e-con-full e-flex e-con e-parent\" data-id=\"d64a2c7\" data-element_type=\"container\" data-e-type=\"container\" data-settings=\"{&quot;background_background&quot;:&quot;classic&quot;}\">\n\t\t\t\t<\/div>\n\t\t<div class=\"elementor-element elementor-element-1e5c07e e-con-full e-flex e-con e-parent\" data-id=\"1e5c07e\" data-element_type=\"container\" data-e-type=\"container\" data-settings=\"{&quot;background_background&quot;:&quot;classic&quot;}\">\n\t\t<div class=\"elementor-element elementor-element-151fb3a e-con-full e-flex elementor-invisible e-con e-child\" data-id=\"151fb3a\" data-element_type=\"container\" data-e-type=\"container\" data-settings=\"{&quot;animation&quot;:&quot;fadeInUp&quot;}\">\n\t\t\t\t<div class=\"elementor-element elementor-element-c507f62 elementor-widget elementor-widget-heading\" data-id=\"c507f62\" data-element_type=\"widget\" data-e-type=\"widget\" data-settings=\"{&quot;_animation&quot;:&quot;none&quot;}\" data-widget_type=\"heading.default\">\n\t\t\t\t\t<h2 class=\"elementor-heading-title elementor-size-default\">Go\u00fbtez \u00e0 une exp\u00e9rience<br>\u0153nogastronomique \u00e0 Mas Geli<\/h2>\t\t\t\t<\/div>\n\t\t\t\t<div class=\"elementor-element elementor-element-dbbb7bc elementor-widget elementor-widget-text-editor\" data-id=\"dbbb7bc\" data-element_type=\"widget\" data-e-type=\"widget\" data-settings=\"{&quot;_animation&quot;:&quot;none&quot;}\" data-widget_type=\"text-editor.default\">\n\t\t\t\t\t\t\t\t\t<p>Visitez Mas Geli, une cave de l\u2019Empord\u00e0 situ\u00e9e dans un cadre naturel privil\u00e9gi\u00e9, pr\u00e8s de la mer et entre les montagnes de Begur et de Montgr\u00ed. Accompagn\u00e9s d\u2019un \u0153nologue, nous vous proposons deux activit\u00e9s o\u00f9 le paysage naturel, les produits locaux et les vins biologiques seront les principaux protagonistes. <\/p><p>Les vins produits \u00e0 Mas Geli ont leur propre personnalit\u00e9 gr\u00e2ce \u00e0 la pratique de l\u2019agriculture \u00e9cologique, aux vendanges manuelles et au microclimat unique de cette zone. C\u2019est pourquoi vous les trouverez \u00e9galement \u00e0 El Terrat de Palau Fugit. <\/p>\t\t\t\t\t\t\t\t<\/div>\n\t\t\t\t<\/div>\n\t\t<div class=\"elementor-element elementor-element-3a10984 e-con-full e-flex elementor-invisible e-con e-child\" data-id=\"3a10984\" data-element_type=\"container\" data-e-type=\"container\" data-settings=\"{&quot;animation&quot;:&quot;fadeInUp&quot;}\">\n\t\t\t\t<div class=\"elementor-element elementor-element-b151cc1 elementor-widget elementor-widget-heading\" data-id=\"b151cc1\" data-element_type=\"widget\" data-e-type=\"widget\" data-widget_type=\"heading.default\">\n\t\t\t\t\t<h3 class=\"elementor-heading-title elementor-size-default\">COMMENT R\u00c9SERVER<\/h3>\t\t\t\t<\/div>\n\t\t\t\t<div class=\"elementor-element elementor-element-a73bf25 elementor-widget elementor-widget-text-editor\" data-id=\"a73bf25\" data-element_type=\"widget\" data-e-type=\"widget\" data-settings=\"{&quot;_animation&quot;:&quot;none&quot;}\" data-widget_type=\"text-editor.default\">\n\t\t\t\t\t\t\t\t\t<p>Chaque activit\u00e9 doit \u00eatre pr\u00e9alablement r\u00e9serv\u00e9e. N\u2019oubliez pas que nous pouvons vous fournir des transferts en voiture depuis et vers l\u2019h\u00f4tel, si vous nous en informez. <\/p><p>Veuillez consulter les horaires et la disponibilit\u00e9 aupr\u00e8s de la r\u00e9ception.<\/p>\t\t\t\t\t\t\t\t<\/div>\n\t\t\t\t<div class=\"elementor-element elementor-element-c46b0a1 elementor-align-start iconesrodones underli elementor-icon-list--layout-traditional elementor-list-item-link-full_width elementor-widget elementor-widget-icon-list\" data-id=\"c46b0a1\" data-element_type=\"widget\" data-e-type=\"widget\" data-widget_type=\"icon-list.default\">\n\t\t\t\t\t\t\t<ul class=\"elementor-icon-list-items\">\n\t\t\t\t\t\t\t<li class=\"elementor-icon-list-item\">\n\t\t\t\t\t\t\t\t\t\t\t<a href=\"mailto:hola@palaufugit.com\" target=\"_blank\">\n\n\t\t\t\t\t\t\t\t\t\t\t\t<span class=\"elementor-icon-list-icon\">\n\t\t\t\t\t\t\t<svg aria-hidden=\"true\" class=\"e-font-icon-svg e-fas-envelope\" viewBox=\"0 0 512 512\" xmlns=\"http:\/\/www.w3.org\/2000\/svg\"><path d=\"M502.3 190.8c3.9-3.1 9.7-.2 9.7 4.7V400c0 26.5-21.5 48-48 48H48c-26.5 0-48-21.5-48-48V195.6c0-5 5.7-7.8 9.7-4.7 22.4 17.4 52.1 39.5 154.1 113.6 21.1 15.4 56.7 47.8 92.2 47.6 35.7.3 72-32.8 92.3-47.6 102-74.1 131.6-96.3 154-113.7zM256 320c23.2.4 56.6-29.2 73.4-41.4 132.7-96.3 142.8-104.7 173.4-128.7 5.8-4.5 9.2-11.5 9.2-18.9v-19c0-26.5-21.5-48-48-48H48C21.5 64 0 85.5 0 112v19c0 7.4 3.4 14.3 9.2 18.9 30.6 23.9 40.7 32.4 173.4 128.7 16.8 12.2 50.2 41.8 73.4 41.4z\"><\/path><\/svg>\t\t\t\t\t\t<\/span>\n\t\t\t\t\t\t\t\t\t\t<span class=\"elementor-icon-list-text\">hola@palaufugit.com<\/span>\n\t\t\t\t\t\t\t\t\t\t\t<\/a>\n\t\t\t\t\t\t\t\t\t<\/li>\n\t\t\t\t\t\t<\/ul>\n\t\t\t\t\t\t<\/div>\n\t\t\t\t<\/div>\n\t\t\t\t<\/div>\n\t\t<div class=\"elementor-element elementor-element-b49a36d e-con-full e-flex e-con e-parent\" data-id=\"b49a36d\" data-element_type=\"container\" data-e-type=\"container\" data-settings=\"{&quot;background_background&quot;:&quot;classic&quot;}\">\n\t\t\t\t<div class=\"elementor-element elementor-element-bcd0fa0 elementor-invisible elementor-widget elementor-widget-heading\" data-id=\"bcd0fa0\" data-element_type=\"widget\" data-e-type=\"widget\" data-settings=\"{&quot;_animation&quot;:&quot;fadeInUp&quot;}\" data-widget_type=\"heading.default\">\n\t\t\t\t\t<h2 class=\"elementor-heading-title elementor-size-default\">Savourez la riche gastronomie de G\u00e9rone<br>pour le d\u00eener ou le petit-d\u00e9jeuner.\n<\/h2>\t\t\t\t<\/div>\n\t\t\t\t<\/div>\n\t\t<div class=\"elementor-element elementor-element-b01eecb e-con-full e-flex e-con e-parent\" data-id=\"b01eecb\" data-element_type=\"container\" data-e-type=\"container\" data-settings=\"{&quot;background_background&quot;:&quot;classic&quot;,&quot;animation&quot;:&quot;none&quot;}\">\n\t\t<div class=\"elementor-element elementor-element-d334f86 e-flex e-con-boxed elementor-invisible e-con e-child\" data-id=\"d334f86\" data-element_type=\"container\" data-e-type=\"container\" data-settings=\"{&quot;animation&quot;:&quot;fadeInUp&quot;}\">\n\t\t\t\t\t<div class=\"e-con-inner\">\n\t\t<div class=\"elementor-element elementor-element-dac0449 e-con-full pindola e-flex e-con e-child\" data-id=\"dac0449\" data-element_type=\"container\" data-e-type=\"container\" data-settings=\"{&quot;background_background&quot;:&quot;classic&quot;}\">\n\t\t\t\t<\/div>\n\t\t<div class=\"elementor-element elementor-element-5051e79 e-con-full e-flex e-con e-child\" data-id=\"5051e79\" data-element_type=\"container\" data-e-type=\"container\">\n\t\t\t\t<div class=\"elementor-element elementor-element-dbdd4d3 elementor-widget elementor-widget-heading\" data-id=\"dbdd4d3\" data-element_type=\"widget\" data-e-type=\"widget\" data-settings=\"{&quot;_animation&quot;:&quot;none&quot;}\" data-widget_type=\"heading.default\">\n\t\t\t\t\t<h3 class=\"elementor-heading-title elementor-size-default\">Visite de Mas Geli avec d\u00e9jeuner avec accord mets et vins<\/h3>\t\t\t\t<\/div>\n\t\t\t\t<div class=\"elementor-element elementor-element-729e7e4 elementor-widget elementor-widget-text-editor\" data-id=\"729e7e4\" data-element_type=\"widget\" data-e-type=\"widget\" data-settings=\"{&quot;_animation&quot;:&quot;none&quot;}\" data-widget_type=\"text-editor.default\">\n\t\t\t\t\t\t\t\t\t<p>Faites une visite guid\u00e9e de Mas Geli, o\u00f9 l\u2019on vous expliquera les particularit\u00e9s de cette cave familiale et de ses vins \u00e9cologiques.<br><br>La visite se termine par un d\u00e9jeuner avec accord mets et vins compos\u00e9 d\u2019un assortiment de fromages artisanaux accompagn\u00e9 d\u2019un verre de vin blanc, d\u2019un assortiment de charcuteries locales accompagn\u00e9 d\u2019un verre de vin rouge et d\u2019une d\u00e9gustation de truffes au chocolat accompagn\u00e9e d\u2019un dernier verre de vin doux. <\/p>\n<p>Veuillez consulter les horaires et la disponibilit\u00e9 aupr\u00e8s de la r\u00e9ception\u2028<br>Dur\u00e9e de l\u2019activit\u00e9 : 2 h<\/p>\t\t\t\t\t\t\t\t<\/div>\n\t\t\t\t<\/div>\n\t\t\t\t\t<\/div>\n\t\t\t\t<\/div>\n\t\t<div class=\"elementor-element elementor-element-1684ef0 e-flex e-con-boxed elementor-invisible e-con e-child\" data-id=\"1684ef0\" data-element_type=\"container\" data-e-type=\"container\" data-settings=\"{&quot;animation&quot;:&quot;fadeInUp&quot;}\">\n\t\t\t\t\t<div class=\"e-con-inner\">\n\t\t<div class=\"elementor-element elementor-element-4028f4f e-con-full pindola e-flex e-con e-child\" data-id=\"4028f4f\" data-element_type=\"container\" data-e-type=\"container\" data-settings=\"{&quot;background_background&quot;:&quot;classic&quot;,&quot;animation&quot;:&quot;none&quot;}\">\n\t\t\t\t<\/div>\n\t\t<div class=\"elementor-element elementor-element-eaf0f57 e-con-full e-flex e-con e-child\" data-id=\"eaf0f57\" data-element_type=\"container\" data-e-type=\"container\">\n\t\t\t\t<div class=\"elementor-element elementor-element-a35335e elementor-widget elementor-widget-heading\" data-id=\"a35335e\" data-element_type=\"widget\" data-e-type=\"widget\" data-settings=\"{&quot;_animation&quot;:&quot;none&quot;}\" data-widget_type=\"heading.default\">\n\t\t\t\t\t<h3 class=\"elementor-heading-title elementor-size-default\">Promenade dans les rizi\u00e8res et les vignobles de Pals et d\u00eener avec accord mets et vins<\/h3>\t\t\t\t<\/div>\n\t\t\t\t<div class=\"elementor-element elementor-element-3f5feee elementor-widget elementor-widget-text-editor\" data-id=\"3f5feee\" data-element_type=\"widget\" data-e-type=\"widget\" data-settings=\"{&quot;_animation&quot;:&quot;none&quot;}\" data-widget_type=\"text-editor.default\">\n\t\t\t\t\t\t\t\t\t<p>Promenade \u00e0 travers les rizi\u00e8res de Pals jusqu\u2019aux vignobles de Mas Geli en compagnie d\u2019un\u00b7e guide officiel\u00b7le de l\u2019Empord\u00e0. Cette activit\u00e9 d\u00e9bute au moment o\u00f9 le soleil commence \u00e0 se coucher et o\u00f9 la lumi\u00e8re orange illumine les rizi\u00e8res et les vignobles.<br><br>La visite se termine par un d\u00eener avec accord mets et vins dirig\u00e9 par un\u00b7e chef\u00b7fe professionnel\u00b7le, au cours duquel le riz local sera le protagoniste et sera accompagn\u00e9 des vins de la cave Mas Geli, choisis par l\u2019\u0153nologue et h\u00f4tesse Anna P\u00e9rez.  <\/p>\n<p>La guide, la cheffe et l\u2019\u0153nologue encadreront le d\u00eener et vous d\u00e9voileront tous les secrets de la gastronomie de la r\u00e9gion.<\/p>\n<p>Veuillez consulter les horaires et la disponibilit\u00e9 aupr\u00e8s de la r\u00e9ception.<br>Dur\u00e9e de l\u2019activit\u00e9 : 3 h 30<\/p>\t\t\t\t\t\t\t\t<\/div>\n\t\t\t\t<\/div>\n\t\t\t\t\t<\/div>\n\t\t\t\t<\/div>\n\t\t<div class=\"elementor-element elementor-element-23e8fee elementor-hidden-mobile e-flex e-con-boxed elementor-invisible e-con e-child\" data-id=\"23e8fee\" data-element_type=\"container\" data-e-type=\"container\" data-settings=\"{&quot;animation&quot;:&quot;fadeInUp&quot;}\">\n\t\t\t\t\t<div class=\"e-con-inner\">\n\t\t<div class=\"elementor-element elementor-element-3c36b78 e-con-full elementor-hidden-mobile e-flex e-con e-child\" data-id=\"3c36b78\" data-element_type=\"container\" data-e-type=\"container\">\n\t\t\t\t<\/div>\n\t\t\t\t\t<\/div>\n\t\t\t\t<\/div>\n\t\t\t\t<\/div>\n\t\t<div class=\"elementor-element elementor-element-fcdb898 e-flex e-con-boxed e-con e-parent\" data-id=\"fcdb898\" data-element_type=\"container\" data-e-type=\"container\" data-settings=\"{&quot;background_background&quot;:&quot;classic&quot;}\">\n\t\t\t\t\t<div class=\"e-con-inner\">\n\t\t<div class=\"elementor-element elementor-element-49c6c0c e-con-full e-flex elementor-invisible e-con e-child\" data-id=\"49c6c0c\" data-element_type=\"container\" data-e-type=\"container\" data-settings=\"{&quot;animation&quot;:&quot;fadeInUp&quot;}\">\n\t\t\t\t<div class=\"elementor-element elementor-element-beceeee elementor-widget elementor-widget-heading\" data-id=\"beceeee\" data-element_type=\"widget\" data-e-type=\"widget\" data-settings=\"{&quot;_animation&quot;:&quot;none&quot;}\" data-widget_type=\"heading.default\">\n\t\t\t\t\t<h2 class=\"elementor-heading-title elementor-size-default\">Des questions ?<br>Contactez-nous et nous y r\u00e9pondrons\n\n<\/h2>\t\t\t\t<\/div>\n\t\t\t\t<\/div>\n\t\t<div class=\"elementor-element elementor-element-2b93128 e-con-full e-flex elementor-invisible e-con e-child\" data-id=\"2b93128\" data-element_type=\"container\" data-e-type=\"container\" data-settings=\"{&quot;animation&quot;:&quot;fadeInUp&quot;}\">\n\t\t\t\t<div class=\"elementor-element elementor-element-529f2da elementor-widget elementor-widget-text-editor\" data-id=\"529f2da\" data-element_type=\"widget\" data-e-type=\"widget\" data-settings=\"{&quot;_animation&quot;:&quot;none&quot;}\" data-widget_type=\"text-editor.default\">\n\t\t\t\t\t\t\t\t\t<p>Si vous avez besoin de plus d\u2019informations sur les horaires, les prix ou si vous avez d\u2019autres questions, n\u2019h\u00e9sitez pas \u00e0 nous contacter. Nous serons ravis de vous aider. Nous serons ravis de vous aider. <\/p>\t\t\t\t\t\t\t\t<\/div>\n\t\t\t\t<div class=\"elementor-element elementor-element-56f4a5e elementor-align-start iconesrodonesb underli elementor-icon-list--layout-traditional elementor-list-item-link-full_width elementor-widget elementor-widget-icon-list\" data-id=\"56f4a5e\" data-element_type=\"widget\" data-e-type=\"widget\" data-widget_type=\"icon-list.default\">\n\t\t\t\t\t\t\t<ul class=\"elementor-icon-list-items\">\n\t\t\t\t\t\t\t<li class=\"elementor-icon-list-item\">\n\t\t\t\t\t\t\t\t\t\t\t<a href=\"mailto:hola@palaufugit.com\" target=\"_blank\">\n\n\t\t\t\t\t\t\t\t\t\t\t\t<span class=\"elementor-icon-list-icon\">\n\t\t\t\t\t\t\t<svg aria-hidden=\"true\" class=\"e-font-icon-svg e-fas-envelope\" viewBox=\"0 0 512 512\" xmlns=\"http:\/\/www.w3.org\/2000\/svg\"><path d=\"M502.3 190.8c3.9-3.1 9.7-.2 9.7 4.7V400c0 26.5-21.5 48-48 48H48c-26.5 0-48-21.5-48-48V195.6c0-5 5.7-7.8 9.7-4.7 22.4 17.4 52.1 39.5 154.1 113.6 21.1 15.4 56.7 47.8 92.2 47.6 35.7.3 72-32.8 92.3-47.6 102-74.1 131.6-96.3 154-113.7zM256 320c23.2.4 56.6-29.2 73.4-41.4 132.7-96.3 142.8-104.7 173.4-128.7 5.8-4.5 9.2-11.5 9.2-18.9v-19c0-26.5-21.5-48-48-48H48C21.5 64 0 85.5 0 112v19c0 7.4 3.4 14.3 9.2 18.9 30.6 23.9 40.7 32.4 173.4 128.7 16.8 12.2 50.2 41.8 73.4 41.4z\"><\/path><\/svg>\t\t\t\t\t\t<\/span>\n\t\t\t\t\t\t\t\t\t\t<span class=\"elementor-icon-list-text\">hola@palaufugit.com<\/span>\n\t\t\t\t\t\t\t\t\t\t\t<\/a>\n\t\t\t\t\t\t\t\t\t<\/li>\n\t\t\t\t\t\t<\/ul>\n\t\t\t\t\t\t<\/div>\n\t\t\t\t<\/div>\n\t\t\t\t\t<\/div>\n\t\t\t\t<\/div>\n\t\t\t\t<\/div>\n\t\t","protected":false},"excerpt":{"rendered":"<p>Go\u00fbtez \u00e0 une exp\u00e9rience\u0153nogastronomique \u00e0 Mas Geli Visitez Mas Geli, une cave de l\u2019Empord\u00e0 situ\u00e9e dans un cadre naturel privil\u00e9gi\u00e9, pr\u00e8s de la mer et entre les montagnes de Begur et de Montgr\u00ed. Accompagn\u00e9s d\u2019un \u0153nologue, nous vous proposons deux activit\u00e9s o\u00f9 le paysage naturel, les produits locaux et les vins biologiques seront les principaux [&hellip;]<\/p>\n","protected":false},"author":1,"featured_media":0,"parent":0,"menu_order":0,"comment_status":"closed","ping_status":"closed","template":"elementor_header_footer","meta":{"_acf_changed":false,"inline_featured_image":false,"footnotes":""},"class_list":["post-15060","page","type-page","status-publish","hentry"],"acf":[],"yoast_head":"<!-- This site is optimized with the Yoast SEO plugin v27.4 - https:\/\/yoast.com\/product\/yoast-seo-wordpress\/ -->\n<title>Accords mets et vins et d\u00e9gustations - Palau Fugit<\/title>\n<meta name=\"description\" content=\"D\u00e9couvrez la cuisine locale de G\u00e9rone : au petit-d\u00e9jeuner ou au d\u00eener. Savourez des mets et des vins d\u2019exception au Mas Geli.\" \/>\n<meta name=\"robots\" content=\"noindex, follow, max-snippet:-1, max-image-preview:large, max-video-preview:-1\" \/>\n<meta property=\"og:locale\" content=\"fr_FR\" \/>\n<meta property=\"og:type\" content=\"article\" \/>\n<meta property=\"og:title\" content=\"Accords mets et vins et d\u00e9gustations - Palau Fugit\" \/>\n<meta property=\"og:description\" content=\"D\u00e9couvrez la cuisine locale de G\u00e9rone : au petit-d\u00e9jeuner ou au d\u00eener. Savourez des mets et des vins d\u2019exception au Mas Geli.\" \/>\n<meta property=\"og:url\" content=\"https:\/\/ficam.cat\/fr\/accords-mets-et-vins-et-degustations\/\" \/>\n<meta property=\"og:site_name\" content=\"Palau Fugit\" \/>\n<meta property=\"article:modified_time\" content=\"2026-04-14T16:25:42+00:00\" \/>\n<meta name=\"twitter:card\" content=\"summary_large_image\" \/>\n<meta name=\"twitter:label1\" content=\"Dur\u00e9e de lecture estim\u00e9e\" \/>\n\t<meta name=\"twitter:data1\" content=\"2 minutes\" \/>\n<script type=\"application\/ld+json\" class=\"yoast-schema-graph\">{\"@context\":\"https:\\\/\\\/schema.org\",\"@graph\":[{\"@type\":\"WebPage\",\"@id\":\"https:\\\/\\\/ficam.cat\\\/fr\\\/accords-mets-et-vins-et-degustations\\\/\",\"url\":\"https:\\\/\\\/ficam.cat\\\/fr\\\/accords-mets-et-vins-et-degustations\\\/\",\"name\":\"Accords mets et vins et d\u00e9gustations - Palau Fugit\",\"isPartOf\":{\"@id\":\"https:\\\/\\\/ficam.cat\\\/fr\\\/#website\"},\"datePublished\":\"2026-02-17T16:18:58+00:00\",\"dateModified\":\"2026-04-14T16:25:42+00:00\",\"description\":\"D\u00e9couvrez la cuisine locale de G\u00e9rone : au petit-d\u00e9jeuner ou au d\u00eener. Savourez des mets et des vins d\u2019exception au Mas Geli.\",\"breadcrumb\":{\"@id\":\"https:\\\/\\\/ficam.cat\\\/fr\\\/accords-mets-et-vins-et-degustations\\\/#breadcrumb\"},\"inLanguage\":\"fr-FR\",\"potentialAction\":[{\"@type\":\"ReadAction\",\"target\":[\"https:\\\/\\\/ficam.cat\\\/fr\\\/accords-mets-et-vins-et-degustations\\\/\"]}]},{\"@type\":\"BreadcrumbList\",\"@id\":\"https:\\\/\\\/ficam.cat\\\/fr\\\/accords-mets-et-vins-et-degustations\\\/#breadcrumb\",\"itemListElement\":[{\"@type\":\"ListItem\",\"position\":1,\"name\":\"Inici\",\"item\":\"https:\\\/\\\/ficam.cat\\\/fr\\\/accueil\\\/\"},{\"@type\":\"ListItem\",\"position\":2,\"name\":\"Accords mets et vins et d\u00e9gustations\"}]},{\"@type\":\"WebSite\",\"@id\":\"https:\\\/\\\/ficam.cat\\\/fr\\\/#website\",\"url\":\"https:\\\/\\\/ficam.cat\\\/fr\\\/\",\"name\":\"Palau Fugit\",\"description\":\"Hotel Boutique en Girona\",\"publisher\":{\"@id\":\"https:\\\/\\\/ficam.cat\\\/fr\\\/#organization\"},\"potentialAction\":[{\"@type\":\"SearchAction\",\"target\":{\"@type\":\"EntryPoint\",\"urlTemplate\":\"https:\\\/\\\/ficam.cat\\\/fr\\\/?s={search_term_string}\"},\"query-input\":{\"@type\":\"PropertyValueSpecification\",\"valueRequired\":true,\"valueName\":\"search_term_string\"}}],\"inLanguage\":\"fr-FR\"},{\"@type\":\"Organization\",\"@id\":\"https:\\\/\\\/ficam.cat\\\/fr\\\/#organization\",\"name\":\"Palau Fugit\",\"url\":\"https:\\\/\\\/ficam.cat\\\/fr\\\/\",\"logo\":{\"@type\":\"ImageObject\",\"inLanguage\":\"fr-FR\",\"@id\":\"https:\\\/\\\/ficam.cat\\\/fr\\\/#\\\/schema\\\/logo\\\/image\\\/\",\"url\":\"https:\\\/\\\/ficam.cat\\\/wp-content\\\/uploads\\\/2026\\\/02\\\/cropped-favicon_palaufugit-favicon.png\",\"contentUrl\":\"https:\\\/\\\/ficam.cat\\\/wp-content\\\/uploads\\\/2026\\\/02\\\/cropped-favicon_palaufugit-favicon.png\",\"width\":512,\"height\":512,\"caption\":\"Palau Fugit\"},\"image\":{\"@id\":\"https:\\\/\\\/ficam.cat\\\/fr\\\/#\\\/schema\\\/logo\\\/image\\\/\"},\"sameAs\":[\"https:\\\/\\\/www.instagram.com\\\/palaufugitgirona\\\/\"]}]}<\/script>\n<!-- \/ Yoast SEO plugin. -->","yoast_head_json":{"title":"Accords mets et vins et d\u00e9gustations - Palau Fugit","description":"D\u00e9couvrez la cuisine locale de G\u00e9rone : au petit-d\u00e9jeuner ou au d\u00eener. Savourez des mets et des vins d\u2019exception au Mas Geli.","robots":{"index":"noindex","follow":"follow","max-snippet":"max-snippet:-1","max-image-preview":"max-image-preview:large","max-video-preview":"max-video-preview:-1"},"og_locale":"fr_FR","og_type":"article","og_title":"Accords mets et vins et d\u00e9gustations - Palau Fugit","og_description":"D\u00e9couvrez la cuisine locale de G\u00e9rone : au petit-d\u00e9jeuner ou au d\u00eener. Savourez des mets et des vins d\u2019exception au Mas Geli.","og_url":"https:\/\/ficam.cat\/fr\/accords-mets-et-vins-et-degustations\/","og_site_name":"Palau Fugit","article_modified_time":"2026-04-14T16:25:42+00:00","twitter_card":"summary_large_image","twitter_misc":{"Dur\u00e9e de lecture estim\u00e9e":"2 minutes"},"schema":{"@context":"https:\/\/schema.org","@graph":[{"@type":"WebPage","@id":"https:\/\/ficam.cat\/fr\/accords-mets-et-vins-et-degustations\/","url":"https:\/\/ficam.cat\/fr\/accords-mets-et-vins-et-degustations\/","name":"Accords mets et vins et d\u00e9gustations - Palau Fugit","isPartOf":{"@id":"https:\/\/ficam.cat\/fr\/#website"},"datePublished":"2026-02-17T16:18:58+00:00","dateModified":"2026-04-14T16:25:42+00:00","description":"D\u00e9couvrez la cuisine locale de G\u00e9rone : au petit-d\u00e9jeuner ou au d\u00eener. Savourez des mets et des vins d\u2019exception au Mas Geli.","breadcrumb":{"@id":"https:\/\/ficam.cat\/fr\/accords-mets-et-vins-et-degustations\/#breadcrumb"},"inLanguage":"fr-FR","potentialAction":[{"@type":"ReadAction","target":["https:\/\/ficam.cat\/fr\/accords-mets-et-vins-et-degustations\/"]}]},{"@type":"BreadcrumbList","@id":"https:\/\/ficam.cat\/fr\/accords-mets-et-vins-et-degustations\/#breadcrumb","itemListElement":[{"@type":"ListItem","position":1,"name":"Inici","item":"https:\/\/ficam.cat\/fr\/accueil\/"},{"@type":"ListItem","position":2,"name":"Accords mets et vins et d\u00e9gustations"}]},{"@type":"WebSite","@id":"https:\/\/ficam.cat\/fr\/#website","url":"https:\/\/ficam.cat\/fr\/","name":"Palau Fugit","description":"Hotel Boutique en Girona","publisher":{"@id":"https:\/\/ficam.cat\/fr\/#organization"},"potentialAction":[{"@type":"SearchAction","target":{"@type":"EntryPoint","urlTemplate":"https:\/\/ficam.cat\/fr\/?s={search_term_string}"},"query-input":{"@type":"PropertyValueSpecification","valueRequired":true,"valueName":"search_term_string"}}],"inLanguage":"fr-FR"},{"@type":"Organization","@id":"https:\/\/ficam.cat\/fr\/#organization","name":"Palau Fugit","url":"https:\/\/ficam.cat\/fr\/","logo":{"@type":"ImageObject","inLanguage":"fr-FR","@id":"https:\/\/ficam.cat\/fr\/#\/schema\/logo\/image\/","url":"https:\/\/ficam.cat\/wp-content\/uploads\/2026\/02\/cropped-favicon_palaufugit-favicon.png","contentUrl":"https:\/\/ficam.cat\/wp-content\/uploads\/2026\/02\/cropped-favicon_palaufugit-favicon.png","width":512,"height":512,"caption":"Palau Fugit"},"image":{"@id":"https:\/\/ficam.cat\/fr\/#\/schema\/logo\/image\/"},"sameAs":["https:\/\/www.instagram.com\/palaufugitgirona\/"]}]}},"_links":{"self":[{"href":"https:\/\/ficam.cat\/fr\/wp-json\/wp\/v2\/pages\/15060","targetHints":{"allow":["GET"]}}],"collection":[{"href":"https:\/\/ficam.cat\/fr\/wp-json\/wp\/v2\/pages"}],"about":[{"href":"https:\/\/ficam.cat\/fr\/wp-json\/wp\/v2\/types\/page"}],"author":[{"embeddable":true,"href":"https:\/\/ficam.cat\/fr\/wp-json\/wp\/v2\/users\/1"}],"replies":[{"embeddable":true,"href":"https:\/\/ficam.cat\/fr\/wp-json\/wp\/v2\/comments?post=15060"}],"version-history":[{"count":1,"href":"https:\/\/ficam.cat\/fr\/wp-json\/wp\/v2\/pages\/15060\/revisions"}],"predecessor-version":[{"id":15061,"href":"https:\/\/ficam.cat\/fr\/wp-json\/wp\/v2\/pages\/15060\/revisions\/15061"}],"wp:attachment":[{"href":"https:\/\/ficam.cat\/fr\/wp-json\/wp\/v2\/media?parent=15060"}],"curies":[{"name":"wp","href":"https:\/\/api.w.org\/{rel}","templated":true}]}}