{"id":15612,"date":"2026-01-29T15:35:12","date_gmt":"2026-01-29T15:35:12","guid":{"rendered":"https:\/\/ficam.cat\/politique-relative-aux-medias-sociaux\/"},"modified":"2026-04-14T16:27:58","modified_gmt":"2026-04-14T16:27:58","slug":"politique-relative-aux-medias-sociaux","status":"publish","type":"page","link":"https:\/\/ficam.cat\/fr\/politique-relative-aux-medias-sociaux\/","title":{"rendered":"Politique relative aux m\u00e9dias sociaux"},"content":{"rendered":"\t\t<div data-elementor-type=\"wp-page\" data-elementor-id=\"15612\" class=\"elementor elementor-15612 elementor-13343\" data-elementor-post-type=\"page\">\n\t\t\t\t<div class=\"elementor-element elementor-element-337b124 e-con-full e-flex e-con e-parent\" data-id=\"337b124\" data-element_type=\"container\" data-e-type=\"container\" data-settings=\"{&quot;background_background&quot;:&quot;classic&quot;}\">\n\t\t\t\t<div class=\"elementor-element elementor-element-9e2c736 elementor-widget elementor-widget-heading\" data-id=\"9e2c736\" data-element_type=\"widget\" data-e-type=\"widget\" data-widget_type=\"heading.default\">\n\t\t\t\t\t<h1 class=\"elementor-heading-title elementor-size-default\">Politique relative aux m\u00e9dias sociaux<\/h1>\t\t\t\t<\/div>\n\t\t\t\t<div class=\"elementor-element elementor-element-a064153 elementor-widget elementor-widget-text-editor\" data-id=\"a064153\" data-element_type=\"widget\" data-e-type=\"widget\" data-widget_type=\"text-editor.default\">\n\t\t\t\t\t\t\t\t\t<p>En cumplimiento de lo dispuesto en la normativa de protecci\u00f3n de datos, HOTEL PALAU FUGIT informa a los usuarios de que es titular de los perfiles en las Redes Sociales [Instagram] bajo la denominaci\u00f3n y que \u00e9stos han sido creados con la finalidad principal de publicitar los productos y servicios ofrecidos por HOTEL PALAU FUGIT.<\/p><p><\/p><p><\/p><p>Datos de HOTEL PALAU FUGIT:<\/p><p><\/p><p><\/p><ul><li style=\"list-style-type: none;\"><ul><li><strong>Sitio\/s Web: <\/strong><\/li><\/ul><\/li><\/ul><p><\/p><p><\/p><ul><li style=\"list-style-type: none;\"><ul><li><strong>Entidad<\/strong>: HOTEL PALAU FUGIT<\/li><\/ul><\/li><\/ul><p><\/p><p><\/p><ul><li style=\"list-style-type: none;\"><ul><li><strong>Domicilio<\/strong>: Carrer Bonaventura Carreras I Peralta, 4, 17004, Girona, de BARCELONA<\/li><\/ul><\/li><\/ul><p><\/p><p><\/p><ul><li style=\"list-style-type: none;\"><ul><li><strong>NIF:<\/strong> B72408735<\/li><\/ul><\/li><\/ul><p><\/p><p><\/p><ul><li style=\"list-style-type: none;\"><ul><li><strong>Tel\u00e9fono<\/strong>: 872987362<\/li><\/ul><\/li><\/ul><p><\/p><p><\/p><ul><li style=\"list-style-type: none;\"><ul><li><strong>e-Mail:<\/strong> hola@palaufugit.com<\/li><\/ul><\/li><\/ul><p><\/p><p><\/p><p><\/p><p>El Usuario dispone de un perfil en alguna de las Redes Sociales mencionadas y ha decidido unirse a la p\u00e1gina creada por HOTEL PALAU FUGIT, mostrando inter\u00e9s en la informaci\u00f3n que se publicite en la Red Social que corresponda. Al unirse a la p\u00e1gina de HOTEL PALAU FUGIT, el Usuario est\u00e1 dando su consentimiento para el tratamiento de los datos personales publicados en su perfil por parte de HOTEL PALAU FUGIT. <\/p><p><\/p><p><\/p><p>El Usuario puede acceder en todo momento a las pol\u00edticas de privacidad de la propia Red Social, as\u00ed como configurar su perfil para garantizar su privacidad.<\/p><p><\/p><p><\/p><p>Los datos del Usuario en la Red Social ser\u00e1n tratados por HOTEL PALAU FUGIT, \u00fanicamente, dentro de la propia Red Social y en ning\u00fan caso ser\u00e1n tratados por HOTEL PALAU FUGIT fuera de ella.<\/p><p><\/p><p><\/p><p>El Usuario tiene derecho a ejercitar sus derechos de acceso, rectificaci\u00f3n, supresi\u00f3n, portabilidad y limitaci\u00f3n, ante por HOTEL PALAU FUGIT, dirigi\u00e9ndose a hola@palaufugit.com mediante escrito acompa\u00f1ado de documento acreditativo de identidad.<\/p><p><\/p><p><\/p><p>No obstante lo anterior, el ejercicio de los derechos anteriores vendr\u00e1 <strong>definido por la propia funcionalidad de la Red Social <\/strong>y la capacidad de acceso a la informaci\u00f3n de los perfiles de los Usuarios por parte de HOTEL PALAU FUGIT, pudiendo ejercitarse los mismos, \u00fanicamente, en relaci\u00f3n a aquella informaci\u00f3n que se encuentre bajo el control de HOTEL PALAU FUGIT . Igualmente, los Usuarios podr\u00e1n interponer una reclamaci\u00f3n relativa a la protecci\u00f3n de sus datos personales ante la Agencia Espa\u00f1ola de Protecci\u00f3n de Datos en la direcci\u00f3n C\/ Jorge Juan, 6, 28001 \u2013 Madrid, cuando consideren que HOTEL PALAU FUGIT ha vulnerado los derechos que le son reconocidos por la normativa aplicable en protecci\u00f3n de datos <\/p><p><\/p><p><\/p><p>HOTEL PALAU FUGITrealizar\u00e1 las siguientes actuaciones:<\/p><p><\/p><p><\/p><ul><li style=\"list-style-type: none;\"><ul><li>Acceso a la informaci\u00f3n p\u00fablica del perfil del Usuario.<\/li><\/ul><\/li><\/ul><p><\/p><p><\/p><ul><li style=\"list-style-type: none;\"><ul><li>Enviar mensajes personales e individuales a trav\u00e9s de los canales de la Red Social.<\/li><\/ul><\/li><\/ul><p><\/p><p><\/p><p><\/p><p>El Usuario siempre puede controlar sus conexiones, eliminar los contenidos que dejen de interesarle y restringir con qui\u00e9n comparte sus conexiones, para ello deber\u00e1 acceder a su configuraci\u00f3n de privacidad en la Red Social.<\/p><p><\/p><p><\/p><p><strong>PUBLICACIONES<\/strong><\/p><p><\/p><p><\/p><p>El Usuario, una vez unido a la p\u00e1gina de HOTEL PALAU FUGIT, podr\u00e1 publicar en \u00e9sta \u00faltima comentarios, enlaces, im\u00e1genes o fotograf\u00edas o cualquier otro tipo de contenido multimedia soportado por la Red Social. El Usuario, en todos los casos, debe ser el titular de los mismos, gozar de los derechos de autor y de propiedad intelectual o contar con el consentimiento de los terceros afectados. Se proh\u00edbe expresamente cualquier publicaci\u00f3n en la p\u00e1gina, ya sean textos, gr\u00e1ficos, fotograf\u00edas, v\u00eddeos, etc. que atenten o sean susceptibles de atentar contra la moral, la \u00e9tica, el buen gusto o el decoro, y\/o que infrinjan, violen o quebranten los derechos de propiedad intelectual o industrial, el derecho a la imagen o la Ley. En estos casos, HOTEL PALAU FUGIT se reserva el derecho a retirar de inmediato el contenido, pudiendo solicitar el bloqueo permanente del Usuario.   <\/p><p><\/p><p><\/p><p>HOTEL PALAU FUGIT no se har\u00e1 responsable de los contenidos que libremente ha publicado el Usuario.<\/p><p><\/p><p><\/p><p>El Usuario debe tener presente que sus publicaciones ser\u00e1n conocidas por los otros Usuarios, por lo que \u00e9l mismo es el principal responsable de su privacidad. Las im\u00e1genes que puedan publicarse en la p\u00e1gina no ser\u00e1n almacenadas por HOTEL PALAU FUGIT, pero s\u00ed permanecer\u00e1n en la Red Social. <\/p><p><\/p><p><\/p><p><strong>CONCURSOS Y PROMOCIONES<\/strong><\/p><p><\/p><p><\/p><p>HOTEL PALAU FUGIT se reserva el derecho a realizar concursos y promociones, en los que podr\u00e1 participar el Usuario unido a su p\u00e1gina. Las bases legales de cada uno de ellos, ser\u00e1n publicadas en Red Social, cuando se utilice para ello la propia Red Social Cumpliendo siempre con la LSSI-CE y con cualquier otra norma que le sea de aplicaci\u00f3n. <\/p><p><\/p><p><\/p><p>La Red Social no patrocina, avala ni administra, de modo alguno, ninguna de nuestras promociones, ni est\u00e1 asociada a ninguna de ellas.<\/p><p><\/p><p><\/p><p><strong>PUBLICIDAD<\/strong><\/p><p><\/p><p><\/p><p>HOTEL PALAU FUGIT utilizar\u00e1 la Red Social para publicitar sus productos y servicios, en todo caso, si decide tratar sus datos de contacto para realizar acciones directas de prospecci\u00f3n comercial, ser\u00e1 siempre, cumpliendo con las exigencias legales de la normativa de protecci\u00f3n de datos y de sociedad de la informaci\u00f3n.<\/p><p><\/p><p><\/p><p>No se considerar\u00e1 publicidad el hecho de recomendar a otros usuarios la p\u00e1gina de HOTEL PALAU FUGIT para que tambi\u00e9n ellos puedan disfrutar de las promociones o estar informados de su actividad.<\/p><p><\/p><p><\/p><p>A continuaci\u00f3n, detallamos el enlace a la pol\u00edtica de privacidad de la Red Social:<\/p><p><\/p><p><\/p><p><strong>Instagram:\u202f <\/strong><a style=\"color: black;\" href=\"https:\/\/privacycenter.instagram.com\/policy\/?entry_point=ig_help_center_data_policy_redirect\" target=\"_blank\" rel=\"noreferrer noopener nofollow\"><strong>https:\/\/privacycenter.instagram.com\/policy\/?entry_point=ig_help_center_data_policy_redirect<\/strong><\/a><\/p><p><\/p><p><\/p>\t\t\t\t\t\t\t\t<\/div>\n\t\t\t\t<\/div>\n\t\t\t\t<\/div>\n\t\t","protected":false},"excerpt":{"rendered":"<p>En cumplimiento de lo dispuesto en la normativa de protecci\u00f3n de datos, HOTEL PALAU FUGIT informa a los usuarios de que es titular de los perfiles en las Redes Sociales [Instagram] bajo la denominaci\u00f3n y que \u00e9stos han sido creados con la finalidad principal de publicitar los productos y servicios ofrecidos por HOTEL PALAU FUGIT. [&hellip;]<\/p>\n","protected":false},"author":1,"featured_media":0,"parent":0,"menu_order":0,"comment_status":"closed","ping_status":"closed","template":"elementor_header_footer","meta":{"_acf_changed":false,"inline_featured_image":false,"footnotes":""},"class_list":["post-15612","page","type-page","status-publish","hentry"],"acf":[],"yoast_head":"<!-- This site is optimized with the Yoast SEO plugin v27.4 - https:\/\/yoast.com\/product\/yoast-seo-wordpress\/ -->\n<title>Politique relative aux m\u00e9dias sociaux - Palau Fugit<\/title>\n<meta name=\"robots\" content=\"noindex, follow, max-snippet:-1, max-image-preview:large, max-video-preview:-1\" \/>\n<meta property=\"og:locale\" content=\"fr_FR\" \/>\n<meta property=\"og:type\" content=\"article\" \/>\n<meta property=\"og:title\" content=\"Politique relative aux m\u00e9dias sociaux - Palau Fugit\" \/>\n<meta property=\"og:description\" content=\"En cumplimiento de lo dispuesto en la normativa de protecci\u00f3n de datos, HOTEL PALAU FUGIT informa a los usuarios de que es titular de los perfiles en las Redes Sociales [Instagram] bajo la denominaci\u00f3n y que \u00e9stos han sido creados con la finalidad principal de publicitar los productos y servicios ofrecidos por HOTEL PALAU FUGIT. [&hellip;]\" \/>\n<meta property=\"og:url\" content=\"https:\/\/ficam.cat\/fr\/politique-relative-aux-medias-sociaux\/\" \/>\n<meta property=\"og:site_name\" content=\"Palau Fugit\" \/>\n<meta property=\"article:modified_time\" content=\"2026-04-14T16:27:58+00:00\" \/>\n<meta name=\"twitter:card\" content=\"summary_large_image\" \/>\n<meta name=\"twitter:label1\" content=\"Dur\u00e9e de lecture estim\u00e9e\" \/>\n\t<meta name=\"twitter:data1\" content=\"4 minutes\" \/>\n<script type=\"application\/ld+json\" class=\"yoast-schema-graph\">{\"@context\":\"https:\\\/\\\/schema.org\",\"@graph\":[{\"@type\":\"WebPage\",\"@id\":\"https:\\\/\\\/ficam.cat\\\/fr\\\/politique-relative-aux-medias-sociaux\\\/\",\"url\":\"https:\\\/\\\/ficam.cat\\\/fr\\\/politique-relative-aux-medias-sociaux\\\/\",\"name\":\"Politique relative aux m\u00e9dias sociaux - Palau Fugit\",\"isPartOf\":{\"@id\":\"https:\\\/\\\/ficam.cat\\\/fr\\\/#website\"},\"datePublished\":\"2026-01-29T15:35:12+00:00\",\"dateModified\":\"2026-04-14T16:27:58+00:00\",\"breadcrumb\":{\"@id\":\"https:\\\/\\\/ficam.cat\\\/fr\\\/politique-relative-aux-medias-sociaux\\\/#breadcrumb\"},\"inLanguage\":\"fr-FR\",\"potentialAction\":[{\"@type\":\"ReadAction\",\"target\":[\"https:\\\/\\\/ficam.cat\\\/fr\\\/politique-relative-aux-medias-sociaux\\\/\"]}]},{\"@type\":\"BreadcrumbList\",\"@id\":\"https:\\\/\\\/ficam.cat\\\/fr\\\/politique-relative-aux-medias-sociaux\\\/#breadcrumb\",\"itemListElement\":[{\"@type\":\"ListItem\",\"position\":1,\"name\":\"Inici\",\"item\":\"https:\\\/\\\/ficam.cat\\\/fr\\\/accueil\\\/\"},{\"@type\":\"ListItem\",\"position\":2,\"name\":\"Politique relative aux m\u00e9dias sociaux\"}]},{\"@type\":\"WebSite\",\"@id\":\"https:\\\/\\\/ficam.cat\\\/fr\\\/#website\",\"url\":\"https:\\\/\\\/ficam.cat\\\/fr\\\/\",\"name\":\"Palau Fugit\",\"description\":\"Hotel Boutique en Girona\",\"publisher\":{\"@id\":\"https:\\\/\\\/ficam.cat\\\/fr\\\/#organization\"},\"potentialAction\":[{\"@type\":\"SearchAction\",\"target\":{\"@type\":\"EntryPoint\",\"urlTemplate\":\"https:\\\/\\\/ficam.cat\\\/fr\\\/?s={search_term_string}\"},\"query-input\":{\"@type\":\"PropertyValueSpecification\",\"valueRequired\":true,\"valueName\":\"search_term_string\"}}],\"inLanguage\":\"fr-FR\"},{\"@type\":\"Organization\",\"@id\":\"https:\\\/\\\/ficam.cat\\\/fr\\\/#organization\",\"name\":\"Palau Fugit\",\"url\":\"https:\\\/\\\/ficam.cat\\\/fr\\\/\",\"logo\":{\"@type\":\"ImageObject\",\"inLanguage\":\"fr-FR\",\"@id\":\"https:\\\/\\\/ficam.cat\\\/fr\\\/#\\\/schema\\\/logo\\\/image\\\/\",\"url\":\"https:\\\/\\\/ficam.cat\\\/wp-content\\\/uploads\\\/2026\\\/02\\\/cropped-favicon_palaufugit-favicon.png\",\"contentUrl\":\"https:\\\/\\\/ficam.cat\\\/wp-content\\\/uploads\\\/2026\\\/02\\\/cropped-favicon_palaufugit-favicon.png\",\"width\":512,\"height\":512,\"caption\":\"Palau Fugit\"},\"image\":{\"@id\":\"https:\\\/\\\/ficam.cat\\\/fr\\\/#\\\/schema\\\/logo\\\/image\\\/\"},\"sameAs\":[\"https:\\\/\\\/www.instagram.com\\\/palaufugitgirona\\\/\"]}]}<\/script>\n<!-- \/ Yoast SEO plugin. -->","yoast_head_json":{"title":"Politique relative aux m\u00e9dias sociaux - Palau Fugit","robots":{"index":"noindex","follow":"follow","max-snippet":"max-snippet:-1","max-image-preview":"max-image-preview:large","max-video-preview":"max-video-preview:-1"},"og_locale":"fr_FR","og_type":"article","og_title":"Politique relative aux m\u00e9dias sociaux - Palau Fugit","og_description":"En cumplimiento de lo dispuesto en la normativa de protecci\u00f3n de datos, HOTEL PALAU FUGIT informa a los usuarios de que es titular de los perfiles en las Redes Sociales [Instagram] bajo la denominaci\u00f3n y que \u00e9stos han sido creados con la finalidad principal de publicitar los productos y servicios ofrecidos por HOTEL PALAU FUGIT. [&hellip;]","og_url":"https:\/\/ficam.cat\/fr\/politique-relative-aux-medias-sociaux\/","og_site_name":"Palau Fugit","article_modified_time":"2026-04-14T16:27:58+00:00","twitter_card":"summary_large_image","twitter_misc":{"Dur\u00e9e de lecture estim\u00e9e":"4 minutes"},"schema":{"@context":"https:\/\/schema.org","@graph":[{"@type":"WebPage","@id":"https:\/\/ficam.cat\/fr\/politique-relative-aux-medias-sociaux\/","url":"https:\/\/ficam.cat\/fr\/politique-relative-aux-medias-sociaux\/","name":"Politique relative aux m\u00e9dias sociaux - Palau Fugit","isPartOf":{"@id":"https:\/\/ficam.cat\/fr\/#website"},"datePublished":"2026-01-29T15:35:12+00:00","dateModified":"2026-04-14T16:27:58+00:00","breadcrumb":{"@id":"https:\/\/ficam.cat\/fr\/politique-relative-aux-medias-sociaux\/#breadcrumb"},"inLanguage":"fr-FR","potentialAction":[{"@type":"ReadAction","target":["https:\/\/ficam.cat\/fr\/politique-relative-aux-medias-sociaux\/"]}]},{"@type":"BreadcrumbList","@id":"https:\/\/ficam.cat\/fr\/politique-relative-aux-medias-sociaux\/#breadcrumb","itemListElement":[{"@type":"ListItem","position":1,"name":"Inici","item":"https:\/\/ficam.cat\/fr\/accueil\/"},{"@type":"ListItem","position":2,"name":"Politique relative aux m\u00e9dias sociaux"}]},{"@type":"WebSite","@id":"https:\/\/ficam.cat\/fr\/#website","url":"https:\/\/ficam.cat\/fr\/","name":"Palau Fugit","description":"Hotel Boutique en Girona","publisher":{"@id":"https:\/\/ficam.cat\/fr\/#organization"},"potentialAction":[{"@type":"SearchAction","target":{"@type":"EntryPoint","urlTemplate":"https:\/\/ficam.cat\/fr\/?s={search_term_string}"},"query-input":{"@type":"PropertyValueSpecification","valueRequired":true,"valueName":"search_term_string"}}],"inLanguage":"fr-FR"},{"@type":"Organization","@id":"https:\/\/ficam.cat\/fr\/#organization","name":"Palau Fugit","url":"https:\/\/ficam.cat\/fr\/","logo":{"@type":"ImageObject","inLanguage":"fr-FR","@id":"https:\/\/ficam.cat\/fr\/#\/schema\/logo\/image\/","url":"https:\/\/ficam.cat\/wp-content\/uploads\/2026\/02\/cropped-favicon_palaufugit-favicon.png","contentUrl":"https:\/\/ficam.cat\/wp-content\/uploads\/2026\/02\/cropped-favicon_palaufugit-favicon.png","width":512,"height":512,"caption":"Palau Fugit"},"image":{"@id":"https:\/\/ficam.cat\/fr\/#\/schema\/logo\/image\/"},"sameAs":["https:\/\/www.instagram.com\/palaufugitgirona\/"]}]}},"_links":{"self":[{"href":"https:\/\/ficam.cat\/fr\/wp-json\/wp\/v2\/pages\/15612","targetHints":{"allow":["GET"]}}],"collection":[{"href":"https:\/\/ficam.cat\/fr\/wp-json\/wp\/v2\/pages"}],"about":[{"href":"https:\/\/ficam.cat\/fr\/wp-json\/wp\/v2\/types\/page"}],"author":[{"embeddable":true,"href":"https:\/\/ficam.cat\/fr\/wp-json\/wp\/v2\/users\/1"}],"replies":[{"embeddable":true,"href":"https:\/\/ficam.cat\/fr\/wp-json\/wp\/v2\/comments?post=15612"}],"version-history":[{"count":3,"href":"https:\/\/ficam.cat\/fr\/wp-json\/wp\/v2\/pages\/15612\/revisions"}],"predecessor-version":[{"id":15615,"href":"https:\/\/ficam.cat\/fr\/wp-json\/wp\/v2\/pages\/15612\/revisions\/15615"}],"wp:attachment":[{"href":"https:\/\/ficam.cat\/fr\/wp-json\/wp\/v2\/media?parent=15612"}],"curies":[{"name":"wp","href":"https:\/\/api.w.org\/{rel}","templated":true}]}}